{"id":2190,"date":"2026-02-26T12:14:18","date_gmt":"2026-02-26T10:14:18","guid":{"rendered":"https:\/\/mat.travelblox.eu\/?page_id=2190"},"modified":"2026-08-31T12:53:53","modified_gmt":"2026-08-31T10:53:53","slug":"madeira-trail-2026","status":"publish","type":"page","link":"https:\/\/mat.travelblox.eu\/nl\/","title":{"rendered":"Madeira Trail 2026 Herfst"},"content":{"rendered":"<div class=\"tb-header tb-block align-center background-dark pattern-none variant-none\" id=\"header\" data-fallback-background=\"https:\/\/vz-2d98b19f-729.b-cdn.net\/4af4ac82-338c-449e-bc04-7b80a2e10e7d\/thumbnail_1a39e6db.jpg\" style=\"background-image: linear-gradient(rgba(0, 0, 0, 0.4), rgba(0, 0, 0, 0.4)), url('https:\/\/vz-2d98b19f-729.b-cdn.net\/4af4ac82-338c-449e-bc04-7b80a2e10e7d\/thumbnail_1a39e6db.jpg'); background-position:center;\">\n        \n    <div class=\"tb-header-foreground\">\n        <div class=\"inner-block\">\n\n            <div class=\"main-part\">\n                <div class=\"text-part\">\n                                            <p><a href=\"https:\/\/travelbase.eu\" target=\"_blank\" rel=\"noopener\">Travelbase<\/a> presenteert<\/p>\n                                                                                            <h1>\t<span class=\"tb-logo\"  style=\"-webkit-mask-image: url(https:\/\/mat.travelblox.eu\/wp-content\/uploads\/sites\/68\/2023\/10\/roundWhite.svg); mask-image: url(https:\/\/mat.travelblox.eu\/wp-content\/uploads\/sites\/68\/2023\/10\/roundWhite.svg)\">\n\t\t<img src='https:\/\/mat.travelblox.eu\/wp-content\/uploads\/sites\/68\/2023\/10\/roundWhite.svg' width='1024' height='1024' alt='Madeira Trail logo' title='The Madeira Trail' loading='lazy'>\n\t<\/span>\n<\/h1>\n                                                                                        <h2 class=\"tb-subtitle\">\t<div class=\"translation-block\"><p>DOORKRUIS HET PRACHTIGE EILAND MADEIRA<\/p><\/div>\n\t<\/h2>\n                                                                                    <div class=\"tb-properties\">\n                                                            <div class=\"tb-property\">\n                                                                            <div class=\"tb-property__icon\">\n                                            \t\t\t\t<i class=\"icon fa-solid fa-calendar-days fa-fw\" aria-hidden=\"true\"><\/i>\n\t\t\t                                        <\/div>\n                                                                        <div class=\"tb-property__label\">\n                                        5 wandeldagen                                    <\/div>\n                                <\/div>\n                                                                    <div class=\"tb-properties__divider\"><\/div>\n                                                                                            <div class=\"tb-property\">\n                                                                            <div class=\"tb-property__icon\">\n                                            \t\t\t\t<i class=\"icon fa-solid fa-bed-front fa-fw\" aria-hidden=\"true\"><\/i>\n\t\t\t                                        <\/div>\n                                                                        <div class=\"tb-property__label\">\n                                        In hotels en hutten                                    <\/div>\n                                <\/div>\n                                                                    <div class=\"tb-properties__divider\"><\/div>\n                                                                                            <div class=\"tb-property\">\n                                                                            <div class=\"tb-property__icon\">\n                                            \t\t\t\t<i class=\"icon fa-solid fa-person-hiking fa-fw\" aria-hidden=\"true\"><\/i>\n\t\t\t                                        <\/div>\n                                                                        <div class=\"tb-property__label\">\n                                        Self-guided                                    <\/div>\n                                <\/div>\n                                                                                    <\/div>\n                                                                <div class=\"tb-buttons-part\">\n                                                            \t\t<a href=\"#join\"  target=\"\" class=\"tb-button\">\n\t\t\tBoek nu | Najaar 2026\t\t<\/a>\n\t\t                                                                                        \t\t<a href=\"https:\/\/travelbase.typeform.com\/mat27s-nlprereg\"  target=\"_blank\" data-mode=\"popup\" data-url=\"https:\/\/travelbase.typeform.com\/MAT27SPreregFR\" class=\"tb-buttonlink typeform-share\">\n\t\t\tPreregistreer | Voorjaar 2027\t\t<\/a>\n\t\t\t\t\t<script>\n\t\t\t\t(function() {\n\t\t\t\t\tvar qs, js, q, s, d = document,\n\t\t\t\t\t\tgi = d.getElementById,\n\t\t\t\t\t\tce = d.createElement,\n\t\t\t\t\t\tgt = d.getElementsByTagName,\n\t\t\t\t\t\tid = \"typef_orm_share\",\n\t\t\t\t\t\tb = \"https:\/\/embed.typeform.com\/\";\n\t\t\t\t\tif (!gi.call(d, id)) {\n\t\t\t\t\t\tjs = ce.call(d, \"script\");\n\t\t\t\t\t\tjs.id = id;\n\t\t\t\t\t\tjs.src = b + \"embed.js\";\n\t\t\t\t\t\tq = gt.call(d, \"script\")[0];\n\t\t\t\t\t\tq.parentNode.insertBefore(js, q);\n\t\t\t\t\t}\n\t\t\t\t})();\n\t\t\t<\/script>\n\t\t                                                    <\/div>\n                                                                <div class=\"average-reviews-wrapper\" data-reviews-redirect-url=\"https:\/\/www.google.com\/maps\/place\/\/data=!4m4!3m3!1s0xaee40798a846067:0x37b7f1626696062d!9m1!1b1\" data-embed-social-id=\"071b5b2e75278e208ea9bc556ff09d7a4505d3ec\"><\/div>\n                                    <\/div>\n            <\/div>\n\n                    <\/div>\n    <\/div>\n\n    \n                        <div class=\"tb-header-background tb-header-background--has-iframe\">\n                        <iframe src=\"https:\/\/iframe.mediadelivery.net\/embed\/306445\/4af4ac82-338c-449e-bc04-7b80a2e10e7d?autoplay=true&#038;preload=true&#038;loop=true&#038;responsive=true&#038;muted=true\" allow=\"accelerometer;gyroscope;encrypted-media;picture-in-picture;autoplay;muted;\" allowfullscreen=\"true\" style=\"border: none;\" loading=\"lazy\"><\/iframe>                    <\/div>\n                \n    \n                <nav class=\"tb-header__subnav\">\n            <div class=\"inner-block\">\n                <div class=\"tb-header__pagename\">\n                                            \t<span class=\"tb-logo\"  style=\"-webkit-mask-image: url(https:\/\/mat.travelblox.eu\/wp-content\/uploads\/sites\/68\/2023\/10\/roundWhite.svg); mask-image: url(https:\/\/mat.travelblox.eu\/wp-content\/uploads\/sites\/68\/2023\/10\/roundWhite.svg)\">\n\t\t<img src='https:\/\/mat.travelblox.eu\/wp-content\/uploads\/sites\/68\/2023\/10\/roundWhite.svg' width='1024' height='1024' alt='Madeira Trail logo' title='The Madeira Trail' loading='lazy'>\n\t<\/span>\n                                    <\/div>\n\n                <ul>\n                                            <li>\n                            <a href=\"#Concept\">Concept<\/a>\n                        <\/li>\n\n                                            <li>\n                            <a href=\"#textimage2\">Route<\/a>\n                        <\/li>\n\n                                            <li>\n                            <a href=\"#Route\">Weekschema<\/a>\n                        <\/li>\n\n                                            <li>\n                            <a href=\"#practical-1\">Meer info<\/a>\n                        <\/li>\n\n                                            <li>\n                            <a href=\"#faq\">FAQ<\/a>\n                        <\/li>\n\n                    \n                                                <li class=\"tb-header__subnav_cta\">\n                                <a href=\"#join\" class=\"tb-button\" >Beschikbaarheden<\/a>\n                            <\/li>\n                                    <\/ul>\n            <\/div>\n        <\/nav>\n\n    \n<\/div>\n\n\n\n\n\n\n<div class=\"tb-intro tb-block align-none background-middle pattern-none variant-none tb-collapsible-margins\" id=\"intro-1\">\n    <div class=\"inner-block tb-fade-in tb-fade-in--subtle\">\n\n        \n\n        <div class=\"text-part content-part\">\n            <div class=\"title-meta-inclusive\">\n                <div class=\"title-and-meta\">\n                                            <div class=\"title-part\">\n                                                            <h3>The Madeira Trail<\/h3>\n                                                                                                                            <h4>\t<div class=\"translation-block\">Hike 5 dagen langs de verborgen schatten van Madeira<\/div>\n\t<\/h4>\n                                                                                    <\/div>\n                                        <ul class=\"meta-data\">\n                                                    <li>\n                                <i class=\"fa fa-regular fa-tag\"><\/i>\n                                <span>Vanaf \u20ac 815<\/span>\n                            <\/li>\n                                                                            <li>\n                                <i class=\"fa fa-regular fa-calendar\"><\/i>\n                                <span><p><a href=\"#join\">September &amp; Oktober 2026<\/a><\/p>\n<\/span>\n                            <\/li>\n                                            <\/ul>\n                <\/div>\n                                    <div class=\"inclusive\">\n                                                    <h6>Hoogtepunten<\/h6>\n                                                <ul class=\"\">\n                                                            <li class=\"visible\">\n                                                                            \t\t\t\t<i class=\"icon fa-solid fa-person-hiking fa-fw\" aria-hidden=\"true\"><\/i>\n\t\t\t                                                                                                                <span>Doorkruis het eiland van west naar oost<\/span>\n                                                                    <\/li>\n                                                            <li class=\"visible\">\n                                                                            \t\t\t\t<i class=\"icon fa-kit fa-house-mountain fa-fw\" aria-hidden=\"true\"><\/i>\n\t\t\t                                                                                                                <span>Overnacht in hotels en hutten op unieke locaties<\/span>\n                                                                    <\/li>\n                                                            <li class=\"visible\">\n                                                                            \t\t\t\t<i class=\"icon fa-solid fa-mountain-sun fa-fw\" aria-hidden=\"true\"><\/i>\n\t\t\t                                                                                                                <span>Ontdek het hoogtepunt van het eiland: Pico Ruivo<\/span>\n                                                                    <\/li>\n                                                            <li class=\"visible\">\n                                                                            \t\t\t\t<i class=\"icon fa-solid fa-leaf fa-fw\" aria-hidden=\"true\"><\/i>\n\t\t\t                                                                                                                <span>Wandel langs prachtige, diverse landschappen<\/span>\n                                                                    <\/li>\n                                                            <li class=\"visible\">\n                                                                            \t\t\t\t<i class=\"icon fa-solid fa-sparkles fa-fw\" aria-hidden=\"true\"><\/i>\n\t\t\t                                                                                                                <span> Wij regelen alles, jij wandelt en geniet!<\/span>\n                                                                    <\/li>\n                                                    <\/ul>\n                                            <\/div>\n                            <\/div>\n\n                            <div class=\"tb-buttons desktop-only\">\n                                            <a href=\"#join\" class=\"tb-button\">\n                                                            Boek nu                                                    <\/a>\n                                                                <a href=\"#practical\" class=\"tb-buttonlink\">\n                                                            Meer info                                                    <\/a>\n                                    <\/div>\n                    <\/div>\n                                    <div class=\"tb-video-part\">\n                    <iframe src=\"https:\/\/iframe.mediadelivery.net\/embed\/306529\/7ede2bc3-ee43-4fde-a7f2-d452d2a3ee0a?autoplay=false&#038;preload=true&#038;loop=true&#038;responsive=true\" allow=\"accelerometer;gyroscope;encrypted-media;picture-in-picture;\" allowfullscreen=\"true\" style=\"border: none;\" loading=\"lazy\"><\/iframe>                <\/div>\n                                        <div class=\"tb-buttons mobile-only\">\n                                    <a href=\"#join\" class=\"tb-button\">\n                                                    Boek nu                                            <\/a>\n                                                    <a href=\"#practical\" class=\"tb-buttonlink\">\n                                                    Meer info                                            <\/a>\n                            <\/div>\n            <\/div>\n<\/div>\n\n\n\n\n\n\n<div class=\"tb-gallery tb-block align-center background-light pattern-none variant-grid\" id=\"gallery\">\n\t<div class=\"tb-gallery__inner\">\n\t\t<div class=\"desktop tb-has-popup-content\">\n\t\t\t\t\t\t\t<ul class=\"tb-gallery-grid\">\n\t\t\t\t\t\t\t\t\t\t\t\t\t\t\t\t\t\t<li class=\"slide\">\n\t\t\t\t\t\t\t\t<div class=\"tb-popup-trigger\">\n\t\t\t\t\t\t\t\t\t<img src='https:\/\/mat.travelblox.eu\/wp-content\/smush-webp\/sites\/68\/2025\/02\/Siliquini-TheMadeiraTrail-240317-6237.jpg.webp' width='1500' height='1000' alt='Madeira wandelen - Wandelen op Madeira - Rando \u00e0 Mad\u00e8re - Hiking in Madeira' srcset='https:\/\/mat.travelblox.eu\/wp-content\/smush-webp\/sites\/68\/2025\/02\/Siliquini-TheMadeiraTrail-240317-6237.jpg.webp 1500w, https:\/\/mat.travelblox.eu\/wp-content\/smush-webp\/sites\/68\/2025\/02\/Siliquini-TheMadeiraTrail-240317-6237-300x200.jpg.webp 300w, https:\/\/mat.travelblox.eu\/wp-content\/smush-webp\/sites\/68\/2025\/02\/Siliquini-TheMadeiraTrail-240317-6237-1024x683.jpg.webp 1024w, https:\/\/mat.travelblox.eu\/wp-content\/smush-webp\/sites\/68\/2025\/02\/Siliquini-TheMadeiraTrail-240317-6237-768x512.jpg.webp 768w, https:\/\/mat.travelblox.eu\/wp-content\/smush-webp\/sites\/68\/2025\/02\/Siliquini-TheMadeiraTrail-240317-6237-18x12.jpg.webp 18w' sizes=\"auto, (max-width: 1500px) 100vw, 1500px\" style='object-position:50% 50%' loading='lazy' decoding='async' data-smush-webp-fallback=\"{&quot;src&quot;:&quot;https:\\\/\\\/mat.travelblox.eu\\\/wp-content\\\/uploads\\\/sites\\\/68\\\/2025\\\/02\\\/Siliquini-TheMadeiraTrail-240317-6237.jpg&quot;,&quot;srcset&quot;:&quot;https:\\\/\\\/mat.travelblox.eu\\\/wp-content\\\/uploads\\\/sites\\\/68\\\/2025\\\/02\\\/Siliquini-TheMadeiraTrail-240317-6237.jpg 1500w, https:\\\/\\\/mat.travelblox.eu\\\/wp-content\\\/uploads\\\/sites\\\/68\\\/2025\\\/02\\\/Siliquini-TheMadeiraTrail-240317-6237-300x200.jpg 300w, https:\\\/\\\/mat.travelblox.eu\\\/wp-content\\\/uploads\\\/sites\\\/68\\\/2025\\\/02\\\/Siliquini-TheMadeiraTrail-240317-6237-1024x683.jpg 1024w, https:\\\/\\\/mat.travelblox.eu\\\/wp-content\\\/uploads\\\/sites\\\/68\\\/2025\\\/02\\\/Siliquini-TheMadeiraTrail-240317-6237-768x512.jpg 768w, https:\\\/\\\/mat.travelblox.eu\\\/wp-content\\\/uploads\\\/sites\\\/68\\\/2025\\\/02\\\/Siliquini-TheMadeiraTrail-240317-6237-18x12.jpg 18w&quot;}\">\t\t\t\t\t\t\t\t<\/div>\n\t\t\t\t\t\t\t<\/li>\n\t\t\t\t\t\t\t\t\t\t\t\t\t<li class=\"slide\">\n\t\t\t\t\t\t\t\t<div class=\"tb-popup-trigger\">\n\t\t\t\t\t\t\t\t\t<img src='https:\/\/mat.travelblox.eu\/wp-content\/smush-webp\/sites\/68\/2025\/08\/MAT25_DriesVdb_WEB-109-scaled.jpg.webp' width='1440' height='2560' alt='Wandelroutes op Madeira' srcset='https:\/\/mat.travelblox.eu\/wp-content\/smush-webp\/sites\/68\/2025\/08\/MAT25_DriesVdb_WEB-109-scaled.jpg.webp 1440w, https:\/\/mat.travelblox.eu\/wp-content\/smush-webp\/sites\/68\/2025\/08\/MAT25_DriesVdb_WEB-109-169x300.jpg.webp 169w, https:\/\/mat.travelblox.eu\/wp-content\/smush-webp\/sites\/68\/2025\/08\/MAT25_DriesVdb_WEB-109-576x1024.jpg.webp 576w, https:\/\/mat.travelblox.eu\/wp-content\/smush-webp\/sites\/68\/2025\/08\/MAT25_DriesVdb_WEB-109-768x1365.jpg.webp 768w, https:\/\/mat.travelblox.eu\/wp-content\/smush-webp\/sites\/68\/2025\/08\/MAT25_DriesVdb_WEB-109-864x1536.jpg.webp 864w, https:\/\/mat.travelblox.eu\/wp-content\/smush-webp\/sites\/68\/2025\/08\/MAT25_DriesVdb_WEB-109-1152x2048.jpg.webp 1152w, https:\/\/mat.travelblox.eu\/wp-content\/smush-webp\/sites\/68\/2025\/08\/MAT25_DriesVdb_WEB-109-7x12.jpg.webp 7w' sizes=\"auto, (max-width: 1440px) 100vw, 1440px\" style='object-position:50% 50%' loading='lazy' decoding='async' data-smush-webp-fallback=\"{&quot;src&quot;:&quot;https:\\\/\\\/mat.travelblox.eu\\\/wp-content\\\/uploads\\\/sites\\\/68\\\/2025\\\/08\\\/MAT25_DriesVdb_WEB-109-scaled.jpg&quot;,&quot;srcset&quot;:&quot;https:\\\/\\\/mat.travelblox.eu\\\/wp-content\\\/uploads\\\/sites\\\/68\\\/2025\\\/08\\\/MAT25_DriesVdb_WEB-109-scaled.jpg 1440w, https:\\\/\\\/mat.travelblox.eu\\\/wp-content\\\/uploads\\\/sites\\\/68\\\/2025\\\/08\\\/MAT25_DriesVdb_WEB-109-169x300.jpg 169w, https:\\\/\\\/mat.travelblox.eu\\\/wp-content\\\/uploads\\\/sites\\\/68\\\/2025\\\/08\\\/MAT25_DriesVdb_WEB-109-576x1024.jpg 576w, https:\\\/\\\/mat.travelblox.eu\\\/wp-content\\\/uploads\\\/sites\\\/68\\\/2025\\\/08\\\/MAT25_DriesVdb_WEB-109-768x1365.jpg 768w, https:\\\/\\\/mat.travelblox.eu\\\/wp-content\\\/uploads\\\/sites\\\/68\\\/2025\\\/08\\\/MAT25_DriesVdb_WEB-109-864x1536.jpg 864w, https:\\\/\\\/mat.travelblox.eu\\\/wp-content\\\/uploads\\\/sites\\\/68\\\/2025\\\/08\\\/MAT25_DriesVdb_WEB-109-1152x2048.jpg 1152w, https:\\\/\\\/mat.travelblox.eu\\\/wp-content\\\/uploads\\\/sites\\\/68\\\/2025\\\/08\\\/MAT25_DriesVdb_WEB-109-7x12.jpg 7w&quot;}\">\t\t\t\t\t\t\t\t<\/div>\n\t\t\t\t\t\t\t<\/li>\n\t\t\t\t\t\t\t\t\t\t\t\t\t<li class=\"slide\">\n\t\t\t\t\t\t\t\t<div class=\"tb-popup-trigger\">\n\t\t\t\t\t\t\t\t\t<img src='https:\/\/mat.travelblox.eu\/wp-content\/smush-webp\/sites\/68\/2025\/11\/Siliquini-TheMadeiraTrail-240317-0013.jpg.webp' width='1024' height='767' alt='Madeira wandelen - Wandelen op Madeira - Rando \u00e0 Mad\u00e8re - Hiking in Madeira' srcset='https:\/\/mat.travelblox.eu\/wp-content\/smush-webp\/sites\/68\/2025\/11\/Siliquini-TheMadeiraTrail-240317-0013.jpg.webp 1024w, https:\/\/mat.travelblox.eu\/wp-content\/smush-webp\/sites\/68\/2025\/11\/Siliquini-TheMadeiraTrail-240317-0013-300x225.jpg.webp 300w, https:\/\/mat.travelblox.eu\/wp-content\/smush-webp\/sites\/68\/2025\/11\/Siliquini-TheMadeiraTrail-240317-0013-768x575.jpg.webp 768w, https:\/\/mat.travelblox.eu\/wp-content\/smush-webp\/sites\/68\/2025\/11\/Siliquini-TheMadeiraTrail-240317-0013-16x12.jpg.webp 16w' sizes=\"auto, (max-width: 1024px) 100vw, 1024px\" style='object-position:50% 50%' loading='lazy' decoding='async' data-smush-webp-fallback=\"{&quot;src&quot;:&quot;https:\\\/\\\/mat.travelblox.eu\\\/wp-content\\\/uploads\\\/sites\\\/68\\\/2025\\\/11\\\/Siliquini-TheMadeiraTrail-240317-0013.jpg&quot;,&quot;srcset&quot;:&quot;https:\\\/\\\/mat.travelblox.eu\\\/wp-content\\\/uploads\\\/sites\\\/68\\\/2025\\\/11\\\/Siliquini-TheMadeiraTrail-240317-0013.jpg 1024w, https:\\\/\\\/mat.travelblox.eu\\\/wp-content\\\/uploads\\\/sites\\\/68\\\/2025\\\/11\\\/Siliquini-TheMadeiraTrail-240317-0013-300x225.jpg 300w, https:\\\/\\\/mat.travelblox.eu\\\/wp-content\\\/uploads\\\/sites\\\/68\\\/2025\\\/11\\\/Siliquini-TheMadeiraTrail-240317-0013-768x575.jpg 768w, https:\\\/\\\/mat.travelblox.eu\\\/wp-content\\\/uploads\\\/sites\\\/68\\\/2025\\\/11\\\/Siliquini-TheMadeiraTrail-240317-0013-16x12.jpg 16w&quot;}\">\t\t\t\t\t\t\t\t<\/div>\n\t\t\t\t\t\t\t<\/li>\n\t\t\t\t\t\t\t\t\t\t\t\t\t\t\t<\/ul>\n\t\t\t\t\t\t<div class=\"tb-popup tb-popup--open-clicked-image\">\n\t\t\t\t<div class=\"tb-gallery-popup\">\n\t\t\t\t\t<div class=\"tb-image-part\">\n\t\t\t\t\t\t\t\t<div class=\"inner-block-full-width has-tb-carousel tb-carousel-slider\" >\n\t\t<div class=\"tb-carousel-container\">\n\t\t\t<div class=\"entries tb-cards\" data-slider-first=\"2\">\n\t\t\t\t\t\t\t<div class=\"entry\">\n\t\t\t<div class=\"tb-image-part\">\n\t\t\t\t<figure>\n\t\t\t\t\t<img src='https:\/\/mat.travelblox.eu\/wp-content\/smush-webp\/sites\/68\/2025\/02\/Siliquini-TheMadeiraTrail-240317-6237.jpg.webp' width='1500' height='1000' alt='Madeira wandelen - Wandelen op Madeira - Rando \u00e0 Mad\u00e8re - Hiking in Madeira' srcset='https:\/\/mat.travelblox.eu\/wp-content\/smush-webp\/sites\/68\/2025\/02\/Siliquini-TheMadeiraTrail-240317-6237.jpg.webp 1500w, https:\/\/mat.travelblox.eu\/wp-content\/smush-webp\/sites\/68\/2025\/02\/Siliquini-TheMadeiraTrail-240317-6237-300x200.jpg.webp 300w, https:\/\/mat.travelblox.eu\/wp-content\/smush-webp\/sites\/68\/2025\/02\/Siliquini-TheMadeiraTrail-240317-6237-1024x683.jpg.webp 1024w, https:\/\/mat.travelblox.eu\/wp-content\/smush-webp\/sites\/68\/2025\/02\/Siliquini-TheMadeiraTrail-240317-6237-768x512.jpg.webp 768w, https:\/\/mat.travelblox.eu\/wp-content\/smush-webp\/sites\/68\/2025\/02\/Siliquini-TheMadeiraTrail-240317-6237-18x12.jpg.webp 18w' sizes=\"auto, (max-width: 1500px) 100vw, 1500px\" style='object-position:50% 50%' loading='lazy' decoding='async' data-smush-webp-fallback=\"{&quot;src&quot;:&quot;https:\\\/\\\/mat.travelblox.eu\\\/wp-content\\\/uploads\\\/sites\\\/68\\\/2025\\\/02\\\/Siliquini-TheMadeiraTrail-240317-6237.jpg&quot;,&quot;srcset&quot;:&quot;https:\\\/\\\/mat.travelblox.eu\\\/wp-content\\\/uploads\\\/sites\\\/68\\\/2025\\\/02\\\/Siliquini-TheMadeiraTrail-240317-6237.jpg 1500w, https:\\\/\\\/mat.travelblox.eu\\\/wp-content\\\/uploads\\\/sites\\\/68\\\/2025\\\/02\\\/Siliquini-TheMadeiraTrail-240317-6237-300x200.jpg 300w, https:\\\/\\\/mat.travelblox.eu\\\/wp-content\\\/uploads\\\/sites\\\/68\\\/2025\\\/02\\\/Siliquini-TheMadeiraTrail-240317-6237-1024x683.jpg 1024w, https:\\\/\\\/mat.travelblox.eu\\\/wp-content\\\/uploads\\\/sites\\\/68\\\/2025\\\/02\\\/Siliquini-TheMadeiraTrail-240317-6237-768x512.jpg 768w, https:\\\/\\\/mat.travelblox.eu\\\/wp-content\\\/uploads\\\/sites\\\/68\\\/2025\\\/02\\\/Siliquini-TheMadeiraTrail-240317-6237-18x12.jpg 18w&quot;}\">\t\t\t\t\t\t\t\t\t<\/figure>\n\t\t\t<\/div>\n\t\t<\/div>\n\t\t\t<div class=\"entry\">\n\t\t\t<div class=\"tb-image-part\">\n\t\t\t\t<figure>\n\t\t\t\t\t<img src='https:\/\/mat.travelblox.eu\/wp-content\/smush-webp\/sites\/68\/2025\/08\/MAT25_DriesVdb_WEB-109-scaled.jpg.webp' width='1440' height='2560' alt='Wandelroutes op Madeira' srcset='https:\/\/mat.travelblox.eu\/wp-content\/smush-webp\/sites\/68\/2025\/08\/MAT25_DriesVdb_WEB-109-scaled.jpg.webp 1440w, https:\/\/mat.travelblox.eu\/wp-content\/smush-webp\/sites\/68\/2025\/08\/MAT25_DriesVdb_WEB-109-169x300.jpg.webp 169w, https:\/\/mat.travelblox.eu\/wp-content\/smush-webp\/sites\/68\/2025\/08\/MAT25_DriesVdb_WEB-109-576x1024.jpg.webp 576w, https:\/\/mat.travelblox.eu\/wp-content\/smush-webp\/sites\/68\/2025\/08\/MAT25_DriesVdb_WEB-109-768x1365.jpg.webp 768w, https:\/\/mat.travelblox.eu\/wp-content\/smush-webp\/sites\/68\/2025\/08\/MAT25_DriesVdb_WEB-109-864x1536.jpg.webp 864w, https:\/\/mat.travelblox.eu\/wp-content\/smush-webp\/sites\/68\/2025\/08\/MAT25_DriesVdb_WEB-109-1152x2048.jpg.webp 1152w, https:\/\/mat.travelblox.eu\/wp-content\/smush-webp\/sites\/68\/2025\/08\/MAT25_DriesVdb_WEB-109-7x12.jpg.webp 7w' sizes=\"auto, (max-width: 1440px) 100vw, 1440px\" style='object-position:50% 50%' loading='lazy' decoding='async' data-smush-webp-fallback=\"{&quot;src&quot;:&quot;https:\\\/\\\/mat.travelblox.eu\\\/wp-content\\\/uploads\\\/sites\\\/68\\\/2025\\\/08\\\/MAT25_DriesVdb_WEB-109-scaled.jpg&quot;,&quot;srcset&quot;:&quot;https:\\\/\\\/mat.travelblox.eu\\\/wp-content\\\/uploads\\\/sites\\\/68\\\/2025\\\/08\\\/MAT25_DriesVdb_WEB-109-scaled.jpg 1440w, https:\\\/\\\/mat.travelblox.eu\\\/wp-content\\\/uploads\\\/sites\\\/68\\\/2025\\\/08\\\/MAT25_DriesVdb_WEB-109-169x300.jpg 169w, https:\\\/\\\/mat.travelblox.eu\\\/wp-content\\\/uploads\\\/sites\\\/68\\\/2025\\\/08\\\/MAT25_DriesVdb_WEB-109-576x1024.jpg 576w, https:\\\/\\\/mat.travelblox.eu\\\/wp-content\\\/uploads\\\/sites\\\/68\\\/2025\\\/08\\\/MAT25_DriesVdb_WEB-109-768x1365.jpg 768w, https:\\\/\\\/mat.travelblox.eu\\\/wp-content\\\/uploads\\\/sites\\\/68\\\/2025\\\/08\\\/MAT25_DriesVdb_WEB-109-864x1536.jpg 864w, https:\\\/\\\/mat.travelblox.eu\\\/wp-content\\\/uploads\\\/sites\\\/68\\\/2025\\\/08\\\/MAT25_DriesVdb_WEB-109-1152x2048.jpg 1152w, https:\\\/\\\/mat.travelblox.eu\\\/wp-content\\\/uploads\\\/sites\\\/68\\\/2025\\\/08\\\/MAT25_DriesVdb_WEB-109-7x12.jpg 7w&quot;}\">\t\t\t\t\t\t\t\t\t<\/figure>\n\t\t\t<\/div>\n\t\t<\/div>\n\t\t\t<div class=\"entry\">\n\t\t\t<div class=\"tb-image-part\">\n\t\t\t\t<figure>\n\t\t\t\t\t<img src='https:\/\/mat.travelblox.eu\/wp-content\/smush-webp\/sites\/68\/2025\/11\/Siliquini-TheMadeiraTrail-240317-0013.jpg.webp' width='1024' height='767' alt='Madeira wandelen - Wandelen op Madeira - Rando \u00e0 Mad\u00e8re - Hiking in Madeira' srcset='https:\/\/mat.travelblox.eu\/wp-content\/smush-webp\/sites\/68\/2025\/11\/Siliquini-TheMadeiraTrail-240317-0013.jpg.webp 1024w, https:\/\/mat.travelblox.eu\/wp-content\/smush-webp\/sites\/68\/2025\/11\/Siliquini-TheMadeiraTrail-240317-0013-300x225.jpg.webp 300w, https:\/\/mat.travelblox.eu\/wp-content\/smush-webp\/sites\/68\/2025\/11\/Siliquini-TheMadeiraTrail-240317-0013-768x575.jpg.webp 768w, https:\/\/mat.travelblox.eu\/wp-content\/smush-webp\/sites\/68\/2025\/11\/Siliquini-TheMadeiraTrail-240317-0013-16x12.jpg.webp 16w' sizes=\"auto, (max-width: 1024px) 100vw, 1024px\" style='object-position:50% 50%' loading='lazy' decoding='async' data-smush-webp-fallback=\"{&quot;src&quot;:&quot;https:\\\/\\\/mat.travelblox.eu\\\/wp-content\\\/uploads\\\/sites\\\/68\\\/2025\\\/11\\\/Siliquini-TheMadeiraTrail-240317-0013.jpg&quot;,&quot;srcset&quot;:&quot;https:\\\/\\\/mat.travelblox.eu\\\/wp-content\\\/uploads\\\/sites\\\/68\\\/2025\\\/11\\\/Siliquini-TheMadeiraTrail-240317-0013.jpg 1024w, https:\\\/\\\/mat.travelblox.eu\\\/wp-content\\\/uploads\\\/sites\\\/68\\\/2025\\\/11\\\/Siliquini-TheMadeiraTrail-240317-0013-300x225.jpg 300w, https:\\\/\\\/mat.travelblox.eu\\\/wp-content\\\/uploads\\\/sites\\\/68\\\/2025\\\/11\\\/Siliquini-TheMadeiraTrail-240317-0013-768x575.jpg 768w, https:\\\/\\\/mat.travelblox.eu\\\/wp-content\\\/uploads\\\/sites\\\/68\\\/2025\\\/11\\\/Siliquini-TheMadeiraTrail-240317-0013-16x12.jpg 16w&quot;}\">\t\t\t\t\t\t\t\t\t<\/figure>\n\t\t\t<\/div>\n\t\t<\/div>\n\t\t\t\t\t<\/div>\n\t\t\t\t<div class=\"tb-carousel-nav\">\n\t\t<div class=\"dots\">\n\t\t\t<div class=\"dot active\"><\/div>\n\t\t\t<div class=\"dot\"><\/div>\n\t\t\t<div class=\"dot\"><\/div>\n\t\t<\/div>\n\t\t<div class=\"arrows\">\n\t\t\t<div class=\"prev disabled\">\n\t\t\t\t<span><i class=\"fa fa-chevron-left\"><\/i><\/span>\n\t\t\t<\/div>\n\t\t\t<div class=\"next\">\n\t\t\t\t<span><i class=\"fa fa-chevron-right\"><\/i><\/span>\n\t\t\t<\/div>\n\t\t<\/div>\n\t<\/div>\n\t\t\t<\/div>\n\t<\/div>\n\t\t\t\t\t\t\t<\/div>\n\t\t\t\t<\/div>\n\t\t\t<\/div>\n\t\t<\/div>\n\t\t<div class=\"mobile\">\n\t\t\t<div class=\"tb-image-part\">\n\t\t\t\t\t\t<div class=\"inner-block-full-width has-tb-carousel tb-carousel-slider\" >\n\t\t<div class=\"tb-carousel-container\">\n\t\t\t<div class=\"entries tb-cards\" data-slider-first=\"0\">\n\t\t\t\t\t\t\t<div class=\"entry\">\n\t\t\t<div class=\"tb-image-part\">\n\t\t\t\t<figure>\n\t\t\t\t\t<img src='https:\/\/mat.travelblox.eu\/wp-content\/smush-webp\/sites\/68\/2025\/02\/Siliquini-TheMadeiraTrail-240317-6237-768x512.jpg.webp' width='768' height='512' alt='Madeira wandelen - Wandelen op Madeira - Rando \u00e0 Mad\u00e8re - Hiking in Madeira' srcset='https:\/\/mat.travelblox.eu\/wp-content\/smush-webp\/sites\/68\/2025\/02\/Siliquini-TheMadeiraTrail-240317-6237-768x512.jpg.webp 768w, https:\/\/mat.travelblox.eu\/wp-content\/smush-webp\/sites\/68\/2025\/02\/Siliquini-TheMadeiraTrail-240317-6237-300x200.jpg.webp 300w, https:\/\/mat.travelblox.eu\/wp-content\/smush-webp\/sites\/68\/2025\/02\/Siliquini-TheMadeiraTrail-240317-6237-1024x683.jpg.webp 1024w, https:\/\/mat.travelblox.eu\/wp-content\/smush-webp\/sites\/68\/2025\/02\/Siliquini-TheMadeiraTrail-240317-6237-18x12.jpg.webp 18w, https:\/\/mat.travelblox.eu\/wp-content\/smush-webp\/sites\/68\/2025\/02\/Siliquini-TheMadeiraTrail-240317-6237.jpg.webp 1500w' sizes=\"auto, (max-width: 768px) 100vw, 768px\" style='object-position:50% 50%' loading='lazy' decoding='async' data-smush-webp-fallback=\"{&quot;src&quot;:&quot;https:\\\/\\\/mat.travelblox.eu\\\/wp-content\\\/uploads\\\/sites\\\/68\\\/2025\\\/02\\\/Siliquini-TheMadeiraTrail-240317-6237-768x512.jpg&quot;,&quot;srcset&quot;:&quot;https:\\\/\\\/mat.travelblox.eu\\\/wp-content\\\/uploads\\\/sites\\\/68\\\/2025\\\/02\\\/Siliquini-TheMadeiraTrail-240317-6237-768x512.jpg 768w, https:\\\/\\\/mat.travelblox.eu\\\/wp-content\\\/uploads\\\/sites\\\/68\\\/2025\\\/02\\\/Siliquini-TheMadeiraTrail-240317-6237-300x200.jpg 300w, https:\\\/\\\/mat.travelblox.eu\\\/wp-content\\\/uploads\\\/sites\\\/68\\\/2025\\\/02\\\/Siliquini-TheMadeiraTrail-240317-6237-1024x683.jpg 1024w, https:\\\/\\\/mat.travelblox.eu\\\/wp-content\\\/uploads\\\/sites\\\/68\\\/2025\\\/02\\\/Siliquini-TheMadeiraTrail-240317-6237-18x12.jpg 18w, https:\\\/\\\/mat.travelblox.eu\\\/wp-content\\\/uploads\\\/sites\\\/68\\\/2025\\\/02\\\/Siliquini-TheMadeiraTrail-240317-6237.jpg 1500w&quot;}\">\t\t\t\t\t\t\t\t\t<\/figure>\n\t\t\t<\/div>\n\t\t<\/div>\n\t\t\t<div class=\"entry\">\n\t\t\t<div class=\"tb-image-part\">\n\t\t\t\t<figure>\n\t\t\t\t\t<img src='https:\/\/mat.travelblox.eu\/wp-content\/smush-webp\/sites\/68\/2025\/08\/MAT25_DriesVdb_WEB-109-768x1365.jpg.webp' width='768' height='1365' alt='Wandelroutes op Madeira' srcset='https:\/\/mat.travelblox.eu\/wp-content\/smush-webp\/sites\/68\/2025\/08\/MAT25_DriesVdb_WEB-109-768x1365.jpg.webp 768w, https:\/\/mat.travelblox.eu\/wp-content\/smush-webp\/sites\/68\/2025\/08\/MAT25_DriesVdb_WEB-109-169x300.jpg.webp 169w, https:\/\/mat.travelblox.eu\/wp-content\/smush-webp\/sites\/68\/2025\/08\/MAT25_DriesVdb_WEB-109-576x1024.jpg.webp 576w, https:\/\/mat.travelblox.eu\/wp-content\/smush-webp\/sites\/68\/2025\/08\/MAT25_DriesVdb_WEB-109-864x1536.jpg.webp 864w, https:\/\/mat.travelblox.eu\/wp-content\/smush-webp\/sites\/68\/2025\/08\/MAT25_DriesVdb_WEB-109-1152x2048.jpg.webp 1152w, https:\/\/mat.travelblox.eu\/wp-content\/smush-webp\/sites\/68\/2025\/08\/MAT25_DriesVdb_WEB-109-7x12.jpg.webp 7w, https:\/\/mat.travelblox.eu\/wp-content\/smush-webp\/sites\/68\/2025\/08\/MAT25_DriesVdb_WEB-109-scaled.jpg.webp 1440w' sizes=\"auto, (max-width: 768px) 100vw, 768px\" style='object-position:50% 50%' loading='lazy' decoding='async' data-smush-webp-fallback=\"{&quot;src&quot;:&quot;https:\\\/\\\/mat.travelblox.eu\\\/wp-content\\\/uploads\\\/sites\\\/68\\\/2025\\\/08\\\/MAT25_DriesVdb_WEB-109-768x1365.jpg&quot;,&quot;srcset&quot;:&quot;https:\\\/\\\/mat.travelblox.eu\\\/wp-content\\\/uploads\\\/sites\\\/68\\\/2025\\\/08\\\/MAT25_DriesVdb_WEB-109-768x1365.jpg 768w, https:\\\/\\\/mat.travelblox.eu\\\/wp-content\\\/uploads\\\/sites\\\/68\\\/2025\\\/08\\\/MAT25_DriesVdb_WEB-109-169x300.jpg 169w, https:\\\/\\\/mat.travelblox.eu\\\/wp-content\\\/uploads\\\/sites\\\/68\\\/2025\\\/08\\\/MAT25_DriesVdb_WEB-109-576x1024.jpg 576w, https:\\\/\\\/mat.travelblox.eu\\\/wp-content\\\/uploads\\\/sites\\\/68\\\/2025\\\/08\\\/MAT25_DriesVdb_WEB-109-864x1536.jpg 864w, https:\\\/\\\/mat.travelblox.eu\\\/wp-content\\\/uploads\\\/sites\\\/68\\\/2025\\\/08\\\/MAT25_DriesVdb_WEB-109-1152x2048.jpg 1152w, https:\\\/\\\/mat.travelblox.eu\\\/wp-content\\\/uploads\\\/sites\\\/68\\\/2025\\\/08\\\/MAT25_DriesVdb_WEB-109-7x12.jpg 7w, https:\\\/\\\/mat.travelblox.eu\\\/wp-content\\\/uploads\\\/sites\\\/68\\\/2025\\\/08\\\/MAT25_DriesVdb_WEB-109-scaled.jpg 1440w&quot;}\">\t\t\t\t\t\t\t\t\t<\/figure>\n\t\t\t<\/div>\n\t\t<\/div>\n\t\t\t<div class=\"entry\">\n\t\t\t<div class=\"tb-image-part\">\n\t\t\t\t<figure>\n\t\t\t\t\t<img src='https:\/\/mat.travelblox.eu\/wp-content\/smush-webp\/sites\/68\/2025\/11\/Siliquini-TheMadeiraTrail-240317-0013-768x575.jpg.webp' width='768' height='575' alt='Madeira wandelen - Wandelen op Madeira - Rando \u00e0 Mad\u00e8re - Hiking in Madeira' srcset='https:\/\/mat.travelblox.eu\/wp-content\/smush-webp\/sites\/68\/2025\/11\/Siliquini-TheMadeiraTrail-240317-0013-768x575.jpg.webp 768w, https:\/\/mat.travelblox.eu\/wp-content\/smush-webp\/sites\/68\/2025\/11\/Siliquini-TheMadeiraTrail-240317-0013-300x225.jpg.webp 300w, https:\/\/mat.travelblox.eu\/wp-content\/smush-webp\/sites\/68\/2025\/11\/Siliquini-TheMadeiraTrail-240317-0013-16x12.jpg.webp 16w, https:\/\/mat.travelblox.eu\/wp-content\/smush-webp\/sites\/68\/2025\/11\/Siliquini-TheMadeiraTrail-240317-0013.jpg.webp 1024w' sizes=\"auto, (max-width: 768px) 100vw, 768px\" style='object-position:50% 50%' loading='lazy' decoding='async' data-smush-webp-fallback=\"{&quot;src&quot;:&quot;https:\\\/\\\/mat.travelblox.eu\\\/wp-content\\\/uploads\\\/sites\\\/68\\\/2025\\\/11\\\/Siliquini-TheMadeiraTrail-240317-0013-768x575.jpg&quot;,&quot;srcset&quot;:&quot;https:\\\/\\\/mat.travelblox.eu\\\/wp-content\\\/uploads\\\/sites\\\/68\\\/2025\\\/11\\\/Siliquini-TheMadeiraTrail-240317-0013-768x575.jpg 768w, https:\\\/\\\/mat.travelblox.eu\\\/wp-content\\\/uploads\\\/sites\\\/68\\\/2025\\\/11\\\/Siliquini-TheMadeiraTrail-240317-0013-300x225.jpg 300w, https:\\\/\\\/mat.travelblox.eu\\\/wp-content\\\/uploads\\\/sites\\\/68\\\/2025\\\/11\\\/Siliquini-TheMadeiraTrail-240317-0013-16x12.jpg 16w, https:\\\/\\\/mat.travelblox.eu\\\/wp-content\\\/uploads\\\/sites\\\/68\\\/2025\\\/11\\\/Siliquini-TheMadeiraTrail-240317-0013.jpg 1024w&quot;}\">\t\t\t\t\t\t\t\t\t<\/figure>\n\t\t\t<\/div>\n\t\t<\/div>\n\t\t\t\t\t<\/div>\n\t\t\t\t<div class=\"tb-carousel-nav\">\n\t\t<div class=\"dots\">\n\t\t\t<div class=\"dot active\"><\/div>\n\t\t\t<div class=\"dot\"><\/div>\n\t\t\t<div class=\"dot\"><\/div>\n\t\t<\/div>\n\t\t<div class=\"arrows\">\n\t\t\t<div class=\"prev disabled\">\n\t\t\t\t<span><i class=\"fa fa-chevron-left\"><\/i><\/span>\n\t\t\t<\/div>\n\t\t\t<div class=\"next\">\n\t\t\t\t<span><i class=\"fa fa-chevron-right\"><\/i><\/span>\n\t\t\t<\/div>\n\t\t<\/div>\n\t<\/div>\n\t\t\t<\/div>\n\t<\/div>\n\t\t\t\t\t<\/div>\n\t\t<\/div>\n\t<\/div>\n<\/div>\n\n\n\n<div class=\"tb-textimage2 tb-block align-left background-light pattern-none variant-text_first tb-collapsible-margins\" id=\"Concept\">\n\t<div class=\"inner-block tb-fade-in\">\n\n\t\t\n\t\t\t\t<div class=\"tb-columns\">\n\t\t\t<div class=\"tb-column\">\n\t\t\t\t<div class=\"tb-text-part\">\n\t\t\t\t\t<h2>WANDELEN IN MADEIRA<\/h2>\n\t\t\t\t\t\t<div class=\"translation-block tb-wysiwyg-part\"><p>Madeira, een van de Portugese eilanden, staat bekend als de <strong>\u201cParel van de Atlantische Oceaan\u201d<\/strong> of het <strong>\u201cBloemeneiland\u201d<\/strong>, dankzij de weelderige flora. Met een subtropisch klimaat en adembenemende landschappen biedt deze bestemming een <strong>unieke, paradijselijke ervaring<\/strong>.<\/p><p>Deze meerdaagse hike neemt je mee door het hart van het eiland, dat bekendstaat om zijn <strong>gevarieerde landschappen<\/strong>. In \u00e9\u00e9n week tijd ontdek je weelderige valleien, ruige bergtoppen, schilderachtige levadas en afgelegen stranden.<\/p><\/div>\n\t\t\t\t\t\t\t\t\t\t\t<div class=\"tb-buttons-part\">\n\t\t\t\t\t\t\t\t<a href=\"#join\"  target=\"\" class=\"tb-button\">\n\t\t\tBoek nu\t\t<\/a>\n\t\t\t\t\t\t\t\t\t\t<a href=\"#practical-1\"  target=\"\" class=\"tb-buttonlink\">\n\t\t\tMeer informatie\t\t<\/a>\n\t\t\t\t\t\t\t<\/div>\n\t\t\t\t<\/div>\n\t\t\t<\/div>\n\t\t\t<div class=\"tb-column\">\n\t\t\t\t\t\t\t\t\t\t\t\t\t\t\t<div class=\"tb-image-part\">\n\t\t\t\t\t\t\t<img src='https:\/\/mat.travelblox.eu\/wp-content\/smush-webp\/sites\/68\/2026\/04\/MAT25_DriesVdb_WEB-95-768x960.jpg.webp' width='768' height='960' srcset='https:\/\/mat.travelblox.eu\/wp-content\/smush-webp\/sites\/68\/2026\/04\/MAT25_DriesVdb_WEB-95-768x960.jpg.webp 768w, https:\/\/mat.travelblox.eu\/wp-content\/smush-webp\/sites\/68\/2026\/04\/MAT25_DriesVdb_WEB-95-240x300.jpg.webp 240w, https:\/\/mat.travelblox.eu\/wp-content\/smush-webp\/sites\/68\/2026\/04\/MAT25_DriesVdb_WEB-95-819x1024.jpg.webp 819w, https:\/\/mat.travelblox.eu\/wp-content\/smush-webp\/sites\/68\/2026\/04\/MAT25_DriesVdb_WEB-95-1229x1536.jpg.webp 1229w, https:\/\/mat.travelblox.eu\/wp-content\/smush-webp\/sites\/68\/2026\/04\/MAT25_DriesVdb_WEB-95-1638x2048.jpg.webp 1638w, https:\/\/mat.travelblox.eu\/wp-content\/smush-webp\/sites\/68\/2026\/04\/MAT25_DriesVdb_WEB-95-10x12.jpg.webp 10w, https:\/\/mat.travelblox.eu\/wp-content\/smush-webp\/sites\/68\/2026\/04\/MAT25_DriesVdb_WEB-95-scaled.jpg.webp 2048w' sizes=\"auto, (max-width: 768px) 100vw, 768px\" loading='lazy' decoding='async' data-smush-webp-fallback=\"{&quot;src&quot;:&quot;https:\\\/\\\/mat.travelblox.eu\\\/wp-content\\\/uploads\\\/sites\\\/68\\\/2026\\\/04\\\/MAT25_DriesVdb_WEB-95-768x960.jpg&quot;,&quot;srcset&quot;:&quot;https:\\\/\\\/mat.travelblox.eu\\\/wp-content\\\/uploads\\\/sites\\\/68\\\/2026\\\/04\\\/MAT25_DriesVdb_WEB-95-768x960.jpg 768w, https:\\\/\\\/mat.travelblox.eu\\\/wp-content\\\/uploads\\\/sites\\\/68\\\/2026\\\/04\\\/MAT25_DriesVdb_WEB-95-240x300.jpg 240w, https:\\\/\\\/mat.travelblox.eu\\\/wp-content\\\/uploads\\\/sites\\\/68\\\/2026\\\/04\\\/MAT25_DriesVdb_WEB-95-819x1024.jpg 819w, https:\\\/\\\/mat.travelblox.eu\\\/wp-content\\\/uploads\\\/sites\\\/68\\\/2026\\\/04\\\/MAT25_DriesVdb_WEB-95-1229x1536.jpg 1229w, https:\\\/\\\/mat.travelblox.eu\\\/wp-content\\\/uploads\\\/sites\\\/68\\\/2026\\\/04\\\/MAT25_DriesVdb_WEB-95-1638x2048.jpg 1638w, https:\\\/\\\/mat.travelblox.eu\\\/wp-content\\\/uploads\\\/sites\\\/68\\\/2026\\\/04\\\/MAT25_DriesVdb_WEB-95-10x12.jpg 10w, https:\\\/\\\/mat.travelblox.eu\\\/wp-content\\\/uploads\\\/sites\\\/68\\\/2026\\\/04\\\/MAT25_DriesVdb_WEB-95-scaled.jpg 2048w&quot;}\">\t\t\t\t\t\t<\/div>\n\t\t\t\t\t\t\t\t\t\t\t\t<\/div>\n\t\t<\/div>\n\t<\/div>\n<\/div>\n\n\n<div class=\"tb-textimage2 tb-block align-left background-dark pattern-none variant-image_first tb-collapsible-margins\" id=\"textimage2\">\n\t<div class=\"inner-block tb-fade-in\">\n\n\t\t\n\t\t\t\t<div class=\"tb-columns\">\n\t\t\t<div class=\"tb-column\">\n\t\t\t\t<div class=\"tb-text-part\">\n\t\t\t\t\t<h2>ROUTE<\/h2>\n\t\t\t\t\t\t<div class=\"translation-block tb-wysiwyg-part\"><p>Zoals de naam al aangeeft, vindt de <strong>Madeira Trail<\/strong> plaats op Madeira, een eiland midden in de Atlantische Oceaan dat toebehoort aan <strong>Portugal.<\/strong><\/p><p>Onze zorgvuldig samengestelde route laat je <strong>door het eiland trekken<\/strong> en <strong>de mooiste plekken verkennen.<\/strong> Het is een uitdagende hike die absoluut op de bucketlist staat voor elke avontuurlijke wandelaar. We zullen het eiland van west naar oost doorkruisen, van de <strong>zee<\/strong> tot de <strong>meest majestueuze toppen<\/strong>, terwijl we de <strong>levadas<\/strong> volgen en de prachtige <strong>ongerepte bossen<\/strong> verkennen, waaronder het <strong>Fanal-bos dat op de UNESCO-werelderfgoedlijst staat<\/strong>!<\/p><p>Bij The Madeira Trail wandel je vijf dagen in het hart van dit bloemenrijke eiland, waar je niet alleen een fysieke uitdaging aangaat, maar ook de kans krijgt om <strong>enkele van de meest adembenemende panorama's ter wereld te bewonderen.<\/strong><\/p><\/div>\n\t\t\t\t\t\t\t\t\t\t\t<div class=\"tb-buttons-part\">\n\t\t\t\t\t\t\t\t\t\t\t\t\t\t\t\t\t<\/div>\n\t\t\t\t<\/div>\n\t\t\t<\/div>\n\t\t\t<div class=\"tb-column\">\n\t\t\t\t\t\t\t\t\t\t\t\t\t\t\t<div class=\"tb-image-part\">\n\t\t\t\t\t\t\t\t\t<div class=\"inner-block-full-width has-tb-carousel tb-carousel-slider\" >\n\t\t<div class=\"tb-carousel-container\">\n\t\t\t<div class=\"entries tb-cards\" data-slider-first=\"0\">\n\t\t\t\t\t\t\t<div class=\"entry\">\n\t\t\t<div class=\"tb-image-part\">\n\t\t\t\t<figure>\n\t\t\t\t\t<img src='https:\/\/mat.travelblox.eu\/wp-content\/smush-webp\/sites\/68\/2024\/09\/Siliquini-TheMadeiraTrail-240317-5867-768x512.jpg.webp' width='768' height='512' alt='randonner \u00e0 Mad\u00e8re - Wandern in Madeira - hiken op Madeira - hike madeira' srcset='https:\/\/mat.travelblox.eu\/wp-content\/smush-webp\/sites\/68\/2024\/09\/Siliquini-TheMadeiraTrail-240317-5867-768x512.jpg.webp 768w, https:\/\/mat.travelblox.eu\/wp-content\/smush-webp\/sites\/68\/2024\/09\/Siliquini-TheMadeiraTrail-240317-5867-300x200.jpg.webp 300w, https:\/\/mat.travelblox.eu\/wp-content\/smush-webp\/sites\/68\/2024\/09\/Siliquini-TheMadeiraTrail-240317-5867-1024x683.jpg.webp 1024w, https:\/\/mat.travelblox.eu\/wp-content\/smush-webp\/sites\/68\/2024\/09\/Siliquini-TheMadeiraTrail-240317-5867-1536x1024.jpg.webp 1536w, https:\/\/mat.travelblox.eu\/wp-content\/smush-webp\/sites\/68\/2024\/09\/Siliquini-TheMadeiraTrail-240317-5867-18x12.jpg.webp 18w, https:\/\/mat.travelblox.eu\/wp-content\/smush-webp\/sites\/68\/2024\/09\/Siliquini-TheMadeiraTrail-240317-5867.jpg.webp 2048w' sizes=\"auto, (max-width: 768px) 100vw, 768px\" style='object-position:50% 50%' loading='lazy' decoding='async' data-smush-webp-fallback=\"{&quot;src&quot;:&quot;https:\\\/\\\/mat.travelblox.eu\\\/wp-content\\\/uploads\\\/sites\\\/68\\\/2024\\\/09\\\/Siliquini-TheMadeiraTrail-240317-5867-768x512.jpg&quot;,&quot;srcset&quot;:&quot;https:\\\/\\\/mat.travelblox.eu\\\/wp-content\\\/uploads\\\/sites\\\/68\\\/2024\\\/09\\\/Siliquini-TheMadeiraTrail-240317-5867-768x512.jpg 768w, https:\\\/\\\/mat.travelblox.eu\\\/wp-content\\\/uploads\\\/sites\\\/68\\\/2024\\\/09\\\/Siliquini-TheMadeiraTrail-240317-5867-300x200.jpg 300w, https:\\\/\\\/mat.travelblox.eu\\\/wp-content\\\/uploads\\\/sites\\\/68\\\/2024\\\/09\\\/Siliquini-TheMadeiraTrail-240317-5867-1024x683.jpg 1024w, https:\\\/\\\/mat.travelblox.eu\\\/wp-content\\\/uploads\\\/sites\\\/68\\\/2024\\\/09\\\/Siliquini-TheMadeiraTrail-240317-5867-1536x1024.jpg 1536w, https:\\\/\\\/mat.travelblox.eu\\\/wp-content\\\/uploads\\\/sites\\\/68\\\/2024\\\/09\\\/Siliquini-TheMadeiraTrail-240317-5867-18x12.jpg 18w, https:\\\/\\\/mat.travelblox.eu\\\/wp-content\\\/uploads\\\/sites\\\/68\\\/2024\\\/09\\\/Siliquini-TheMadeiraTrail-240317-5867.jpg 2048w&quot;}\">\t\t\t\t\t\t\t\t\t\t\t\t\t\t\t\t\t\t\t\t\t\t\t\t\t\t<\/figure>\n\t\t\t<\/div>\n\t\t<\/div>\n\t\t\t<div class=\"entry\">\n\t\t\t<div class=\"tb-image-part\">\n\t\t\t\t<figure>\n\t\t\t\t\t<img src='https:\/\/mat.travelblox.eu\/wp-content\/smush-webp\/sites\/68\/2024\/03\/Siliquini-MadeiraTrail-240321-1083-768x512.jpeg.webp' width='768' height='512' alt='randonner \u00e0 Mad\u00e8re - Wandern in Madeira - hiken op Madeira - hike madeira' srcset='https:\/\/mat.travelblox.eu\/wp-content\/smush-webp\/sites\/68\/2024\/03\/Siliquini-MadeiraTrail-240321-1083-768x512.jpeg.webp 768w, https:\/\/mat.travelblox.eu\/wp-content\/smush-webp\/sites\/68\/2024\/03\/Siliquini-MadeiraTrail-240321-1083-300x200.jpeg.webp 300w, https:\/\/mat.travelblox.eu\/wp-content\/smush-webp\/sites\/68\/2024\/03\/Siliquini-MadeiraTrail-240321-1083-1024x683.jpeg.webp 1024w, https:\/\/mat.travelblox.eu\/wp-content\/smush-webp\/sites\/68\/2024\/03\/Siliquini-MadeiraTrail-240321-1083-1536x1024.jpeg.webp 1536w, https:\/\/mat.travelblox.eu\/wp-content\/smush-webp\/sites\/68\/2024\/03\/Siliquini-MadeiraTrail-240321-1083-18x12.jpeg.webp 18w, https:\/\/mat.travelblox.eu\/wp-content\/smush-webp\/sites\/68\/2024\/03\/Siliquini-MadeiraTrail-240321-1083.jpeg.webp 2048w' sizes=\"auto, (max-width: 768px) 100vw, 768px\" style='object-position:50% 50%' loading='lazy' decoding='async' data-smush-webp-fallback=\"{&quot;src&quot;:&quot;https:\\\/\\\/mat.travelblox.eu\\\/wp-content\\\/uploads\\\/sites\\\/68\\\/2024\\\/03\\\/Siliquini-MadeiraTrail-240321-1083-768x512.jpeg&quot;,&quot;srcset&quot;:&quot;https:\\\/\\\/mat.travelblox.eu\\\/wp-content\\\/uploads\\\/sites\\\/68\\\/2024\\\/03\\\/Siliquini-MadeiraTrail-240321-1083-768x512.jpeg 768w, https:\\\/\\\/mat.travelblox.eu\\\/wp-content\\\/uploads\\\/sites\\\/68\\\/2024\\\/03\\\/Siliquini-MadeiraTrail-240321-1083-300x200.jpeg 300w, https:\\\/\\\/mat.travelblox.eu\\\/wp-content\\\/uploads\\\/sites\\\/68\\\/2024\\\/03\\\/Siliquini-MadeiraTrail-240321-1083-1024x683.jpeg 1024w, https:\\\/\\\/mat.travelblox.eu\\\/wp-content\\\/uploads\\\/sites\\\/68\\\/2024\\\/03\\\/Siliquini-MadeiraTrail-240321-1083-1536x1024.jpeg 1536w, https:\\\/\\\/mat.travelblox.eu\\\/wp-content\\\/uploads\\\/sites\\\/68\\\/2024\\\/03\\\/Siliquini-MadeiraTrail-240321-1083-18x12.jpeg 18w, https:\\\/\\\/mat.travelblox.eu\\\/wp-content\\\/uploads\\\/sites\\\/68\\\/2024\\\/03\\\/Siliquini-MadeiraTrail-240321-1083.jpeg 2048w&quot;}\">\t\t\t\t\t\t\t\t\t\t\t\t\t\t\t\t\t\t\t\t\t\t\t\t\t\t<\/figure>\n\t\t\t<\/div>\n\t\t<\/div>\n\t\t\t<div class=\"entry\">\n\t\t\t<div class=\"tb-image-part\">\n\t\t\t\t<figure>\n\t\t\t\t\t<img src='https:\/\/mat.travelblox.eu\/wp-content\/smush-webp\/sites\/68\/2024\/03\/Siliquini-MadeiraTrail-240319-0072-768x575.jpeg.webp' width='768' height='575' alt='randonner \u00e0 Mad\u00e8re - Wandern in Madeira - hiken op Madeira - hike madeira' srcset='' sizes=\"auto, (max-width: 768px) 100vw, 768px\" style='object-position:50% 50%' loading='lazy' decoding='async' data-srcset=\"\" data-smush-webp-fallback=\"{&quot;src&quot;:&quot;https:\\\/\\\/mat.travelblox.eu\\\/wp-content\\\/uploads\\\/sites\\\/68\\\/2024\\\/03\\\/Siliquini-MadeiraTrail-240319-0072-768x575.jpeg&quot;}\">\t\t\t\t\t\t\t\t\t\t\t\t\t\t\t\t\t\t\t\t\t\t\t\t\t\t<\/figure>\n\t\t\t<\/div>\n\t\t<\/div>\n\t\t\t<div class=\"entry\">\n\t\t\t<div class=\"tb-image-part\">\n\t\t\t\t<figure>\n\t\t\t\t\t<img src='https:\/\/mat.travelblox.eu\/wp-content\/smush-webp\/sites\/68\/2024\/03\/Siliquini-MadeiraTrail-240317-5686-768x512.jpeg.webp' width='768' height='512' alt='couple de randonneurs marchant dans une for\u00eat sur le trek \u00e0 mad\u00e8re Ein Paar wandert in Madeira' srcset='https:\/\/mat.travelblox.eu\/wp-content\/smush-webp\/sites\/68\/2024\/03\/Siliquini-MadeiraTrail-240317-5686-768x512.jpeg.webp 768w, https:\/\/mat.travelblox.eu\/wp-content\/smush-webp\/sites\/68\/2024\/03\/Siliquini-MadeiraTrail-240317-5686-300x200.jpeg.webp 300w, https:\/\/mat.travelblox.eu\/wp-content\/smush-webp\/sites\/68\/2024\/03\/Siliquini-MadeiraTrail-240317-5686-1024x683.jpeg.webp 1024w, https:\/\/mat.travelblox.eu\/wp-content\/smush-webp\/sites\/68\/2024\/03\/Siliquini-MadeiraTrail-240317-5686-1536x1024.jpeg.webp 1536w, https:\/\/mat.travelblox.eu\/wp-content\/smush-webp\/sites\/68\/2024\/03\/Siliquini-MadeiraTrail-240317-5686-18x12.jpeg.webp 18w, https:\/\/mat.travelblox.eu\/wp-content\/smush-webp\/sites\/68\/2024\/03\/Siliquini-MadeiraTrail-240317-5686.jpeg.webp 2048w' sizes=\"auto, (max-width: 768px) 100vw, 768px\" loading='lazy' decoding='async' data-smush-webp-fallback=\"{&quot;src&quot;:&quot;https:\\\/\\\/mat.travelblox.eu\\\/wp-content\\\/uploads\\\/sites\\\/68\\\/2024\\\/03\\\/Siliquini-MadeiraTrail-240317-5686-768x512.jpeg&quot;,&quot;srcset&quot;:&quot;https:\\\/\\\/mat.travelblox.eu\\\/wp-content\\\/uploads\\\/sites\\\/68\\\/2024\\\/03\\\/Siliquini-MadeiraTrail-240317-5686-768x512.jpeg 768w, https:\\\/\\\/mat.travelblox.eu\\\/wp-content\\\/uploads\\\/sites\\\/68\\\/2024\\\/03\\\/Siliquini-MadeiraTrail-240317-5686-300x200.jpeg 300w, https:\\\/\\\/mat.travelblox.eu\\\/wp-content\\\/uploads\\\/sites\\\/68\\\/2024\\\/03\\\/Siliquini-MadeiraTrail-240317-5686-1024x683.jpeg 1024w, https:\\\/\\\/mat.travelblox.eu\\\/wp-content\\\/uploads\\\/sites\\\/68\\\/2024\\\/03\\\/Siliquini-MadeiraTrail-240317-5686-1536x1024.jpeg 1536w, https:\\\/\\\/mat.travelblox.eu\\\/wp-content\\\/uploads\\\/sites\\\/68\\\/2024\\\/03\\\/Siliquini-MadeiraTrail-240317-5686-18x12.jpeg 18w, https:\\\/\\\/mat.travelblox.eu\\\/wp-content\\\/uploads\\\/sites\\\/68\\\/2024\\\/03\\\/Siliquini-MadeiraTrail-240317-5686.jpeg 2048w&quot;}\">\t\t\t\t\t\t\t\t\t\t\t\t\t\t\t\t\t\t\t\t\t\t\t\t\t\t<\/figure>\n\t\t\t<\/div>\n\t\t<\/div>\n\t\t\t\t\t<\/div>\n\t\t\t\t<div class=\"tb-carousel-nav\">\n\t\t<div class=\"dots\">\n\t\t\t<div class=\"dot active\"><\/div>\n\t\t\t<div class=\"dot\"><\/div>\n\t\t\t<div class=\"dot\"><\/div>\n\t\t<\/div>\n\t\t<div class=\"arrows\">\n\t\t\t<div class=\"prev disabled\">\n\t\t\t\t<span><i class=\"fa fa-chevron-left\"><\/i><\/span>\n\t\t\t<\/div>\n\t\t\t<div class=\"next\">\n\t\t\t\t<span><i class=\"fa fa-chevron-right\"><\/i><\/span>\n\t\t\t<\/div>\n\t\t<\/div>\n\t<\/div>\n\t\t\t<\/div>\n\t<\/div>\n\t\t\t\t\t\t\t\t<\/div>\n\t\t\t\t\t\t\t\t\t\t\t\t<\/div>\n\t\t<\/div>\n\t<\/div>\n<\/div>\n\n\n<div class=\"tb-dayschedule tb-block align-center background-light pattern-none variant-none tb-collapsible-margins\" id=\"Route\">\n\n\t<div class=\"inner-block tb-fade-in tb-fade-in--subtle\">\n\t\t<div class=\"text-part\">\n\t\t\t<h2>WEEKSCHEMA<\/h2>\n\t\t\t\t<div class=\"translation-block\"><p>Het is niet zo eenvoudig om zelfstandig een week wandelen in Madeira te plannen. Daarom hebben we een gebalanceerd weekprogramma uitgestippeld. De wandelingen zijn perfect om de <strong>highlights van Madeira in een vrij korte periode te zien<\/strong>. Het programma kan worden aangepast op basis van de weersomstandigheden of overheidsrichtlijnen.<\/p><\/div>\n\t\t\t\t\t\t\t\t\t\t\t\t\t<\/div>\n\t<\/div>\n\t\t\t<div class=\"tb-sections\">\n\t\t\t\t\t\t\t\t\t\t\t\t\t<div class=\"inner-block-full-width has-tb-carousel tb-section\" id=\"Route-section-0\">\n\t\t<div class=\"tb-carousel-container\">\n\t\t\t<div class=\"entries tb-cards\" data-slider-first=\"1\">\n\t\t\t\t\t\t\t\t\t\t\t\t\t\t\t<div class=\"tb-card entry tb-popup-trigger tb-unfold-on-hover\">\n\t\t\t\t\t\t\t<div class=\"tb-image-part\">\n\t\t\t\t\t\t\t\t<div class=\"tag\">\n\t\t\t\t\t\t\t\t\t<div>Dag van aankomst<\/div>\n\t\t\t\t\t\t\t\t<\/div>\n\n\t\t\t\t\t\t\t\t<img src='https:\/\/mat.travelblox.eu\/wp-content\/smush-webp\/sites\/68\/2024\/09\/Siliquini-TheMadeiraTrail-240323-2051-e1726652786263-768x628.jpg.webp' width='768' height='628' alt='Aankomst in Funchal - Altstadt Funchal - Aankomst in Funchal - Arrival in Funchal' srcset='https:\/\/mat.travelblox.eu\/wp-content\/smush-webp\/sites\/68\/2024\/09\/Siliquini-TheMadeiraTrail-240323-2051-e1726652786263-768x628.jpg.webp 768w, https:\/\/mat.travelblox.eu\/wp-content\/smush-webp\/sites\/68\/2024\/09\/Siliquini-TheMadeiraTrail-240323-2051-e1726652786263-300x245.jpg.webp 300w, https:\/\/mat.travelblox.eu\/wp-content\/smush-webp\/sites\/68\/2024\/09\/Siliquini-TheMadeiraTrail-240323-2051-e1726652786263-1024x837.jpg.webp 1024w, https:\/\/mat.travelblox.eu\/wp-content\/smush-webp\/sites\/68\/2024\/09\/Siliquini-TheMadeiraTrail-240323-2051-e1726652786263-15x12.jpg.webp 15w, https:\/\/mat.travelblox.eu\/wp-content\/smush-webp\/sites\/68\/2024\/09\/Siliquini-TheMadeiraTrail-240323-2051-e1726652786263.jpg.webp 1365w' sizes=\"auto, (max-width: 768px) 100vw, 768px\" style='object-position:50% 50%' loading='lazy' decoding='async' data-smush-webp-fallback=\"{&quot;src&quot;:&quot;https:\\\/\\\/mat.travelblox.eu\\\/wp-content\\\/uploads\\\/sites\\\/68\\\/2024\\\/09\\\/Siliquini-TheMadeiraTrail-240323-2051-e1726652786263-768x628.jpg&quot;,&quot;srcset&quot;:&quot;https:\\\/\\\/mat.travelblox.eu\\\/wp-content\\\/uploads\\\/sites\\\/68\\\/2024\\\/09\\\/Siliquini-TheMadeiraTrail-240323-2051-e1726652786263-768x628.jpg 768w, https:\\\/\\\/mat.travelblox.eu\\\/wp-content\\\/uploads\\\/sites\\\/68\\\/2024\\\/09\\\/Siliquini-TheMadeiraTrail-240323-2051-e1726652786263-300x245.jpg 300w, https:\\\/\\\/mat.travelblox.eu\\\/wp-content\\\/uploads\\\/sites\\\/68\\\/2024\\\/09\\\/Siliquini-TheMadeiraTrail-240323-2051-e1726652786263-1024x837.jpg 1024w, https:\\\/\\\/mat.travelblox.eu\\\/wp-content\\\/uploads\\\/sites\\\/68\\\/2024\\\/09\\\/Siliquini-TheMadeiraTrail-240323-2051-e1726652786263-15x12.jpg 15w, https:\\\/\\\/mat.travelblox.eu\\\/wp-content\\\/uploads\\\/sites\\\/68\\\/2024\\\/09\\\/Siliquini-TheMadeiraTrail-240323-2051-e1726652786263.jpg 1365w&quot;}\">\t\t\t\t\t\t\t<\/div>\n\t\t\t\t\t\t\t<div class=\"tb-card-bottom-wrapper\">\n\t\t\t\t\t\t\t\t<div class=\"tb-card-bottom\">\n\n\t\t\t\t\t\t\t\t\t<span class=\"tb-card-bottom__title\">\n\t\t\t\t\t\t\t\t\t\t<span class=\"tb-card-bottom__place\">\n\t\t\t\t\t\t\t\t\t\t\tAankomst op Madeira\t\t\t\t\t\t\t\t\t\t\t\t\t\t\t\t\t\t\t\t\t<\/span>\n\n\t\t\t\t\t\t\t\t\t<\/span>\n\t\t\t\t\t\t\t\t\t<div class=\"tb-card-bottom__content\">\n\t\t\t\t\t\t\t\t\t\t<div>\n\t\t\t\t\t\t\t\t\t\t\t\t\t\t\t\t\t\t\t\t\t\t\t\t\t\t\t<i class=\"icon fa-solid fa-bed fa-fw\" aria-hidden=\"true\"><\/i>\n\t\t\t  Enotel Magnolia\t\t\t\t\t\t\t\t\t\t\t\t\t\t\t\t\t\t\t\t\t<\/div>\n\t\t\t\t\t\t\t\t\t<\/div>\n\t\t\t\t\t\t\t\t\t<div class=\"tb-card-bottom__teaser tb-unfold-on-hover__content\" data-no-translation>\n\t\t\t\t\t\t\t\t\t\t\t\t\t\t\t\t\t\t\t\t\t\t\t\t\t\t\t\t\t\tOp je aankomstdag vlieg je naar Madeira. Vanaf de luchthaven reis je eenvoudig per bus of taxi naar &#8230; <span class=\"link\">Lees meer<\/span>\t\t\t\t\t\t\t\t\t<\/div>\n\t\t\t\t\t\t\t\t<\/div>\n\n\t\t\t\t\t\t\t<\/div>\n\t\t\t\t\t\t\t<dialog class=\"tb-popup tb-popup-with-padding tb-dayschedule-popup-wrapper\">\n\t\t\t\t\t\t\t\t<div class=\"tb-dayschedule-popup\">\n\t\t\t\t\t\t\t\t\t<h4>\n\t\t\t\t\t\t\t\t\t\t\t\t\t\t\t\t\t\t\t\t\t\t\t\t\t\t\t\t\t\t\t<div>\n\t\t\t\t\t\t\t\t\t\t\t\t\t\t\t\t\t\t\t\t\t\t\t\t\tAankomst op Madeira\t\t\t\t\t\t\t\t\t\t\t\t\t\t\t\t\t\t\t\t\t\t\t\t\t\t\t\t\t\t\t\t\t\t\t<\/div>\n\t\t\t\t\t\t\t\t\t\t\t\t\t\t\t\t\t\t\t<\/h4>\n\t\t\t\t\t\t\t\t\t<div class=\"tb-columns\">\n\t\t\t\t\t\t\t\t\t\t<div class=\"tb-column tb-column--text\">\n\t\t\t\t\t\t\t\t\t\t\t<div class=\"text-part\">\n\t\t\t\t\t\t\t\t\t\t\t\t\t\t\t\t\t\t\t\t\t\t\t\t\t<div class=\"tb-dayschedule-popup__icons\">\n\t\t\t\t\t\t\t\t\t\t\t\t\t\t\t\t\t\t\t\t\t\t\t\t\t\t\t\t\t\t\t\t\t\t\t\t\t\t\t\t\t\t\t<div class=\"tb-dayschedule-popup__icon\">\n\t\t\t\t\t\t\t\t\t\t\t\t\t\t\t\t\t\t\t\t<i class=\"icon fa-solid fa-bed fa-fw\" aria-hidden=\"true\"><\/i>\n\t\t\t\t\t\t\t\t\t\t\t\t\t\t\t\t\t\t\t<span>\n\t\t\t\t\t\t\t\t\t\t\t\t\t\t\t\t\t Enotel Magnolia\t\t\t\t\t\t\t\t\t\t\t\t\t\t\t\t<\/span>\n\t\t\t\t\t\t\t\t\t\t\t\t\t\t\t<\/div>\n\t\t\t\t\t\t\t\t\t\t\t\t\t\t\t\t\t\t\t\t\t\t\t\t\t\t\t<\/div>\n\t\t\t\t\t\t\t\t\t\t\t\t\n\t\t\t\t\t\t\t\t\t\t\t\t\n\t\t\t\t\t\t\t\t\t\t\t\t<div>\n\t\t\t\t\t\t\t\t\t\t\t\t\t<strong>Dag van aankomst<\/strong>\n\t\t\t\t\t\t\t\t\t\t\t\t\t\t<div class=\"translation-block\"><p>Op je aankomstdag vlieg je naar Madeira. Vanaf de luchthaven reis je eenvoudig <strong>per bus of taxi naar Funchal<\/strong>; in de app vind je alle praktische tips om je reis soepel te laten verlopen.<\/p><p>Heb je de eerste overnachting in Funchal via ons geboekt? Dan verblijf je in hotel <strong>Enotel Magnolia<\/strong>, inclusief ontbijt, zwembad en wellness. Boek je liever zelf een accommodatie? Geen probleem, dan zien we je de volgende ochtend bij de briefing. Afhankelijk van je aankomsttijd kun je het gezellige centrum van Funchal verkennen of alvast ontspannen. De wandeltrekking start de volgende dag.<\/p><p><strong>Goed om te weten:<\/strong> Je aankomstdag is de startdatum die je bij de boeking hebt gekozen. De wandeldagen in het programma worden vervolgens aangeduid als Dag 1, Dag 2, enzovoort.<\/p><\/div>\n\t\t\t\t\t\t\t\t\t\t\t\t\t<\/div>\n\n\n\t\t\t\t\t\t\t\t\t\t\t<\/div>\n\t\t\t\t\t\t\t\t\t\t<\/div>\n\t\t\t\t\t\t\t\t\t\t<div class=\"tb-column tb-column--image\">\n\n\t\t\t\t\t\t\t\t\t\t\t<div class=\"tb-image-part\">\n\t\t\t\t\t\t\t\t\t\t\t\t\t\t<div class=\"inner-block-full-width has-tb-carousel tb-carousel-slider\" >\n\t\t<div class=\"tb-carousel-container\">\n\t\t\t<div class=\"entries tb-cards\" data-slider-first=\"0\">\n\t\t\t\t\t\t\t<div class=\"entry\">\n\t\t\t<div class=\"tb-image-part\">\n\t\t\t\t<figure>\n\t\t\t\t\t<img src='https:\/\/mat.travelblox.eu\/wp-content\/smush-webp\/sites\/68\/2024\/09\/Siliquini-TheMadeiraTrail-240323-2051-e1726652786263-1024x837.jpg.webp' width='1024' height='837' alt='Aankomst in Funchal - Altstadt Funchal - Aankomst in Funchal - Arrival in Funchal' srcset='https:\/\/mat.travelblox.eu\/wp-content\/smush-webp\/sites\/68\/2024\/09\/Siliquini-TheMadeiraTrail-240323-2051-e1726652786263-1024x837.jpg.webp 1024w, https:\/\/mat.travelblox.eu\/wp-content\/smush-webp\/sites\/68\/2024\/09\/Siliquini-TheMadeiraTrail-240323-2051-e1726652786263-300x245.jpg.webp 300w, https:\/\/mat.travelblox.eu\/wp-content\/smush-webp\/sites\/68\/2024\/09\/Siliquini-TheMadeiraTrail-240323-2051-e1726652786263-768x628.jpg.webp 768w, https:\/\/mat.travelblox.eu\/wp-content\/smush-webp\/sites\/68\/2024\/09\/Siliquini-TheMadeiraTrail-240323-2051-e1726652786263-15x12.jpg.webp 15w, https:\/\/mat.travelblox.eu\/wp-content\/smush-webp\/sites\/68\/2024\/09\/Siliquini-TheMadeiraTrail-240323-2051-e1726652786263.jpg.webp 1365w' sizes=\"auto, (max-width: 1024px) 100vw, 1024px\" style='object-position:50% 50%' loading='lazy' decoding='async' data-smush-webp-fallback=\"{&quot;src&quot;:&quot;https:\\\/\\\/mat.travelblox.eu\\\/wp-content\\\/uploads\\\/sites\\\/68\\\/2024\\\/09\\\/Siliquini-TheMadeiraTrail-240323-2051-e1726652786263-1024x837.jpg&quot;,&quot;srcset&quot;:&quot;https:\\\/\\\/mat.travelblox.eu\\\/wp-content\\\/uploads\\\/sites\\\/68\\\/2024\\\/09\\\/Siliquini-TheMadeiraTrail-240323-2051-e1726652786263-1024x837.jpg 1024w, https:\\\/\\\/mat.travelblox.eu\\\/wp-content\\\/uploads\\\/sites\\\/68\\\/2024\\\/09\\\/Siliquini-TheMadeiraTrail-240323-2051-e1726652786263-300x245.jpg 300w, https:\\\/\\\/mat.travelblox.eu\\\/wp-content\\\/uploads\\\/sites\\\/68\\\/2024\\\/09\\\/Siliquini-TheMadeiraTrail-240323-2051-e1726652786263-768x628.jpg 768w, https:\\\/\\\/mat.travelblox.eu\\\/wp-content\\\/uploads\\\/sites\\\/68\\\/2024\\\/09\\\/Siliquini-TheMadeiraTrail-240323-2051-e1726652786263-15x12.jpg 15w, https:\\\/\\\/mat.travelblox.eu\\\/wp-content\\\/uploads\\\/sites\\\/68\\\/2024\\\/09\\\/Siliquini-TheMadeiraTrail-240323-2051-e1726652786263.jpg 1365w&quot;}\">\t\t\t\t\t\t\t\t\t<\/figure>\n\t\t\t<\/div>\n\t\t<\/div>\n\t\t\t<div class=\"entry\">\n\t\t\t<div class=\"tb-image-part\">\n\t\t\t\t<figure>\n\t\t\t\t\t<img src='https:\/\/mat.travelblox.eu\/wp-content\/smush-webp\/sites\/68\/2024\/09\/Siliquini-TheMadeiraTrail-240322-1575-1024x683.jpg.webp' width='1024' height='683' alt='Hotel met zwembad - Hotel with pool - Hotel mit Pool' srcset='https:\/\/mat.travelblox.eu\/wp-content\/smush-webp\/sites\/68\/2024\/09\/Siliquini-TheMadeiraTrail-240322-1575-1024x683.jpg.webp 1024w, https:\/\/mat.travelblox.eu\/wp-content\/smush-webp\/sites\/68\/2024\/09\/Siliquini-TheMadeiraTrail-240322-1575-300x200.jpg.webp 300w, https:\/\/mat.travelblox.eu\/wp-content\/smush-webp\/sites\/68\/2024\/09\/Siliquini-TheMadeiraTrail-240322-1575-768x512.jpg.webp 768w, https:\/\/mat.travelblox.eu\/wp-content\/smush-webp\/sites\/68\/2024\/09\/Siliquini-TheMadeiraTrail-240322-1575-1536x1024.jpg.webp 1536w, https:\/\/mat.travelblox.eu\/wp-content\/smush-webp\/sites\/68\/2024\/09\/Siliquini-TheMadeiraTrail-240322-1575-18x12.jpg.webp 18w, https:\/\/mat.travelblox.eu\/wp-content\/smush-webp\/sites\/68\/2024\/09\/Siliquini-TheMadeiraTrail-240322-1575.jpg.webp 2048w' sizes=\"auto, (max-width: 1024px) 100vw, 1024px\" style='object-position:50% 50%' loading='lazy' decoding='async' data-smush-webp-fallback=\"{&quot;src&quot;:&quot;https:\\\/\\\/mat.travelblox.eu\\\/wp-content\\\/uploads\\\/sites\\\/68\\\/2024\\\/09\\\/Siliquini-TheMadeiraTrail-240322-1575-1024x683.jpg&quot;,&quot;srcset&quot;:&quot;https:\\\/\\\/mat.travelblox.eu\\\/wp-content\\\/uploads\\\/sites\\\/68\\\/2024\\\/09\\\/Siliquini-TheMadeiraTrail-240322-1575-1024x683.jpg 1024w, https:\\\/\\\/mat.travelblox.eu\\\/wp-content\\\/uploads\\\/sites\\\/68\\\/2024\\\/09\\\/Siliquini-TheMadeiraTrail-240322-1575-300x200.jpg 300w, https:\\\/\\\/mat.travelblox.eu\\\/wp-content\\\/uploads\\\/sites\\\/68\\\/2024\\\/09\\\/Siliquini-TheMadeiraTrail-240322-1575-768x512.jpg 768w, https:\\\/\\\/mat.travelblox.eu\\\/wp-content\\\/uploads\\\/sites\\\/68\\\/2024\\\/09\\\/Siliquini-TheMadeiraTrail-240322-1575-1536x1024.jpg 1536w, https:\\\/\\\/mat.travelblox.eu\\\/wp-content\\\/uploads\\\/sites\\\/68\\\/2024\\\/09\\\/Siliquini-TheMadeiraTrail-240322-1575-18x12.jpg 18w, https:\\\/\\\/mat.travelblox.eu\\\/wp-content\\\/uploads\\\/sites\\\/68\\\/2024\\\/09\\\/Siliquini-TheMadeiraTrail-240322-1575.jpg 2048w&quot;}\">\t\t\t\t\t\t\t\t\t<\/figure>\n\t\t\t<\/div>\n\t\t<\/div>\n\t\t\t<div class=\"entry\">\n\t\t\t<div class=\"tb-image-part\">\n\t\t\t\t<figure>\n\t\t\t\t\t<img src='https:\/\/mat.travelblox.eu\/wp-content\/smush-webp\/sites\/68\/2024\/09\/Siliquini-TheMadeiraTrail-240323-2059-e1726654016100-1024x865.jpg.webp' width='1024' height='865' alt='Jardin botanique Funchal - Botanische tuin Funchal - Botanical garden Funchal - Stadtpark Funchal' srcset='https:\/\/mat.travelblox.eu\/wp-content\/smush-webp\/sites\/68\/2024\/09\/Siliquini-TheMadeiraTrail-240323-2059-e1726654016100-1024x865.jpg.webp 1024w, https:\/\/mat.travelblox.eu\/wp-content\/smush-webp\/sites\/68\/2024\/09\/Siliquini-TheMadeiraTrail-240323-2059-e1726654016100-300x253.jpg.webp 300w, https:\/\/mat.travelblox.eu\/wp-content\/smush-webp\/sites\/68\/2024\/09\/Siliquini-TheMadeiraTrail-240323-2059-e1726654016100-768x649.jpg.webp 768w, https:\/\/mat.travelblox.eu\/wp-content\/smush-webp\/sites\/68\/2024\/09\/Siliquini-TheMadeiraTrail-240323-2059-e1726654016100-14x12.jpg.webp 14w, https:\/\/mat.travelblox.eu\/wp-content\/smush-webp\/sites\/68\/2024\/09\/Siliquini-TheMadeiraTrail-240323-2059-e1726654016100.jpg.webp 1365w' sizes=\"auto, (max-width: 1024px) 100vw, 1024px\" style='object-position:50% 50%' loading='lazy' decoding='async' data-smush-webp-fallback=\"{&quot;src&quot;:&quot;https:\\\/\\\/mat.travelblox.eu\\\/wp-content\\\/uploads\\\/sites\\\/68\\\/2024\\\/09\\\/Siliquini-TheMadeiraTrail-240323-2059-e1726654016100-1024x865.jpg&quot;,&quot;srcset&quot;:&quot;https:\\\/\\\/mat.travelblox.eu\\\/wp-content\\\/uploads\\\/sites\\\/68\\\/2024\\\/09\\\/Siliquini-TheMadeiraTrail-240323-2059-e1726654016100-1024x865.jpg 1024w, https:\\\/\\\/mat.travelblox.eu\\\/wp-content\\\/uploads\\\/sites\\\/68\\\/2024\\\/09\\\/Siliquini-TheMadeiraTrail-240323-2059-e1726654016100-300x253.jpg 300w, https:\\\/\\\/mat.travelblox.eu\\\/wp-content\\\/uploads\\\/sites\\\/68\\\/2024\\\/09\\\/Siliquini-TheMadeiraTrail-240323-2059-e1726654016100-768x649.jpg 768w, https:\\\/\\\/mat.travelblox.eu\\\/wp-content\\\/uploads\\\/sites\\\/68\\\/2024\\\/09\\\/Siliquini-TheMadeiraTrail-240323-2059-e1726654016100-14x12.jpg 14w, https:\\\/\\\/mat.travelblox.eu\\\/wp-content\\\/uploads\\\/sites\\\/68\\\/2024\\\/09\\\/Siliquini-TheMadeiraTrail-240323-2059-e1726654016100.jpg 1365w&quot;}\">\t\t\t\t\t\t\t\t\t<\/figure>\n\t\t\t<\/div>\n\t\t<\/div>\n\t\t\t\t\t<\/div>\n\t\t\t\t<div class=\"tb-carousel-nav\">\n\t\t<div class=\"dots\">\n\t\t\t<div class=\"dot active\"><\/div>\n\t\t\t<div class=\"dot\"><\/div>\n\t\t\t<div class=\"dot\"><\/div>\n\t\t<\/div>\n\t\t<div class=\"arrows\">\n\t\t\t<div class=\"prev disabled\">\n\t\t\t\t<span><i class=\"fa fa-chevron-left\"><\/i><\/span>\n\t\t\t<\/div>\n\t\t\t<div class=\"next\">\n\t\t\t\t<span><i class=\"fa fa-chevron-right\"><\/i><\/span>\n\t\t\t<\/div>\n\t\t<\/div>\n\t<\/div>\n\t\t\t<\/div>\n\t<\/div>\n\t\t\t\t\t\t\t\t\t\t\t\t\t<\/div>\n\t\t\t\t\t\t\t\t\t\t<\/div>\n\t\t\t\t\t\t\t\t\t<\/div>\n\t\t\t\t\t\t\t\t\t\t<div class=\"tb-popup-nav\">\n\t\t<a href=\"#\" class=\"tb-buttonlink-with-icon tb-buttonlink-with-arrow icon-first tb-popup-previous\">\n\t\t\t<i class=\"icon fa fa-chevron-left\"><\/i>\n\t\t\t<span>Vorige dag<\/span>\n\t\t<\/a>\n\t\t<a href=\"#\" class=\"tb-buttonlink-with-icon tb-buttonlink-with-arrow tb-popup-next\">\n\t\t\t<span>Volgende dag<\/span>\n\t\t\t<i class=\"icon fa fa-chevron-right\"><\/i>\n\t\t<\/a>\n\t<\/div>\n\t\n\t\t\t\t\t\t\t\t<\/div>\n\t\t\t\t\t\t\t<\/dialog>\n\t\t\t\t\t\t<\/div>\n\t\t\t\t\t\t\t\t\t\t\t<div class=\"tb-card entry tb-popup-trigger tb-unfold-on-hover\">\n\t\t\t\t\t\t\t<div class=\"tb-image-part\">\n\t\t\t\t\t\t\t\t<div class=\"tag\">\n\t\t\t\t\t\t\t\t\t<div>Dag 1<\/div>\n\t\t\t\t\t\t\t\t<\/div>\n\n\t\t\t\t\t\t\t\t<img src='https:\/\/mat.travelblox.eu\/wp-content\/smush-webp\/sites\/68\/2024\/03\/Siliquini-MadeiraTrail-240322-1874-768x512.jpeg.webp' width='768' height='512' alt='Fanal Forest - For\u00eat de Fanal - Fanal Wald - Fanalbos' srcset='' sizes=\"auto, (max-width: 768px) 100vw, 768px\" style='object-position:50% 50%' loading='lazy' decoding='async' data-srcset=\"\" data-smush-webp-fallback=\"{&quot;src&quot;:&quot;https:\\\/\\\/mat.travelblox.eu\\\/wp-content\\\/uploads\\\/sites\\\/68\\\/2024\\\/03\\\/Siliquini-MadeiraTrail-240322-1874-768x512.jpeg&quot;}\">\t\t\t\t\t\t\t<\/div>\n\t\t\t\t\t\t\t<div class=\"tb-card-bottom-wrapper\">\n\t\t\t\t\t\t\t\t<div class=\"tb-card-bottom\">\n\n\t\t\t\t\t\t\t\t\t<span class=\"tb-card-bottom__title\">\n\t\t\t\t\t\t\t\t\t\t<span class=\"tb-card-bottom__place\">\n\t\t\t\t\t\t\t\t\t\t\tFanal                                                                                          &#8211; Raba\u00e7al\t\t\t\t\t\t\t\t\t\t\t\t\t\t\t\t\t\t\t\t\t<\/span>\n\n\t\t\t\t\t\t\t\t\t<\/span>\n\t\t\t\t\t\t\t\t\t<div class=\"tb-card-bottom__content\">\n\t\t\t\t\t\t\t\t\t\t<div>\n\t\t\t\t\t\t\t\t\t\t\t\t\t\t\t\t\t\t\t\t\t\t\t\t\t\t\t<i class=\"icon fa-solid fa-bed fa-fw\" aria-hidden=\"true\"><\/i>\n\t\t\t 17 km\t\t\t\t\t\t\t\t\t\t\t\t\t\t\t\t\t\t\t\t\t<\/div>\n\t\t\t\t\t\t\t\t\t<\/div>\n\t\t\t\t\t\t\t\t\t<div class=\"tb-card-bottom__teaser tb-unfold-on-hover__content\" data-no-translation>\n\t\t\t\t\t\t\t\t\t\t\t\t\t\t\t\t\t\t\t\t\t\t\t\t\t\t\t\t\t\tNa de transfer naar het startpunt duik je direct het sprookjesachtige Fanal-bos in. Deze bijzondere &#8230; <span class=\"link\">Lees meer<\/span>\t\t\t\t\t\t\t\t\t<\/div>\n\t\t\t\t\t\t\t\t<\/div>\n\n\t\t\t\t\t\t\t<\/div>\n\t\t\t\t\t\t\t<dialog class=\"tb-popup tb-popup-with-padding tb-dayschedule-popup-wrapper\">\n\t\t\t\t\t\t\t\t<div class=\"tb-dayschedule-popup\">\n\t\t\t\t\t\t\t\t\t<h4>\n\t\t\t\t\t\t\t\t\t\t\t\t\t\t\t\t\t\t\t\t\t\t\t\t\t\t\t\t\t\t\t<div>\n\t\t\t\t\t\t\t\t\t\t\t\t\t\t\t\t\t\t\t\t\t\t\t\t\tFanal\t\t\t\t\t\t\t\t\t\t\t\t\t\t\t\t\t\t\t\t\t\t\t\t\t\t\t\t\t\t\t\t\t\t\t\t\t\t\t\t\t\t\t\t\t\t\t\t\t\t\t<i class=\"icon fa-solid fa-arrow-right\"><\/i> Raba\u00e7al\t\t\t\t\t\t\t\t\t\t\t\t\t\t\t\t\t\t\t\t\t\t\t\t\t\t\t\t\t\t\t\t\t\t\t\t<\/div>\n\t\t\t\t\t\t\t\t\t\t\t\t\t\t\t\t\t\t\t<\/h4>\n\t\t\t\t\t\t\t\t\t<div class=\"tb-columns\">\n\t\t\t\t\t\t\t\t\t\t<div class=\"tb-column tb-column--text\">\n\t\t\t\t\t\t\t\t\t\t\t<div class=\"text-part\">\n\t\t\t\t\t\t\t\t\t\t\t\t\t\t\t\t\t\t\t\t\t\t\t\t\t<div class=\"tb-dayschedule-popup__icons\">\n\t\t\t\t\t\t\t\t\t\t\t\t\t\t\t\t\t\t\t\t\t\t\t\t\t\t\t\t\t\t\t\t\t\t\t\t\t\t\t\t\t\t\t<div class=\"tb-dayschedule-popup__icon\">\n\t\t\t\t\t\t\t\t\t\t\t\t\t\t\t\t\t\t\t\t<i class=\"icon fa-solid fa-bed fa-fw\" aria-hidden=\"true\"><\/i>\n\t\t\t\t\t\t\t\t\t\t\t\t\t\t\t\t\t\t\t<span>\n\t\t\t\t\t\t\t\t\t\t\t\t\t\t\t\t\t17 km\t\t\t\t\t\t\t\t\t\t\t\t\t\t\t\t<\/span>\n\t\t\t\t\t\t\t\t\t\t\t\t\t\t\t<\/div>\n\t\t\t\t\t\t\t\t\t\t\t\t\t\t\t\t\t\t\t\t\t\t\t\t\t\t\t<\/div>\n\t\t\t\t\t\t\t\t\t\t\t\t\n\t\t\t\t\t\t\t\t\t\t\t\t\n\t\t\t\t\t\t\t\t\t\t\t\t<div>\n\t\t\t\t\t\t\t\t\t\t\t\t\t<strong>Dag 1<\/strong>\n\t\t\t\t\t\t\t\t\t\t\t\t\t\t<div class=\"translation-block\"><p>Na de <strong>transfer naar het startpunt<\/strong> duik je direct het sprookjesachtige <strong>Fanal-bos<\/strong> in. Deze bijzondere plek staat op de <strong>UNESCO-werelderfgoedlijst<\/strong> en betovert je met zijn eeuwenoude bomen, kronkelende takken en mysterieuze sfeer. De stilte en de schaduw van het woud maken dit tot een van de absolute hoogtepunten van de reis.<\/p><p>Met deze eerste etappe staat je meteen een stevige opwarmer te wachten. De route meandert door bergachtig terrein met flink wat klim- en daalwerk, waardoor het avontuur direct merkbaar is. Je inspanningen worden beloond met adembenemende vergezichten en een <strong>indrukwekkende waterval<\/strong> langs het pad.<\/p><p>Aan het eind van de dag kom je heerlijk tot rust in Raba\u00e7al, waar een <strong>charmante cottage<\/strong> midden in de stilte van de natuur op je wacht.<\/p><ul><li><strong>Afstand:<\/strong> 17 km<\/li><li><strong>Stijgen:<\/strong> +840 m<\/li><li><strong>Dalen:<\/strong> -630 m<\/li><\/ul><p><i>PS: Afstanden en hoogteverschillen kunnen per GPS-apparaat of app licht afwijken. Kleine verschillen tussen het GPX-bestand en de werkelijkheid zijn normaal door signaal- en terreinvariaties.<\/i><\/p><\/div>\n\t\t\t\t\t\t\t\t\t\t\t\t\t<\/div>\n\n\n\t\t\t\t\t\t\t\t\t\t\t<\/div>\n\t\t\t\t\t\t\t\t\t\t<\/div>\n\t\t\t\t\t\t\t\t\t\t<div class=\"tb-column tb-column--image\">\n\n\t\t\t\t\t\t\t\t\t\t\t<div class=\"tb-image-part\">\n\t\t\t\t\t\t\t\t\t\t\t\t\t\t<div class=\"inner-block-full-width has-tb-carousel tb-carousel-slider\" >\n\t\t<div class=\"tb-carousel-container\">\n\t\t\t<div class=\"entries tb-cards\" data-slider-first=\"0\">\n\t\t\t\t\t\t\t<div class=\"entry\">\n\t\t\t<div class=\"tb-image-part\">\n\t\t\t\t<figure>\n\t\t\t\t\t<img src='https:\/\/mat.travelblox.eu\/wp-content\/smush-webp\/sites\/68\/2024\/03\/Siliquini-MadeiraTrail-240322-1874-1024x683.jpeg.webp' width='1024' height='683' alt='Fanal Forest - For\u00eat de Fanal - Fanal Wald - Fanalbos' srcset='' sizes=\"auto, (max-width: 1024px) 100vw, 1024px\" style='object-position:50% 50%' loading='lazy' decoding='async' data-srcset=\"\" data-smush-webp-fallback=\"{&quot;src&quot;:&quot;https:\\\/\\\/mat.travelblox.eu\\\/wp-content\\\/uploads\\\/sites\\\/68\\\/2024\\\/03\\\/Siliquini-MadeiraTrail-240322-1874-1024x683.jpeg&quot;}\">\t\t\t\t\t\t\t\t\t<\/figure>\n\t\t\t<\/div>\n\t\t<\/div>\n\t\t\t<div class=\"entry\">\n\t\t\t<div class=\"tb-image-part\">\n\t\t\t\t<figure>\n\t\t\t\t\t<img src='https:\/\/mat.travelblox.eu\/wp-content\/smush-webp\/sites\/68\/2024\/03\/Siliquini-MadeiraTrail-240317-6501-683x1024.jpeg.webp' width='683' height='1024' alt='Cascade Mad\u00e8re - Wasserfall Madeira - Waterval Madeira - Waterfall Madeira' srcset='' sizes=\"auto, (max-width: 683px) 100vw, 683px\" style='object-position:50% 50%' loading='lazy' decoding='async' data-srcset=\"\" data-smush-webp-fallback=\"{&quot;src&quot;:&quot;https:\\\/\\\/mat.travelblox.eu\\\/wp-content\\\/uploads\\\/sites\\\/68\\\/2024\\\/03\\\/Siliquini-MadeiraTrail-240317-6501-683x1024.jpeg&quot;}\">\t\t\t\t\t\t\t\t\t<\/figure>\n\t\t\t<\/div>\n\t\t<\/div>\n\t\t\t<div class=\"entry\">\n\t\t\t<div class=\"tb-image-part\">\n\t\t\t\t<figure>\n\t\t\t\t\t<img src='https:\/\/mat.travelblox.eu\/wp-content\/smush-webp\/sites\/68\/2024\/03\/Siliquini-MadeiraTrail-240317-0015-1024x767.jpeg.webp' width='1024' height='767' alt='Marcher \u00e0 Mad\u00e8re - Wandelen op Madeira - Walking in Madeira - Wandern in Madeira' srcset='' sizes=\"auto, (max-width: 1024px) 100vw, 1024px\" style='object-position:50% 50%' loading='lazy' decoding='async' data-srcset=\"\" data-smush-webp-fallback=\"{&quot;src&quot;:&quot;https:\\\/\\\/mat.travelblox.eu\\\/wp-content\\\/uploads\\\/sites\\\/68\\\/2024\\\/03\\\/Siliquini-MadeiraTrail-240317-0015-1024x767.jpeg&quot;}\">\t\t\t\t\t\t\t\t\t<\/figure>\n\t\t\t<\/div>\n\t\t<\/div>\n\t\t\t<div class=\"entry\">\n\t\t\t<div class=\"tb-image-part\">\n\t\t\t\t<figure>\n\t\t\t\t\t<img src='Berghut' width='1024' height='935' alt='Refuge de montagne' srcset='' sizes=\"auto, (max-width: 1024px) 100vw, 1024px\" loading='lazy' decoding='async' data-srcset=\"\">\t\t\t\t\t\t\t\t\t<\/figure>\n\t\t\t<\/div>\n\t\t<\/div>\n\t\t\t\t\t<\/div>\n\t\t\t\t<div class=\"tb-carousel-nav\">\n\t\t<div class=\"dots\">\n\t\t\t<div class=\"dot active\"><\/div>\n\t\t\t<div class=\"dot\"><\/div>\n\t\t\t<div class=\"dot\"><\/div>\n\t\t<\/div>\n\t\t<div class=\"arrows\">\n\t\t\t<div class=\"prev disabled\">\n\t\t\t\t<span><i class=\"fa fa-chevron-left\"><\/i><\/span>\n\t\t\t<\/div>\n\t\t\t<div class=\"next\">\n\t\t\t\t<span><i class=\"fa fa-chevron-right\"><\/i><\/span>\n\t\t\t<\/div>\n\t\t<\/div>\n\t<\/div>\n\t\t\t<\/div>\n\t<\/div>\n\t\t\t\t\t\t\t\t\t\t\t\t\t<\/div>\n\t\t\t\t\t\t\t\t\t\t<\/div>\n\t\t\t\t\t\t\t\t\t<\/div>\n\t\t\t\t\t\t\t\t\t\t<div class=\"tb-popup-nav\">\n\t\t<a href=\"#\" class=\"tb-buttonlink-with-icon tb-buttonlink-with-arrow icon-first tb-popup-previous\">\n\t\t\t<i class=\"icon fa fa-chevron-left\"><\/i>\n\t\t\t<span>Vorige dag<\/span>\n\t\t<\/a>\n\t\t<a href=\"#\" class=\"tb-buttonlink-with-icon tb-buttonlink-with-arrow tb-popup-next\">\n\t\t\t<span>Volgende dag<\/span>\n\t\t\t<i class=\"icon fa fa-chevron-right\"><\/i>\n\t\t<\/a>\n\t<\/div>\n\t\n\t\t\t\t\t\t\t\t<\/div>\n\t\t\t\t\t\t\t<\/dialog>\n\t\t\t\t\t\t<\/div>\n\t\t\t\t\t\t\t\t\t\t\t<div class=\"tb-card entry tb-popup-trigger tb-unfold-on-hover\">\n\t\t\t\t\t\t\t<div class=\"tb-image-part\">\n\t\t\t\t\t\t\t\t<div class=\"tag\">\n\t\t\t\t\t\t\t\t\t<div>Dag 2<\/div>\n\t\t\t\t\t\t\t\t<\/div>\n\n\t\t\t\t\t\t\t\t<img src='https:\/\/mat.travelblox.eu\/wp-content\/smush-webp\/sites\/68\/2024\/03\/Siliquini-MadeiraTrail-240317-5868-768x512.jpeg.webp' width='768' height='512' alt='Een stel wandelt op Madeira' srcset='' sizes=\"auto, (max-width: 768px) 100vw, 768px\" style='object-position:50% 50%' loading='lazy' decoding='async' data-srcset=\"\" data-smush-webp-fallback=\"{&quot;src&quot;:&quot;https:\\\/\\\/mat.travelblox.eu\\\/wp-content\\\/uploads\\\/sites\\\/68\\\/2024\\\/03\\\/Siliquini-MadeiraTrail-240317-5868-768x512.jpeg&quot;}\">\t\t\t\t\t\t\t<\/div>\n\t\t\t\t\t\t\t<div class=\"tb-card-bottom-wrapper\">\n\t\t\t\t\t\t\t\t<div class=\"tb-card-bottom\">\n\n\t\t\t\t\t\t\t\t\t<span class=\"tb-card-bottom__title\">\n\t\t\t\t\t\t\t\t\t\t<span class=\"tb-card-bottom__place\">\n\t\t\t\t\t\t\t\t\t\t\tRaba\u00e7al\t\t\t\t\t\t\t\t\t\t\t\t\t\t\t\t\t\t\t\t\t\t\t&#8211; Encumeada\t\t\t\t\t\t\t\t\t\t\t\t\t\t\t\t\t\t\t\t\t<\/span>\n\n\t\t\t\t\t\t\t\t\t<\/span>\n\t\t\t\t\t\t\t\t\t<div class=\"tb-card-bottom__content\">\n\t\t\t\t\t\t\t\t\t\t<div>\n\t\t\t\t\t\t\t\t\t\t\t\t\t\t\t\t\t\t\t\t\t\t\t\t\t\t\t<i class=\"icon fa-solid fa-bed fa-fw\" aria-hidden=\"true\"><\/i>\n\t\t\t 22 km\t\t\t\t\t\t\t\t\t\t\t\t\t\t\t\t\t\t\t\t\t<\/div>\n\t\t\t\t\t\t\t\t\t<\/div>\n\t\t\t\t\t\t\t\t\t<div class=\"tb-card-bottom__teaser tb-unfold-on-hover__content\" data-no-translation>\n\t\t\t\t\t\t\t\t\t\t\t\t\t\t\t\t\t\t\t\t\t\t\t\t\t\t\t\t\t\tOp dag twee van de trail word je meteen ondergedompeld in de natuurlijke schoonheid van Madeira.De t&#8230; <span class=\"link\">Lees meer<\/span>\t\t\t\t\t\t\t\t\t<\/div>\n\t\t\t\t\t\t\t\t<\/div>\n\n\t\t\t\t\t\t\t<\/div>\n\t\t\t\t\t\t\t<dialog class=\"tb-popup tb-popup-with-padding tb-dayschedule-popup-wrapper\">\n\t\t\t\t\t\t\t\t<div class=\"tb-dayschedule-popup\">\n\t\t\t\t\t\t\t\t\t<h4>\n\t\t\t\t\t\t\t\t\t\t\t\t\t\t\t\t\t\t\t\t\t\t\t\t\t\t\t\t\t\t\t<div>\n\t\t\t\t\t\t\t\t\t\t\t\t\t\t\t\t\t\t\t\t\t\t\t\t\tRaba\u00e7al\t\t\t\t\t\t\t\t\t\t\t\t\t\t\t\t\t\t\t\t\t\t\t\t\t\t\t\t\t\t\t\t\t\t\t\t\t\t\t\t\t\t\t\t\t\t\t\t\t\t\t<i class=\"icon fa-solid fa-arrow-right\"><\/i> Encumeada\t\t\t\t\t\t\t\t\t\t\t\t\t\t\t\t\t\t\t\t\t\t\t\t\t\t\t\t\t\t\t\t\t\t\t\t<\/div>\n\t\t\t\t\t\t\t\t\t\t\t\t\t\t\t\t\t\t\t<\/h4>\n\t\t\t\t\t\t\t\t\t<div class=\"tb-columns\">\n\t\t\t\t\t\t\t\t\t\t<div class=\"tb-column tb-column--text\">\n\t\t\t\t\t\t\t\t\t\t\t<div class=\"text-part\">\n\t\t\t\t\t\t\t\t\t\t\t\t\t\t\t\t\t\t\t\t\t\t\t\t\t<div class=\"tb-dayschedule-popup__icons\">\n\t\t\t\t\t\t\t\t\t\t\t\t\t\t\t\t\t\t\t\t\t\t\t\t\t\t\t\t\t\t\t\t\t\t\t\t\t\t\t\t\t\t\t<div class=\"tb-dayschedule-popup__icon\">\n\t\t\t\t\t\t\t\t\t\t\t\t\t\t\t\t\t\t\t\t<i class=\"icon fa-solid fa-bed fa-fw\" aria-hidden=\"true\"><\/i>\n\t\t\t\t\t\t\t\t\t\t\t\t\t\t\t\t\t\t\t<span>\n\t\t\t\t\t\t\t\t\t\t\t\t\t\t\t\t\t22 km\t\t\t\t\t\t\t\t\t\t\t\t\t\t\t\t<\/span>\n\t\t\t\t\t\t\t\t\t\t\t\t\t\t\t<\/div>\n\t\t\t\t\t\t\t\t\t\t\t\t\t\t\t\t\t\t\t\t\t\t\t\t\t\t\t<\/div>\n\t\t\t\t\t\t\t\t\t\t\t\t\n\t\t\t\t\t\t\t\t\t\t\t\t\n\t\t\t\t\t\t\t\t\t\t\t\t<div>\n\t\t\t\t\t\t\t\t\t\t\t\t\t<strong>Dag 2<\/strong>\n\t\t\t\t\t\t\t\t\t\t\t\t\t\t<div class=\"translation-block\"><p>Op dag twee van de trail word je meteen ondergedompeld in de natuurlijke schoonheid van Madeira.<\/p><p>De trail voert je over kronkelende paden met mooie uitzichten op de omliggende bergen. Onderweg wandel je ook door twee tunnels die in de rotsen zijn uitgehouwen, een bijzonder detail dat deze etappe extra karakter geeft. Een hoofdlamp is daarbij onmisbaar, zodat je goed ziet waar je stapt en je handen vrij blijven. Hoe verder je wandelt, hoe meer het landschap zich opent, met weidse panorama\u2019s over groene valleien en bergtoppen in de verte.<\/p><p>Vervolgens zet je je weg voort naar <strong>Encumeada<\/strong>, waar je de nacht doorbrengt in een <strong>comfortabel hotel<\/strong>, prachtig gelegen in de bergen met uitzicht op de vallei.<\/p><ul><li>Afstand: 21.7 km*<\/li><li>Stijgen: 500 m<\/li><li>Dalen: 700 m<\/li><\/ul><p><i>PS: De afstanden en hoogtemeters kunnen vari\u00ebren afhankelijk van de gebruikte app of sporthorloge. Verschillen tussen het GPX-bestand en de werkelijkheid kunnen worden verklaard door verschillende factoren, zoals de nauwkeurigheid van de GPS, de instellingen van de app of variaties in het terrein.<\/i><\/p><p><i>*Daarnaast wijken deze afstanden en hoogtemeters af van het GPX-bestand, omdat dit geen tunnels en levada\u2019s omvat.<\/i><\/p><\/div>\n\t\t\t\t\t\t\t\t\t\t\t\t\t<\/div>\n\n\n\t\t\t\t\t\t\t\t\t\t\t<\/div>\n\t\t\t\t\t\t\t\t\t\t<\/div>\n\t\t\t\t\t\t\t\t\t\t<div class=\"tb-column tb-column--image\">\n\n\t\t\t\t\t\t\t\t\t\t\t<div class=\"tb-image-part\">\n\t\t\t\t\t\t\t\t\t\t\t\t\t\t<div class=\"inner-block-full-width has-tb-carousel tb-carousel-slider\" >\n\t\t<div class=\"tb-carousel-container\">\n\t\t\t<div class=\"entries tb-cards\" data-slider-first=\"0\">\n\t\t\t\t\t\t\t<div class=\"entry\">\n\t\t\t<div class=\"tb-image-part\">\n\t\t\t\t<figure>\n\t\t\t\t\t<img src='https:\/\/mat.travelblox.eu\/wp-content\/smush-webp\/sites\/68\/2024\/03\/Siliquini-MadeiraTrail-240317-5868-1024x683.jpeg.webp' width='1024' height='683' alt='Een stel wandelt op Madeira' srcset='' sizes=\"auto, (max-width: 1024px) 100vw, 1024px\" style='object-position:50% 50%' loading='lazy' decoding='async' data-srcset=\"\" data-smush-webp-fallback=\"{&quot;src&quot;:&quot;https:\\\/\\\/mat.travelblox.eu\\\/wp-content\\\/uploads\\\/sites\\\/68\\\/2024\\\/03\\\/Siliquini-MadeiraTrail-240317-5868-1024x683.jpeg&quot;}\">\t\t\t\t\t\t\t\t\t<\/figure>\n\t\t\t<\/div>\n\t\t<\/div>\n\t\t\t<div class=\"entry\">\n\t\t\t<div class=\"tb-image-part\">\n\t\t\t\t<figure>\n\t\t\t\t\t<img src='https:\/\/mat.travelblox.eu\/wp-content\/smush-webp\/sites\/68\/2024\/03\/Siliquini-MadeiraTrail-240318-7584-e1711634782304-1024x998.jpeg.webp' width='1024' height='998' alt='Wandelaars op Madeira - Randonneurs op Madeira - Wanderers op Madeira - Hikers op Madeira' srcset='' sizes=\"auto, (max-width: 1024px) 100vw, 1024px\" style='object-position:50% 50%' loading='lazy' decoding='async' data-srcset=\"\" data-smush-webp-fallback=\"{&quot;src&quot;:&quot;https:\\\/\\\/mat.travelblox.eu\\\/wp-content\\\/uploads\\\/sites\\\/68\\\/2024\\\/03\\\/Siliquini-MadeiraTrail-240318-7584-e1711634782304-1024x998.jpeg&quot;}\">\t\t\t\t\t\t\t\t\t<\/figure>\n\t\t\t<\/div>\n\t\t<\/div>\n\t\t\t<div class=\"entry\">\n\t\t\t<div class=\"tb-image-part\">\n\t\t\t\t<figure>\n\t\t\t\t\t<img src='https:\/\/mat.travelblox.eu\/wp-content\/smush-webp\/sites\/68\/2024\/09\/Siliquini-TheMadeiraTrail-240318-6973-e1726652564835-1024x752.jpg.webp' width='1024' height='752' alt='Wandelaars op Madeira - Randonneurs op Madeira - Wanderers op Madeira - Hikers op Madeira' srcset='https:\/\/mat.travelblox.eu\/wp-content\/smush-webp\/sites\/68\/2024\/09\/Siliquini-TheMadeiraTrail-240318-6973-e1726652564835-1024x752.jpg.webp 1024w, https:\/\/mat.travelblox.eu\/wp-content\/smush-webp\/sites\/68\/2024\/09\/Siliquini-TheMadeiraTrail-240318-6973-e1726652564835-300x220.jpg.webp 300w, https:\/\/mat.travelblox.eu\/wp-content\/smush-webp\/sites\/68\/2024\/09\/Siliquini-TheMadeiraTrail-240318-6973-e1726652564835-768x564.jpg.webp 768w, https:\/\/mat.travelblox.eu\/wp-content\/smush-webp\/sites\/68\/2024\/09\/Siliquini-TheMadeiraTrail-240318-6973-e1726652564835-16x12.jpg.webp 16w, https:\/\/mat.travelblox.eu\/wp-content\/smush-webp\/sites\/68\/2024\/09\/Siliquini-TheMadeiraTrail-240318-6973-e1726652564835.jpg.webp 1365w' sizes=\"auto, (max-width: 1024px) 100vw, 1024px\" style='object-position:50% 50%' loading='lazy' decoding='async' data-smush-webp-fallback=\"{&quot;src&quot;:&quot;https:\\\/\\\/mat.travelblox.eu\\\/wp-content\\\/uploads\\\/sites\\\/68\\\/2024\\\/09\\\/Siliquini-TheMadeiraTrail-240318-6973-e1726652564835-1024x752.jpg&quot;,&quot;srcset&quot;:&quot;https:\\\/\\\/mat.travelblox.eu\\\/wp-content\\\/uploads\\\/sites\\\/68\\\/2024\\\/09\\\/Siliquini-TheMadeiraTrail-240318-6973-e1726652564835-1024x752.jpg 1024w, https:\\\/\\\/mat.travelblox.eu\\\/wp-content\\\/uploads\\\/sites\\\/68\\\/2024\\\/09\\\/Siliquini-TheMadeiraTrail-240318-6973-e1726652564835-300x220.jpg 300w, https:\\\/\\\/mat.travelblox.eu\\\/wp-content\\\/uploads\\\/sites\\\/68\\\/2024\\\/09\\\/Siliquini-TheMadeiraTrail-240318-6973-e1726652564835-768x564.jpg 768w, https:\\\/\\\/mat.travelblox.eu\\\/wp-content\\\/uploads\\\/sites\\\/68\\\/2024\\\/09\\\/Siliquini-TheMadeiraTrail-240318-6973-e1726652564835-16x12.jpg 16w, https:\\\/\\\/mat.travelblox.eu\\\/wp-content\\\/uploads\\\/sites\\\/68\\\/2024\\\/09\\\/Siliquini-TheMadeiraTrail-240318-6973-e1726652564835.jpg 1365w&quot;}\">\t\t\t\t\t\t\t\t\t<\/figure>\n\t\t\t<\/div>\n\t\t<\/div>\n\t\t\t\t\t<\/div>\n\t\t\t\t<div class=\"tb-carousel-nav\">\n\t\t<div class=\"dots\">\n\t\t\t<div class=\"dot active\"><\/div>\n\t\t\t<div class=\"dot\"><\/div>\n\t\t\t<div class=\"dot\"><\/div>\n\t\t<\/div>\n\t\t<div class=\"arrows\">\n\t\t\t<div class=\"prev disabled\">\n\t\t\t\t<span><i class=\"fa fa-chevron-left\"><\/i><\/span>\n\t\t\t<\/div>\n\t\t\t<div class=\"next\">\n\t\t\t\t<span><i class=\"fa fa-chevron-right\"><\/i><\/span>\n\t\t\t<\/div>\n\t\t<\/div>\n\t<\/div>\n\t\t\t<\/div>\n\t<\/div>\n\t\t\t\t\t\t\t\t\t\t\t\t\t<\/div>\n\t\t\t\t\t\t\t\t\t\t<\/div>\n\t\t\t\t\t\t\t\t\t<\/div>\n\t\t\t\t\t\t\t\t\t\t<div class=\"tb-popup-nav\">\n\t\t<a href=\"#\" class=\"tb-buttonlink-with-icon tb-buttonlink-with-arrow icon-first tb-popup-previous\">\n\t\t\t<i class=\"icon fa fa-chevron-left\"><\/i>\n\t\t\t<span>Vorige dag<\/span>\n\t\t<\/a>\n\t\t<a href=\"#\" class=\"tb-buttonlink-with-icon tb-buttonlink-with-arrow tb-popup-next\">\n\t\t\t<span>Volgende dag<\/span>\n\t\t\t<i class=\"icon fa fa-chevron-right\"><\/i>\n\t\t<\/a>\n\t<\/div>\n\t\n\t\t\t\t\t\t\t\t<\/div>\n\t\t\t\t\t\t\t<\/dialog>\n\t\t\t\t\t\t<\/div>\n\t\t\t\t\t\t\t\t\t\t\t<div class=\"tb-card entry tb-popup-trigger tb-unfold-on-hover\">\n\t\t\t\t\t\t\t<div class=\"tb-image-part\">\n\t\t\t\t\t\t\t\t<div class=\"tag\">\n\t\t\t\t\t\t\t\t\t<div>Dag 3<\/div>\n\t\t\t\t\t\t\t\t<\/div>\n\n\t\t\t\t\t\t\t\t<img src='https:\/\/mat.travelblox.eu\/wp-content\/smush-webp\/sites\/68\/2026\/04\/MAT25_DriesVdb_WEB-96-768x960.jpg.webp' width='768' height='960' srcset='https:\/\/mat.travelblox.eu\/wp-content\/smush-webp\/sites\/68\/2026\/04\/MAT25_DriesVdb_WEB-96-768x960.jpg.webp 768w, https:\/\/mat.travelblox.eu\/wp-content\/smush-webp\/sites\/68\/2026\/04\/MAT25_DriesVdb_WEB-96-240x300.jpg.webp 240w, https:\/\/mat.travelblox.eu\/wp-content\/smush-webp\/sites\/68\/2026\/04\/MAT25_DriesVdb_WEB-96-819x1024.jpg.webp 819w, https:\/\/mat.travelblox.eu\/wp-content\/smush-webp\/sites\/68\/2026\/04\/MAT25_DriesVdb_WEB-96-1229x1536.jpg.webp 1229w, https:\/\/mat.travelblox.eu\/wp-content\/smush-webp\/sites\/68\/2026\/04\/MAT25_DriesVdb_WEB-96-1638x2048.jpg.webp 1638w, https:\/\/mat.travelblox.eu\/wp-content\/smush-webp\/sites\/68\/2026\/04\/MAT25_DriesVdb_WEB-96-10x12.jpg.webp 10w, https:\/\/mat.travelblox.eu\/wp-content\/smush-webp\/sites\/68\/2026\/04\/MAT25_DriesVdb_WEB-96-scaled.jpg.webp 2048w' sizes=\"auto, (max-width: 768px) 100vw, 768px\" loading='lazy' decoding='async' data-smush-webp-fallback=\"{&quot;src&quot;:&quot;https:\\\/\\\/mat.travelblox.eu\\\/wp-content\\\/uploads\\\/sites\\\/68\\\/2026\\\/04\\\/MAT25_DriesVdb_WEB-96-768x960.jpg&quot;,&quot;srcset&quot;:&quot;https:\\\/\\\/mat.travelblox.eu\\\/wp-content\\\/uploads\\\/sites\\\/68\\\/2026\\\/04\\\/MAT25_DriesVdb_WEB-96-768x960.jpg 768w, https:\\\/\\\/mat.travelblox.eu\\\/wp-content\\\/uploads\\\/sites\\\/68\\\/2026\\\/04\\\/MAT25_DriesVdb_WEB-96-240x300.jpg 240w, https:\\\/\\\/mat.travelblox.eu\\\/wp-content\\\/uploads\\\/sites\\\/68\\\/2026\\\/04\\\/MAT25_DriesVdb_WEB-96-819x1024.jpg 819w, https:\\\/\\\/mat.travelblox.eu\\\/wp-content\\\/uploads\\\/sites\\\/68\\\/2026\\\/04\\\/MAT25_DriesVdb_WEB-96-1229x1536.jpg 1229w, https:\\\/\\\/mat.travelblox.eu\\\/wp-content\\\/uploads\\\/sites\\\/68\\\/2026\\\/04\\\/MAT25_DriesVdb_WEB-96-1638x2048.jpg 1638w, https:\\\/\\\/mat.travelblox.eu\\\/wp-content\\\/uploads\\\/sites\\\/68\\\/2026\\\/04\\\/MAT25_DriesVdb_WEB-96-10x12.jpg 10w, https:\\\/\\\/mat.travelblox.eu\\\/wp-content\\\/uploads\\\/sites\\\/68\\\/2026\\\/04\\\/MAT25_DriesVdb_WEB-96-scaled.jpg 2048w&quot;}\">\t\t\t\t\t\t\t<\/div>\n\t\t\t\t\t\t\t<div class=\"tb-card-bottom-wrapper\">\n\t\t\t\t\t\t\t\t<div class=\"tb-card-bottom\">\n\n\t\t\t\t\t\t\t\t\t<span class=\"tb-card-bottom__title\">\n\t\t\t\t\t\t\t\t\t\t<span class=\"tb-card-bottom__place\">\n\t\t\t\t\t\t\t\t\t\t\tEncumeada \t\t\t\t\t\t\t\t\t\t\t\t\t\t\t\t\t\t\t\t\t\t\t&#8211; Pico Ruivo\t\t\t\t\t\t\t\t\t\t\t\t\t\t\t\t\t\t\t\t\t<\/span>\n\n\t\t\t\t\t\t\t\t\t<\/span>\n\t\t\t\t\t\t\t\t\t<div class=\"tb-card-bottom__content\">\n\t\t\t\t\t\t\t\t\t\t<div>\n\t\t\t\t\t\t\t\t\t\t\t\t\t\t\t\t\t\t\t\t\t\t\t\t\t\t\t<i class=\"icon fa-solid fa-bed fa-fw\" aria-hidden=\"true\"><\/i>\n\t\t\t 12 km\t\t\t\t\t\t\t\t\t\t\t\t\t\t\t\t\t\t\t\t\t<\/div>\n\t\t\t\t\t\t\t\t\t<\/div>\n\t\t\t\t\t\t\t\t\t<div class=\"tb-card-bottom__teaser tb-unfold-on-hover__content\" data-no-translation>\n\t\t\t\t\t\t\t\t\t\t\t\t\t\t\t\t\t\t\t\t\t\t\t\t\t\t\t\t\t\tVoor deze derde wandeldag vertrek je vanuit Encumeada richting de Pico Ruivo, het hoogste punt van d&#8230; <span class=\"link\">Lees meer<\/span>\t\t\t\t\t\t\t\t\t<\/div>\n\t\t\t\t\t\t\t\t<\/div>\n\n\t\t\t\t\t\t\t<\/div>\n\t\t\t\t\t\t\t<dialog class=\"tb-popup tb-popup-with-padding tb-dayschedule-popup-wrapper\">\n\t\t\t\t\t\t\t\t<div class=\"tb-dayschedule-popup\">\n\t\t\t\t\t\t\t\t\t<h4>\n\t\t\t\t\t\t\t\t\t\t\t\t\t\t\t\t\t\t\t\t\t\t\t\t\t\t\t\t\t\t\t<div>\n\t\t\t\t\t\t\t\t\t\t\t\t\t\t\t\t\t\t\t\t\t\t\t\t\tEncumeada \t\t\t\t\t\t\t\t\t\t\t\t\t\t\t\t\t\t\t\t\t\t\t\t\t\t\t\t\t\t\t\t\t\t\t\t\t\t\t\t\t\t\t\t\t\t\t\t\t\t\t<i class=\"icon fa-solid fa-arrow-right\"><\/i> Pico Ruivo\t\t\t\t\t\t\t\t\t\t\t\t\t\t\t\t\t\t\t\t\t\t\t\t\t\t\t\t\t\t\t\t\t\t\t\t<\/div>\n\t\t\t\t\t\t\t\t\t\t\t\t\t\t\t\t\t\t\t<\/h4>\n\t\t\t\t\t\t\t\t\t<div class=\"tb-columns\">\n\t\t\t\t\t\t\t\t\t\t<div class=\"tb-column tb-column--text\">\n\t\t\t\t\t\t\t\t\t\t\t<div class=\"text-part\">\n\t\t\t\t\t\t\t\t\t\t\t\t\t\t\t\t\t\t\t\t\t\t\t\t\t<div class=\"tb-dayschedule-popup__icons\">\n\t\t\t\t\t\t\t\t\t\t\t\t\t\t\t\t\t\t\t\t\t\t\t\t\t\t\t\t\t\t\t\t\t\t\t\t\t\t\t\t\t\t\t<div class=\"tb-dayschedule-popup__icon\">\n\t\t\t\t\t\t\t\t\t\t\t\t\t\t\t\t\t\t\t\t<i class=\"icon fa-solid fa-bed fa-fw\" aria-hidden=\"true\"><\/i>\n\t\t\t\t\t\t\t\t\t\t\t\t\t\t\t\t\t\t\t<span>\n\t\t\t\t\t\t\t\t\t\t\t\t\t\t\t\t\t12 km\t\t\t\t\t\t\t\t\t\t\t\t\t\t\t\t<\/span>\n\t\t\t\t\t\t\t\t\t\t\t\t\t\t\t<\/div>\n\t\t\t\t\t\t\t\t\t\t\t\t\t\t\t\t\t\t\t\t\t\t\t\t\t\t\t<\/div>\n\t\t\t\t\t\t\t\t\t\t\t\t\n\t\t\t\t\t\t\t\t\t\t\t\t\n\t\t\t\t\t\t\t\t\t\t\t\t<div>\n\t\t\t\t\t\t\t\t\t\t\t\t\t<strong>Dag 3<\/strong>\n\t\t\t\t\t\t\t\t\t\t\t\t\t\t<div class=\"translation-block\"><p>Voor deze derde wandeldag vertrek je vanuit <strong>Encumeada<\/strong> richting de <strong>Pico Ruivo<\/strong>, het <strong>hoogste punt<\/strong> van de eilandengroep, gelegen op een hoogte van <strong>1.862 meter.<\/strong> Dit pad slingert langs de centrale bergketen van het eiland en biedt een adembenemend uitzicht op de omgeving. Je zult landschappen zien die je nog nooit eerder hebt gezien.<\/p><p>Het pad leidt je door adembenemende berglandschappen, met scherpe bergen en duizelingwekkende afgronden. De <strong>panoramische uitzichten van 360 graden<\/strong> vanaf de Pico Ruivo zijn gewoonweg verbluffend en belonen je ruimschoots voor je vroege inspanningen. Deze hike is een onvergetelijke ervaring voor natuurliefhebbers en ontdekkingsreizigers.<\/p><p>Na deze wandeldag slaap je in de berghut op de Pico Ruivo, wat je het gevoel geeft dat je <strong>op de top van de wereld<\/strong> bent. Als het weer het toelaat, kun je genieten van een <strong>prachtige zonsondergang,<\/strong> terwijl je letterlijk <strong>boven de wolken<\/strong> bent, een unieke ervaring.<\/p><ul><li>Afstand: 12 km<\/li><li>Stijgen: 1200 m<\/li><li>Dalen: 260 m<\/li><\/ul><p><i><strong>NB:<\/strong> De afstanden en hoogteverschillen kunnen vari\u00ebren afhankelijk van de gebruikte applicatie of horloge. Deze verschillen tussen het GPX-bestand en de werkelijkheid kunnen worden verklaard door verschillende factoren, zoals de nauwkeurigheid van GPS-systemen, de instellingen van de app of terreinvariaties.<\/i><\/p><p>\u26a0\ufe0f <strong>Pad onder voorbehoud van opening \u26a0\ufe0f<\/strong><\/p><p>Vanwege de branden van afgelopen zomer zijn sommige paden gesloten. Dit pad is momenteel niet toegankelijk, maar we volgen de situatie nauwlettend met de lokale autoriteiten. We verwachten dat het in september weer open gaat en, mocht dat niet het geval zijn, hebben we al een alternatieve route voorbereid, die door ons team is getest en je <strong>toch naar de Pico Ruivo<\/strong> zal brengen, met net zo indrukwekkende landschappen.<\/p><p>De berghut is sinds de herfst van 2025 in renovatie en de heropeningsdatum is nog niet bevestigd. Ook hier hebben we verschillende opties in petto. Indien nodig, breng je de nacht door in de vallei, in een comfortabel onderkomen dat door ons is geselecteerd.<\/p><p>In ieder geval ontvang je enkele weken voor je vertrek de definitieve informatie over de route en de accommodaties. Je avontuur is in goede handen.<\/p><\/div>\n\t\t\t\t\t\t\t\t\t\t\t\t\t<\/div>\n\n\n\t\t\t\t\t\t\t\t\t\t\t<\/div>\n\t\t\t\t\t\t\t\t\t\t<\/div>\n\t\t\t\t\t\t\t\t\t\t<div class=\"tb-column tb-column--image\">\n\n\t\t\t\t\t\t\t\t\t\t\t<div class=\"tb-image-part\">\n\t\t\t\t\t\t\t\t\t\t\t\t\t\t<div class=\"inner-block-full-width has-tb-carousel tb-carousel-slider\" >\n\t\t<div class=\"tb-carousel-container\">\n\t\t\t<div class=\"entries tb-cards\" data-slider-first=\"0\">\n\t\t\t\t\t\t\t<div class=\"entry\">\n\t\t\t<div class=\"tb-image-part\">\n\t\t\t\t<figure>\n\t\t\t\t\t<img src='https:\/\/mat.travelblox.eu\/wp-content\/smush-webp\/sites\/68\/2026\/04\/MAT25_DriesVdb_WEB-96-819x1024.jpg.webp' width='819' height='1024' srcset='https:\/\/mat.travelblox.eu\/wp-content\/smush-webp\/sites\/68\/2026\/04\/MAT25_DriesVdb_WEB-96-819x1024.jpg.webp 819w, https:\/\/mat.travelblox.eu\/wp-content\/smush-webp\/sites\/68\/2026\/04\/MAT25_DriesVdb_WEB-96-240x300.jpg.webp 240w, https:\/\/mat.travelblox.eu\/wp-content\/smush-webp\/sites\/68\/2026\/04\/MAT25_DriesVdb_WEB-96-768x960.jpg.webp 768w, https:\/\/mat.travelblox.eu\/wp-content\/smush-webp\/sites\/68\/2026\/04\/MAT25_DriesVdb_WEB-96-1229x1536.jpg.webp 1229w, https:\/\/mat.travelblox.eu\/wp-content\/smush-webp\/sites\/68\/2026\/04\/MAT25_DriesVdb_WEB-96-1638x2048.jpg.webp 1638w, https:\/\/mat.travelblox.eu\/wp-content\/smush-webp\/sites\/68\/2026\/04\/MAT25_DriesVdb_WEB-96-10x12.jpg.webp 10w, https:\/\/mat.travelblox.eu\/wp-content\/smush-webp\/sites\/68\/2026\/04\/MAT25_DriesVdb_WEB-96-scaled.jpg.webp 2048w' sizes=\"auto, (max-width: 819px) 100vw, 819px\" loading='lazy' decoding='async' data-smush-webp-fallback=\"{&quot;src&quot;:&quot;https:\\\/\\\/mat.travelblox.eu\\\/wp-content\\\/uploads\\\/sites\\\/68\\\/2026\\\/04\\\/MAT25_DriesVdb_WEB-96-819x1024.jpg&quot;,&quot;srcset&quot;:&quot;https:\\\/\\\/mat.travelblox.eu\\\/wp-content\\\/uploads\\\/sites\\\/68\\\/2026\\\/04\\\/MAT25_DriesVdb_WEB-96-819x1024.jpg 819w, https:\\\/\\\/mat.travelblox.eu\\\/wp-content\\\/uploads\\\/sites\\\/68\\\/2026\\\/04\\\/MAT25_DriesVdb_WEB-96-240x300.jpg 240w, https:\\\/\\\/mat.travelblox.eu\\\/wp-content\\\/uploads\\\/sites\\\/68\\\/2026\\\/04\\\/MAT25_DriesVdb_WEB-96-768x960.jpg 768w, https:\\\/\\\/mat.travelblox.eu\\\/wp-content\\\/uploads\\\/sites\\\/68\\\/2026\\\/04\\\/MAT25_DriesVdb_WEB-96-1229x1536.jpg 1229w, https:\\\/\\\/mat.travelblox.eu\\\/wp-content\\\/uploads\\\/sites\\\/68\\\/2026\\\/04\\\/MAT25_DriesVdb_WEB-96-1638x2048.jpg 1638w, https:\\\/\\\/mat.travelblox.eu\\\/wp-content\\\/uploads\\\/sites\\\/68\\\/2026\\\/04\\\/MAT25_DriesVdb_WEB-96-10x12.jpg 10w, https:\\\/\\\/mat.travelblox.eu\\\/wp-content\\\/uploads\\\/sites\\\/68\\\/2026\\\/04\\\/MAT25_DriesVdb_WEB-96-scaled.jpg 2048w&quot;}\">\t\t\t\t\t\t\t\t\t<\/figure>\n\t\t\t<\/div>\n\t\t<\/div>\n\t\t\t<div class=\"entry\">\n\t\t\t<div class=\"tb-image-part\">\n\t\t\t\t<figure>\n\t\t\t\t\t<img src='https:\/\/mat.travelblox.eu\/wp-content\/smush-webp\/sites\/68\/2026\/04\/IMG_5544-Grande-768x1024.jpeg.webp' width='768' height='1024' srcset='https:\/\/mat.travelblox.eu\/wp-content\/smush-webp\/sites\/68\/2026\/04\/IMG_5544-Grande-768x1024.jpeg.webp 768w, https:\/\/mat.travelblox.eu\/wp-content\/smush-webp\/sites\/68\/2026\/04\/IMG_5544-Grande-225x300.jpeg.webp 225w, https:\/\/mat.travelblox.eu\/wp-content\/smush-webp\/sites\/68\/2026\/04\/IMG_5544-Grande-9x12.jpeg.webp 9w, https:\/\/mat.travelblox.eu\/wp-content\/smush-webp\/sites\/68\/2026\/04\/IMG_5544-Grande.jpeg.webp 960w' sizes=\"auto, (max-width: 768px) 100vw, 768px\" loading='lazy' decoding='async' data-smush-webp-fallback=\"{&quot;src&quot;:&quot;https:\\\/\\\/mat.travelblox.eu\\\/wp-content\\\/uploads\\\/sites\\\/68\\\/2026\\\/04\\\/IMG_5544-Grande-768x1024.jpeg&quot;,&quot;srcset&quot;:&quot;https:\\\/\\\/mat.travelblox.eu\\\/wp-content\\\/uploads\\\/sites\\\/68\\\/2026\\\/04\\\/IMG_5544-Grande-768x1024.jpeg 768w, https:\\\/\\\/mat.travelblox.eu\\\/wp-content\\\/uploads\\\/sites\\\/68\\\/2026\\\/04\\\/IMG_5544-Grande-225x300.jpeg 225w, https:\\\/\\\/mat.travelblox.eu\\\/wp-content\\\/uploads\\\/sites\\\/68\\\/2026\\\/04\\\/IMG_5544-Grande-9x12.jpeg 9w, https:\\\/\\\/mat.travelblox.eu\\\/wp-content\\\/uploads\\\/sites\\\/68\\\/2026\\\/04\\\/IMG_5544-Grande.jpeg 960w&quot;}\">\t\t\t\t\t\t\t\t\t<\/figure>\n\t\t\t<\/div>\n\t\t<\/div>\n\t\t\t<div class=\"entry\">\n\t\t\t<div class=\"tb-image-part\">\n\t\t\t\t<figure>\n\t\t\t\t\t<img src='https:\/\/mat.travelblox.eu\/wp-content\/smush-webp\/sites\/68\/2026\/04\/IMG_5384-Grande-768x1024.jpeg.webp' width='768' height='1024' srcset='https:\/\/mat.travelblox.eu\/wp-content\/smush-webp\/sites\/68\/2026\/04\/IMG_5384-Grande-768x1024.jpeg.webp 768w, https:\/\/mat.travelblox.eu\/wp-content\/smush-webp\/sites\/68\/2026\/04\/IMG_5384-Grande-225x300.jpeg.webp 225w, https:\/\/mat.travelblox.eu\/wp-content\/smush-webp\/sites\/68\/2026\/04\/IMG_5384-Grande-9x12.jpeg.webp 9w, https:\/\/mat.travelblox.eu\/wp-content\/smush-webp\/sites\/68\/2026\/04\/IMG_5384-Grande.jpeg.webp 960w' sizes=\"auto, (max-width: 768px) 100vw, 768px\" loading='lazy' decoding='async' data-smush-webp-fallback=\"{&quot;src&quot;:&quot;https:\\\/\\\/mat.travelblox.eu\\\/wp-content\\\/uploads\\\/sites\\\/68\\\/2026\\\/04\\\/IMG_5384-Grande-768x1024.jpeg&quot;,&quot;srcset&quot;:&quot;https:\\\/\\\/mat.travelblox.eu\\\/wp-content\\\/uploads\\\/sites\\\/68\\\/2026\\\/04\\\/IMG_5384-Grande-768x1024.jpeg 768w, https:\\\/\\\/mat.travelblox.eu\\\/wp-content\\\/uploads\\\/sites\\\/68\\\/2026\\\/04\\\/IMG_5384-Grande-225x300.jpeg 225w, https:\\\/\\\/mat.travelblox.eu\\\/wp-content\\\/uploads\\\/sites\\\/68\\\/2026\\\/04\\\/IMG_5384-Grande-9x12.jpeg 9w, https:\\\/\\\/mat.travelblox.eu\\\/wp-content\\\/uploads\\\/sites\\\/68\\\/2026\\\/04\\\/IMG_5384-Grande.jpeg 960w&quot;}\">\t\t\t\t\t\t\t\t\t<\/figure>\n\t\t\t<\/div>\n\t\t<\/div>\n\t\t\t\t\t<\/div>\n\t\t\t\t<div class=\"tb-carousel-nav\">\n\t\t<div class=\"dots\">\n\t\t\t<div class=\"dot active\"><\/div>\n\t\t\t<div class=\"dot\"><\/div>\n\t\t\t<div class=\"dot\"><\/div>\n\t\t<\/div>\n\t\t<div class=\"arrows\">\n\t\t\t<div class=\"prev disabled\">\n\t\t\t\t<span><i class=\"fa fa-chevron-left\"><\/i><\/span>\n\t\t\t<\/div>\n\t\t\t<div class=\"next\">\n\t\t\t\t<span><i class=\"fa fa-chevron-right\"><\/i><\/span>\n\t\t\t<\/div>\n\t\t<\/div>\n\t<\/div>\n\t\t\t<\/div>\n\t<\/div>\n\t\t\t\t\t\t\t\t\t\t\t\t\t<\/div>\n\t\t\t\t\t\t\t\t\t\t<\/div>\n\t\t\t\t\t\t\t\t\t<\/div>\n\t\t\t\t\t\t\t\t\t\t<div class=\"tb-popup-nav\">\n\t\t<a href=\"#\" class=\"tb-buttonlink-with-icon tb-buttonlink-with-arrow icon-first tb-popup-previous\">\n\t\t\t<i class=\"icon fa fa-chevron-left\"><\/i>\n\t\t\t<span>Vorige dag<\/span>\n\t\t<\/a>\n\t\t<a href=\"#\" class=\"tb-buttonlink-with-icon tb-buttonlink-with-arrow tb-popup-next\">\n\t\t\t<span>Volgende dag<\/span>\n\t\t\t<i class=\"icon fa fa-chevron-right\"><\/i>\n\t\t<\/a>\n\t<\/div>\n\t\n\t\t\t\t\t\t\t\t<\/div>\n\t\t\t\t\t\t\t<\/dialog>\n\t\t\t\t\t\t<\/div>\n\t\t\t\t\t\t\t\t\t\t\t<div class=\"tb-card entry tb-popup-trigger tb-unfold-on-hover\">\n\t\t\t\t\t\t\t<div class=\"tb-image-part\">\n\t\t\t\t\t\t\t\t<div class=\"tag\">\n\t\t\t\t\t\t\t\t\t<div>Dag 4<\/div>\n\t\t\t\t\t\t\t\t<\/div>\n\n\t\t\t\t\t\t\t\t<img src='https:\/\/mat.travelblox.eu\/wp-content\/smush-webp\/sites\/68\/2024\/09\/Siliquini-TheMadeiraTrail-240320-9858-e1726653548502-768x727.jpg.webp' width='768' height='727' alt='Descente naar Santana Madeira - Afdaling naar Santana Madeira - Abstieg naar Santana Madeira' srcset='https:\/\/mat.travelblox.eu\/wp-content\/smush-webp\/sites\/68\/2024\/09\/Siliquini-TheMadeiraTrail-240320-9858-e1726653548502-768x727.jpg.webp 768w, https:\/\/mat.travelblox.eu\/wp-content\/smush-webp\/sites\/68\/2024\/09\/Siliquini-TheMadeiraTrail-240320-9858-e1726653548502-300x284.jpg.webp 300w, https:\/\/mat.travelblox.eu\/wp-content\/smush-webp\/sites\/68\/2024\/09\/Siliquini-TheMadeiraTrail-240320-9858-e1726653548502-1024x970.jpg.webp 1024w, https:\/\/mat.travelblox.eu\/wp-content\/smush-webp\/sites\/68\/2024\/09\/Siliquini-TheMadeiraTrail-240320-9858-e1726653548502-13x12.jpg.webp 13w, https:\/\/mat.travelblox.eu\/wp-content\/smush-webp\/sites\/68\/2024\/09\/Siliquini-TheMadeiraTrail-240320-9858-e1726653548502.jpg.webp 1365w' sizes=\"auto, (max-width: 768px) 100vw, 768px\" style='object-position:50% 50%' loading='lazy' decoding='async' data-smush-webp-fallback=\"{&quot;src&quot;:&quot;https:\\\/\\\/mat.travelblox.eu\\\/wp-content\\\/uploads\\\/sites\\\/68\\\/2024\\\/09\\\/Siliquini-TheMadeiraTrail-240320-9858-e1726653548502-768x727.jpg&quot;,&quot;srcset&quot;:&quot;https:\\\/\\\/mat.travelblox.eu\\\/wp-content\\\/uploads\\\/sites\\\/68\\\/2024\\\/09\\\/Siliquini-TheMadeiraTrail-240320-9858-e1726653548502-768x727.jpg 768w, https:\\\/\\\/mat.travelblox.eu\\\/wp-content\\\/uploads\\\/sites\\\/68\\\/2024\\\/09\\\/Siliquini-TheMadeiraTrail-240320-9858-e1726653548502-300x284.jpg 300w, https:\\\/\\\/mat.travelblox.eu\\\/wp-content\\\/uploads\\\/sites\\\/68\\\/2024\\\/09\\\/Siliquini-TheMadeiraTrail-240320-9858-e1726653548502-1024x970.jpg 1024w, https:\\\/\\\/mat.travelblox.eu\\\/wp-content\\\/uploads\\\/sites\\\/68\\\/2024\\\/09\\\/Siliquini-TheMadeiraTrail-240320-9858-e1726653548502-13x12.jpg 13w, https:\\\/\\\/mat.travelblox.eu\\\/wp-content\\\/uploads\\\/sites\\\/68\\\/2024\\\/09\\\/Siliquini-TheMadeiraTrail-240320-9858-e1726653548502.jpg 1365w&quot;}\">\t\t\t\t\t\t\t<\/div>\n\t\t\t\t\t\t\t<div class=\"tb-card-bottom-wrapper\">\n\t\t\t\t\t\t\t\t<div class=\"tb-card-bottom\">\n\n\t\t\t\t\t\t\t\t\t<span class=\"tb-card-bottom__title\">\n\t\t\t\t\t\t\t\t\t\t<span class=\"tb-card-bottom__place\">\n\t\t\t\t\t\t\t\t\t\t\tPico Ruivo\t\t\t\t\t\t\t\t\t\t\t\t\t\t\t\t\t\t\t\t\t\t\t&#8211; Santana\t\t\t\t\t\t\t\t\t\t\t\t\t\t\t\t\t\t\t\t\t<\/span>\n\n\t\t\t\t\t\t\t\t\t<\/span>\n\t\t\t\t\t\t\t\t\t<div class=\"tb-card-bottom__content\">\n\t\t\t\t\t\t\t\t\t\t<div>\n\t\t\t\t\t\t\t\t\t\t\t\t\t\t\t\t\t\t\t\t\t\t\t\t\t\t\t<i class=\"icon fa-solid fa-bed fa-fw\" aria-hidden=\"true\"><\/i>\n\t\t\t 14 km\t\t\t\t\t\t\t\t\t\t\t\t\t\t\t\t\t\t\t\t\t<\/div>\n\t\t\t\t\t\t\t\t\t<\/div>\n\t\t\t\t\t\t\t\t\t<div class=\"tb-card-bottom__teaser tb-unfold-on-hover__content\" data-no-translation>\n\t\t\t\t\t\t\t\t\t\t\t\t\t\t\t\t\t\t\t\t\t\t\t\t\t\t\t\t\t\tDe vierde dag van de trail begint op de top van de Pico Ruivo, waar je de nacht hebt doorgebracht. B&#8230; <span class=\"link\">Lees meer<\/span>\t\t\t\t\t\t\t\t\t<\/div>\n\t\t\t\t\t\t\t\t<\/div>\n\n\t\t\t\t\t\t\t<\/div>\n\t\t\t\t\t\t\t<dialog class=\"tb-popup tb-popup-with-padding tb-dayschedule-popup-wrapper\">\n\t\t\t\t\t\t\t\t<div class=\"tb-dayschedule-popup\">\n\t\t\t\t\t\t\t\t\t<h4>\n\t\t\t\t\t\t\t\t\t\t\t\t\t\t\t\t\t\t\t\t\t\t\t\t\t\t\t\t\t\t\t<div>\n\t\t\t\t\t\t\t\t\t\t\t\t\t\t\t\t\t\t\t\t\t\t\t\t\tPico Ruivo\t\t\t\t\t\t\t\t\t\t\t\t\t\t\t\t\t\t\t\t\t\t\t\t\t\t\t\t\t\t\t\t\t\t\t\t\t\t\t\t\t\t\t\t\t\t\t\t\t\t\t<i class=\"icon fa-solid fa-arrow-right\"><\/i> Santana\t\t\t\t\t\t\t\t\t\t\t\t\t\t\t\t\t\t\t\t\t\t\t\t\t\t\t\t\t\t\t\t\t\t\t\t<\/div>\n\t\t\t\t\t\t\t\t\t\t\t\t\t\t\t\t\t\t\t<\/h4>\n\t\t\t\t\t\t\t\t\t<div class=\"tb-columns\">\n\t\t\t\t\t\t\t\t\t\t<div class=\"tb-column tb-column--text\">\n\t\t\t\t\t\t\t\t\t\t\t<div class=\"text-part\">\n\t\t\t\t\t\t\t\t\t\t\t\t\t\t\t\t\t\t\t\t\t\t\t\t\t<div class=\"tb-dayschedule-popup__icons\">\n\t\t\t\t\t\t\t\t\t\t\t\t\t\t\t\t\t\t\t\t\t\t\t\t\t\t\t\t\t\t\t\t\t\t\t\t\t\t\t\t\t\t\t<div class=\"tb-dayschedule-popup__icon\">\n\t\t\t\t\t\t\t\t\t\t\t\t\t\t\t\t\t\t\t\t<i class=\"icon fa-solid fa-bed fa-fw\" aria-hidden=\"true\"><\/i>\n\t\t\t\t\t\t\t\t\t\t\t\t\t\t\t\t\t\t\t<span>\n\t\t\t\t\t\t\t\t\t\t\t\t\t\t\t\t\t14 km\t\t\t\t\t\t\t\t\t\t\t\t\t\t\t\t<\/span>\n\t\t\t\t\t\t\t\t\t\t\t\t\t\t\t<\/div>\n\t\t\t\t\t\t\t\t\t\t\t\t\t\t\t\t\t\t\t\t\t\t\t\t\t\t\t<\/div>\n\t\t\t\t\t\t\t\t\t\t\t\t\n\t\t\t\t\t\t\t\t\t\t\t\t\n\t\t\t\t\t\t\t\t\t\t\t\t<div>\n\t\t\t\t\t\t\t\t\t\t\t\t\t<strong>Dag 4<\/strong>\n\t\t\t\t\t\t\t\t\t\t\t\t\t\t<div class=\"translation-block\"><p>De vierde dag van de trail begint op de top van de <strong>Pico Ruivo<\/strong>, waar je de nacht hebt doorgebracht. Bij het eerste ochtendlicht kun je, als het weer meezit, genieten van een adembenemende <strong>zonsopgang<\/strong>. Het gouden licht verspreidt zich langzaam over de horizon en schildert een magisch tafereel op de omliggende toppen, die nog steeds gehuld zijn in wolken.<\/p><p>Wanneer de zon volledig is opgekomen, start je de <strong>afdaling richting<\/strong> <strong>Santana<\/strong>. Je daalt voorzichtig af en neemt de tijd om te genieten van de spectaculaire uitzichten op de ruige bergen en weelderige valleien die zich tot aan de horizon uitstrekken.<\/p><p>Deze dag heeft het <strong>meeste negatieve hoogteverschil<\/strong>, omdat je helemaal afdaalt tot aan de kust. Let dus goed op je knie\u00ebn en maak gebruik van je wandelstokken, ze komen hier bijzonder goed van pas.<\/p><p>Aan het einde van de dag wacht een charmant hotel waar je heerlijk kunt uitrusten.<\/p><ul><li>Afstand: 14 km<\/li><li>Stijgen: 140 m<\/li><li>Dalen: 1380 m<\/li><\/ul><p><i>PS: Afstanden en hoogteverschillen kunnen vari\u00ebren afhankelijk van de gebruikte app of het horloge. Deze verschillen tussen het GPX-bestand en de werkelijkheid worden veroorzaakt door factoren zoals GPS-nauwkeurigheid, applicatie-instellingen of terreinvariaties.<\/i><\/p><p><strong>\u26a0\ufe0f Mogelijk alternatief traject \u26a0\ufe0f<\/strong><\/p><p>Blijft de berghut gesloten? Geen stress, we hebben al een alternatieve route klaar. Je daalt de dag ervoor af om in de vallei te overnachten en vertrekt daarna richting Santana voor een spectaculaire hike langs de kust.<\/p><p>Onderweg loop je door het dorp en kan je nog stoppen bij een prachtig uitzichtpunt, voor je naar je accommodatie gaat.<\/p><\/div>\n\t\t\t\t\t\t\t\t\t\t\t\t\t<\/div>\n\n\n\t\t\t\t\t\t\t\t\t\t\t<\/div>\n\t\t\t\t\t\t\t\t\t\t<\/div>\n\t\t\t\t\t\t\t\t\t\t<div class=\"tb-column tb-column--image\">\n\n\t\t\t\t\t\t\t\t\t\t\t<div class=\"tb-image-part\">\n\t\t\t\t\t\t\t\t\t\t\t\t\t\t<div class=\"inner-block-full-width has-tb-carousel tb-carousel-slider\" >\n\t\t<div class=\"tb-carousel-container\">\n\t\t\t<div class=\"entries tb-cards\" data-slider-first=\"0\">\n\t\t\t\t\t\t\t<div class=\"entry\">\n\t\t\t<div class=\"tb-image-part\">\n\t\t\t\t<figure>\n\t\t\t\t\t<img src='https:\/\/mat.travelblox.eu\/wp-content\/smush-webp\/sites\/68\/2024\/09\/Siliquini-TheMadeiraTrail-240320-9858-e1726653548502-1024x970.jpg.webp' width='1024' height='970' alt='Descente naar Santana Madeira - Afdaling naar Santana Madeira - Abstieg naar Santana Madeira' srcset='https:\/\/mat.travelblox.eu\/wp-content\/smush-webp\/sites\/68\/2024\/09\/Siliquini-TheMadeiraTrail-240320-9858-e1726653548502-1024x970.jpg.webp 1024w, https:\/\/mat.travelblox.eu\/wp-content\/smush-webp\/sites\/68\/2024\/09\/Siliquini-TheMadeiraTrail-240320-9858-e1726653548502-300x284.jpg.webp 300w, https:\/\/mat.travelblox.eu\/wp-content\/smush-webp\/sites\/68\/2024\/09\/Siliquini-TheMadeiraTrail-240320-9858-e1726653548502-768x727.jpg.webp 768w, https:\/\/mat.travelblox.eu\/wp-content\/smush-webp\/sites\/68\/2024\/09\/Siliquini-TheMadeiraTrail-240320-9858-e1726653548502-13x12.jpg.webp 13w, https:\/\/mat.travelblox.eu\/wp-content\/smush-webp\/sites\/68\/2024\/09\/Siliquini-TheMadeiraTrail-240320-9858-e1726653548502.jpg.webp 1365w' sizes=\"auto, (max-width: 1024px) 100vw, 1024px\" style='object-position:50% 50%' loading='lazy' decoding='async' data-smush-webp-fallback=\"{&quot;src&quot;:&quot;https:\\\/\\\/mat.travelblox.eu\\\/wp-content\\\/uploads\\\/sites\\\/68\\\/2024\\\/09\\\/Siliquini-TheMadeiraTrail-240320-9858-e1726653548502-1024x970.jpg&quot;,&quot;srcset&quot;:&quot;https:\\\/\\\/mat.travelblox.eu\\\/wp-content\\\/uploads\\\/sites\\\/68\\\/2024\\\/09\\\/Siliquini-TheMadeiraTrail-240320-9858-e1726653548502-1024x970.jpg 1024w, https:\\\/\\\/mat.travelblox.eu\\\/wp-content\\\/uploads\\\/sites\\\/68\\\/2024\\\/09\\\/Siliquini-TheMadeiraTrail-240320-9858-e1726653548502-300x284.jpg 300w, https:\\\/\\\/mat.travelblox.eu\\\/wp-content\\\/uploads\\\/sites\\\/68\\\/2024\\\/09\\\/Siliquini-TheMadeiraTrail-240320-9858-e1726653548502-768x727.jpg 768w, https:\\\/\\\/mat.travelblox.eu\\\/wp-content\\\/uploads\\\/sites\\\/68\\\/2024\\\/09\\\/Siliquini-TheMadeiraTrail-240320-9858-e1726653548502-13x12.jpg 13w, https:\\\/\\\/mat.travelblox.eu\\\/wp-content\\\/uploads\\\/sites\\\/68\\\/2024\\\/09\\\/Siliquini-TheMadeiraTrail-240320-9858-e1726653548502.jpg 1365w&quot;}\">\t\t\t\t\t\t\t\t\t<\/figure>\n\t\t\t<\/div>\n\t\t<\/div>\n\t\t\t<div class=\"entry\">\n\t\t\t<div class=\"tb-image-part\">\n\t\t\t\t<figure>\n\t\t\t\t\t<img src='https:\/\/mat.travelblox.eu\/wp-content\/smush-webp\/sites\/68\/2024\/03\/Siliquini-MadeiraTrail-240319-0072-1024x767.jpeg.webp' width='1024' height='767' alt='randonner \u00e0 Mad\u00e8re - Wandern in Madeira - hiken op Madeira - hike madeira' srcset='' sizes=\"auto, (max-width: 1024px) 100vw, 1024px\" style='object-position:50% 50%' loading='lazy' decoding='async' data-srcset=\"\" data-smush-webp-fallback=\"{&quot;src&quot;:&quot;https:\\\/\\\/mat.travelblox.eu\\\/wp-content\\\/uploads\\\/sites\\\/68\\\/2024\\\/03\\\/Siliquini-MadeiraTrail-240319-0072-1024x767.jpeg&quot;}\">\t\t\t\t\t\t\t\t\t<\/figure>\n\t\t\t<\/div>\n\t\t<\/div>\n\t\t\t<div class=\"entry\">\n\t\t\t<div class=\"tb-image-part\">\n\t\t\t\t<figure>\n\t\t\t\t\t<img src='https:\/\/mat.travelblox.eu\/wp-content\/smush-webp\/sites\/68\/2024\/09\/Siliquini-TheMadeiraTrail-240321-0443-e1726653533625-1024x881.jpg.webp' width='1024' height='881' alt='Pflanzen Madeira - Plantes Mad\u00e8re - Plants Madeira - Planten Madeira' srcset='https:\/\/mat.travelblox.eu\/wp-content\/smush-webp\/sites\/68\/2024\/09\/Siliquini-TheMadeiraTrail-240321-0443-e1726653533625-1024x881.jpg.webp 1024w, https:\/\/mat.travelblox.eu\/wp-content\/smush-webp\/sites\/68\/2024\/09\/Siliquini-TheMadeiraTrail-240321-0443-e1726653533625-300x258.jpg.webp 300w, https:\/\/mat.travelblox.eu\/wp-content\/smush-webp\/sites\/68\/2024\/09\/Siliquini-TheMadeiraTrail-240321-0443-e1726653533625-768x661.jpg.webp 768w, https:\/\/mat.travelblox.eu\/wp-content\/smush-webp\/sites\/68\/2024\/09\/Siliquini-TheMadeiraTrail-240321-0443-e1726653533625-14x12.jpg.webp 14w, https:\/\/mat.travelblox.eu\/wp-content\/smush-webp\/sites\/68\/2024\/09\/Siliquini-TheMadeiraTrail-240321-0443-e1726653533625.jpg.webp 1365w' sizes=\"auto, (max-width: 1024px) 100vw, 1024px\" style='object-position:50% 50%' loading='lazy' decoding='async' data-smush-webp-fallback=\"{&quot;src&quot;:&quot;https:\\\/\\\/mat.travelblox.eu\\\/wp-content\\\/uploads\\\/sites\\\/68\\\/2024\\\/09\\\/Siliquini-TheMadeiraTrail-240321-0443-e1726653533625-1024x881.jpg&quot;,&quot;srcset&quot;:&quot;https:\\\/\\\/mat.travelblox.eu\\\/wp-content\\\/uploads\\\/sites\\\/68\\\/2024\\\/09\\\/Siliquini-TheMadeiraTrail-240321-0443-e1726653533625-1024x881.jpg 1024w, https:\\\/\\\/mat.travelblox.eu\\\/wp-content\\\/uploads\\\/sites\\\/68\\\/2024\\\/09\\\/Siliquini-TheMadeiraTrail-240321-0443-e1726653533625-300x258.jpg 300w, https:\\\/\\\/mat.travelblox.eu\\\/wp-content\\\/uploads\\\/sites\\\/68\\\/2024\\\/09\\\/Siliquini-TheMadeiraTrail-240321-0443-e1726653533625-768x661.jpg 768w, https:\\\/\\\/mat.travelblox.eu\\\/wp-content\\\/uploads\\\/sites\\\/68\\\/2024\\\/09\\\/Siliquini-TheMadeiraTrail-240321-0443-e1726653533625-14x12.jpg 14w, https:\\\/\\\/mat.travelblox.eu\\\/wp-content\\\/uploads\\\/sites\\\/68\\\/2024\\\/09\\\/Siliquini-TheMadeiraTrail-240321-0443-e1726653533625.jpg 1365w&quot;}\">\t\t\t\t\t\t\t\t\t<\/figure>\n\t\t\t<\/div>\n\t\t<\/div>\n\t\t\t<div class=\"entry\">\n\t\t\t<div class=\"tb-image-part\">\n\t\t\t\t<figure>\n\t\t\t\t\t<img src='https:\/\/mat.travelblox.eu\/wp-content\/smush-webp\/sites\/68\/2024\/03\/Siliquini-MadeiraTrail-240320-9904-1024x683.jpeg.webp' width='1024' height='683' alt='Madeira Wandelwegen - Wandelpaden op Madeira - Madeira hiking trails - Sentiers de randonn\u00e9e de Mad\u00e8re' srcset='' sizes=\"auto, (max-width: 1024px) 100vw, 1024px\" style='object-position:50% 50%' loading='lazy' decoding='async' data-srcset=\"\" data-smush-webp-fallback=\"{&quot;src&quot;:&quot;https:\\\/\\\/mat.travelblox.eu\\\/wp-content\\\/uploads\\\/sites\\\/68\\\/2024\\\/03\\\/Siliquini-MadeiraTrail-240320-9904-1024x683.jpeg&quot;}\">\t\t\t\t\t\t\t\t\t<\/figure>\n\t\t\t<\/div>\n\t\t<\/div>\n\t\t\t<div class=\"entry\">\n\t\t\t<div class=\"tb-image-part\">\n\t\t\t\t<figure>\n\t\t\t\t\t<img src='https:\/\/mat.travelblox.eu\/wp-content\/smush-webp\/sites\/68\/2024\/09\/Siliquini-TheMadeiraTrail-240322-1601-e1726653505504-1024x952.jpg.webp' width='1024' height='952' alt='Madeira Insel - \u00cele de Mad\u00e8re - Madeira Island - Madeira-eiland' srcset='https:\/\/mat.travelblox.eu\/wp-content\/smush-webp\/sites\/68\/2024\/09\/Siliquini-TheMadeiraTrail-240322-1601-e1726653505504-1024x952.jpg.webp 1024w, https:\/\/mat.travelblox.eu\/wp-content\/smush-webp\/sites\/68\/2024\/09\/Siliquini-TheMadeiraTrail-240322-1601-e1726653505504-300x279.jpg.webp 300w, https:\/\/mat.travelblox.eu\/wp-content\/smush-webp\/sites\/68\/2024\/09\/Siliquini-TheMadeiraTrail-240322-1601-e1726653505504-768x714.jpg.webp 768w, https:\/\/mat.travelblox.eu\/wp-content\/smush-webp\/sites\/68\/2024\/09\/Siliquini-TheMadeiraTrail-240322-1601-e1726653505504-13x12.jpg.webp 13w, https:\/\/mat.travelblox.eu\/wp-content\/smush-webp\/sites\/68\/2024\/09\/Siliquini-TheMadeiraTrail-240322-1601-e1726653505504.jpg.webp 1365w' sizes=\"auto, (max-width: 1024px) 100vw, 1024px\" style='object-position:50% 50%' loading='lazy' decoding='async' data-smush-webp-fallback=\"{&quot;src&quot;:&quot;https:\\\/\\\/mat.travelblox.eu\\\/wp-content\\\/uploads\\\/sites\\\/68\\\/2024\\\/09\\\/Siliquini-TheMadeiraTrail-240322-1601-e1726653505504-1024x952.jpg&quot;,&quot;srcset&quot;:&quot;https:\\\/\\\/mat.travelblox.eu\\\/wp-content\\\/uploads\\\/sites\\\/68\\\/2024\\\/09\\\/Siliquini-TheMadeiraTrail-240322-1601-e1726653505504-1024x952.jpg 1024w, https:\\\/\\\/mat.travelblox.eu\\\/wp-content\\\/uploads\\\/sites\\\/68\\\/2024\\\/09\\\/Siliquini-TheMadeiraTrail-240322-1601-e1726653505504-300x279.jpg 300w, https:\\\/\\\/mat.travelblox.eu\\\/wp-content\\\/uploads\\\/sites\\\/68\\\/2024\\\/09\\\/Siliquini-TheMadeiraTrail-240322-1601-e1726653505504-768x714.jpg 768w, https:\\\/\\\/mat.travelblox.eu\\\/wp-content\\\/uploads\\\/sites\\\/68\\\/2024\\\/09\\\/Siliquini-TheMadeiraTrail-240322-1601-e1726653505504-13x12.jpg 13w, https:\\\/\\\/mat.travelblox.eu\\\/wp-content\\\/uploads\\\/sites\\\/68\\\/2024\\\/09\\\/Siliquini-TheMadeiraTrail-240322-1601-e1726653505504.jpg 1365w&quot;}\">\t\t\t\t\t\t\t\t\t<\/figure>\n\t\t\t<\/div>\n\t\t<\/div>\n\t\t\t\t\t<\/div>\n\t\t\t\t<div class=\"tb-carousel-nav\">\n\t\t<div class=\"dots\">\n\t\t\t<div class=\"dot active\"><\/div>\n\t\t\t<div class=\"dot\"><\/div>\n\t\t\t<div class=\"dot\"><\/div>\n\t\t<\/div>\n\t\t<div class=\"arrows\">\n\t\t\t<div class=\"prev disabled\">\n\t\t\t\t<span><i class=\"fa fa-chevron-left\"><\/i><\/span>\n\t\t\t<\/div>\n\t\t\t<div class=\"next\">\n\t\t\t\t<span><i class=\"fa fa-chevron-right\"><\/i><\/span>\n\t\t\t<\/div>\n\t\t<\/div>\n\t<\/div>\n\t\t\t<\/div>\n\t<\/div>\n\t\t\t\t\t\t\t\t\t\t\t\t\t<\/div>\n\t\t\t\t\t\t\t\t\t\t<\/div>\n\t\t\t\t\t\t\t\t\t<\/div>\n\t\t\t\t\t\t\t\t\t\t<div class=\"tb-popup-nav\">\n\t\t<a href=\"#\" class=\"tb-buttonlink-with-icon tb-buttonlink-with-arrow icon-first tb-popup-previous\">\n\t\t\t<i class=\"icon fa fa-chevron-left\"><\/i>\n\t\t\t<span>Vorige dag<\/span>\n\t\t<\/a>\n\t\t<a href=\"#\" class=\"tb-buttonlink-with-icon tb-buttonlink-with-arrow tb-popup-next\">\n\t\t\t<span>Volgende dag<\/span>\n\t\t\t<i class=\"icon fa fa-chevron-right\"><\/i>\n\t\t<\/a>\n\t<\/div>\n\t\n\t\t\t\t\t\t\t\t<\/div>\n\t\t\t\t\t\t\t<\/dialog>\n\t\t\t\t\t\t<\/div>\n\t\t\t\t\t\t\t\t\t\t\t<div class=\"tb-card entry tb-popup-trigger tb-unfold-on-hover\">\n\t\t\t\t\t\t\t<div class=\"tb-image-part\">\n\t\t\t\t\t\t\t\t<div class=\"tag\">\n\t\t\t\t\t\t\t\t\t<div>Dag 5<\/div>\n\t\t\t\t\t\t\t\t<\/div>\n\n\t\t\t\t\t\t\t\t<img src='https:\/\/mat.travelblox.eu\/wp-content\/smush-webp\/sites\/68\/2024\/03\/Siliquini-MadeiraTrail-240321-0986-768x512.jpeg.webp' width='768' height='512' alt='Ausblick Boca do Risco - Uitzicht Boca do Risco - Boca do Risco uitzichtpunt - Point de vue Boca do Risco' srcset='https:\/\/mat.travelblox.eu\/wp-content\/smush-webp\/sites\/68\/2024\/03\/Siliquini-MadeiraTrail-240321-0986-768x512.jpeg.webp 768w, https:\/\/mat.travelblox.eu\/wp-content\/smush-webp\/sites\/68\/2024\/03\/Siliquini-MadeiraTrail-240321-0986-300x200.jpeg.webp 300w, https:\/\/mat.travelblox.eu\/wp-content\/smush-webp\/sites\/68\/2024\/03\/Siliquini-MadeiraTrail-240321-0986-1024x683.jpeg.webp 1024w, https:\/\/mat.travelblox.eu\/wp-content\/smush-webp\/sites\/68\/2024\/03\/Siliquini-MadeiraTrail-240321-0986-1536x1024.jpeg.webp 1536w, https:\/\/mat.travelblox.eu\/wp-content\/smush-webp\/sites\/68\/2024\/03\/Siliquini-MadeiraTrail-240321-0986-18x12.jpeg.webp 18w, https:\/\/mat.travelblox.eu\/wp-content\/smush-webp\/sites\/68\/2024\/03\/Siliquini-MadeiraTrail-240321-0986.jpeg.webp 2048w' sizes=\"auto, (max-width: 768px) 100vw, 768px\" style='object-position:50% 50%' loading='lazy' decoding='async' data-smush-webp-fallback=\"{&quot;src&quot;:&quot;https:\\\/\\\/mat.travelblox.eu\\\/wp-content\\\/uploads\\\/sites\\\/68\\\/2024\\\/03\\\/Siliquini-MadeiraTrail-240321-0986-768x512.jpeg&quot;,&quot;srcset&quot;:&quot;https:\\\/\\\/mat.travelblox.eu\\\/wp-content\\\/uploads\\\/sites\\\/68\\\/2024\\\/03\\\/Siliquini-MadeiraTrail-240321-0986-768x512.jpeg 768w, https:\\\/\\\/mat.travelblox.eu\\\/wp-content\\\/uploads\\\/sites\\\/68\\\/2024\\\/03\\\/Siliquini-MadeiraTrail-240321-0986-300x200.jpeg 300w, https:\\\/\\\/mat.travelblox.eu\\\/wp-content\\\/uploads\\\/sites\\\/68\\\/2024\\\/03\\\/Siliquini-MadeiraTrail-240321-0986-1024x683.jpeg 1024w, https:\\\/\\\/mat.travelblox.eu\\\/wp-content\\\/uploads\\\/sites\\\/68\\\/2024\\\/03\\\/Siliquini-MadeiraTrail-240321-0986-1536x1024.jpeg 1536w, https:\\\/\\\/mat.travelblox.eu\\\/wp-content\\\/uploads\\\/sites\\\/68\\\/2024\\\/03\\\/Siliquini-MadeiraTrail-240321-0986-18x12.jpeg 18w, https:\\\/\\\/mat.travelblox.eu\\\/wp-content\\\/uploads\\\/sites\\\/68\\\/2024\\\/03\\\/Siliquini-MadeiraTrail-240321-0986.jpeg 2048w&quot;}\">\t\t\t\t\t\t\t<\/div>\n\t\t\t\t\t\t\t<div class=\"tb-card-bottom-wrapper\">\n\t\t\t\t\t\t\t\t<div class=\"tb-card-bottom\">\n\n\t\t\t\t\t\t\t\t\t<span class=\"tb-card-bottom__title\">\n\t\t\t\t\t\t\t\t\t\t<span class=\"tb-card-bottom__place\">\n\t\t\t\t\t\t\t\t\t\t\tPorto da Cruz &#8211; Machico\t\t\t\t\t\t\t\t\t\t\t\t\t\t\t\t\t\t\t\t\t<\/span>\n\n\t\t\t\t\t\t\t\t\t<\/span>\n\t\t\t\t\t\t\t\t\t<div class=\"tb-card-bottom__content\">\n\t\t\t\t\t\t\t\t\t\t<div>\n\t\t\t\t\t\t\t\t\t\t\t\t\t\t\t\t\t\t\t\t\t\t\t\t\t\t\t<i class=\"icon fa-solid fa-bed fa-fw\" aria-hidden=\"true\"><\/i>\n\t\t\t 15,5 km\t\t\t\t\t\t\t\t\t\t\t\t\t\t\t\t\t\t\t\t\t<\/div>\n\t\t\t\t\t\t\t\t\t<\/div>\n\t\t\t\t\t\t\t\t\t<div class=\"tb-card-bottom__teaser tb-unfold-on-hover__content\" data-no-translation>\n\t\t\t\t\t\t\t\t\t\t\t\t\t\t\t\t\t\t\t\t\t\t\t\t\t\t\t\t\t\tVoor deze laatste wandeldag gaat de route van Porto da Cruz naar Machico via Boca do Risco. \u2019s Ochte&#8230; <span class=\"link\">Lees meer<\/span>\t\t\t\t\t\t\t\t\t<\/div>\n\t\t\t\t\t\t\t\t<\/div>\n\n\t\t\t\t\t\t\t<\/div>\n\t\t\t\t\t\t\t<dialog class=\"tb-popup tb-popup-with-padding tb-dayschedule-popup-wrapper\">\n\t\t\t\t\t\t\t\t<div class=\"tb-dayschedule-popup\">\n\t\t\t\t\t\t\t\t\t<h4>\n\t\t\t\t\t\t\t\t\t\t\t\t\t\t\t\t\t\t\t\t\t\t\t\t\t\t\t\t\t\t\t<div>\n\t\t\t\t\t\t\t\t\t\t\t\t\t\t\t\t\t\t\t\t\t\t\t\t\tPorto da Cruz\t\t\t\t\t\t\t\t\t\t\t\t\t\t\t\t\t\t\t\t\t\t\t\t\t\t\t\t\t\t\t\t\t\t\t\t\t\t\t\t\t\t\t\t\t\t\t\t\t\t\t<i class=\"icon fa-solid fa-arrow-right\"><\/i> Machico\t\t\t\t\t\t\t\t\t\t\t\t\t\t\t\t\t\t\t\t\t\t\t\t\t\t\t\t\t\t\t\t\t\t\t\t<\/div>\n\t\t\t\t\t\t\t\t\t\t\t\t\t\t\t\t\t\t\t<\/h4>\n\t\t\t\t\t\t\t\t\t<div class=\"tb-columns\">\n\t\t\t\t\t\t\t\t\t\t<div class=\"tb-column tb-column--text\">\n\t\t\t\t\t\t\t\t\t\t\t<div class=\"text-part\">\n\t\t\t\t\t\t\t\t\t\t\t\t\t\t\t\t\t\t\t\t\t\t\t\t\t<div class=\"tb-dayschedule-popup__icons\">\n\t\t\t\t\t\t\t\t\t\t\t\t\t\t\t\t\t\t\t\t\t\t\t\t\t\t\t\t\t\t\t\t\t\t\t\t\t\t\t\t\t\t\t<div class=\"tb-dayschedule-popup__icon\">\n\t\t\t\t\t\t\t\t\t\t\t\t\t\t\t\t\t\t\t\t<i class=\"icon fa-solid fa-bed fa-fw\" aria-hidden=\"true\"><\/i>\n\t\t\t\t\t\t\t\t\t\t\t\t\t\t\t\t\t\t\t<span>\n\t\t\t\t\t\t\t\t\t\t\t\t\t\t\t\t\t15,5 km\t\t\t\t\t\t\t\t\t\t\t\t\t\t\t\t<\/span>\n\t\t\t\t\t\t\t\t\t\t\t\t\t\t\t<\/div>\n\t\t\t\t\t\t\t\t\t\t\t\t\t\t\t\t\t\t\t\t\t\t\t\t\t\t\t<\/div>\n\t\t\t\t\t\t\t\t\t\t\t\t\n\t\t\t\t\t\t\t\t\t\t\t\t\n\t\t\t\t\t\t\t\t\t\t\t\t<div>\n\t\t\t\t\t\t\t\t\t\t\t\t\t<strong>Dag 5<\/strong>\n\t\t\t\t\t\t\t\t\t\t\t\t\t\t<div class=\"translation-block\"><p>Voor deze <strong>laatste wandeldag<\/strong> gaat de route van <strong>Porto da Cruz<\/strong> naar <strong>Machico<\/strong> via <strong>Boca do Risco<\/strong>. \u2019s Ochtends brengt een transfer je vanuit het hotel in Santana naar het vertrekpunt in Porto da Cruz.<\/p><p>Je start in een <strong>charmant kustdorpje<\/strong>, waar de frisse oceaanbries je meteen verwelkomt. Van daaruit slingert het pad langs indrukwekkende rotsformaties, met onderweg steeds weer mooie uitzichten over de Atlantische Oceaan. Aan Boca do Risco wacht <strong>een van de meest indrukwekkende panorama\u2019s van Madeira<\/strong>, met steile kliffen en een horizon die eindeloos lijkt. Een plek waar je graag even stopt om van het uitzicht te genieten.<\/p><p>Verder richting Machico wandel je door een gevarieerd decor met bosrijke stukken, lokale landbouw en kustpaden. De <strong>rijke flora en fauna<\/strong> langs de route bieden volop kansen om vogels te spotten en te genieten van de kleurrijke natuur rondom je.<\/p><p>Eenmaal aangekomen in <strong>Machico<\/strong> wacht het hotel, waar je de avond in alle rust kunt doorbrengen en kan terugblikken op een week vol inspanningen en onvergetelijke ervaringen.<\/p><ul><li><strong>Afstand: 15,5 km<\/strong><\/li><li><strong>Stijgen: 620 m<\/strong><\/li><li><strong>Dalenl: 620 m<\/strong><\/li><\/ul><p><i>\ud83d\udca1 <strong>Langere optie<\/strong>: je kunt ook kiezen om direct vanaf het hotel te voet te vertrekken, wat ongeveer +10 km en +500 m positief hoogteverschil aan de etappe toevoegt.<\/i><\/p><p><i>PS: De afstanden en hoogteverschillen kunnen vari\u00ebren afhankelijk van de applicatie of het horloge dat je gebruikt. Deze verschillen tussen het GPX-bestand en de werkelijkheid kunnen verklaard worden door verschillende factoren, zoals de nauwkeurigheid van GPS, de instellingen van de applicatie of de variaties in het terrein.<\/i><\/p><\/div>\n\t\t\t\t\t\t\t\t\t\t\t\t\t<\/div>\n\n\n\t\t\t\t\t\t\t\t\t\t\t<\/div>\n\t\t\t\t\t\t\t\t\t\t<\/div>\n\t\t\t\t\t\t\t\t\t\t<div class=\"tb-column tb-column--image\">\n\n\t\t\t\t\t\t\t\t\t\t\t<div class=\"tb-image-part\">\n\t\t\t\t\t\t\t\t\t\t\t\t\t\t<div class=\"inner-block-full-width has-tb-carousel tb-carousel-slider\" >\n\t\t<div class=\"tb-carousel-container\">\n\t\t\t<div class=\"entries tb-cards\" data-slider-first=\"0\">\n\t\t\t\t\t\t\t<div class=\"entry\">\n\t\t\t<div class=\"tb-image-part\">\n\t\t\t\t<figure>\n\t\t\t\t\t<img src='https:\/\/mat.travelblox.eu\/wp-content\/smush-webp\/sites\/68\/2024\/03\/Siliquini-MadeiraTrail-240321-0986-1024x683.jpeg.webp' width='1024' height='683' alt='Ausblick Boca do Risco - Uitzicht Boca do Risco - Boca do Risco uitzichtpunt - Point de vue Boca do Risco' srcset='' sizes=\"auto, (max-width: 1024px) 100vw, 1024px\" style='object-position:50% 50%' loading='lazy' decoding='async' data-srcset=\"\" data-smush-webp-fallback=\"{&quot;src&quot;:&quot;https:\\\/\\\/mat.travelblox.eu\\\/wp-content\\\/uploads\\\/sites\\\/68\\\/2024\\\/03\\\/Siliquini-MadeiraTrail-240321-0986-1024x683.jpeg&quot;}\">\t\t\t\t\t\t\t\t\t<\/figure>\n\t\t\t<\/div>\n\t\t<\/div>\n\t\t\t<div class=\"entry\">\n\t\t\t<div class=\"tb-image-part\">\n\t\t\t\t<figure>\n\t\t\t\t\t<img src='https:\/\/mat.travelblox.eu\/wp-content\/smush-webp\/sites\/68\/2024\/03\/Siliquini-MadeiraTrail-240321-1522-1024x683.jpeg.webp' width='1024' height='683' alt='Randonn\u00e9e c\u00f4ti\u00e8re \u00e0 Mad\u00e8re - Kustwandeling op Madeira - K\u00fcstenwanderung auf Madeira' srcset='' sizes=\"auto, (max-width: 1024px) 100vw, 1024px\" style='object-position:50% 50%' loading='lazy' decoding='async' data-srcset=\"\" data-smush-webp-fallback=\"{&quot;src&quot;:&quot;https:\\\/\\\/mat.travelblox.eu\\\/wp-content\\\/uploads\\\/sites\\\/68\\\/2024\\\/03\\\/Siliquini-MadeiraTrail-240321-1522-1024x683.jpeg&quot;}\">\t\t\t\t\t\t\t\t\t<\/figure>\n\t\t\t<\/div>\n\t\t<\/div>\n\t\t\t<div class=\"entry\">\n\t\t\t<div class=\"tb-image-part\">\n\t\t\t\t<figure>\n\t\t\t\t\t<img src='https:\/\/mat.travelblox.eu\/wp-content\/smush-webp\/sites\/68\/2024\/09\/Siliquini-TheMadeiraTrail-240321-1458-e1726653854450-1024x855.jpg.webp' width='1024' height='855' alt='Planten op Madeira - Flora op Madeira - Flora in Madeira - Flora op Madeira' srcset='https:\/\/mat.travelblox.eu\/wp-content\/smush-webp\/sites\/68\/2024\/09\/Siliquini-TheMadeiraTrail-240321-1458-e1726653854450-1024x855.jpg.webp 1024w, https:\/\/mat.travelblox.eu\/wp-content\/smush-webp\/sites\/68\/2024\/09\/Siliquini-TheMadeiraTrail-240321-1458-e1726653854450-300x251.jpg.webp 300w, https:\/\/mat.travelblox.eu\/wp-content\/smush-webp\/sites\/68\/2024\/09\/Siliquini-TheMadeiraTrail-240321-1458-e1726653854450-768x641.jpg.webp 768w, https:\/\/mat.travelblox.eu\/wp-content\/smush-webp\/sites\/68\/2024\/09\/Siliquini-TheMadeiraTrail-240321-1458-e1726653854450-14x12.jpg.webp 14w, https:\/\/mat.travelblox.eu\/wp-content\/smush-webp\/sites\/68\/2024\/09\/Siliquini-TheMadeiraTrail-240321-1458-e1726653854450.jpg.webp 1365w' sizes=\"auto, (max-width: 1024px) 100vw, 1024px\" style='object-position:50% 50%' loading='lazy' decoding='async' data-smush-webp-fallback=\"{&quot;src&quot;:&quot;https:\\\/\\\/mat.travelblox.eu\\\/wp-content\\\/uploads\\\/sites\\\/68\\\/2024\\\/09\\\/Siliquini-TheMadeiraTrail-240321-1458-e1726653854450-1024x855.jpg&quot;,&quot;srcset&quot;:&quot;https:\\\/\\\/mat.travelblox.eu\\\/wp-content\\\/uploads\\\/sites\\\/68\\\/2024\\\/09\\\/Siliquini-TheMadeiraTrail-240321-1458-e1726653854450-1024x855.jpg 1024w, https:\\\/\\\/mat.travelblox.eu\\\/wp-content\\\/uploads\\\/sites\\\/68\\\/2024\\\/09\\\/Siliquini-TheMadeiraTrail-240321-1458-e1726653854450-300x251.jpg 300w, https:\\\/\\\/mat.travelblox.eu\\\/wp-content\\\/uploads\\\/sites\\\/68\\\/2024\\\/09\\\/Siliquini-TheMadeiraTrail-240321-1458-e1726653854450-768x641.jpg 768w, https:\\\/\\\/mat.travelblox.eu\\\/wp-content\\\/uploads\\\/sites\\\/68\\\/2024\\\/09\\\/Siliquini-TheMadeiraTrail-240321-1458-e1726653854450-14x12.jpg 14w, https:\\\/\\\/mat.travelblox.eu\\\/wp-content\\\/uploads\\\/sites\\\/68\\\/2024\\\/09\\\/Siliquini-TheMadeiraTrail-240321-1458-e1726653854450.jpg 1365w&quot;}\">\t\t\t\t\t\t\t\t\t<\/figure>\n\t\t\t<\/div>\n\t\t<\/div>\n\t\t\t\t\t<\/div>\n\t\t\t\t<div class=\"tb-carousel-nav\">\n\t\t<div class=\"dots\">\n\t\t\t<div class=\"dot active\"><\/div>\n\t\t\t<div class=\"dot\"><\/div>\n\t\t\t<div class=\"dot\"><\/div>\n\t\t<\/div>\n\t\t<div class=\"arrows\">\n\t\t\t<div class=\"prev disabled\">\n\t\t\t\t<span><i class=\"fa fa-chevron-left\"><\/i><\/span>\n\t\t\t<\/div>\n\t\t\t<div class=\"next\">\n\t\t\t\t<span><i class=\"fa fa-chevron-right\"><\/i><\/span>\n\t\t\t<\/div>\n\t\t<\/div>\n\t<\/div>\n\t\t\t<\/div>\n\t<\/div>\n\t\t\t\t\t\t\t\t\t\t\t\t\t<\/div>\n\t\t\t\t\t\t\t\t\t\t<\/div>\n\t\t\t\t\t\t\t\t\t<\/div>\n\t\t\t\t\t\t\t\t\t\t<div class=\"tb-popup-nav\">\n\t\t<a href=\"#\" class=\"tb-buttonlink-with-icon tb-buttonlink-with-arrow icon-first tb-popup-previous\">\n\t\t\t<i class=\"icon fa fa-chevron-left\"><\/i>\n\t\t\t<span>Vorige dag<\/span>\n\t\t<\/a>\n\t\t<a href=\"#\" class=\"tb-buttonlink-with-icon tb-buttonlink-with-arrow tb-popup-next\">\n\t\t\t<span>Volgende dag<\/span>\n\t\t\t<i class=\"icon fa fa-chevron-right\"><\/i>\n\t\t<\/a>\n\t<\/div>\n\t\n\t\t\t\t\t\t\t\t<\/div>\n\t\t\t\t\t\t\t<\/dialog>\n\t\t\t\t\t\t<\/div>\n\t\t\t\t\t\t\t\t\t\t\t<div class=\"tb-card entry tb-popup-trigger tb-unfold-on-hover\">\n\t\t\t\t\t\t\t<div class=\"tb-image-part\">\n\t\t\t\t\t\t\t\t<div class=\"tag\">\n\t\t\t\t\t\t\t\t\t<div>Dag 6<\/div>\n\t\t\t\t\t\t\t\t<\/div>\n\n\t\t\t\t\t\t\t\t<img src='https:\/\/mat.travelblox.eu\/wp-content\/smush-webp\/sites\/68\/2023\/10\/airplane-2619434_1280-768x513.jpeg.webp' width='768' height='513' alt='Vlucht Madeira - Flug Madeira - Vol Mad\u00e8re - Flight Madeira' srcset='' sizes=\"auto, (max-width: 768px) 100vw, 768px\" style='object-position:50% 50%' loading='lazy' decoding='async' data-srcset=\"\" data-smush-webp-fallback=\"{&quot;src&quot;:&quot;https:\\\/\\\/mat.travelblox.eu\\\/wp-content\\\/uploads\\\/sites\\\/68\\\/2023\\\/10\\\/airplane-2619434_1280-768x513.jpeg&quot;}\">\t\t\t\t\t\t\t<\/div>\n\t\t\t\t\t\t\t<div class=\"tb-card-bottom-wrapper\">\n\t\t\t\t\t\t\t\t<div class=\"tb-card-bottom\">\n\n\t\t\t\t\t\t\t\t\t<span class=\"tb-card-bottom__title\">\n\t\t\t\t\t\t\t\t\t\t<span class=\"tb-card-bottom__place\">\n\t\t\t\t\t\t\t\t\t\t\tMachico\t\t\t\t\t\t\t\t\t\t\t\t\t\t\t\t\t\t\t\t\t<\/span>\n\n\t\t\t\t\t\t\t\t\t<\/span>\n\t\t\t\t\t\t\t\t\t<div class=\"tb-card-bottom__content\">\n\t\t\t\t\t\t\t\t\t\t<div>\n\t\t\t\t\t\t\t\t\t\t\t\t\t\t\t\t\t\t\t\t\t<\/div>\n\t\t\t\t\t\t\t\t\t<\/div>\n\t\t\t\t\t\t\t\t\t<div class=\"tb-card-bottom__teaser tb-unfold-on-hover__content\" data-no-translation>\n\t\t\t\t\t\t\t\t\t\t\t\t\t\t\t\t\t\t\t\t\t\t\t\t\t\t\t\t\t\tHet avontuur is ten einde. Je kunt nu beslissen of je je verblijf op Madeira wilt verlengen of naar &#8230; <span class=\"link\">Lees meer<\/span>\t\t\t\t\t\t\t\t\t<\/div>\n\t\t\t\t\t\t\t\t<\/div>\n\n\t\t\t\t\t\t\t<\/div>\n\t\t\t\t\t\t\t<dialog class=\"tb-popup tb-popup-with-padding tb-dayschedule-popup-wrapper\">\n\t\t\t\t\t\t\t\t<div class=\"tb-dayschedule-popup\">\n\t\t\t\t\t\t\t\t\t<h4>\n\t\t\t\t\t\t\t\t\t\t\t\t\t\t\t\t\t\t\t\t\t\t\t\t\t\t\t\t\t\t\t<div>\n\t\t\t\t\t\t\t\t\t\t\t\t\t\t\t\t\t\t\t\t\t\t\t\t\tMachico\t\t\t\t\t\t\t\t\t\t\t\t\t\t\t\t\t\t\t\t\t\t\t\t\t\t\t\t\t\t\t\t\t\t\t\t\t\t\t\t\t\t\t\t\t\t\t\t\t\t\t<i class=\"icon fa-solid fa-arrow-right\"><\/i> Retour maison\t\t\t\t\t\t\t\t\t\t\t\t\t\t\t\t\t\t\t\t\t\t\t\t\t\t\t\t\t\t\t\t\t\t\t\t<\/div>\n\t\t\t\t\t\t\t\t\t\t\t\t\t\t\t\t\t\t\t<\/h4>\n\t\t\t\t\t\t\t\t\t<div class=\"tb-columns\">\n\t\t\t\t\t\t\t\t\t\t<div class=\"tb-column tb-column--text\">\n\t\t\t\t\t\t\t\t\t\t\t<div class=\"text-part\">\n\t\t\t\t\t\t\t\t\t\t\t\t\n\t\t\t\t\t\t\t\t\t\t\t\t\n\t\t\t\t\t\t\t\t\t\t\t\t<div>\n\t\t\t\t\t\t\t\t\t\t\t\t\t<strong>Dag 6<\/strong>\n\t\t\t\t\t\t\t\t\t\t\t\t\t\t<div class=\"translation-block\"><p>Het avontuur is ten einde. Je kunt nu beslissen of je je verblijf op Madeira wilt verlengen of naar huis wilt gaan.<\/p><p>Als je ervoor kiest om te blijven, zal onze ranger je graag aanbevelingen geven om Funchal te bezoeken of andere hoogtepunten van het eiland!<\/p><\/div>\n\t\t\t\t\t\t\t\t\t\t\t\t\t<\/div>\n\n\n\t\t\t\t\t\t\t\t\t\t\t<\/div>\n\t\t\t\t\t\t\t\t\t\t<\/div>\n\t\t\t\t\t\t\t\t\t\t<div class=\"tb-column tb-column--image\">\n\n\t\t\t\t\t\t\t\t\t\t\t<div class=\"tb-image-part\">\n\t\t\t\t\t\t\t\t\t\t\t\t<img src='https:\/\/mat.travelblox.eu\/wp-content\/smush-webp\/sites\/68\/2023\/10\/airplane-2619434_1280-1024x684.jpeg.webp' width='1024' height='684' alt='Vlucht Madeira - Flug Madeira - Vol Mad\u00e8re - Flight Madeira' srcset='' sizes=\"auto, (max-width: 1024px) 100vw, 1024px\" style='object-position:50% 50%' loading='lazy' decoding='async' data-srcset=\"\" data-smush-webp-fallback=\"{&quot;src&quot;:&quot;https:\\\/\\\/mat.travelblox.eu\\\/wp-content\\\/uploads\\\/sites\\\/68\\\/2023\\\/10\\\/airplane-2619434_1280-1024x684.jpeg&quot;}\">\t\t\t\t\t\t\t\t\t\t\t<\/div>\n\t\t\t\t\t\t\t\t\t\t<\/div>\n\t\t\t\t\t\t\t\t\t<\/div>\n\t\t\t\t\t\t\t\t\t\t<div class=\"tb-popup-nav\">\n\t\t<a href=\"#\" class=\"tb-buttonlink-with-icon tb-buttonlink-with-arrow icon-first tb-popup-previous\">\n\t\t\t<i class=\"icon fa fa-chevron-left\"><\/i>\n\t\t\t<span>Vorige dag<\/span>\n\t\t<\/a>\n\t\t<a href=\"#\" class=\"tb-buttonlink-with-icon tb-buttonlink-with-arrow tb-popup-next\">\n\t\t\t<span>Volgende dag<\/span>\n\t\t\t<i class=\"icon fa fa-chevron-right\"><\/i>\n\t\t<\/a>\n\t<\/div>\n\t\n\t\t\t\t\t\t\t\t<\/div>\n\t\t\t\t\t\t\t<\/dialog>\n\t\t\t\t\t\t<\/div>\n\t\t\t\t\t\t\t\t\t\t\t\t\t<\/div>\n\t\t\t\t<div class=\"tb-carousel-nav\">\n\t\t<div class=\"dots\">\n\t\t\t<div class=\"dot active\"><\/div>\n\t\t\t<div class=\"dot\"><\/div>\n\t\t\t<div class=\"dot\"><\/div>\n\t\t<\/div>\n\t\t<div class=\"arrows\">\n\t\t\t<div class=\"prev disabled\">\n\t\t\t\t<span><i class=\"fa fa-chevron-left\"><\/i><\/span>\n\t\t\t<\/div>\n\t\t\t<div class=\"next\">\n\t\t\t\t<span><i class=\"fa fa-chevron-right\"><\/i><\/span>\n\t\t\t<\/div>\n\t\t<\/div>\n\t<\/div>\n\t\t\t<\/div>\n\t<\/div>\n\t\t\t\t\t\t\t\t\t\t<\/div>\n\t\n<\/div>\n\n\n\n\n<div class=\"tb-hikingdays tb-block align-center background-light pattern-none variant-none tb-collapsible-margins\" id=\"map-nl\">\n\t<div class=\"inner-block tb-fade-in tb-fade-in--subtle\">\n\t\t<div class=\"text-part\">\n\t\t\t<h1>De route<\/h1>\n\t\t<\/div>\n\n\t\t<div class=\"tb-hikingdays__topcontainer\">\n\t\t\t\n\t\t\t\t\t\t\t<div class=\"tb-hikingdays__map\">\n\t\t\t\t\t<img src='https:\/\/mat.travelblox.eu\/wp-content\/uploads\/sites\/68\/2025\/01\/MAT-TravelbloxNL.svg' width='768' height='1' loading='lazy' decoding='async'>\t\t\t\t<\/div>\n\t\t\t\n\t\t\t<div class=\"tb-hikingdays__list\">\n\t\t\t\t\t\t\t\t\t\t<div class=\"tb-hikingdays__list-item\">\n\t\t\t\t\t\t\t<div class=\"tb-hikingdays__day\">\n\t\t\t\t\t\t\t\tDag 1\t\t\t\t\t\t\t<\/div>\n\t\t\t\t\t\t\t<div class=\"tb-hikingdays__info\">\n\t\t\t\t\t\t\t\t\t\t\t\t\t\t\t\t\t<span>Ribeira da Janela\/Fanal<\/span>\n\t\t\t\t\t\t\t\t\t\t\t\t\t\t\t\t\t\t\t\t\t\t\t\t\t<i class=\"fa-regular fa-arrow-right\"><\/i>\n\t\t\t\t\t\t\t\t\t<span>Raba\u00e7al<\/span>\n\t\t\t\t\t\t\t\t\t\t\t\t\t\t\t<\/div>\n\t\t\t\t\t\t\t<div class=\"tb-hikingdays__ciphers\">\n\t\t\t\t\t\t\t\t\t\t\t\t\t\t\t\t\t<span><i class=\"fa-regular fa-arrows-left-right\"><\/i>17 km<\/span>\n\t\t\t\t\t\t\t\t\t\t\t\t\t\t\t\t\t\t\t\t\t\t\t\t\t\t\t\t\t\t\t\t\t<span><i class=\"fa-regular fa-arrow-up-right\"><\/i>840 m<\/span>\n\t\t\t\t\t\t\t\t\t\t\t\t\t\t\t\t\t\t\t\t\t\t\t\t\t<span><i class=\"fa-regular fa-arrow-down-right fa-fw\"><\/i>630 m<\/span>\n\t\t\t\t\t\t\t\t\t\t\t\t\t\t\t\t\t\t\t\t\t\t\t<\/div>\n\t\t\t\t\t\t<\/div>\n\n\t\t\t\t\t\t\t\t\t\t<div class=\"tb-hikingdays__list-item\">\n\t\t\t\t\t\t\t<div class=\"tb-hikingdays__day\">\n\t\t\t\t\t\t\t\tDag 2\t\t\t\t\t\t\t<\/div>\n\t\t\t\t\t\t\t<div class=\"tb-hikingdays__info\">\n\t\t\t\t\t\t\t\t\t\t\t\t\t\t\t\t\t<span>Raba\u00e7al<\/span>\n\t\t\t\t\t\t\t\t\t\t\t\t\t\t\t\t\t\t\t\t\t\t\t\t\t<i class=\"fa-regular fa-arrow-right\"><\/i>\n\t\t\t\t\t\t\t\t\t<span>Encumeada<\/span>\n\t\t\t\t\t\t\t\t\t\t\t\t\t\t\t<\/div>\n\t\t\t\t\t\t\t<div class=\"tb-hikingdays__ciphers\">\n\t\t\t\t\t\t\t\t\t\t\t\t\t\t\t\t\t<span><i class=\"fa-regular fa-arrows-left-right\"><\/i>21,7 km<\/span>\n\t\t\t\t\t\t\t\t\t\t\t\t\t\t\t\t\t\t\t\t\t\t\t\t\t\t\t\t\t\t\t\t\t<span><i class=\"fa-regular fa-arrow-up-right\"><\/i>500 m<\/span>\n\t\t\t\t\t\t\t\t\t\t\t\t\t\t\t\t\t\t\t\t\t\t\t\t\t<span><i class=\"fa-regular fa-arrow-down-right fa-fw\"><\/i>700 m<\/span>\n\t\t\t\t\t\t\t\t\t\t\t\t\t\t\t\t\t\t\t\t\t\t\t<\/div>\n\t\t\t\t\t\t<\/div>\n\n\t\t\t\t\t\t\t\t\t\t<div class=\"tb-hikingdays__list-item\">\n\t\t\t\t\t\t\t<div class=\"tb-hikingdays__day\">\n\t\t\t\t\t\t\t\tDag 3\t\t\t\t\t\t\t<\/div>\n\t\t\t\t\t\t\t<div class=\"tb-hikingdays__info\">\n\t\t\t\t\t\t\t\t\t\t\t\t\t\t\t\t\t<span>Encumeada<\/span>\n\t\t\t\t\t\t\t\t\t\t\t\t\t\t\t\t\t\t\t\t\t\t\t\t\t<i class=\"fa-regular fa-arrow-right\"><\/i>\n\t\t\t\t\t\t\t\t\t<span>Pico Ruivo<\/span>\n\t\t\t\t\t\t\t\t\t\t\t\t\t\t\t<\/div>\n\t\t\t\t\t\t\t<div class=\"tb-hikingdays__ciphers\">\n\t\t\t\t\t\t\t\t\t\t\t\t\t\t\t\t\t<span><i class=\"fa-regular fa-arrows-left-right\"><\/i>12 km<\/span>\n\t\t\t\t\t\t\t\t\t\t\t\t\t\t\t\t\t\t\t\t\t\t\t\t\t\t\t\t\t\t\t\t\t<span><i class=\"fa-regular fa-arrow-up-right\"><\/i>1200 m <\/span>\n\t\t\t\t\t\t\t\t\t\t\t\t\t\t\t\t\t\t\t\t\t\t\t\t\t<span><i class=\"fa-regular fa-arrow-down-right fa-fw\"><\/i>260 m<\/span>\n\t\t\t\t\t\t\t\t\t\t\t\t\t\t\t\t\t\t\t\t\t\t\t<\/div>\n\t\t\t\t\t\t<\/div>\n\n\t\t\t\t\t\t\t\t\t\t<div class=\"tb-hikingdays__list-item\">\n\t\t\t\t\t\t\t<div class=\"tb-hikingdays__day\">\n\t\t\t\t\t\t\t\tDag 4\t\t\t\t\t\t\t<\/div>\n\t\t\t\t\t\t\t<div class=\"tb-hikingdays__info\">\n\t\t\t\t\t\t\t\t\t\t\t\t\t\t\t\t\t<span>Pico Ruivo<\/span>\n\t\t\t\t\t\t\t\t\t\t\t\t\t\t\t\t\t\t\t\t\t\t\t\t\t<i class=\"fa-regular fa-arrow-right\"><\/i>\n\t\t\t\t\t\t\t\t\t<span>Santana<\/span>\n\t\t\t\t\t\t\t\t\t\t\t\t\t\t\t<\/div>\n\t\t\t\t\t\t\t<div class=\"tb-hikingdays__ciphers\">\n\t\t\t\t\t\t\t\t\t\t\t\t\t\t\t\t\t<span><i class=\"fa-regular fa-arrows-left-right\"><\/i>14 km<\/span>\n\t\t\t\t\t\t\t\t\t\t\t\t\t\t\t\t\t\t\t\t\t\t\t\t\t\t\t\t\t\t\t\t\t<span><i class=\"fa-regular fa-arrow-up-right\"><\/i>140 m<\/span>\n\t\t\t\t\t\t\t\t\t\t\t\t\t\t\t\t\t\t\t\t\t\t\t\t\t<span><i class=\"fa-regular fa-arrow-down-right fa-fw\"><\/i>1380 m<\/span>\n\t\t\t\t\t\t\t\t\t\t\t\t\t\t\t\t\t\t\t\t\t\t\t<\/div>\n\t\t\t\t\t\t<\/div>\n\n\t\t\t\t\t\t\t\t\t\t<div class=\"tb-hikingdays__list-item\">\n\t\t\t\t\t\t\t<div class=\"tb-hikingdays__day\">\n\t\t\t\t\t\t\t\tDag 5\t\t\t\t\t\t\t<\/div>\n\t\t\t\t\t\t\t<div class=\"tb-hikingdays__info\">\n\t\t\t\t\t\t\t\t\t\t\t\t\t\t\t\t\t<span>Porto da Cruz<\/span>\n\t\t\t\t\t\t\t\t\t\t\t\t\t\t\t\t\t\t\t\t\t\t\t\t\t<i class=\"fa-regular fa-arrow-right\"><\/i>\n\t\t\t\t\t\t\t\t\t<span>Machico<\/span>\n\t\t\t\t\t\t\t\t\t\t\t\t\t\t\t<\/div>\n\t\t\t\t\t\t\t<div class=\"tb-hikingdays__ciphers\">\n\t\t\t\t\t\t\t\t\t\t\t\t\t\t\t\t\t<span><i class=\"fa-regular fa-arrows-left-right\"><\/i>15,5 km <\/span>\n\t\t\t\t\t\t\t\t\t\t\t\t\t\t\t\t\t\t\t\t\t\t\t\t\t\t\t\t\t\t\t\t\t<span><i class=\"fa-regular fa-arrow-up-right\"><\/i>620 m<\/span>\n\t\t\t\t\t\t\t\t\t\t\t\t\t\t\t\t\t\t\t\t\t\t\t\t\t<span><i class=\"fa-regular fa-arrow-down-right fa-fw\"><\/i>620 m<\/span>\n\t\t\t\t\t\t\t\t\t\t\t\t\t\t\t\t\t\t\t\t\t\t\t<\/div>\n\t\t\t\t\t\t<\/div>\n\n\t\t\t\t\n\t\t\t<\/div>\n\n\t\t<\/div>\n\n\t\t\t<\/div>\n<\/div>\n\n\n\n\n\n<div class=\"tb-practical tb-block align-none background-light pattern-none variant-none tb-collapsible-margins\" id=\"practical-1\">\n\t<div class=\"inner-block tb-fade-in\">\n\t\t<div class=\"text-part\">\n\t\t\t<h2>PRAKTISCHE INFORMATIE<\/h2>\n\t\t\t\t<div class=\"translation-block\"><\/div>\n\t\t\t<\/div>\n\t<\/div>\n\t<div class=\"inner-block tb-fade-in\">\n\t\t\t\t\t<div class=\"practical-cols\">\n\t\t\t\t<div class=\"practical-nav-container\">\n\t\t\t\t\t<ul class=\"practical-nav tb-style-block\">\n\t\t\t\t\t\t\t\t\t\t\t\t\t<li><a href=\"#practical-1-block-0\">Wanneer?<\/a><\/li>\n\t\t\t\t\t\t\t\t\t\t\t\t\t<li><a href=\"#practical-1-block-1\">Wat is de prijs?<\/a><\/li>\n\t\t\t\t\t\t\t\t\t\t\t\t\t<li><a href=\"#practical-1-block-2\">Waar slapen we?<\/a><\/li>\n\t\t\t\t\t\t\t\t\t\t\t\t\t<li><a href=\"#practical-1-block-3\">Shuttle <\/a><\/li>\n\t\t\t\t\t\t\t\t\t\t\t\t\t<li><a href=\"#practical-1-block-4\">Self-guided<\/a><\/li>\n\t\t\t\t\t\t\t\t\t\t\t\t\t<li><a href=\"#practical-1-block-5\">Travelbase app<\/a><\/li>\n\t\t\t\t\t\t\t\t\t\t\t\t\t<li><a href=\"#practical-1-block-6\">FAQ<\/a><\/li>\n\t\t\t\t\t\t\t\t\t\t\t<\/ul>\n\t\t\t\t<\/div>\n\t\t\t\t<div class=\"tb-accordion tb-accordion--animation tb-accordion-mobile-only text-part\">\n\t\t\t\t\t\t\t\t\t\t\t<div class=\"details\" id=\"practical-1-block-0\">\n\t\t\t\t\t\t\t<div class=\"summary\">\n\t\t\t\t\t\t\t\t\t\t\t\t<i class=\"icon fa-solid fa-calendar-days tb-style-block fa-fw\" aria-hidden=\"true\"><\/i>\n\t\t\t Wanneer?\t\t\t\t\t\t\t<\/div>\n\t\t\t\t\t\t\t<div class=\"content\">\n\t\t\t\t\t\t\t\t\t<div class=\"translation-block\"><p>De herfsteditie vindt plaats <strong>van 15 september tot 6 november 2026<\/strong>. Je kunt alle specifieke data bekijken via de kalender onderaan de pagina of door <a href=\"https:\/\/madeiratrail.eu\/fr\/#join\">hier<\/a> te klikken.<\/p><p><strong>Let op, de wandeling begint de volgende dag.<\/strong> <i>Bijvoorbeeld, als je kiest voor de week van 19 tot 25 september, begin je met wandelen op 20 september. De hoteloptie in Funchal is dan voor de nacht van 19 op 20 september, waarvan 19 september de aankomstdag is.<\/i><\/p><\/div>\n\t\t\t\t\t\t\t\t<\/div>\n\t\t\t\t\t\t<\/div>\n\t\t\t\t\t\t\t\t\t\t\t<div class=\"details\" id=\"practical-1-block-1\">\n\t\t\t\t\t\t\t<div class=\"summary\">\n\t\t\t\t\t\t\t\t\t\t\t\t<i class=\"icon fa-solid fa-money-bill-wave tb-style-block fa-fw\" aria-hidden=\"true\"><\/i>\n\t\t\t Wat is de prijs?\t\t\t\t\t\t\t<\/div>\n\t\t\t\t\t\t\t<div class=\"content\">\n\t\t\t\t\t\t\t\t\t<div class=\"translation-block\"><p><strong>De early bird prijs<\/strong> voor deze reis is <strong>\u20ac<\/strong> <strong>815<\/strong> per persoon.<\/p><\/div>\n\t\t\t\t\t\t\t\t<\/div>\n\t\t\t\t\t\t<\/div>\n\t\t\t\t\t\t\t\t\t\t\t<div class=\"details\" id=\"practical-1-block-2\">\n\t\t\t\t\t\t\t<div class=\"summary\">\n\t\t\t\t\t\t\t\t\t\t\t\t<i class=\"icon fa-solid fa-bed tb-style-block fa-fw\" aria-hidden=\"true\"><\/i>\n\t\t\t Waar slapen we?\t\t\t\t\t\t\t<\/div>\n\t\t\t\t\t\t\t<div class=\"content\">\n\t\t\t\t\t\t\t\t\t<div class=\"translation-block\"><p>We hebben elke accommodatie zorgvuldig gekozen zodat je dicht bij het pad blijft, terwijl je geniet van <strong>een echte pauze in de natuur<\/strong>, zonder in te boeten op comfort.<\/p><p>Je zult gedurende de week afwisselend in hotels en in een berghut verblijven. <strong>In de hotels<\/strong> verblijf je <strong>in een tweepersoonskamer<\/strong>*. In de <strong>berghut<\/strong> slaap je <strong>in een gedeelde kamer<\/strong> (maximaal 4 personen) met andere deelnemers.<\/p><p><i>*Als je alleen reist, deel je een tweepersoonskamer met een andere deelnemer (gescheiden bedden). We doen ons best om mensen van hetzelfde geslacht bij elkaar te plaatsen, maar kunnen dit niet garanderen. Als je met een oneven groep reist, zal er iemand uit de groep in een kamer worden geplaatst met een deelnemer die alleen reist.<\/i><\/p><\/div>\n\t\t\t\t\t\t\t\t<\/div>\n\t\t\t\t\t\t<\/div>\n\t\t\t\t\t\t\t\t\t\t\t<div class=\"details\" id=\"practical-1-block-3\">\n\t\t\t\t\t\t\t<div class=\"summary\">\n\t\t\t\t\t\t\t\t\t\t\t\t<i class=\"icon fa-solid fa-van-shuttle tb-style-block fa-fw\" aria-hidden=\"true\"><\/i>\n\t\t\t Shuttle \t\t\t\t\t\t\t<\/div>\n\t\t\t\t\t\t\t<div class=\"content\">\n\t\t\t\t\t\t\t\t\t<div class=\"translation-block\"><p>Een shuttle brengt je van Funchal naar het startpunt van de trail.<\/p><p><strong>Deze vertrekt om 8:30, dus zorg ervoor dat je op tijd bent op de verzamelplaats als je je eerste nacht niet bij ons boekt.<\/strong><\/p><\/div>\n\t\t\t\t\t\t\t\t<\/div>\n\t\t\t\t\t\t<\/div>\n\t\t\t\t\t\t\t\t\t\t\t<div class=\"details\" id=\"practical-1-block-4\">\n\t\t\t\t\t\t\t<div class=\"summary\">\n\t\t\t\t\t\t\t\t\t\t\t\t<i class=\"icon fa-solid fa-person-hiking tb-style-block fa-fw\" aria-hidden=\"true\"><\/i>\n\t\t\t Self-guided\t\t\t\t\t\t\t<\/div>\n\t\t\t\t\t\t\t<div class=\"content\">\n\t\t\t\t\t\t\t\t\t<div class=\"translation-block\"><p>Deze trail is <strong>self-guided<\/strong>. Dit betekent dat je helemaal vrij bent om het pad zelf te verkennen. Het voordeel? Je kunt in alle rust wandelen, want alles is voor je geregeld: van een mooi wandelroute tot unieke plekken om te overnachten. Er zal een ranger ter plaatse zijn om je te helpen als dat nodig is en om je van alle benodigde informatie te voorzien.<\/p><p>Op de eerste wandeldag ontvang je een gedetailleerde briefing van onze <strong>ranger<\/strong>. Je vindt de route en nuttige informatie in de <a href=\"https:\/\/madeiratrail.eu\/nl\/app\/\"><strong>Madeira Trail-app<\/strong><\/a>, zorgvuldig voorbereid. Daarna begin je zelfstandig aan de wandeling. De ranger is telefonisch bereikbaar om je te helpen als dat nodig is.<\/p><\/div>\n\t\t\t\t\t\t\t\t<\/div>\n\t\t\t\t\t\t<\/div>\n\t\t\t\t\t\t\t\t\t\t\t<div class=\"details\" id=\"practical-1-block-5\">\n\t\t\t\t\t\t\t<div class=\"summary\">\n\t\t\t\t\t\t\t\t\t\t\t\t<i class=\"icon fa-solid fa-circle-info tb-style-block fa-fw\" aria-hidden=\"true\"><\/i>\n\t\t\t Travelbase app\t\t\t\t\t\t\t<\/div>\n\t\t\t\t\t\t\t<div class=\"content\">\n\t\t\t\t\t\t\t\t\t<div class=\"translation-block\"><p>Na je boeking krijg je toegang tot de <a href=\"https:\/\/madeiratrail.eu\/nl\/app\/\">Travelbase app<\/a>. Daar vind je <strong>alle praktische informatie<\/strong> voor, tijdens en na je reis. Installeer de app voor vertrek zodat je altijd alle informatie bij de hand hebt.<\/p><\/div>\n\t\t\t\t\t\t\t\t<\/div>\n\t\t\t\t\t\t<\/div>\n\t\t\t\t\t\t\t\t\t\t\t<div class=\"details\" id=\"practical-1-block-6\">\n\t\t\t\t\t\t\t<div class=\"summary\">\n\t\t\t\t\t\t\t\t\t\t\t\t<i class=\"icon fa-solid fa-question tb-style-block fa-fw\" aria-hidden=\"true\"><\/i>\n\t\t\t FAQ\t\t\t\t\t\t\t<\/div>\n\t\t\t\t\t\t\t<div class=\"content\">\n\t\t\t\t\t\t\t\t\t<div class=\"translation-block\"><p>Wil je meer weten over deze reis? Neem een kijkje bij de <a href=\"#faq\">meest gestelde vragen<\/a>.<\/p><\/div>\n\t\t\t\t\t\t\t\t<\/div>\n\t\t\t\t\t\t<\/div>\n\t\t\t\t\t\t\t\t\t<\/div>\n\t\t\t<\/div>\n\t\t\t<\/div>\n<\/div>\n\n\n\n<div class=\"tb-highlights tb-block align-center background-light pattern-none variant-none tb-collapsible-margins\" id=\"highlights\">\n\t<div class=\"inner-block tb-fade-in tb-fade-in--subtle\">\n\t\t<div class=\"text-part\">\n\t\t\t<h2>Extra opties<\/h2>\n\t\t\t\t<div class=\"translation-block\"><p>Tijdens het boeken kan je ervoor kiezen om volgende opties toe te voegen aan je boeking.<\/p><\/div>\n\t\t\t\t\t<div class=\"section-toggler\">\n\t\t<div class=\"section-toggler__inner\">\n\t\t\t<div class=\"section-toggler__toggles-wrapper\">\n\t\t\t\t<div class=\"section-toggler__toggles\">\n\t\t\t\t\t\t\t\t\t\t\t<input type=\"radio\" name=\"highlights-section\" value=\"highlights-section-0\" id=\"highlights-section-0-label\" checked class=\"\" \/>\n\t\t\t\t\t\t<label for=\"highlights-section-0-label\" data-target-id=\"highlights-section-0\" class=\"\">\n\t\t\t\t\t\t\tHotel\t\t\t\t\t\t\t\t\t\t\t\t\t<\/label>\n\t\t\t\t\t\t\t\t\t\t\t<input type=\"radio\" name=\"highlights-section\" value=\"highlights-section-1\" id=\"highlights-section-1-label\"  class=\"\" \/>\n\t\t\t\t\t\t<label for=\"highlights-section-1-label\" data-target-id=\"highlights-section-1\" class=\"\">\n\t\t\t\t\t\t\tEten\t\t\t\t\t\t\t\t\t\t\t\t\t<\/label>\n\t\t\t\t\t\t\t\t\t\t\t<input type=\"radio\" name=\"highlights-section\" value=\"highlights-section-2\" id=\"highlights-section-2-label\"  class=\"\" \/>\n\t\t\t\t\t\t<label for=\"highlights-section-2-label\" data-target-id=\"highlights-section-2\" class=\"\">\n\t\t\t\t\t\t\tMateriaal\t\t\t\t\t\t\t\t\t\t\t\t\t<\/label>\n\t\t\t\t\t\t\t\t\t\t\t<input type=\"radio\" name=\"highlights-section\" value=\"highlights-section-3\" id=\"highlights-section-3-label\"  class=\"\" \/>\n\t\t\t\t\t\t<label for=\"highlights-section-3-label\" data-target-id=\"highlights-section-3\" class=\"\">\n\t\t\t\t\t\t\tVerzekeringen\t\t\t\t\t\t\t\t\t\t\t\t\t<\/label>\n\t\t\t\t\t\t\t\t\t\t\t<input type=\"radio\" name=\"highlights-section\" value=\"highlights-section-4\" id=\"highlights-section-4-label\"  class=\"\" \/>\n\t\t\t\t\t\t<label for=\"highlights-section-4-label\" data-target-id=\"highlights-section-4\" class=\"\">\n\t\t\t\t\t\t\tBaggagetransport\t\t\t\t\t\t\t\t\t\t\t\t\t<\/label>\n\t\t\t\t\t\t\t\t\t<\/div>\n\t\t\t<\/div>\n\t\t<\/div>\n\t<\/div>\n\t\t\t<\/div>\n\t<\/div>\n\t\t\t<div class=\"tb-sections tb-fade-in tb-fade-in--subtle\">\n\t\t\t\t\t\t\t\t\t\t\t\t\t<div class=\"inner-block-full-width has-tb-carousel tb-section\" id=\"highlights-section-0\">\n\t\t<div class=\"tb-carousel-container\">\n\t\t\t<div class=\"entries tb-cards\" data-slider-first=\"1\">\n\t\t\t\t\t\t\t\t\t\t\t\t\t\t\t<div class=\"tb-card entry tb-popup-trigger desktop-only-popup\">\n\t\t\t\t\t\t\t<div class=\"tb-image-part desktop\">\n\t\t\t\t\t\t\t\t<img src='https:\/\/mat.travelblox.eu\/wp-content\/smush-webp\/sites\/68\/2024\/09\/Siliquini-TheMadeiraTrail-240322-1575.jpg.webp' width='2048' height='1365' alt='Hotel met zwembad - Hotel with pool - Hotel mit Pool' srcset='https:\/\/mat.travelblox.eu\/wp-content\/smush-webp\/sites\/68\/2024\/09\/Siliquini-TheMadeiraTrail-240322-1575.jpg.webp 2048w, https:\/\/mat.travelblox.eu\/wp-content\/smush-webp\/sites\/68\/2024\/09\/Siliquini-TheMadeiraTrail-240322-1575-300x200.jpg.webp 300w, https:\/\/mat.travelblox.eu\/wp-content\/smush-webp\/sites\/68\/2024\/09\/Siliquini-TheMadeiraTrail-240322-1575-1024x683.jpg.webp 1024w, https:\/\/mat.travelblox.eu\/wp-content\/smush-webp\/sites\/68\/2024\/09\/Siliquini-TheMadeiraTrail-240322-1575-768x512.jpg.webp 768w, https:\/\/mat.travelblox.eu\/wp-content\/smush-webp\/sites\/68\/2024\/09\/Siliquini-TheMadeiraTrail-240322-1575-1536x1024.jpg.webp 1536w, https:\/\/mat.travelblox.eu\/wp-content\/smush-webp\/sites\/68\/2024\/09\/Siliquini-TheMadeiraTrail-240322-1575-18x12.jpg.webp 18w' sizes=\"auto, (max-width: 2048px) 100vw, 2048px\" style='object-position:50% 50%' loading='lazy' decoding='async' data-smush-webp-fallback=\"{&quot;src&quot;:&quot;https:\\\/\\\/mat.travelblox.eu\\\/wp-content\\\/uploads\\\/sites\\\/68\\\/2024\\\/09\\\/Siliquini-TheMadeiraTrail-240322-1575.jpg&quot;,&quot;srcset&quot;:&quot;https:\\\/\\\/mat.travelblox.eu\\\/wp-content\\\/uploads\\\/sites\\\/68\\\/2024\\\/09\\\/Siliquini-TheMadeiraTrail-240322-1575.jpg 2048w, https:\\\/\\\/mat.travelblox.eu\\\/wp-content\\\/uploads\\\/sites\\\/68\\\/2024\\\/09\\\/Siliquini-TheMadeiraTrail-240322-1575-300x200.jpg 300w, https:\\\/\\\/mat.travelblox.eu\\\/wp-content\\\/uploads\\\/sites\\\/68\\\/2024\\\/09\\\/Siliquini-TheMadeiraTrail-240322-1575-1024x683.jpg 1024w, https:\\\/\\\/mat.travelblox.eu\\\/wp-content\\\/uploads\\\/sites\\\/68\\\/2024\\\/09\\\/Siliquini-TheMadeiraTrail-240322-1575-768x512.jpg 768w, https:\\\/\\\/mat.travelblox.eu\\\/wp-content\\\/uploads\\\/sites\\\/68\\\/2024\\\/09\\\/Siliquini-TheMadeiraTrail-240322-1575-1536x1024.jpg 1536w, https:\\\/\\\/mat.travelblox.eu\\\/wp-content\\\/uploads\\\/sites\\\/68\\\/2024\\\/09\\\/Siliquini-TheMadeiraTrail-240322-1575-18x12.jpg 18w&quot;}\">\t\t\t\t\t\t\t\t\t\t\t\t\t\t\t\t\t\t\t\t\t\t\t\t\t<div class=\"price tiny-body-font desktop translation-block\"><p>\u20ac89<\/p><\/div>\t\t\t\t\t\t\t<\/div>\n\t\t\t\t\t\t\t<div class=\"tb-image-part mobile\">\n\t\t\t\t\t\t\t\t<img src='https:\/\/mat.travelblox.eu\/wp-content\/smush-webp\/sites\/68\/2024\/09\/Siliquini-TheMadeiraTrail-240322-1575-768x512.jpg.webp' width='768' height='512' alt='Hotel met zwembad - Hotel with pool - Hotel mit Pool' srcset='https:\/\/mat.travelblox.eu\/wp-content\/smush-webp\/sites\/68\/2024\/09\/Siliquini-TheMadeiraTrail-240322-1575-768x512.jpg.webp 768w, https:\/\/mat.travelblox.eu\/wp-content\/smush-webp\/sites\/68\/2024\/09\/Siliquini-TheMadeiraTrail-240322-1575-300x200.jpg.webp 300w, https:\/\/mat.travelblox.eu\/wp-content\/smush-webp\/sites\/68\/2024\/09\/Siliquini-TheMadeiraTrail-240322-1575-1024x683.jpg.webp 1024w, https:\/\/mat.travelblox.eu\/wp-content\/smush-webp\/sites\/68\/2024\/09\/Siliquini-TheMadeiraTrail-240322-1575-1536x1024.jpg.webp 1536w, https:\/\/mat.travelblox.eu\/wp-content\/smush-webp\/sites\/68\/2024\/09\/Siliquini-TheMadeiraTrail-240322-1575-18x12.jpg.webp 18w, https:\/\/mat.travelblox.eu\/wp-content\/smush-webp\/sites\/68\/2024\/09\/Siliquini-TheMadeiraTrail-240322-1575.jpg.webp 2048w' sizes=\"auto, (max-width: 768px) 100vw, 768px\" style='object-position:50% 50%' loading='lazy' decoding='async' data-smush-webp-fallback=\"{&quot;src&quot;:&quot;https:\\\/\\\/mat.travelblox.eu\\\/wp-content\\\/uploads\\\/sites\\\/68\\\/2024\\\/09\\\/Siliquini-TheMadeiraTrail-240322-1575-768x512.jpg&quot;,&quot;srcset&quot;:&quot;https:\\\/\\\/mat.travelblox.eu\\\/wp-content\\\/uploads\\\/sites\\\/68\\\/2024\\\/09\\\/Siliquini-TheMadeiraTrail-240322-1575-768x512.jpg 768w, https:\\\/\\\/mat.travelblox.eu\\\/wp-content\\\/uploads\\\/sites\\\/68\\\/2024\\\/09\\\/Siliquini-TheMadeiraTrail-240322-1575-300x200.jpg 300w, https:\\\/\\\/mat.travelblox.eu\\\/wp-content\\\/uploads\\\/sites\\\/68\\\/2024\\\/09\\\/Siliquini-TheMadeiraTrail-240322-1575-1024x683.jpg 1024w, https:\\\/\\\/mat.travelblox.eu\\\/wp-content\\\/uploads\\\/sites\\\/68\\\/2024\\\/09\\\/Siliquini-TheMadeiraTrail-240322-1575-1536x1024.jpg 1536w, https:\\\/\\\/mat.travelblox.eu\\\/wp-content\\\/uploads\\\/sites\\\/68\\\/2024\\\/09\\\/Siliquini-TheMadeiraTrail-240322-1575-18x12.jpg 18w, https:\\\/\\\/mat.travelblox.eu\\\/wp-content\\\/uploads\\\/sites\\\/68\\\/2024\\\/09\\\/Siliquini-TheMadeiraTrail-240322-1575.jpg 2048w&quot;}\">\t\t\t\t\t\t\t\t\t\t\t\t\t\t\t<\/div>\n\t\t\t\t\t\t\t<div class=\"tb-card-content\">\n\t\t\t\t\t\t\t\t<h5>\n\t\t\t\t\t\t\t\t\t\t\t\t\t<i class=\"icon fa-kit fa-tb-icon-hotel fa-fw\" aria-hidden=\"true\"><\/i>\n\t\t\t\t\t\t\t\t\t\t\t\t<span>Hotel voor de avond van aankomst<\/span>\n\t\t\t\t\t\t\t\t<\/h5>\n\t\t\t\t\t\t\t\t\t\t\t\t\t\t\t\t\t<div class=\"price tiny-body-font mobile\"><p>89 \u20ac<\/p><\/div>\t\t\t\t\t\t\t\t<div class=\"content readmore-content content--clamped\">\t<div class=\"translation-block\"><p>Wij bieden optioneel <strong>een nacht in Funchal<\/strong> aan de avond voor je eerste wandeldag, wat overeenkomt met je aankomstdag.<\/p><p>Bijvoorbeeld, als je boekt voor de week van 1 tot 7 mei, zal deze nacht de nacht van 1 mei zijn en zal de wandeling op 2 mei beginnen.<\/p><p>Deze nacht is optioneel, omdat sommige reizigers enkele dagen eerder aankomen en al ter plaatse zijn, of omdat ze liever zelf hun accommodatie in Funchal reserveren.<\/p><p><strong>Het aangeboden hotel is het Enotel Magnolia<\/strong>, een comfortabel 4-sterrenhotel met wellnessruimte, zwembad en inclusief ontbijt, zodat je goed aan je week kunt beginnen.<\/p><p>Net als voor de andere nachten van je verblijf, als je alleen reist, deel je de kamer met een andere reiziger. We doen altijd ons best om mensen van hetzelfde geslacht aan elkaar te koppelen, hoewel dit niet honderd procent gegarandeerd is.<\/p><p>Als je deze optie niet kiest, nodigen we je uit om ons <strong>de volgende dag om 8.30 uur<\/strong> in de hotelhal te ontmoeten voor de briefing en het vertrek van de trek in de shuttle.<\/p><\/div>\n\t<\/div>\n\t\t\t\t\t\t\t\t\t\t\t\t\t\t\t\t<div class=\"readmore link js-readmore\">\n\t\t\t\t\t\t\t\t\t<span><i class=\"fa-solid fa-circle-plus\"><\/i><u>Lees meer<\/u><\/span>\n\t\t\t\t\t\t\t\t\t<span><i class=\"fa-solid fa-circle-minus\"><\/i><u>Lees minder<\/u><\/span>\n\t\t\t\t\t\t\t\t<\/div>\n\t\t\t\t\t\t\t\t\t\t\t\t\t\t\t\t<dialog class=\"tb-popup\">\n\t\t\t\t\t\t\t\t\t<div class=\"tb-highlights-popup\">\n\t\t\t\t\t\t\t\t\t\t<div class=\"tb-image-part\">\n\t\t\t\t\t\t\t\t\t\t\t<img src='https:\/\/mat.travelblox.eu\/wp-content\/smush-webp\/sites\/68\/2024\/09\/Siliquini-TheMadeiraTrail-240322-1575-768x512.jpg.webp' width='768' height='512' alt='Hotel met zwembad - Hotel with pool - Hotel mit Pool' srcset='https:\/\/mat.travelblox.eu\/wp-content\/smush-webp\/sites\/68\/2024\/09\/Siliquini-TheMadeiraTrail-240322-1575-768x512.jpg.webp 768w, https:\/\/mat.travelblox.eu\/wp-content\/smush-webp\/sites\/68\/2024\/09\/Siliquini-TheMadeiraTrail-240322-1575-300x200.jpg.webp 300w, https:\/\/mat.travelblox.eu\/wp-content\/smush-webp\/sites\/68\/2024\/09\/Siliquini-TheMadeiraTrail-240322-1575-1024x683.jpg.webp 1024w, https:\/\/mat.travelblox.eu\/wp-content\/smush-webp\/sites\/68\/2024\/09\/Siliquini-TheMadeiraTrail-240322-1575-1536x1024.jpg.webp 1536w, https:\/\/mat.travelblox.eu\/wp-content\/smush-webp\/sites\/68\/2024\/09\/Siliquini-TheMadeiraTrail-240322-1575-18x12.jpg.webp 18w, https:\/\/mat.travelblox.eu\/wp-content\/smush-webp\/sites\/68\/2024\/09\/Siliquini-TheMadeiraTrail-240322-1575.jpg.webp 2048w' sizes=\"auto, (max-width: 768px) 100vw, 768px\" style='object-position:50% 50%' loading='lazy' decoding='async' data-smush-webp-fallback=\"{&quot;src&quot;:&quot;https:\\\/\\\/mat.travelblox.eu\\\/wp-content\\\/uploads\\\/sites\\\/68\\\/2024\\\/09\\\/Siliquini-TheMadeiraTrail-240322-1575-768x512.jpg&quot;,&quot;srcset&quot;:&quot;https:\\\/\\\/mat.travelblox.eu\\\/wp-content\\\/uploads\\\/sites\\\/68\\\/2024\\\/09\\\/Siliquini-TheMadeiraTrail-240322-1575-768x512.jpg 768w, https:\\\/\\\/mat.travelblox.eu\\\/wp-content\\\/uploads\\\/sites\\\/68\\\/2024\\\/09\\\/Siliquini-TheMadeiraTrail-240322-1575-300x200.jpg 300w, https:\\\/\\\/mat.travelblox.eu\\\/wp-content\\\/uploads\\\/sites\\\/68\\\/2024\\\/09\\\/Siliquini-TheMadeiraTrail-240322-1575-1024x683.jpg 1024w, https:\\\/\\\/mat.travelblox.eu\\\/wp-content\\\/uploads\\\/sites\\\/68\\\/2024\\\/09\\\/Siliquini-TheMadeiraTrail-240322-1575-1536x1024.jpg 1536w, https:\\\/\\\/mat.travelblox.eu\\\/wp-content\\\/uploads\\\/sites\\\/68\\\/2024\\\/09\\\/Siliquini-TheMadeiraTrail-240322-1575-18x12.jpg 18w, https:\\\/\\\/mat.travelblox.eu\\\/wp-content\\\/uploads\\\/sites\\\/68\\\/2024\\\/09\\\/Siliquini-TheMadeiraTrail-240322-1575.jpg 2048w&quot;}\">\t\t\t\t\t\t\t\t\t\t<\/div>\n\t\t\t\t\t\t\t\t\t\t<div class=\"tb-popup-content\">\n\t\t\t\t\t\t\t\t\t\t\t<h3>Hotel voor de avond van aankomst<\/h3>\n\t\t\t\t\t\t\t\t\t\t\t<div class=\"content\">\t<div class=\"translation-block\"><p>Wij bieden optioneel <strong>een nacht in Funchal<\/strong> aan de avond voor je eerste wandeldag, wat overeenkomt met je aankomstdag.<\/p><p>Bijvoorbeeld, als je boekt voor de week van 1 tot 7 mei, zal deze nacht de nacht van 1 mei zijn en zal de wandeling op 2 mei beginnen.<\/p><p>Deze nacht is optioneel, omdat sommige reizigers enkele dagen eerder aankomen en al ter plaatse zijn, of omdat ze liever zelf hun accommodatie in Funchal reserveren.<\/p><p><strong>Het aangeboden hotel is het Enotel Magnolia<\/strong>, een comfortabel 4-sterrenhotel met wellnessruimte, zwembad en inclusief ontbijt, zodat je goed aan je week kunt beginnen.<\/p><p>Net als voor de andere nachten van je verblijf, als je alleen reist, deel je de kamer met een andere reiziger. We doen altijd ons best om mensen van hetzelfde geslacht aan elkaar te koppelen, hoewel dit niet honderd procent gegarandeerd is.<\/p><p>Als je deze optie niet kiest, nodigen we je uit om ons <strong>de volgende dag om 8.30 uur<\/strong> in de hotelhal te ontmoeten voor de briefing en het vertrek van de trek in de shuttle.<\/p><\/div>\n\t<\/div>\n\t\t\t\t\t\t\t\t\t\t<\/div>\n\t\t\t\t\t\t\t\t\t<\/div>\n\t\t\t\t\t\t\t\t<\/dialog>\n\t\t\t\t\t\t\t<\/div>\n\t\t\t\t\t\t<\/div>\n\t\t\t\t\t\t\t\t\t\t\t\t\t<\/div>\n\t\t\t\t<div class=\"tb-carousel-nav\">\n\t\t<div class=\"dots\">\n\t\t\t<div class=\"dot active\"><\/div>\n\t\t\t<div class=\"dot\"><\/div>\n\t\t\t<div class=\"dot\"><\/div>\n\t\t<\/div>\n\t\t<div class=\"arrows\">\n\t\t\t<div class=\"prev disabled\">\n\t\t\t\t<span><i class=\"fa fa-chevron-left\"><\/i><\/span>\n\t\t\t<\/div>\n\t\t\t<div class=\"next\">\n\t\t\t\t<span><i class=\"fa fa-chevron-right\"><\/i><\/span>\n\t\t\t<\/div>\n\t\t<\/div>\n\t<\/div>\n\t\t\t<\/div>\n\t<\/div>\n\t\t\t\t\t\t\t\t\t\t\t\t\t\t\t\t\t\t<div class=\"inner-block-full-width has-tb-carousel tb-section\" id=\"highlights-section-1\"style=\"display:none;\">\n\t\t<div class=\"tb-carousel-container\">\n\t\t\t<div class=\"entries tb-cards\" data-slider-first=\"1\">\n\t\t\t\t\t\t\t\t\t\t\t\t\t\t\t<div class=\"tb-card entry tb-popup-trigger desktop-only-popup\">\n\t\t\t\t\t\t\t<div class=\"tb-image-part desktop\">\n\t\t\t\t\t\t\t\t<img src='https:\/\/mat.travelblox.eu\/wp-content\/smush-webp\/sites\/68\/2025\/11\/MAT25_DriesVdb_WEB-159-Grande-e1763483008427.jpeg.webp' width='1024' height='717' alt='Eten op Madeira - Food in Madeira - Essen auf Madeira - Nourriture \u00e0 Mad\u00e8re' srcset='https:\/\/mat.travelblox.eu\/wp-content\/smush-webp\/sites\/68\/2025\/11\/MAT25_DriesVdb_WEB-159-Grande-e1763483008427.jpeg.webp 1024w, https:\/\/mat.travelblox.eu\/wp-content\/smush-webp\/sites\/68\/2025\/11\/MAT25_DriesVdb_WEB-159-Grande-e1763483008427-300x210.jpeg.webp 300w, https:\/\/mat.travelblox.eu\/wp-content\/smush-webp\/sites\/68\/2025\/11\/MAT25_DriesVdb_WEB-159-Grande-e1763483008427-768x538.jpeg.webp 768w, https:\/\/mat.travelblox.eu\/wp-content\/smush-webp\/sites\/68\/2025\/11\/MAT25_DriesVdb_WEB-159-Grande-e1763483008427-18x12.jpeg.webp 18w' sizes=\"auto, (max-width: 1024px) 100vw, 1024px\" style='object-position:50% 50%' loading='lazy' decoding='async' data-smush-webp-fallback=\"{&quot;src&quot;:&quot;https:\\\/\\\/mat.travelblox.eu\\\/wp-content\\\/uploads\\\/sites\\\/68\\\/2025\\\/11\\\/MAT25_DriesVdb_WEB-159-Grande-e1763483008427.jpeg&quot;,&quot;srcset&quot;:&quot;https:\\\/\\\/mat.travelblox.eu\\\/wp-content\\\/uploads\\\/sites\\\/68\\\/2025\\\/11\\\/MAT25_DriesVdb_WEB-159-Grande-e1763483008427.jpeg 1024w, https:\\\/\\\/mat.travelblox.eu\\\/wp-content\\\/uploads\\\/sites\\\/68\\\/2025\\\/11\\\/MAT25_DriesVdb_WEB-159-Grande-e1763483008427-300x210.jpeg 300w, https:\\\/\\\/mat.travelblox.eu\\\/wp-content\\\/uploads\\\/sites\\\/68\\\/2025\\\/11\\\/MAT25_DriesVdb_WEB-159-Grande-e1763483008427-768x538.jpeg 768w, https:\\\/\\\/mat.travelblox.eu\\\/wp-content\\\/uploads\\\/sites\\\/68\\\/2025\\\/11\\\/MAT25_DriesVdb_WEB-159-Grande-e1763483008427-18x12.jpeg 18w&quot;}\">\t\t\t\t\t\t\t\t\t\t\t\t\t\t\t\t\t\t\t\t\t\t\t\t\t<div class=\"price tiny-body-font desktop translation-block\"><p>\u20ac139<\/p><\/div>\t\t\t\t\t\t\t<\/div>\n\t\t\t\t\t\t\t<div class=\"tb-image-part mobile\">\n\t\t\t\t\t\t\t\t<img src='https:\/\/mat.travelblox.eu\/wp-content\/smush-webp\/sites\/68\/2025\/11\/MAT25_DriesVdb_WEB-159-Grande-e1763483008427-768x538.jpeg.webp' width='768' height='538' alt='Eten op Madeira - Food in Madeira - Essen auf Madeira - Nourriture \u00e0 Mad\u00e8re' srcset='https:\/\/mat.travelblox.eu\/wp-content\/smush-webp\/sites\/68\/2025\/11\/MAT25_DriesVdb_WEB-159-Grande-e1763483008427-768x538.jpeg.webp 768w, https:\/\/mat.travelblox.eu\/wp-content\/smush-webp\/sites\/68\/2025\/11\/MAT25_DriesVdb_WEB-159-Grande-e1763483008427-300x210.jpeg.webp 300w, https:\/\/mat.travelblox.eu\/wp-content\/smush-webp\/sites\/68\/2025\/11\/MAT25_DriesVdb_WEB-159-Grande-e1763483008427-18x12.jpeg.webp 18w, https:\/\/mat.travelblox.eu\/wp-content\/smush-webp\/sites\/68\/2025\/11\/MAT25_DriesVdb_WEB-159-Grande-e1763483008427.jpeg.webp 1024w' sizes=\"auto, (max-width: 768px) 100vw, 768px\" style='object-position:50% 50%' loading='lazy' decoding='async' data-smush-webp-fallback=\"{&quot;src&quot;:&quot;https:\\\/\\\/mat.travelblox.eu\\\/wp-content\\\/uploads\\\/sites\\\/68\\\/2025\\\/11\\\/MAT25_DriesVdb_WEB-159-Grande-e1763483008427-768x538.jpeg&quot;,&quot;srcset&quot;:&quot;https:\\\/\\\/mat.travelblox.eu\\\/wp-content\\\/uploads\\\/sites\\\/68\\\/2025\\\/11\\\/MAT25_DriesVdb_WEB-159-Grande-e1763483008427-768x538.jpeg 768w, https:\\\/\\\/mat.travelblox.eu\\\/wp-content\\\/uploads\\\/sites\\\/68\\\/2025\\\/11\\\/MAT25_DriesVdb_WEB-159-Grande-e1763483008427-300x210.jpeg 300w, https:\\\/\\\/mat.travelblox.eu\\\/wp-content\\\/uploads\\\/sites\\\/68\\\/2025\\\/11\\\/MAT25_DriesVdb_WEB-159-Grande-e1763483008427-18x12.jpeg 18w, https:\\\/\\\/mat.travelblox.eu\\\/wp-content\\\/uploads\\\/sites\\\/68\\\/2025\\\/11\\\/MAT25_DriesVdb_WEB-159-Grande-e1763483008427.jpeg 1024w&quot;}\">\t\t\t\t\t\t\t\t\t\t\t\t\t\t\t<\/div>\n\t\t\t\t\t\t\t<div class=\"tb-card-content\">\n\t\t\t\t\t\t\t\t<h5>\n\t\t\t\t\t\t\t\t\t\t\t\t\t<i class=\"icon fa-regular fa-plate-utensils fa-fw\" aria-hidden=\"true\"><\/i>\n\t\t\t\t\t\t\t\t\t\t\t\t<span>Lokale maaltijden<\/span>\n\t\t\t\t\t\t\t\t<\/h5>\n\t\t\t\t\t\t\t\t\t\t\t\t\t\t\t\t\t<div class=\"price tiny-body-font mobile\"><p>139 \u20ac<\/p><\/div>\t\t\t\t\t\t\t\t<div class=\"content readmore-content content--clamped\">\t<div class=\"translation-block\"><p>Tijdens de wandeling kom je maar heel af en toe langs een berghut of restaurant. Daarom <strong>bieden we een voedselpakket aan<\/strong>, <strong>praktisch en voordelig<\/strong>, waarmee je ook de lokale keuken kunt ontdekken.<\/p><p>Dit omvat een lunch om mee te nemen voor de dag, evenals een heerlijke lokale maaltijd in het restaurant van het hotel (of de berghut) voor <strong>de vijf wandeldagen.<\/strong><\/p><p>We raden je ook aan om snacks mee te nemen tijdens de wandeling, voor het geval je tijdens de pauzes iets wilt eten.<\/p><p>Overzicht van de maaltijden (onder voorbehoud van wijzigingen):<\/p><ul><li><strong>Ontbijt:<\/strong> brood, jam, kaas of ham, een koffie (of thee) en een sapje. Soms ook in de vorm van een buffet, afhankelijk van de locatie.<\/li><li><strong>Lunch om mee te nemen:<\/strong> Ham\/kaas, kip of roastbeef sandwich, vergezeld van fruit, een klein dessert en een sap.<\/li><li><strong>Diner:<\/strong> Vis of lokaal vlees in het restaurant van het hotel, of in de vorm van een buffet, afhankelijk van de locatie.<\/li><\/ul><p>We bieden ook een <strong>vegetarisch menu<\/strong> aan.<\/p><p>Met deze optie hoef je je nergens zorgen over te maken: je maaltijden worden voor je bereid en je kunt volop genieten van je wandeldagen. Bovendien is het veel voordeliger dan elke avond in het restaurant van het hotel te betalen wanneer dat mogelijk is. Daarom raden we je ten zeerste aan om dit pakket te kiezen.<\/p><\/div>\n\t<\/div>\n\t\t\t\t\t\t\t\t\t\t\t\t\t\t\t\t<div class=\"readmore link js-readmore\">\n\t\t\t\t\t\t\t\t\t<span><i class=\"fa-solid fa-circle-plus\"><\/i><u>Lees meer<\/u><\/span>\n\t\t\t\t\t\t\t\t\t<span><i class=\"fa-solid fa-circle-minus\"><\/i><u>Lees minder<\/u><\/span>\n\t\t\t\t\t\t\t\t<\/div>\n\t\t\t\t\t\t\t\t\t\t\t\t\t\t\t\t<dialog class=\"tb-popup\">\n\t\t\t\t\t\t\t\t\t<div class=\"tb-highlights-popup\">\n\t\t\t\t\t\t\t\t\t\t<div class=\"tb-image-part\">\n\t\t\t\t\t\t\t\t\t\t\t<img src='https:\/\/mat.travelblox.eu\/wp-content\/smush-webp\/sites\/68\/2025\/11\/MAT25_DriesVdb_WEB-159-Grande-e1763483008427-768x538.jpeg.webp' width='768' height='538' alt='Eten op Madeira - Food in Madeira - Essen auf Madeira - Nourriture \u00e0 Mad\u00e8re' srcset='https:\/\/mat.travelblox.eu\/wp-content\/smush-webp\/sites\/68\/2025\/11\/MAT25_DriesVdb_WEB-159-Grande-e1763483008427-768x538.jpeg.webp 768w, https:\/\/mat.travelblox.eu\/wp-content\/smush-webp\/sites\/68\/2025\/11\/MAT25_DriesVdb_WEB-159-Grande-e1763483008427-300x210.jpeg.webp 300w, https:\/\/mat.travelblox.eu\/wp-content\/smush-webp\/sites\/68\/2025\/11\/MAT25_DriesVdb_WEB-159-Grande-e1763483008427-18x12.jpeg.webp 18w, https:\/\/mat.travelblox.eu\/wp-content\/smush-webp\/sites\/68\/2025\/11\/MAT25_DriesVdb_WEB-159-Grande-e1763483008427.jpeg.webp 1024w' sizes=\"auto, (max-width: 768px) 100vw, 768px\" style='object-position:50% 50%' loading='lazy' decoding='async' data-smush-webp-fallback=\"{&quot;src&quot;:&quot;https:\\\/\\\/mat.travelblox.eu\\\/wp-content\\\/uploads\\\/sites\\\/68\\\/2025\\\/11\\\/MAT25_DriesVdb_WEB-159-Grande-e1763483008427-768x538.jpeg&quot;,&quot;srcset&quot;:&quot;https:\\\/\\\/mat.travelblox.eu\\\/wp-content\\\/uploads\\\/sites\\\/68\\\/2025\\\/11\\\/MAT25_DriesVdb_WEB-159-Grande-e1763483008427-768x538.jpeg 768w, https:\\\/\\\/mat.travelblox.eu\\\/wp-content\\\/uploads\\\/sites\\\/68\\\/2025\\\/11\\\/MAT25_DriesVdb_WEB-159-Grande-e1763483008427-300x210.jpeg 300w, https:\\\/\\\/mat.travelblox.eu\\\/wp-content\\\/uploads\\\/sites\\\/68\\\/2025\\\/11\\\/MAT25_DriesVdb_WEB-159-Grande-e1763483008427-18x12.jpeg 18w, https:\\\/\\\/mat.travelblox.eu\\\/wp-content\\\/uploads\\\/sites\\\/68\\\/2025\\\/11\\\/MAT25_DriesVdb_WEB-159-Grande-e1763483008427.jpeg 1024w&quot;}\">\t\t\t\t\t\t\t\t\t\t<\/div>\n\t\t\t\t\t\t\t\t\t\t<div class=\"tb-popup-content\">\n\t\t\t\t\t\t\t\t\t\t\t<h3>Lokale maaltijden<\/h3>\n\t\t\t\t\t\t\t\t\t\t\t<div class=\"content\">\t<div class=\"translation-block\"><p>Tijdens de wandeling kom je maar heel af en toe langs een berghut of restaurant. Daarom <strong>bieden we een voedselpakket aan<\/strong>, <strong>praktisch en voordelig<\/strong>, waarmee je ook de lokale keuken kunt ontdekken.<\/p><p>Dit omvat een lunch om mee te nemen voor de dag, evenals een heerlijke lokale maaltijd in het restaurant van het hotel (of de berghut) voor <strong>de vijf wandeldagen.<\/strong><\/p><p>We raden je ook aan om snacks mee te nemen tijdens de wandeling, voor het geval je tijdens de pauzes iets wilt eten.<\/p><p>Overzicht van de maaltijden (onder voorbehoud van wijzigingen):<\/p><ul><li><strong>Ontbijt:<\/strong> brood, jam, kaas of ham, een koffie (of thee) en een sapje. Soms ook in de vorm van een buffet, afhankelijk van de locatie.<\/li><li><strong>Lunch om mee te nemen:<\/strong> Ham\/kaas, kip of roastbeef sandwich, vergezeld van fruit, een klein dessert en een sap.<\/li><li><strong>Diner:<\/strong> Vis of lokaal vlees in het restaurant van het hotel, of in de vorm van een buffet, afhankelijk van de locatie.<\/li><\/ul><p>We bieden ook een <strong>vegetarisch menu<\/strong> aan.<\/p><p>Met deze optie hoef je je nergens zorgen over te maken: je maaltijden worden voor je bereid en je kunt volop genieten van je wandeldagen. Bovendien is het veel voordeliger dan elke avond in het restaurant van het hotel te betalen wanneer dat mogelijk is. Daarom raden we je ten zeerste aan om dit pakket te kiezen.<\/p><\/div>\n\t<\/div>\n\t\t\t\t\t\t\t\t\t\t<\/div>\n\t\t\t\t\t\t\t\t\t<\/div>\n\t\t\t\t\t\t\t\t<\/dialog>\n\t\t\t\t\t\t\t<\/div>\n\t\t\t\t\t\t<\/div>\n\t\t\t\t\t\t\t\t\t\t\t\t\t<\/div>\n\t\t\t\t<div class=\"tb-carousel-nav\">\n\t\t<div class=\"dots\">\n\t\t\t<div class=\"dot active\"><\/div>\n\t\t\t<div class=\"dot\"><\/div>\n\t\t\t<div class=\"dot\"><\/div>\n\t\t<\/div>\n\t\t<div class=\"arrows\">\n\t\t\t<div class=\"prev disabled\">\n\t\t\t\t<span><i class=\"fa fa-chevron-left\"><\/i><\/span>\n\t\t\t<\/div>\n\t\t\t<div class=\"next\">\n\t\t\t\t<span><i class=\"fa fa-chevron-right\"><\/i><\/span>\n\t\t\t<\/div>\n\t\t<\/div>\n\t<\/div>\n\t\t\t<\/div>\n\t<\/div>\n\t\t\t\t\t\t\t\t\t\t\t\t\t\t\t\t\t\t<div class=\"inner-block-full-width has-tb-carousel tb-section\" id=\"highlights-section-2\"style=\"display:none;\">\n\t\t<div class=\"tb-carousel-container\">\n\t\t\t<div class=\"entries tb-cards\" data-slider-first=\"1\">\n\t\t\t\t\t\t\t\t\t\t\t\t\t\t\t<div class=\"tb-card entry tb-popup-trigger desktop-only-popup\">\n\t\t\t\t\t\t\t<div class=\"tb-image-part desktop\">\n\t\t\t\t\t\t\t\t<img src='https:\/\/mat.travelblox.eu\/wp-content\/smush-webp\/sites\/68\/2025\/11\/Siliquini-TheMadeiraTrail-240319-8400.jpg.webp' width='1024' height='683' alt='B\u00e2tons de marche - Wanderst\u00f6cke - Hiking poles - Wandelstokken' srcset='https:\/\/mat.travelblox.eu\/wp-content\/smush-webp\/sites\/68\/2025\/11\/Siliquini-TheMadeiraTrail-240319-8400.jpg.webp 1024w, https:\/\/mat.travelblox.eu\/wp-content\/smush-webp\/sites\/68\/2025\/11\/Siliquini-TheMadeiraTrail-240319-8400-300x200.jpg.webp 300w, https:\/\/mat.travelblox.eu\/wp-content\/smush-webp\/sites\/68\/2025\/11\/Siliquini-TheMadeiraTrail-240319-8400-768x512.jpg.webp 768w, https:\/\/mat.travelblox.eu\/wp-content\/smush-webp\/sites\/68\/2025\/11\/Siliquini-TheMadeiraTrail-240319-8400-18x12.jpg.webp 18w' sizes=\"auto, (max-width: 1024px) 100vw, 1024px\" style='object-position:50% 50%' loading='lazy' decoding='async' data-smush-webp-fallback=\"{&quot;src&quot;:&quot;https:\\\/\\\/mat.travelblox.eu\\\/wp-content\\\/uploads\\\/sites\\\/68\\\/2025\\\/11\\\/Siliquini-TheMadeiraTrail-240319-8400.jpg&quot;,&quot;srcset&quot;:&quot;https:\\\/\\\/mat.travelblox.eu\\\/wp-content\\\/uploads\\\/sites\\\/68\\\/2025\\\/11\\\/Siliquini-TheMadeiraTrail-240319-8400.jpg 1024w, https:\\\/\\\/mat.travelblox.eu\\\/wp-content\\\/uploads\\\/sites\\\/68\\\/2025\\\/11\\\/Siliquini-TheMadeiraTrail-240319-8400-300x200.jpg 300w, https:\\\/\\\/mat.travelblox.eu\\\/wp-content\\\/uploads\\\/sites\\\/68\\\/2025\\\/11\\\/Siliquini-TheMadeiraTrail-240319-8400-768x512.jpg 768w, https:\\\/\\\/mat.travelblox.eu\\\/wp-content\\\/uploads\\\/sites\\\/68\\\/2025\\\/11\\\/Siliquini-TheMadeiraTrail-240319-8400-18x12.jpg 18w&quot;}\">\t\t\t\t\t\t\t\t\t\t\t\t\t\t\t\t\t\t\t\t\t\t\t\t\t<div class=\"price tiny-body-font desktop translation-block\"><p>\u20ac12<\/p><\/div>\t\t\t\t\t\t\t<\/div>\n\t\t\t\t\t\t\t<div class=\"tb-image-part mobile\">\n\t\t\t\t\t\t\t\t<img src='https:\/\/mat.travelblox.eu\/wp-content\/smush-webp\/sites\/68\/2025\/11\/Siliquini-TheMadeiraTrail-240319-8400-768x512.jpg.webp' width='768' height='512' alt='B\u00e2tons de marche - Wanderst\u00f6cke - Hiking poles - Wandelstokken' srcset='https:\/\/mat.travelblox.eu\/wp-content\/smush-webp\/sites\/68\/2025\/11\/Siliquini-TheMadeiraTrail-240319-8400-768x512.jpg.webp 768w, https:\/\/mat.travelblox.eu\/wp-content\/smush-webp\/sites\/68\/2025\/11\/Siliquini-TheMadeiraTrail-240319-8400-300x200.jpg.webp 300w, https:\/\/mat.travelblox.eu\/wp-content\/smush-webp\/sites\/68\/2025\/11\/Siliquini-TheMadeiraTrail-240319-8400-18x12.jpg.webp 18w, https:\/\/mat.travelblox.eu\/wp-content\/smush-webp\/sites\/68\/2025\/11\/Siliquini-TheMadeiraTrail-240319-8400.jpg.webp 1024w' sizes=\"auto, (max-width: 768px) 100vw, 768px\" style='object-position:50% 50%' loading='lazy' decoding='async' data-smush-webp-fallback=\"{&quot;src&quot;:&quot;https:\\\/\\\/mat.travelblox.eu\\\/wp-content\\\/uploads\\\/sites\\\/68\\\/2025\\\/11\\\/Siliquini-TheMadeiraTrail-240319-8400-768x512.jpg&quot;,&quot;srcset&quot;:&quot;https:\\\/\\\/mat.travelblox.eu\\\/wp-content\\\/uploads\\\/sites\\\/68\\\/2025\\\/11\\\/Siliquini-TheMadeiraTrail-240319-8400-768x512.jpg 768w, https:\\\/\\\/mat.travelblox.eu\\\/wp-content\\\/uploads\\\/sites\\\/68\\\/2025\\\/11\\\/Siliquini-TheMadeiraTrail-240319-8400-300x200.jpg 300w, https:\\\/\\\/mat.travelblox.eu\\\/wp-content\\\/uploads\\\/sites\\\/68\\\/2025\\\/11\\\/Siliquini-TheMadeiraTrail-240319-8400-18x12.jpg 18w, https:\\\/\\\/mat.travelblox.eu\\\/wp-content\\\/uploads\\\/sites\\\/68\\\/2025\\\/11\\\/Siliquini-TheMadeiraTrail-240319-8400.jpg 1024w&quot;}\">\t\t\t\t\t\t\t\t\t\t\t\t\t\t\t<\/div>\n\t\t\t\t\t\t\t<div class=\"tb-card-content\">\n\t\t\t\t\t\t\t\t<h5>\n\t\t\t\t\t\t\t\t\t\t\t\t\t<i class=\"icon fa-solid fa-person-hiking fa-fw\" aria-hidden=\"true\"><\/i>\n\t\t\t\t\t\t\t\t\t\t\t\t<span>Wandelstokken<\/span>\n\t\t\t\t\t\t\t\t<\/h5>\n\t\t\t\t\t\t\t\t\t\t\t\t\t\t\t\t\t<div class=\"price tiny-body-font mobile\"><p>12 \u20ac<\/p><\/div>\t\t\t\t\t\t\t\t<div class=\"content readmore-content content--clamped\">\t<div class=\"translation-block\"><p>We raden je ten zeerste aan om wandelstokken te huren of mee te nemen. Ze beschermen je knie\u00ebn, helpen je om je evenwicht te bewaren op de moeilijke stukken van het pad en bieden je veel steun gedurende de hele trek.<\/p><\/div>\n\t<\/div>\n\t\t\t\t\t\t\t\t\t\t\t\t\t\t\t\t<div class=\"readmore link js-readmore\">\n\t\t\t\t\t\t\t\t\t<span><i class=\"fa-solid fa-circle-plus\"><\/i><u>Lees meer<\/u><\/span>\n\t\t\t\t\t\t\t\t\t<span><i class=\"fa-solid fa-circle-minus\"><\/i><u>Lees minder<\/u><\/span>\n\t\t\t\t\t\t\t\t<\/div>\n\t\t\t\t\t\t\t\t\t\t\t\t\t\t\t\t<dialog class=\"tb-popup\">\n\t\t\t\t\t\t\t\t\t<div class=\"tb-highlights-popup\">\n\t\t\t\t\t\t\t\t\t\t<div class=\"tb-image-part\">\n\t\t\t\t\t\t\t\t\t\t\t<img src='https:\/\/mat.travelblox.eu\/wp-content\/smush-webp\/sites\/68\/2025\/11\/Siliquini-TheMadeiraTrail-240319-8400-768x512.jpg.webp' width='768' height='512' alt='B\u00e2tons de marche - Wanderst\u00f6cke - Hiking poles - Wandelstokken' srcset='https:\/\/mat.travelblox.eu\/wp-content\/smush-webp\/sites\/68\/2025\/11\/Siliquini-TheMadeiraTrail-240319-8400-768x512.jpg.webp 768w, https:\/\/mat.travelblox.eu\/wp-content\/smush-webp\/sites\/68\/2025\/11\/Siliquini-TheMadeiraTrail-240319-8400-300x200.jpg.webp 300w, https:\/\/mat.travelblox.eu\/wp-content\/smush-webp\/sites\/68\/2025\/11\/Siliquini-TheMadeiraTrail-240319-8400-18x12.jpg.webp 18w, https:\/\/mat.travelblox.eu\/wp-content\/smush-webp\/sites\/68\/2025\/11\/Siliquini-TheMadeiraTrail-240319-8400.jpg.webp 1024w' sizes=\"auto, (max-width: 768px) 100vw, 768px\" style='object-position:50% 50%' loading='lazy' decoding='async' data-smush-webp-fallback=\"{&quot;src&quot;:&quot;https:\\\/\\\/mat.travelblox.eu\\\/wp-content\\\/uploads\\\/sites\\\/68\\\/2025\\\/11\\\/Siliquini-TheMadeiraTrail-240319-8400-768x512.jpg&quot;,&quot;srcset&quot;:&quot;https:\\\/\\\/mat.travelblox.eu\\\/wp-content\\\/uploads\\\/sites\\\/68\\\/2025\\\/11\\\/Siliquini-TheMadeiraTrail-240319-8400-768x512.jpg 768w, https:\\\/\\\/mat.travelblox.eu\\\/wp-content\\\/uploads\\\/sites\\\/68\\\/2025\\\/11\\\/Siliquini-TheMadeiraTrail-240319-8400-300x200.jpg 300w, https:\\\/\\\/mat.travelblox.eu\\\/wp-content\\\/uploads\\\/sites\\\/68\\\/2025\\\/11\\\/Siliquini-TheMadeiraTrail-240319-8400-18x12.jpg 18w, https:\\\/\\\/mat.travelblox.eu\\\/wp-content\\\/uploads\\\/sites\\\/68\\\/2025\\\/11\\\/Siliquini-TheMadeiraTrail-240319-8400.jpg 1024w&quot;}\">\t\t\t\t\t\t\t\t\t\t<\/div>\n\t\t\t\t\t\t\t\t\t\t<div class=\"tb-popup-content\">\n\t\t\t\t\t\t\t\t\t\t\t<h3>Wandelstokken<\/h3>\n\t\t\t\t\t\t\t\t\t\t\t<div class=\"content\">\t<div class=\"translation-block\"><p>We raden je ten zeerste aan om wandelstokken te huren of mee te nemen. Ze beschermen je knie\u00ebn, helpen je om je evenwicht te bewaren op de moeilijke stukken van het pad en bieden je veel steun gedurende de hele trek.<\/p><\/div>\n\t<\/div>\n\t\t\t\t\t\t\t\t\t\t<\/div>\n\t\t\t\t\t\t\t\t\t<\/div>\n\t\t\t\t\t\t\t\t<\/dialog>\n\t\t\t\t\t\t\t<\/div>\n\t\t\t\t\t\t<\/div>\n\t\t\t\t\t\t\t\t\t\t\t\t\t<\/div>\n\t\t\t\t<div class=\"tb-carousel-nav\">\n\t\t<div class=\"dots\">\n\t\t\t<div class=\"dot active\"><\/div>\n\t\t\t<div class=\"dot\"><\/div>\n\t\t\t<div class=\"dot\"><\/div>\n\t\t<\/div>\n\t\t<div class=\"arrows\">\n\t\t\t<div class=\"prev disabled\">\n\t\t\t\t<span><i class=\"fa fa-chevron-left\"><\/i><\/span>\n\t\t\t<\/div>\n\t\t\t<div class=\"next\">\n\t\t\t\t<span><i class=\"fa fa-chevron-right\"><\/i><\/span>\n\t\t\t<\/div>\n\t\t<\/div>\n\t<\/div>\n\t\t\t<\/div>\n\t<\/div>\n\t\t\t\t\t\t\t\t\t\t\t\t\t\t\t\t\t\t<div class=\"inner-block-full-width has-tb-carousel tb-section\" id=\"highlights-section-3\"style=\"display:none;\">\n\t\t<div class=\"tb-carousel-container\">\n\t\t\t<div class=\"entries tb-cards\" data-slider-first=\"1\">\n\t\t\t\t\t\t\t\t\t\t\t\t\t\t\t<div class=\"tb-card entry tb-popup-trigger desktop-only-popup\">\n\t\t\t\t\t\t\t<div class=\"tb-image-part desktop\">\n\t\t\t\t\t\t\t\t<img src='https:\/\/mat.travelblox.eu\/wp-content\/smush-webp\/sites\/68\/2025\/11\/Siliquini-TheMadeiraTrail-240319-8248.jpg.webp' width='1024' height='683' alt='Madeira Trail - Trek Mad\u00e8re' srcset='https:\/\/mat.travelblox.eu\/wp-content\/smush-webp\/sites\/68\/2025\/11\/Siliquini-TheMadeiraTrail-240319-8248.jpg.webp 1024w, https:\/\/mat.travelblox.eu\/wp-content\/smush-webp\/sites\/68\/2025\/11\/Siliquini-TheMadeiraTrail-240319-8248-300x200.jpg.webp 300w, https:\/\/mat.travelblox.eu\/wp-content\/smush-webp\/sites\/68\/2025\/11\/Siliquini-TheMadeiraTrail-240319-8248-768x512.jpg.webp 768w, https:\/\/mat.travelblox.eu\/wp-content\/smush-webp\/sites\/68\/2025\/11\/Siliquini-TheMadeiraTrail-240319-8248-18x12.jpg.webp 18w' sizes=\"auto, (max-width: 1024px) 100vw, 1024px\" style='object-position:50% 50%' loading='lazy' decoding='async' data-smush-webp-fallback=\"{&quot;src&quot;:&quot;https:\\\/\\\/mat.travelblox.eu\\\/wp-content\\\/uploads\\\/sites\\\/68\\\/2025\\\/11\\\/Siliquini-TheMadeiraTrail-240319-8248.jpg&quot;,&quot;srcset&quot;:&quot;https:\\\/\\\/mat.travelblox.eu\\\/wp-content\\\/uploads\\\/sites\\\/68\\\/2025\\\/11\\\/Siliquini-TheMadeiraTrail-240319-8248.jpg 1024w, https:\\\/\\\/mat.travelblox.eu\\\/wp-content\\\/uploads\\\/sites\\\/68\\\/2025\\\/11\\\/Siliquini-TheMadeiraTrail-240319-8248-300x200.jpg 300w, https:\\\/\\\/mat.travelblox.eu\\\/wp-content\\\/uploads\\\/sites\\\/68\\\/2025\\\/11\\\/Siliquini-TheMadeiraTrail-240319-8248-768x512.jpg 768w, https:\\\/\\\/mat.travelblox.eu\\\/wp-content\\\/uploads\\\/sites\\\/68\\\/2025\\\/11\\\/Siliquini-TheMadeiraTrail-240319-8248-18x12.jpg 18w&quot;}\">\t\t\t\t\t\t\t\t\t\t\t\t\t\t\t\t\t\t\t\t\t\t\t\t\t<div class=\"price tiny-body-font desktop translation-block\"><p>\u20ac69<\/p><\/div>\t\t\t\t\t\t\t<\/div>\n\t\t\t\t\t\t\t<div class=\"tb-image-part mobile\">\n\t\t\t\t\t\t\t\t<img src='https:\/\/mat.travelblox.eu\/wp-content\/smush-webp\/sites\/68\/2025\/11\/Siliquini-TheMadeiraTrail-240319-8248-768x512.jpg.webp' width='768' height='512' alt='Madeira Trail - Trek Mad\u00e8re' srcset='https:\/\/mat.travelblox.eu\/wp-content\/smush-webp\/sites\/68\/2025\/11\/Siliquini-TheMadeiraTrail-240319-8248-768x512.jpg.webp 768w, https:\/\/mat.travelblox.eu\/wp-content\/smush-webp\/sites\/68\/2025\/11\/Siliquini-TheMadeiraTrail-240319-8248-300x200.jpg.webp 300w, https:\/\/mat.travelblox.eu\/wp-content\/smush-webp\/sites\/68\/2025\/11\/Siliquini-TheMadeiraTrail-240319-8248-18x12.jpg.webp 18w, https:\/\/mat.travelblox.eu\/wp-content\/smush-webp\/sites\/68\/2025\/11\/Siliquini-TheMadeiraTrail-240319-8248.jpg.webp 1024w' sizes=\"auto, (max-width: 768px) 100vw, 768px\" style='object-position:50% 50%' loading='lazy' decoding='async' data-smush-webp-fallback=\"{&quot;src&quot;:&quot;https:\\\/\\\/mat.travelblox.eu\\\/wp-content\\\/uploads\\\/sites\\\/68\\\/2025\\\/11\\\/Siliquini-TheMadeiraTrail-240319-8248-768x512.jpg&quot;,&quot;srcset&quot;:&quot;https:\\\/\\\/mat.travelblox.eu\\\/wp-content\\\/uploads\\\/sites\\\/68\\\/2025\\\/11\\\/Siliquini-TheMadeiraTrail-240319-8248-768x512.jpg 768w, https:\\\/\\\/mat.travelblox.eu\\\/wp-content\\\/uploads\\\/sites\\\/68\\\/2025\\\/11\\\/Siliquini-TheMadeiraTrail-240319-8248-300x200.jpg 300w, https:\\\/\\\/mat.travelblox.eu\\\/wp-content\\\/uploads\\\/sites\\\/68\\\/2025\\\/11\\\/Siliquini-TheMadeiraTrail-240319-8248-18x12.jpg 18w, https:\\\/\\\/mat.travelblox.eu\\\/wp-content\\\/uploads\\\/sites\\\/68\\\/2025\\\/11\\\/Siliquini-TheMadeiraTrail-240319-8248.jpg 1024w&quot;}\">\t\t\t\t\t\t\t\t\t\t\t\t\t\t\t<\/div>\n\t\t\t\t\t\t\t<div class=\"tb-card-content\">\n\t\t\t\t\t\t\t\t<h5>\n\t\t\t\t\t\t\t\t\t\t\t\t\t\t\t\t\t\t<span>Annuleringsverzekering<\/span>\n\t\t\t\t\t\t\t\t<\/h5>\n\t\t\t\t\t\t\t\t\t\t\t\t\t\t\t\t\t<div class=\"price tiny-body-font mobile\"><p>69 \u20ac<\/p><\/div>\t\t\t\t\t\t\t\t<div class=\"content readmore-content content--clamped\">\t<div class=\"translation-block\"><p>Wil je deze trail door Madeira met een gerust hart boeken? Kies dan voor de <a href=\"https:\/\/static.travelbase.eu\/u\/source\/cancellation\/summer\/conditions-nl.pdf\" target=\"_blank\">annuleringsverzekering<\/a> die je beschermt bij onvoorziene omstandigheden.<\/p><\/div>\n\t<\/div>\n\t\t\t\t\t\t\t\t\t\t\t\t\t\t\t\t<div class=\"readmore link js-readmore\">\n\t\t\t\t\t\t\t\t\t<span><i class=\"fa-solid fa-circle-plus\"><\/i><u>Lees meer<\/u><\/span>\n\t\t\t\t\t\t\t\t\t<span><i class=\"fa-solid fa-circle-minus\"><\/i><u>Lees minder<\/u><\/span>\n\t\t\t\t\t\t\t\t<\/div>\n\t\t\t\t\t\t\t\t\t\t\t\t\t\t\t\t<dialog class=\"tb-popup\">\n\t\t\t\t\t\t\t\t\t<div class=\"tb-highlights-popup\">\n\t\t\t\t\t\t\t\t\t\t<div class=\"tb-image-part\">\n\t\t\t\t\t\t\t\t\t\t\t<img src='https:\/\/mat.travelblox.eu\/wp-content\/smush-webp\/sites\/68\/2025\/11\/Siliquini-TheMadeiraTrail-240319-8248-768x512.jpg.webp' width='768' height='512' alt='Madeira Trail - Trek Mad\u00e8re' srcset='https:\/\/mat.travelblox.eu\/wp-content\/smush-webp\/sites\/68\/2025\/11\/Siliquini-TheMadeiraTrail-240319-8248-768x512.jpg.webp 768w, https:\/\/mat.travelblox.eu\/wp-content\/smush-webp\/sites\/68\/2025\/11\/Siliquini-TheMadeiraTrail-240319-8248-300x200.jpg.webp 300w, https:\/\/mat.travelblox.eu\/wp-content\/smush-webp\/sites\/68\/2025\/11\/Siliquini-TheMadeiraTrail-240319-8248-18x12.jpg.webp 18w, https:\/\/mat.travelblox.eu\/wp-content\/smush-webp\/sites\/68\/2025\/11\/Siliquini-TheMadeiraTrail-240319-8248.jpg.webp 1024w' sizes=\"auto, (max-width: 768px) 100vw, 768px\" style='object-position:50% 50%' loading='lazy' decoding='async' data-smush-webp-fallback=\"{&quot;src&quot;:&quot;https:\\\/\\\/mat.travelblox.eu\\\/wp-content\\\/uploads\\\/sites\\\/68\\\/2025\\\/11\\\/Siliquini-TheMadeiraTrail-240319-8248-768x512.jpg&quot;,&quot;srcset&quot;:&quot;https:\\\/\\\/mat.travelblox.eu\\\/wp-content\\\/uploads\\\/sites\\\/68\\\/2025\\\/11\\\/Siliquini-TheMadeiraTrail-240319-8248-768x512.jpg 768w, https:\\\/\\\/mat.travelblox.eu\\\/wp-content\\\/uploads\\\/sites\\\/68\\\/2025\\\/11\\\/Siliquini-TheMadeiraTrail-240319-8248-300x200.jpg 300w, https:\\\/\\\/mat.travelblox.eu\\\/wp-content\\\/uploads\\\/sites\\\/68\\\/2025\\\/11\\\/Siliquini-TheMadeiraTrail-240319-8248-18x12.jpg 18w, https:\\\/\\\/mat.travelblox.eu\\\/wp-content\\\/uploads\\\/sites\\\/68\\\/2025\\\/11\\\/Siliquini-TheMadeiraTrail-240319-8248.jpg 1024w&quot;}\">\t\t\t\t\t\t\t\t\t\t<\/div>\n\t\t\t\t\t\t\t\t\t\t<div class=\"tb-popup-content\">\n\t\t\t\t\t\t\t\t\t\t\t<h3>Annuleringsverzekering<\/h3>\n\t\t\t\t\t\t\t\t\t\t\t<div class=\"content\">\t<div class=\"translation-block\"><p>Wil je deze trail door Madeira met een gerust hart boeken? Kies dan voor de <a href=\"https:\/\/static.travelbase.eu\/u\/source\/cancellation\/summer\/conditions-nl.pdf\" target=\"_blank\">annuleringsverzekering<\/a> die je beschermt bij onvoorziene omstandigheden.<\/p><\/div>\n\t<\/div>\n\t\t\t\t\t\t\t\t\t\t<\/div>\n\t\t\t\t\t\t\t\t\t<\/div>\n\t\t\t\t\t\t\t\t<\/dialog>\n\t\t\t\t\t\t\t<\/div>\n\t\t\t\t\t\t<\/div>\n\t\t\t\t\t\t\t\t\t\t\t<div class=\"tb-card entry tb-popup-trigger desktop-only-popup\">\n\t\t\t\t\t\t\t<div class=\"tb-image-part desktop\">\n\t\t\t\t\t\t\t\t<img src='https:\/\/mat.travelblox.eu\/wp-content\/smush-webp\/sites\/68\/2025\/11\/Siliquini-TheMadeiraTrail-240317-6237-Grande-1.jpeg.webp' width='1280' height='853' alt='Views of Madeira - Uitzichten op Madeira - Ansichten von Madeira - Paysages de Mad\u00e8re' srcset='https:\/\/mat.travelblox.eu\/wp-content\/smush-webp\/sites\/68\/2025\/11\/Siliquini-TheMadeiraTrail-240317-6237-Grande-1.jpeg.webp 1280w, https:\/\/mat.travelblox.eu\/wp-content\/smush-webp\/sites\/68\/2025\/11\/Siliquini-TheMadeiraTrail-240317-6237-Grande-1-300x200.jpeg.webp 300w, https:\/\/mat.travelblox.eu\/wp-content\/smush-webp\/sites\/68\/2025\/11\/Siliquini-TheMadeiraTrail-240317-6237-Grande-1-1024x682.jpeg.webp 1024w, https:\/\/mat.travelblox.eu\/wp-content\/smush-webp\/sites\/68\/2025\/11\/Siliquini-TheMadeiraTrail-240317-6237-Grande-1-768x512.jpeg.webp 768w, https:\/\/mat.travelblox.eu\/wp-content\/smush-webp\/sites\/68\/2025\/11\/Siliquini-TheMadeiraTrail-240317-6237-Grande-1-18x12.jpeg.webp 18w' sizes=\"auto, (max-width: 1280px) 100vw, 1280px\" style='object-position:50% 50%' loading='lazy' decoding='async' data-smush-webp-fallback=\"{&quot;src&quot;:&quot;https:\\\/\\\/mat.travelblox.eu\\\/wp-content\\\/uploads\\\/sites\\\/68\\\/2025\\\/11\\\/Siliquini-TheMadeiraTrail-240317-6237-Grande-1.jpeg&quot;,&quot;srcset&quot;:&quot;https:\\\/\\\/mat.travelblox.eu\\\/wp-content\\\/uploads\\\/sites\\\/68\\\/2025\\\/11\\\/Siliquini-TheMadeiraTrail-240317-6237-Grande-1.jpeg 1280w, https:\\\/\\\/mat.travelblox.eu\\\/wp-content\\\/uploads\\\/sites\\\/68\\\/2025\\\/11\\\/Siliquini-TheMadeiraTrail-240317-6237-Grande-1-300x200.jpeg 300w, https:\\\/\\\/mat.travelblox.eu\\\/wp-content\\\/uploads\\\/sites\\\/68\\\/2025\\\/11\\\/Siliquini-TheMadeiraTrail-240317-6237-Grande-1-1024x682.jpeg 1024w, https:\\\/\\\/mat.travelblox.eu\\\/wp-content\\\/uploads\\\/sites\\\/68\\\/2025\\\/11\\\/Siliquini-TheMadeiraTrail-240317-6237-Grande-1-768x512.jpeg 768w, https:\\\/\\\/mat.travelblox.eu\\\/wp-content\\\/uploads\\\/sites\\\/68\\\/2025\\\/11\\\/Siliquini-TheMadeiraTrail-240317-6237-Grande-1-18x12.jpeg 18w&quot;}\">\t\t\t\t\t\t\t\t\t\t\t\t\t\t\t\t\t\t\t\t\t\t\t\t\t<div class=\"price tiny-body-font desktop translation-block\"><p>\u20ac49<\/p><\/div>\t\t\t\t\t\t\t<\/div>\n\t\t\t\t\t\t\t<div class=\"tb-image-part mobile\">\n\t\t\t\t\t\t\t\t<img src='https:\/\/mat.travelblox.eu\/wp-content\/smush-webp\/sites\/68\/2025\/11\/Siliquini-TheMadeiraTrail-240317-6237-Grande-1-768x512.jpeg.webp' width='768' height='512' alt='Views of Madeira - Uitzichten op Madeira - Ansichten von Madeira - Paysages de Mad\u00e8re' srcset='https:\/\/mat.travelblox.eu\/wp-content\/smush-webp\/sites\/68\/2025\/11\/Siliquini-TheMadeiraTrail-240317-6237-Grande-1-768x512.jpeg.webp 768w, https:\/\/mat.travelblox.eu\/wp-content\/smush-webp\/sites\/68\/2025\/11\/Siliquini-TheMadeiraTrail-240317-6237-Grande-1-300x200.jpeg.webp 300w, https:\/\/mat.travelblox.eu\/wp-content\/smush-webp\/sites\/68\/2025\/11\/Siliquini-TheMadeiraTrail-240317-6237-Grande-1-1024x682.jpeg.webp 1024w, https:\/\/mat.travelblox.eu\/wp-content\/smush-webp\/sites\/68\/2025\/11\/Siliquini-TheMadeiraTrail-240317-6237-Grande-1-18x12.jpeg.webp 18w, https:\/\/mat.travelblox.eu\/wp-content\/smush-webp\/sites\/68\/2025\/11\/Siliquini-TheMadeiraTrail-240317-6237-Grande-1.jpeg.webp 1280w' sizes=\"auto, (max-width: 768px) 100vw, 768px\" style='object-position:50% 50%' loading='lazy' decoding='async' data-smush-webp-fallback=\"{&quot;src&quot;:&quot;https:\\\/\\\/mat.travelblox.eu\\\/wp-content\\\/uploads\\\/sites\\\/68\\\/2025\\\/11\\\/Siliquini-TheMadeiraTrail-240317-6237-Grande-1-768x512.jpeg&quot;,&quot;srcset&quot;:&quot;https:\\\/\\\/mat.travelblox.eu\\\/wp-content\\\/uploads\\\/sites\\\/68\\\/2025\\\/11\\\/Siliquini-TheMadeiraTrail-240317-6237-Grande-1-768x512.jpeg 768w, https:\\\/\\\/mat.travelblox.eu\\\/wp-content\\\/uploads\\\/sites\\\/68\\\/2025\\\/11\\\/Siliquini-TheMadeiraTrail-240317-6237-Grande-1-300x200.jpeg 300w, https:\\\/\\\/mat.travelblox.eu\\\/wp-content\\\/uploads\\\/sites\\\/68\\\/2025\\\/11\\\/Siliquini-TheMadeiraTrail-240317-6237-Grande-1-1024x682.jpeg 1024w, https:\\\/\\\/mat.travelblox.eu\\\/wp-content\\\/uploads\\\/sites\\\/68\\\/2025\\\/11\\\/Siliquini-TheMadeiraTrail-240317-6237-Grande-1-18x12.jpeg 18w, https:\\\/\\\/mat.travelblox.eu\\\/wp-content\\\/uploads\\\/sites\\\/68\\\/2025\\\/11\\\/Siliquini-TheMadeiraTrail-240317-6237-Grande-1.jpeg 1280w&quot;}\">\t\t\t\t\t\t\t\t\t\t\t\t\t\t\t<\/div>\n\t\t\t\t\t\t\t<div class=\"tb-card-content\">\n\t\t\t\t\t\t\t\t<h5>\n\t\t\t\t\t\t\t\t\t\t\t\t\t\t\t\t\t\t<span>Reisbijstandsverzekering<\/span>\n\t\t\t\t\t\t\t\t<\/h5>\n\t\t\t\t\t\t\t\t\t\t\t\t\t\t\t\t\t<div class=\"price tiny-body-font mobile\"><p>49 \u20ac<\/p><\/div>\t\t\t\t\t\t\t\t<div class=\"content readmore-content content--clamped\">\t<div class=\"translation-block\"><p>Wil je onbezorgd op reis? Vergeet dan niet om de <a href=\"https:\/\/madeiratrail.eu\/nl\/travelinsurance\/\" target=\"_blank\"><strong>reisverzekering<\/strong><\/a> aan je boeking toe te voegen. Bij ziekte, pech of diefstal helpt onze reisverzekering je verder.<\/p><\/div>\n\t<\/div>\n\t\t\t\t\t\t\t\t\t\t\t\t\t\t\t\t<div class=\"readmore link js-readmore\">\n\t\t\t\t\t\t\t\t\t<span><i class=\"fa-solid fa-circle-plus\"><\/i><u>Lees meer<\/u><\/span>\n\t\t\t\t\t\t\t\t\t<span><i class=\"fa-solid fa-circle-minus\"><\/i><u>Lees minder<\/u><\/span>\n\t\t\t\t\t\t\t\t<\/div>\n\t\t\t\t\t\t\t\t\t\t\t\t\t\t\t\t<dialog class=\"tb-popup\">\n\t\t\t\t\t\t\t\t\t<div class=\"tb-highlights-popup\">\n\t\t\t\t\t\t\t\t\t\t<div class=\"tb-image-part\">\n\t\t\t\t\t\t\t\t\t\t\t<img src='https:\/\/mat.travelblox.eu\/wp-content\/smush-webp\/sites\/68\/2025\/11\/Siliquini-TheMadeiraTrail-240317-6237-Grande-1-768x512.jpeg.webp' width='768' height='512' alt='Views of Madeira - Uitzichten op Madeira - Ansichten von Madeira - Paysages de Mad\u00e8re' srcset='https:\/\/mat.travelblox.eu\/wp-content\/smush-webp\/sites\/68\/2025\/11\/Siliquini-TheMadeiraTrail-240317-6237-Grande-1-768x512.jpeg.webp 768w, https:\/\/mat.travelblox.eu\/wp-content\/smush-webp\/sites\/68\/2025\/11\/Siliquini-TheMadeiraTrail-240317-6237-Grande-1-300x200.jpeg.webp 300w, https:\/\/mat.travelblox.eu\/wp-content\/smush-webp\/sites\/68\/2025\/11\/Siliquini-TheMadeiraTrail-240317-6237-Grande-1-1024x682.jpeg.webp 1024w, https:\/\/mat.travelblox.eu\/wp-content\/smush-webp\/sites\/68\/2025\/11\/Siliquini-TheMadeiraTrail-240317-6237-Grande-1-18x12.jpeg.webp 18w, https:\/\/mat.travelblox.eu\/wp-content\/smush-webp\/sites\/68\/2025\/11\/Siliquini-TheMadeiraTrail-240317-6237-Grande-1.jpeg.webp 1280w' sizes=\"auto, (max-width: 768px) 100vw, 768px\" style='object-position:50% 50%' loading='lazy' decoding='async' data-smush-webp-fallback=\"{&quot;src&quot;:&quot;https:\\\/\\\/mat.travelblox.eu\\\/wp-content\\\/uploads\\\/sites\\\/68\\\/2025\\\/11\\\/Siliquini-TheMadeiraTrail-240317-6237-Grande-1-768x512.jpeg&quot;,&quot;srcset&quot;:&quot;https:\\\/\\\/mat.travelblox.eu\\\/wp-content\\\/uploads\\\/sites\\\/68\\\/2025\\\/11\\\/Siliquini-TheMadeiraTrail-240317-6237-Grande-1-768x512.jpeg 768w, https:\\\/\\\/mat.travelblox.eu\\\/wp-content\\\/uploads\\\/sites\\\/68\\\/2025\\\/11\\\/Siliquini-TheMadeiraTrail-240317-6237-Grande-1-300x200.jpeg 300w, https:\\\/\\\/mat.travelblox.eu\\\/wp-content\\\/uploads\\\/sites\\\/68\\\/2025\\\/11\\\/Siliquini-TheMadeiraTrail-240317-6237-Grande-1-1024x682.jpeg 1024w, https:\\\/\\\/mat.travelblox.eu\\\/wp-content\\\/uploads\\\/sites\\\/68\\\/2025\\\/11\\\/Siliquini-TheMadeiraTrail-240317-6237-Grande-1-18x12.jpeg 18w, https:\\\/\\\/mat.travelblox.eu\\\/wp-content\\\/uploads\\\/sites\\\/68\\\/2025\\\/11\\\/Siliquini-TheMadeiraTrail-240317-6237-Grande-1.jpeg 1280w&quot;}\">\t\t\t\t\t\t\t\t\t\t<\/div>\n\t\t\t\t\t\t\t\t\t\t<div class=\"tb-popup-content\">\n\t\t\t\t\t\t\t\t\t\t\t<h3>Reisbijstandsverzekering<\/h3>\n\t\t\t\t\t\t\t\t\t\t\t<div class=\"content\">\t<div class=\"translation-block\"><p>Wil je onbezorgd op reis? Vergeet dan niet om de <a href=\"https:\/\/madeiratrail.eu\/nl\/travelinsurance\/\" target=\"_blank\"><strong>reisverzekering<\/strong><\/a> aan je boeking toe te voegen. Bij ziekte, pech of diefstal helpt onze reisverzekering je verder.<\/p><\/div>\n\t<\/div>\n\t\t\t\t\t\t\t\t\t\t<\/div>\n\t\t\t\t\t\t\t\t\t<\/div>\n\t\t\t\t\t\t\t\t<\/dialog>\n\t\t\t\t\t\t\t<\/div>\n\t\t\t\t\t\t<\/div>\n\t\t\t\t\t\t\t\t\t\t\t\t\t<\/div>\n\t\t\t\t<div class=\"tb-carousel-nav\">\n\t\t<div class=\"dots\">\n\t\t\t<div class=\"dot active\"><\/div>\n\t\t\t<div class=\"dot\"><\/div>\n\t\t\t<div class=\"dot\"><\/div>\n\t\t<\/div>\n\t\t<div class=\"arrows\">\n\t\t\t<div class=\"prev disabled\">\n\t\t\t\t<span><i class=\"fa fa-chevron-left\"><\/i><\/span>\n\t\t\t<\/div>\n\t\t\t<div class=\"next\">\n\t\t\t\t<span><i class=\"fa fa-chevron-right\"><\/i><\/span>\n\t\t\t<\/div>\n\t\t<\/div>\n\t<\/div>\n\t\t\t<\/div>\n\t<\/div>\n\t\t\t\t\t\t\t\t\t\t\t\t\t\t\t\t\t\t<div class=\"inner-block-full-width has-tb-carousel tb-section\" id=\"highlights-section-4\"style=\"display:none;\">\n\t\t<div class=\"tb-carousel-container\">\n\t\t\t<div class=\"entries tb-cards\" data-slider-first=\"1\">\n\t\t\t\t\t\t\t\t\t\t\t\t\t\t\t<div class=\"tb-card entry tb-popup-trigger desktop-only-popup\">\n\t\t\t\t\t\t\t<div class=\"tb-image-part desktop\">\n\t\t\t\t\t\t\t\t<img src='https:\/\/mat.travelblox.eu\/wp-content\/smush-webp\/sites\/68\/2026\/04\/MAT25_DriesVdb_WEB-74-Grande-e1775749134757.jpeg.webp' width='887' height='663' srcset='https:\/\/mat.travelblox.eu\/wp-content\/smush-webp\/sites\/68\/2026\/04\/MAT25_DriesVdb_WEB-74-Grande-e1775749134757.jpeg.webp 887w, https:\/\/mat.travelblox.eu\/wp-content\/smush-webp\/sites\/68\/2026\/04\/MAT25_DriesVdb_WEB-74-Grande-e1775749134757-300x224.jpeg.webp 300w, https:\/\/mat.travelblox.eu\/wp-content\/smush-webp\/sites\/68\/2026\/04\/MAT25_DriesVdb_WEB-74-Grande-e1775749134757-768x574.jpeg.webp 768w, https:\/\/mat.travelblox.eu\/wp-content\/smush-webp\/sites\/68\/2026\/04\/MAT25_DriesVdb_WEB-74-Grande-e1775749134757-16x12.jpeg.webp 16w' sizes=\"auto, (max-width: 887px) 100vw, 887px\" loading='lazy' decoding='async' data-smush-webp-fallback=\"{&quot;src&quot;:&quot;https:\\\/\\\/mat.travelblox.eu\\\/wp-content\\\/uploads\\\/sites\\\/68\\\/2026\\\/04\\\/MAT25_DriesVdb_WEB-74-Grande-e1775749134757.jpeg&quot;,&quot;srcset&quot;:&quot;https:\\\/\\\/mat.travelblox.eu\\\/wp-content\\\/uploads\\\/sites\\\/68\\\/2026\\\/04\\\/MAT25_DriesVdb_WEB-74-Grande-e1775749134757.jpeg 887w, https:\\\/\\\/mat.travelblox.eu\\\/wp-content\\\/uploads\\\/sites\\\/68\\\/2026\\\/04\\\/MAT25_DriesVdb_WEB-74-Grande-e1775749134757-300x224.jpeg 300w, https:\\\/\\\/mat.travelblox.eu\\\/wp-content\\\/uploads\\\/sites\\\/68\\\/2026\\\/04\\\/MAT25_DriesVdb_WEB-74-Grande-e1775749134757-768x574.jpeg 768w, https:\\\/\\\/mat.travelblox.eu\\\/wp-content\\\/uploads\\\/sites\\\/68\\\/2026\\\/04\\\/MAT25_DriesVdb_WEB-74-Grande-e1775749134757-16x12.jpeg 16w&quot;}\">\t\t\t\t\t\t\t\t\t\t\t\t\t\t\t\t\t\t\t\t\t\t\t\t\t<div class=\"price tiny-body-font desktop translation-block\"><p>\u20ac95<\/p><\/div>\t\t\t\t\t\t\t<\/div>\n\t\t\t\t\t\t\t<div class=\"tb-image-part mobile\">\n\t\t\t\t\t\t\t\t<img src='https:\/\/mat.travelblox.eu\/wp-content\/smush-webp\/sites\/68\/2026\/04\/MAT25_DriesVdb_WEB-74-Grande-e1775749134757-768x574.jpeg.webp' width='768' height='574' srcset='https:\/\/mat.travelblox.eu\/wp-content\/smush-webp\/sites\/68\/2026\/04\/MAT25_DriesVdb_WEB-74-Grande-e1775749134757-768x574.jpeg.webp 768w, https:\/\/mat.travelblox.eu\/wp-content\/smush-webp\/sites\/68\/2026\/04\/MAT25_DriesVdb_WEB-74-Grande-e1775749134757-300x224.jpeg.webp 300w, https:\/\/mat.travelblox.eu\/wp-content\/smush-webp\/sites\/68\/2026\/04\/MAT25_DriesVdb_WEB-74-Grande-e1775749134757-16x12.jpeg.webp 16w, https:\/\/mat.travelblox.eu\/wp-content\/smush-webp\/sites\/68\/2026\/04\/MAT25_DriesVdb_WEB-74-Grande-e1775749134757.jpeg.webp 887w' sizes=\"auto, (max-width: 768px) 100vw, 768px\" loading='lazy' decoding='async' data-smush-webp-fallback=\"{&quot;src&quot;:&quot;https:\\\/\\\/mat.travelblox.eu\\\/wp-content\\\/uploads\\\/sites\\\/68\\\/2026\\\/04\\\/MAT25_DriesVdb_WEB-74-Grande-e1775749134757-768x574.jpeg&quot;,&quot;srcset&quot;:&quot;https:\\\/\\\/mat.travelblox.eu\\\/wp-content\\\/uploads\\\/sites\\\/68\\\/2026\\\/04\\\/MAT25_DriesVdb_WEB-74-Grande-e1775749134757-768x574.jpeg 768w, https:\\\/\\\/mat.travelblox.eu\\\/wp-content\\\/uploads\\\/sites\\\/68\\\/2026\\\/04\\\/MAT25_DriesVdb_WEB-74-Grande-e1775749134757-300x224.jpeg 300w, https:\\\/\\\/mat.travelblox.eu\\\/wp-content\\\/uploads\\\/sites\\\/68\\\/2026\\\/04\\\/MAT25_DriesVdb_WEB-74-Grande-e1775749134757-16x12.jpeg 16w, https:\\\/\\\/mat.travelblox.eu\\\/wp-content\\\/uploads\\\/sites\\\/68\\\/2026\\\/04\\\/MAT25_DriesVdb_WEB-74-Grande-e1775749134757.jpeg 887w&quot;}\">\t\t\t\t\t\t\t\t\t\t\t\t\t\t\t<\/div>\n\t\t\t\t\t\t\t<div class=\"tb-card-content\">\n\t\t\t\t\t\t\t\t<h5>\n\t\t\t\t\t\t\t\t\t\t\t\t\t<i class=\"icon fa-solid fa-suitcase fa-fw\" aria-hidden=\"true\"><\/i>\n\t\t\t\t\t\t\t\t\t\t\t\t<span>Baggagetransport<\/span>\n\t\t\t\t\t\t\t\t<\/h5>\n\t\t\t\t\t\t\t\t\t\t\t\t\t\t\t\t\t<div class=\"price tiny-body-font mobile\"><p>95 \u20ac<\/p><\/div>\t\t\t\t\t\t\t\t<div class=\"content readmore-content content--clamped\">\t<div class=\"translation-block\"><p>Goed nieuws: aan het einde van je trek kun je lichter wandelen dankzij <strong>onze bagagetransportoptie, beschikbaar voor de laatste 3 dagen.<\/strong><\/p><p>Waarom alleen vanaf dag 3? Gewoon omdat de accommodatie in Raba\u00e7al niet bereikbaar is met de auto. Het is daarom niet mogelijk om bagage veilig te vervoeren (of op te halen) in de eerste 2 dagen.<\/p><p>Concreet betekent dit dat je in het begin van je verblijf je spullen bij je houdt. We raden je dus aan om slim te reizen en je rugzak niet te zwaar te laden voor dagen 1 en 2.<\/p><p>En zodra het transport mogelijk is, kun je volop genieten: als je voor de optie kiest, <strong>ontvang je een canvas tas \"Madeira Trail\" om je spullen in te stoppen.<\/strong><\/p><p>Hoewel het niet de hele week beschikbaar is, maakt het ontlasten in de laatste dagen de ervaring echt anders: meer comfort, meer vrijheid... en vaak genoeg energie om een extra rondje te maken en een uitzichtspunt te bereiken dat je nog lang zult herinneren.<\/p><\/div>\n\t<\/div>\n\t\t\t\t\t\t\t\t\t\t\t\t\t\t\t\t<div class=\"readmore link js-readmore\">\n\t\t\t\t\t\t\t\t\t<span><i class=\"fa-solid fa-circle-plus\"><\/i><u>Lees meer<\/u><\/span>\n\t\t\t\t\t\t\t\t\t<span><i class=\"fa-solid fa-circle-minus\"><\/i><u>Lees minder<\/u><\/span>\n\t\t\t\t\t\t\t\t<\/div>\n\t\t\t\t\t\t\t\t\t\t\t\t\t\t\t\t<dialog class=\"tb-popup\">\n\t\t\t\t\t\t\t\t\t<div class=\"tb-highlights-popup\">\n\t\t\t\t\t\t\t\t\t\t<div class=\"tb-image-part\">\n\t\t\t\t\t\t\t\t\t\t\t<img src='https:\/\/mat.travelblox.eu\/wp-content\/smush-webp\/sites\/68\/2026\/04\/MAT25_DriesVdb_WEB-74-Grande-e1775749134757-768x574.jpeg.webp' width='768' height='574' srcset='https:\/\/mat.travelblox.eu\/wp-content\/smush-webp\/sites\/68\/2026\/04\/MAT25_DriesVdb_WEB-74-Grande-e1775749134757-768x574.jpeg.webp 768w, https:\/\/mat.travelblox.eu\/wp-content\/smush-webp\/sites\/68\/2026\/04\/MAT25_DriesVdb_WEB-74-Grande-e1775749134757-300x224.jpeg.webp 300w, https:\/\/mat.travelblox.eu\/wp-content\/smush-webp\/sites\/68\/2026\/04\/MAT25_DriesVdb_WEB-74-Grande-e1775749134757-16x12.jpeg.webp 16w, https:\/\/mat.travelblox.eu\/wp-content\/smush-webp\/sites\/68\/2026\/04\/MAT25_DriesVdb_WEB-74-Grande-e1775749134757.jpeg.webp 887w' sizes=\"auto, (max-width: 768px) 100vw, 768px\" loading='lazy' decoding='async' data-smush-webp-fallback=\"{&quot;src&quot;:&quot;https:\\\/\\\/mat.travelblox.eu\\\/wp-content\\\/uploads\\\/sites\\\/68\\\/2026\\\/04\\\/MAT25_DriesVdb_WEB-74-Grande-e1775749134757-768x574.jpeg&quot;,&quot;srcset&quot;:&quot;https:\\\/\\\/mat.travelblox.eu\\\/wp-content\\\/uploads\\\/sites\\\/68\\\/2026\\\/04\\\/MAT25_DriesVdb_WEB-74-Grande-e1775749134757-768x574.jpeg 768w, https:\\\/\\\/mat.travelblox.eu\\\/wp-content\\\/uploads\\\/sites\\\/68\\\/2026\\\/04\\\/MAT25_DriesVdb_WEB-74-Grande-e1775749134757-300x224.jpeg 300w, https:\\\/\\\/mat.travelblox.eu\\\/wp-content\\\/uploads\\\/sites\\\/68\\\/2026\\\/04\\\/MAT25_DriesVdb_WEB-74-Grande-e1775749134757-16x12.jpeg 16w, https:\\\/\\\/mat.travelblox.eu\\\/wp-content\\\/uploads\\\/sites\\\/68\\\/2026\\\/04\\\/MAT25_DriesVdb_WEB-74-Grande-e1775749134757.jpeg 887w&quot;}\">\t\t\t\t\t\t\t\t\t\t<\/div>\n\t\t\t\t\t\t\t\t\t\t<div class=\"tb-popup-content\">\n\t\t\t\t\t\t\t\t\t\t\t<h3>Baggagetransport<\/h3>\n\t\t\t\t\t\t\t\t\t\t\t<div class=\"content\">\t<div class=\"translation-block\"><p>Goed nieuws: aan het einde van je trek kun je lichter wandelen dankzij <strong>onze bagagetransportoptie, beschikbaar voor de laatste 3 dagen.<\/strong><\/p><p>Waarom alleen vanaf dag 3? Gewoon omdat de accommodatie in Raba\u00e7al niet bereikbaar is met de auto. Het is daarom niet mogelijk om bagage veilig te vervoeren (of op te halen) in de eerste 2 dagen.<\/p><p>Concreet betekent dit dat je in het begin van je verblijf je spullen bij je houdt. We raden je dus aan om slim te reizen en je rugzak niet te zwaar te laden voor dagen 1 en 2.<\/p><p>En zodra het transport mogelijk is, kun je volop genieten: als je voor de optie kiest, <strong>ontvang je een canvas tas \"Madeira Trail\" om je spullen in te stoppen.<\/strong><\/p><p>Hoewel het niet de hele week beschikbaar is, maakt het ontlasten in de laatste dagen de ervaring echt anders: meer comfort, meer vrijheid... en vaak genoeg energie om een extra rondje te maken en een uitzichtspunt te bereiken dat je nog lang zult herinneren.<\/p><\/div>\n\t<\/div>\n\t\t\t\t\t\t\t\t\t\t<\/div>\n\t\t\t\t\t\t\t\t\t<\/div>\n\t\t\t\t\t\t\t\t<\/dialog>\n\t\t\t\t\t\t\t<\/div>\n\t\t\t\t\t\t<\/div>\n\t\t\t\t\t\t\t\t\t\t\t\t\t<\/div>\n\t\t\t\t<div class=\"tb-carousel-nav\">\n\t\t<div class=\"dots\">\n\t\t\t<div class=\"dot active\"><\/div>\n\t\t\t<div class=\"dot\"><\/div>\n\t\t\t<div class=\"dot\"><\/div>\n\t\t<\/div>\n\t\t<div class=\"arrows\">\n\t\t\t<div class=\"prev disabled\">\n\t\t\t\t<span><i class=\"fa fa-chevron-left\"><\/i><\/span>\n\t\t\t<\/div>\n\t\t\t<div class=\"next\">\n\t\t\t\t<span><i class=\"fa fa-chevron-right\"><\/i><\/span>\n\t\t\t<\/div>\n\t\t<\/div>\n\t<\/div>\n\t\t\t<\/div>\n\t<\/div>\n\t\t\t\t\t\t\t\t\t\t<\/div>\n\t\t<\/div>\n\n\n\n\n\n\n<div class=\"tb-howtogetthere tb-block align-none background-light pattern-none variant-none tb-collapsible-margins\" id=\"howtogetthere-1-1\">\n\t<div class=\"inner-block tb-fade-in tb-fade-in--subtle\">\n\t\t<div class=\"text-part\">\n\t\t\t<h2>Hoe reis ik naar Madeira?<\/h2>\n\t\t\t\t<div class=\"translation-block\"><p>Je kunt eenvoudig online vluchten boeken naar Funchal. Je vluchten boek je op de data die je wilt om langer van Madeira te genieten, maar zorg ervoor dat je op tijd bent voor de shuttle die je naar het beginpunt van de trail brengt.<\/p><p>Je kunt een vluchtvergelijker gebruiken, zoals <a href=\"https:\/\/www.google.com\/travel\/flights\" target=\"_blank\">Google Flights,<\/a> om de vluchturen en prijzen te bekijken.<\/p><\/div>\n\t\t\t\t\t\t<\/div>\n\t<\/div>\n\t\t\t<div class=\"inner-block tb-fade-in tb-fade-in--subtle\">\n\t\t\t\t\t\t\t<div class=\"tb-sections\">\n\t\t\t\t\t\t\t\t\t\t\t\t\t\t\t\t\t\t<div class=\"tb-section entries\" id=\"howtogetthere-1-1-section-0\">\n\t\t\t\t\t\t\t\t\t\t\t\t\t\t\t\t\t<div class=\"entry\">\n\t\t\t\t\t\t\t\t\t\t\t\t\t\t<i class=\"icon fa-solid fa-plane-departure fa-fw\" aria-hidden=\"true\"><\/i>\n\t\t\t\t\t\t\t\t\t\t\t\t\t<div class=\"text-part\">\n\t\t\t\t\t\t\t\t\t\t\t<h4>Vertrek vanuit Amsterdam<\/h4>\n\t\t\t\t\t\t\t\t\t\t\t\t<div class=\"translation-block\"><p>Vanuit Amsterdam zijn er twee luchtvaartmaatschappijen die rechtstreekse vluchten aanbieden naar Funchal:<\/p><ul><li><a href=\"https:\/\/www.transavia.com\/\" target=\"_blank\">Transavia<\/a><\/li><li><a href=\"http:\/\/www.easyjet.com\">EasyJet<\/a><\/li><\/ul><p>Deze maatschappij biedt ook vluchten naar Funchal aan, met een tussenstop in Lissabon:<\/p><ul><li><a href=\"http:\/\/www.flytap.com\">Tap Portugal<\/a><\/li><\/ul><\/div>\n\t\t\t\t\t\t\t\t\t\t\t<\/div>\n\t\t\t\t\t\t\t\t\t<\/div>\n\t\t\t\t\t\t\t\t\t\t\t\t\t\t\t\t\t<div class=\"entry\">\n\t\t\t\t\t\t\t\t\t\t\t\t\t\t<i class=\"icon fa-solid fa-plane-departure fa-fw\" aria-hidden=\"true\"><\/i>\n\t\t\t\t\t\t\t\t\t\t\t\t\t<div class=\"text-part\">\n\t\t\t\t\t\t\t\t\t\t\t<h4>Vertrek vanuit Brussel<\/h4>\n\t\t\t\t\t\t\t\t\t\t\t\t<div class=\"translation-block\"><p>Vanuit Brussel bieden twee maatschappijen een rechtstreekse vlucht naar Funchal aan:<\/p><ul><li><a href=\"https:\/\/www.ryanair.com\/\" target=\"_blank\">Ryanair<\/a><\/li><li><a href=\"https:\/\/www.tui.be\/\">Tui Fly<\/a><\/li><\/ul><p>Deze maatschappij biedt ook vluchten naar Funchal aan, maar met een tussenstop in Lissabon:<\/p><ul><li><a href=\"https:\/\/www.flytap.com\/fr-be\/\">Tap Portugal<\/a><\/li><\/ul><\/div>\n\t\t\t\t\t\t\t\t\t\t\t<\/div>\n\t\t\t\t\t\t\t\t\t<\/div>\n\t\t\t\t\t\t\t\t\t\t\t\t\t\t\t<\/div>\n\t\t\t\t\t\t\t\t\t\t\t\t\t\t\t<\/div>\n\t\t\t\t\t<\/div>\n\t<\/div>\n\n\n\n\n<div class=\"tb-gallery tb-block align-center background-light pattern-none variant-grid\" id=\"gallery-1\">\n\t<div class=\"tb-gallery__inner\">\n\t\t<div class=\"desktop tb-has-popup-content\">\n\t\t\t\t\t\t\t<ul class=\"tb-gallery-grid\">\n\t\t\t\t\t\t\t\t\t\t\t\t\t\t\t\t\t\t<li class=\"slide\">\n\t\t\t\t\t\t\t\t<div class=\"tb-popup-trigger\">\n\t\t\t\t\t\t\t\t\t<img src='https:\/\/mat.travelblox.eu\/wp-content\/smush-webp\/sites\/68\/2024\/09\/Siliquini-TheMadeiraTrail-240321-0418.jpg.webp' width='2048' height='1365' alt='Blume van Madeira - Madeira bloemen - Fleurs de Mad\u00e8re - Bloem van Madeira' srcset='https:\/\/mat.travelblox.eu\/wp-content\/smush-webp\/sites\/68\/2024\/09\/Siliquini-TheMadeiraTrail-240321-0418.jpg.webp 2048w, https:\/\/mat.travelblox.eu\/wp-content\/smush-webp\/sites\/68\/2024\/09\/Siliquini-TheMadeiraTrail-240321-0418-300x200.jpg.webp 300w, https:\/\/mat.travelblox.eu\/wp-content\/smush-webp\/sites\/68\/2024\/09\/Siliquini-TheMadeiraTrail-240321-0418-1024x683.jpg.webp 1024w, https:\/\/mat.travelblox.eu\/wp-content\/smush-webp\/sites\/68\/2024\/09\/Siliquini-TheMadeiraTrail-240321-0418-768x512.jpg.webp 768w, https:\/\/mat.travelblox.eu\/wp-content\/smush-webp\/sites\/68\/2024\/09\/Siliquini-TheMadeiraTrail-240321-0418-1536x1024.jpg.webp 1536w, https:\/\/mat.travelblox.eu\/wp-content\/smush-webp\/sites\/68\/2024\/09\/Siliquini-TheMadeiraTrail-240321-0418-18x12.jpg.webp 18w' sizes=\"auto, (max-width: 2048px) 100vw, 2048px\" style='object-position:50% 50%' loading='lazy' decoding='async' data-smush-webp-fallback=\"{&quot;src&quot;:&quot;https:\\\/\\\/mat.travelblox.eu\\\/wp-content\\\/uploads\\\/sites\\\/68\\\/2024\\\/09\\\/Siliquini-TheMadeiraTrail-240321-0418.jpg&quot;,&quot;srcset&quot;:&quot;https:\\\/\\\/mat.travelblox.eu\\\/wp-content\\\/uploads\\\/sites\\\/68\\\/2024\\\/09\\\/Siliquini-TheMadeiraTrail-240321-0418.jpg 2048w, https:\\\/\\\/mat.travelblox.eu\\\/wp-content\\\/uploads\\\/sites\\\/68\\\/2024\\\/09\\\/Siliquini-TheMadeiraTrail-240321-0418-300x200.jpg 300w, https:\\\/\\\/mat.travelblox.eu\\\/wp-content\\\/uploads\\\/sites\\\/68\\\/2024\\\/09\\\/Siliquini-TheMadeiraTrail-240321-0418-1024x683.jpg 1024w, https:\\\/\\\/mat.travelblox.eu\\\/wp-content\\\/uploads\\\/sites\\\/68\\\/2024\\\/09\\\/Siliquini-TheMadeiraTrail-240321-0418-768x512.jpg 768w, https:\\\/\\\/mat.travelblox.eu\\\/wp-content\\\/uploads\\\/sites\\\/68\\\/2024\\\/09\\\/Siliquini-TheMadeiraTrail-240321-0418-1536x1024.jpg 1536w, https:\\\/\\\/mat.travelblox.eu\\\/wp-content\\\/uploads\\\/sites\\\/68\\\/2024\\\/09\\\/Siliquini-TheMadeiraTrail-240321-0418-18x12.jpg 18w&quot;}\">\t\t\t\t\t\t\t\t<\/div>\n\t\t\t\t\t\t\t<\/li>\n\t\t\t\t\t\t\t\t\t\t\t\t\t<li class=\"slide\">\n\t\t\t\t\t\t\t\t<div class=\"tb-popup-trigger\">\n\t\t\t\t\t\t\t\t\t<img src='https:\/\/mat.travelblox.eu\/wp-content\/smush-webp\/sites\/68\/2025\/09\/MAT25_DriesVdb_WEB-153-scaled.jpg.webp' width='2560' height='1440' alt='Birds Madeira - Oiseaux \u00e0 Mad\u00e8re - Vogels op Madeira - V\u00f6gel auf Madeira' srcset='https:\/\/mat.travelblox.eu\/wp-content\/smush-webp\/sites\/68\/2025\/09\/MAT25_DriesVdb_WEB-153-scaled.jpg.webp 2560w, https:\/\/mat.travelblox.eu\/wp-content\/smush-webp\/sites\/68\/2025\/09\/MAT25_DriesVdb_WEB-153-300x169.jpg.webp 300w, https:\/\/mat.travelblox.eu\/wp-content\/smush-webp\/sites\/68\/2025\/09\/MAT25_DriesVdb_WEB-153-1024x576.jpg.webp 1024w, https:\/\/mat.travelblox.eu\/wp-content\/smush-webp\/sites\/68\/2025\/09\/MAT25_DriesVdb_WEB-153-768x432.jpg.webp 768w, https:\/\/mat.travelblox.eu\/wp-content\/smush-webp\/sites\/68\/2025\/09\/MAT25_DriesVdb_WEB-153-1536x864.jpg.webp 1536w, https:\/\/mat.travelblox.eu\/wp-content\/smush-webp\/sites\/68\/2025\/09\/MAT25_DriesVdb_WEB-153-2048x1152.jpg.webp 2048w, https:\/\/mat.travelblox.eu\/wp-content\/smush-webp\/sites\/68\/2025\/09\/MAT25_DriesVdb_WEB-153-18x10.jpg.webp 18w' sizes=\"auto, (max-width: 2560px) 100vw, 2560px\" style='object-position:50% 50%' loading='lazy' decoding='async' data-smush-webp-fallback=\"{&quot;src&quot;:&quot;https:\\\/\\\/mat.travelblox.eu\\\/wp-content\\\/uploads\\\/sites\\\/68\\\/2025\\\/09\\\/MAT25_DriesVdb_WEB-153-scaled.jpg&quot;,&quot;srcset&quot;:&quot;https:\\\/\\\/mat.travelblox.eu\\\/wp-content\\\/uploads\\\/sites\\\/68\\\/2025\\\/09\\\/MAT25_DriesVdb_WEB-153-scaled.jpg 2560w, https:\\\/\\\/mat.travelblox.eu\\\/wp-content\\\/uploads\\\/sites\\\/68\\\/2025\\\/09\\\/MAT25_DriesVdb_WEB-153-300x169.jpg 300w, https:\\\/\\\/mat.travelblox.eu\\\/wp-content\\\/uploads\\\/sites\\\/68\\\/2025\\\/09\\\/MAT25_DriesVdb_WEB-153-1024x576.jpg 1024w, https:\\\/\\\/mat.travelblox.eu\\\/wp-content\\\/uploads\\\/sites\\\/68\\\/2025\\\/09\\\/MAT25_DriesVdb_WEB-153-768x432.jpg 768w, https:\\\/\\\/mat.travelblox.eu\\\/wp-content\\\/uploads\\\/sites\\\/68\\\/2025\\\/09\\\/MAT25_DriesVdb_WEB-153-1536x864.jpg 1536w, https:\\\/\\\/mat.travelblox.eu\\\/wp-content\\\/uploads\\\/sites\\\/68\\\/2025\\\/09\\\/MAT25_DriesVdb_WEB-153-2048x1152.jpg 2048w, https:\\\/\\\/mat.travelblox.eu\\\/wp-content\\\/uploads\\\/sites\\\/68\\\/2025\\\/09\\\/MAT25_DriesVdb_WEB-153-18x10.jpg 18w&quot;}\">\t\t\t\t\t\t\t\t<\/div>\n\t\t\t\t\t\t\t<\/li>\n\t\t\t\t\t\t\t\t\t\t\t\t\t<li class=\"slide\">\n\t\t\t\t\t\t\t\t<div class=\"tb-popup-trigger\">\n\t\t\t\t\t\t\t\t\t<img src='https:\/\/mat.travelblox.eu\/wp-content\/smush-webp\/sites\/68\/2024\/03\/Siliquini-MadeiraTrail-240317-5551.jpeg.webp' width='1365' height='2048' alt='Fauna op Madeira - Fauna op Madeira - Fauna op Madeira - Wildlife op Madeira' srcset='https:\/\/mat.travelblox.eu\/wp-content\/smush-webp\/sites\/68\/2024\/03\/Siliquini-MadeiraTrail-240317-5551.jpeg.webp 1365w, https:\/\/mat.travelblox.eu\/wp-content\/smush-webp\/sites\/68\/2024\/03\/Siliquini-MadeiraTrail-240317-5551-200x300.jpeg.webp 200w, https:\/\/mat.travelblox.eu\/wp-content\/smush-webp\/sites\/68\/2024\/03\/Siliquini-MadeiraTrail-240317-5551-683x1024.jpeg.webp 683w, https:\/\/mat.travelblox.eu\/wp-content\/smush-webp\/sites\/68\/2024\/03\/Siliquini-MadeiraTrail-240317-5551-768x1152.jpeg.webp 768w, https:\/\/mat.travelblox.eu\/wp-content\/smush-webp\/sites\/68\/2024\/03\/Siliquini-MadeiraTrail-240317-5551-1024x1536.jpeg.webp 1024w, https:\/\/mat.travelblox.eu\/wp-content\/smush-webp\/sites\/68\/2024\/03\/Siliquini-MadeiraTrail-240317-5551-8x12.jpeg.webp 8w' sizes=\"auto, (max-width: 1365px) 100vw, 1365px\" style='object-position:50% 50%' loading='lazy' decoding='async' data-smush-webp-fallback=\"{&quot;src&quot;:&quot;https:\\\/\\\/mat.travelblox.eu\\\/wp-content\\\/uploads\\\/sites\\\/68\\\/2024\\\/03\\\/Siliquini-MadeiraTrail-240317-5551.jpeg&quot;,&quot;srcset&quot;:&quot;https:\\\/\\\/mat.travelblox.eu\\\/wp-content\\\/uploads\\\/sites\\\/68\\\/2024\\\/03\\\/Siliquini-MadeiraTrail-240317-5551.jpeg 1365w, https:\\\/\\\/mat.travelblox.eu\\\/wp-content\\\/uploads\\\/sites\\\/68\\\/2024\\\/03\\\/Siliquini-MadeiraTrail-240317-5551-200x300.jpeg 200w, https:\\\/\\\/mat.travelblox.eu\\\/wp-content\\\/uploads\\\/sites\\\/68\\\/2024\\\/03\\\/Siliquini-MadeiraTrail-240317-5551-683x1024.jpeg 683w, https:\\\/\\\/mat.travelblox.eu\\\/wp-content\\\/uploads\\\/sites\\\/68\\\/2024\\\/03\\\/Siliquini-MadeiraTrail-240317-5551-768x1152.jpeg 768w, https:\\\/\\\/mat.travelblox.eu\\\/wp-content\\\/uploads\\\/sites\\\/68\\\/2024\\\/03\\\/Siliquini-MadeiraTrail-240317-5551-1024x1536.jpeg 1024w, https:\\\/\\\/mat.travelblox.eu\\\/wp-content\\\/uploads\\\/sites\\\/68\\\/2024\\\/03\\\/Siliquini-MadeiraTrail-240317-5551-8x12.jpeg 8w&quot;}\">\t\t\t\t\t\t\t\t<\/div>\n\t\t\t\t\t\t\t<\/li>\n\t\t\t\t\t\t\t\t\t\t\t\t\t<li class=\"slide\">\n\t\t\t\t\t\t\t\t<div class=\"tb-popup-trigger\">\n\t\t\t\t\t\t\t\t\t<img src='https:\/\/mat.travelblox.eu\/wp-content\/smush-webp\/sites\/68\/2025\/09\/MAT25_DriesVdb_WEB-151-scaled.jpg.webp' width='2560' height='1440' alt='Montagnes \u00e0 Mad\u00e8re - Bergen op Madeira - Berge auf Madeira - Mountains in Madeira' srcset='https:\/\/mat.travelblox.eu\/wp-content\/smush-webp\/sites\/68\/2025\/09\/MAT25_DriesVdb_WEB-151-scaled.jpg.webp 2560w, https:\/\/mat.travelblox.eu\/wp-content\/smush-webp\/sites\/68\/2025\/09\/MAT25_DriesVdb_WEB-151-300x169.jpg.webp 300w, https:\/\/mat.travelblox.eu\/wp-content\/smush-webp\/sites\/68\/2025\/09\/MAT25_DriesVdb_WEB-151-1024x576.jpg.webp 1024w, https:\/\/mat.travelblox.eu\/wp-content\/smush-webp\/sites\/68\/2025\/09\/MAT25_DriesVdb_WEB-151-768x432.jpg.webp 768w, https:\/\/mat.travelblox.eu\/wp-content\/smush-webp\/sites\/68\/2025\/09\/MAT25_DriesVdb_WEB-151-1536x864.jpg.webp 1536w, https:\/\/mat.travelblox.eu\/wp-content\/smush-webp\/sites\/68\/2025\/09\/MAT25_DriesVdb_WEB-151-2048x1152.jpg.webp 2048w, https:\/\/mat.travelblox.eu\/wp-content\/smush-webp\/sites\/68\/2025\/09\/MAT25_DriesVdb_WEB-151-18x10.jpg.webp 18w' sizes=\"auto, (max-width: 2560px) 100vw, 2560px\" style='object-position:50% 50%' loading='lazy' decoding='async' data-smush-webp-fallback=\"{&quot;src&quot;:&quot;https:\\\/\\\/mat.travelblox.eu\\\/wp-content\\\/uploads\\\/sites\\\/68\\\/2025\\\/09\\\/MAT25_DriesVdb_WEB-151-scaled.jpg&quot;,&quot;srcset&quot;:&quot;https:\\\/\\\/mat.travelblox.eu\\\/wp-content\\\/uploads\\\/sites\\\/68\\\/2025\\\/09\\\/MAT25_DriesVdb_WEB-151-scaled.jpg 2560w, https:\\\/\\\/mat.travelblox.eu\\\/wp-content\\\/uploads\\\/sites\\\/68\\\/2025\\\/09\\\/MAT25_DriesVdb_WEB-151-300x169.jpg 300w, https:\\\/\\\/mat.travelblox.eu\\\/wp-content\\\/uploads\\\/sites\\\/68\\\/2025\\\/09\\\/MAT25_DriesVdb_WEB-151-1024x576.jpg 1024w, https:\\\/\\\/mat.travelblox.eu\\\/wp-content\\\/uploads\\\/sites\\\/68\\\/2025\\\/09\\\/MAT25_DriesVdb_WEB-151-768x432.jpg 768w, https:\\\/\\\/mat.travelblox.eu\\\/wp-content\\\/uploads\\\/sites\\\/68\\\/2025\\\/09\\\/MAT25_DriesVdb_WEB-151-1536x864.jpg 1536w, https:\\\/\\\/mat.travelblox.eu\\\/wp-content\\\/uploads\\\/sites\\\/68\\\/2025\\\/09\\\/MAT25_DriesVdb_WEB-151-2048x1152.jpg 2048w, https:\\\/\\\/mat.travelblox.eu\\\/wp-content\\\/uploads\\\/sites\\\/68\\\/2025\\\/09\\\/MAT25_DriesVdb_WEB-151-18x10.jpg 18w&quot;}\">\t\t\t\t\t\t\t\t<\/div>\n\t\t\t\t\t\t\t<\/li>\n\t\t\t\t\t\t\t\t\t\t\t\t\t<li class=\"slide\">\n\t\t\t\t\t\t\t\t<div class=\"tb-popup-trigger\">\n\t\t\t\t\t\t\t\t\t<img src='https:\/\/mat.travelblox.eu\/wp-content\/smush-webp\/sites\/68\/2025\/08\/MAT25_DriesVdb_WEB-69-scaled.jpg.webp' width='2560' height='1707' alt='Landschappen op Madeira - Vues \u00e0 Mad\u00e8re - Landschappen op Madeira - Landschaften auf Madeira' srcset='https:\/\/mat.travelblox.eu\/wp-content\/smush-webp\/sites\/68\/2025\/08\/MAT25_DriesVdb_WEB-69-scaled.jpg.webp 2560w, https:\/\/mat.travelblox.eu\/wp-content\/smush-webp\/sites\/68\/2025\/08\/MAT25_DriesVdb_WEB-69-300x200.jpg.webp 300w, https:\/\/mat.travelblox.eu\/wp-content\/smush-webp\/sites\/68\/2025\/08\/MAT25_DriesVdb_WEB-69-1024x683.jpg.webp 1024w, https:\/\/mat.travelblox.eu\/wp-content\/smush-webp\/sites\/68\/2025\/08\/MAT25_DriesVdb_WEB-69-768x512.jpg.webp 768w, https:\/\/mat.travelblox.eu\/wp-content\/smush-webp\/sites\/68\/2025\/08\/MAT25_DriesVdb_WEB-69-1536x1024.jpg.webp 1536w, https:\/\/mat.travelblox.eu\/wp-content\/smush-webp\/sites\/68\/2025\/08\/MAT25_DriesVdb_WEB-69-2048x1365.jpg.webp 2048w, https:\/\/mat.travelblox.eu\/wp-content\/smush-webp\/sites\/68\/2025\/08\/MAT25_DriesVdb_WEB-69-18x12.jpg.webp 18w' sizes=\"auto, (max-width: 2560px) 100vw, 2560px\" style='object-position:50% 50%' loading='lazy' decoding='async' data-smush-webp-fallback=\"{&quot;src&quot;:&quot;https:\\\/\\\/mat.travelblox.eu\\\/wp-content\\\/uploads\\\/sites\\\/68\\\/2025\\\/08\\\/MAT25_DriesVdb_WEB-69-scaled.jpg&quot;,&quot;srcset&quot;:&quot;https:\\\/\\\/mat.travelblox.eu\\\/wp-content\\\/uploads\\\/sites\\\/68\\\/2025\\\/08\\\/MAT25_DriesVdb_WEB-69-scaled.jpg 2560w, https:\\\/\\\/mat.travelblox.eu\\\/wp-content\\\/uploads\\\/sites\\\/68\\\/2025\\\/08\\\/MAT25_DriesVdb_WEB-69-300x200.jpg 300w, https:\\\/\\\/mat.travelblox.eu\\\/wp-content\\\/uploads\\\/sites\\\/68\\\/2025\\\/08\\\/MAT25_DriesVdb_WEB-69-1024x683.jpg 1024w, https:\\\/\\\/mat.travelblox.eu\\\/wp-content\\\/uploads\\\/sites\\\/68\\\/2025\\\/08\\\/MAT25_DriesVdb_WEB-69-768x512.jpg 768w, https:\\\/\\\/mat.travelblox.eu\\\/wp-content\\\/uploads\\\/sites\\\/68\\\/2025\\\/08\\\/MAT25_DriesVdb_WEB-69-1536x1024.jpg 1536w, https:\\\/\\\/mat.travelblox.eu\\\/wp-content\\\/uploads\\\/sites\\\/68\\\/2025\\\/08\\\/MAT25_DriesVdb_WEB-69-2048x1365.jpg 2048w, https:\\\/\\\/mat.travelblox.eu\\\/wp-content\\\/uploads\\\/sites\\\/68\\\/2025\\\/08\\\/MAT25_DriesVdb_WEB-69-18x12.jpg 18w&quot;}\">\t\t\t\t\t\t\t\t<\/div>\n\t\t\t\t\t\t\t<\/li>\n\t\t\t\t\t\t\t\t\t\t\t\t\t<li class=\"slide\">\n\t\t\t\t\t\t\t\t<div class=\"tb-popup-trigger\">\n\t\t\t\t\t\t\t\t\t<img src='https:\/\/mat.travelblox.eu\/wp-content\/smush-webp\/sites\/68\/2025\/11\/Siliquini-TheMadeiraTrail-240319-9399.jpg.webp' width='1024' height='683' alt='Landschappen op Madeira - Vues \u00e0 Mad\u00e8re - Landschappen op Madeira - Landschaften auf Madeira' srcset='https:\/\/mat.travelblox.eu\/wp-content\/smush-webp\/sites\/68\/2025\/11\/Siliquini-TheMadeiraTrail-240319-9399.jpg.webp 1024w, https:\/\/mat.travelblox.eu\/wp-content\/smush-webp\/sites\/68\/2025\/11\/Siliquini-TheMadeiraTrail-240319-9399-300x200.jpg.webp 300w, https:\/\/mat.travelblox.eu\/wp-content\/smush-webp\/sites\/68\/2025\/11\/Siliquini-TheMadeiraTrail-240319-9399-768x512.jpg.webp 768w, https:\/\/mat.travelblox.eu\/wp-content\/smush-webp\/sites\/68\/2025\/11\/Siliquini-TheMadeiraTrail-240319-9399-18x12.jpg.webp 18w' sizes=\"auto, (max-width: 1024px) 100vw, 1024px\" style='object-position:50% 50%' loading='lazy' decoding='async' data-smush-webp-fallback=\"{&quot;src&quot;:&quot;https:\\\/\\\/mat.travelblox.eu\\\/wp-content\\\/uploads\\\/sites\\\/68\\\/2025\\\/11\\\/Siliquini-TheMadeiraTrail-240319-9399.jpg&quot;,&quot;srcset&quot;:&quot;https:\\\/\\\/mat.travelblox.eu\\\/wp-content\\\/uploads\\\/sites\\\/68\\\/2025\\\/11\\\/Siliquini-TheMadeiraTrail-240319-9399.jpg 1024w, https:\\\/\\\/mat.travelblox.eu\\\/wp-content\\\/uploads\\\/sites\\\/68\\\/2025\\\/11\\\/Siliquini-TheMadeiraTrail-240319-9399-300x200.jpg 300w, https:\\\/\\\/mat.travelblox.eu\\\/wp-content\\\/uploads\\\/sites\\\/68\\\/2025\\\/11\\\/Siliquini-TheMadeiraTrail-240319-9399-768x512.jpg 768w, https:\\\/\\\/mat.travelblox.eu\\\/wp-content\\\/uploads\\\/sites\\\/68\\\/2025\\\/11\\\/Siliquini-TheMadeiraTrail-240319-9399-18x12.jpg 18w&quot;}\">\t\t\t\t\t\t\t\t<\/div>\n\t\t\t\t\t\t\t<\/li>\n\t\t\t\t\t\t\t\t\t\t\t\t\t\t\t<\/ul>\n\t\t\t\t\t\t<div class=\"tb-popup tb-popup--open-clicked-image\">\n\t\t\t\t<div class=\"tb-gallery-popup\">\n\t\t\t\t\t<div class=\"tb-image-part\">\n\t\t\t\t\t\t\t\t<div class=\"inner-block-full-width has-tb-carousel tb-carousel-slider\" >\n\t\t<div class=\"tb-carousel-container\">\n\t\t\t<div class=\"entries tb-cards\" data-slider-first=\"2\">\n\t\t\t\t\t\t\t<div class=\"entry\">\n\t\t\t<div class=\"tb-image-part\">\n\t\t\t\t<figure>\n\t\t\t\t\t<img src='https:\/\/mat.travelblox.eu\/wp-content\/smush-webp\/sites\/68\/2024\/09\/Siliquini-TheMadeiraTrail-240321-0418.jpg.webp' width='2048' height='1365' alt='Blume van Madeira - Madeira bloemen - Fleurs de Mad\u00e8re - Bloem van Madeira' srcset='https:\/\/mat.travelblox.eu\/wp-content\/smush-webp\/sites\/68\/2024\/09\/Siliquini-TheMadeiraTrail-240321-0418.jpg.webp 2048w, https:\/\/mat.travelblox.eu\/wp-content\/smush-webp\/sites\/68\/2024\/09\/Siliquini-TheMadeiraTrail-240321-0418-300x200.jpg.webp 300w, https:\/\/mat.travelblox.eu\/wp-content\/smush-webp\/sites\/68\/2024\/09\/Siliquini-TheMadeiraTrail-240321-0418-1024x683.jpg.webp 1024w, https:\/\/mat.travelblox.eu\/wp-content\/smush-webp\/sites\/68\/2024\/09\/Siliquini-TheMadeiraTrail-240321-0418-768x512.jpg.webp 768w, https:\/\/mat.travelblox.eu\/wp-content\/smush-webp\/sites\/68\/2024\/09\/Siliquini-TheMadeiraTrail-240321-0418-1536x1024.jpg.webp 1536w, https:\/\/mat.travelblox.eu\/wp-content\/smush-webp\/sites\/68\/2024\/09\/Siliquini-TheMadeiraTrail-240321-0418-18x12.jpg.webp 18w' sizes=\"auto, (max-width: 2048px) 100vw, 2048px\" style='object-position:50% 50%' loading='lazy' decoding='async' data-smush-webp-fallback=\"{&quot;src&quot;:&quot;https:\\\/\\\/mat.travelblox.eu\\\/wp-content\\\/uploads\\\/sites\\\/68\\\/2024\\\/09\\\/Siliquini-TheMadeiraTrail-240321-0418.jpg&quot;,&quot;srcset&quot;:&quot;https:\\\/\\\/mat.travelblox.eu\\\/wp-content\\\/uploads\\\/sites\\\/68\\\/2024\\\/09\\\/Siliquini-TheMadeiraTrail-240321-0418.jpg 2048w, https:\\\/\\\/mat.travelblox.eu\\\/wp-content\\\/uploads\\\/sites\\\/68\\\/2024\\\/09\\\/Siliquini-TheMadeiraTrail-240321-0418-300x200.jpg 300w, https:\\\/\\\/mat.travelblox.eu\\\/wp-content\\\/uploads\\\/sites\\\/68\\\/2024\\\/09\\\/Siliquini-TheMadeiraTrail-240321-0418-1024x683.jpg 1024w, https:\\\/\\\/mat.travelblox.eu\\\/wp-content\\\/uploads\\\/sites\\\/68\\\/2024\\\/09\\\/Siliquini-TheMadeiraTrail-240321-0418-768x512.jpg 768w, https:\\\/\\\/mat.travelblox.eu\\\/wp-content\\\/uploads\\\/sites\\\/68\\\/2024\\\/09\\\/Siliquini-TheMadeiraTrail-240321-0418-1536x1024.jpg 1536w, https:\\\/\\\/mat.travelblox.eu\\\/wp-content\\\/uploads\\\/sites\\\/68\\\/2024\\\/09\\\/Siliquini-TheMadeiraTrail-240321-0418-18x12.jpg 18w&quot;}\">\t\t\t\t\t\t\t\t\t<\/figure>\n\t\t\t<\/div>\n\t\t<\/div>\n\t\t\t<div class=\"entry\">\n\t\t\t<div class=\"tb-image-part\">\n\t\t\t\t<figure>\n\t\t\t\t\t<img src='https:\/\/mat.travelblox.eu\/wp-content\/smush-webp\/sites\/68\/2025\/09\/MAT25_DriesVdb_WEB-153-scaled.jpg.webp' width='2560' height='1440' alt='Birds Madeira - Oiseaux \u00e0 Mad\u00e8re - Vogels op Madeira - V\u00f6gel auf Madeira' srcset='https:\/\/mat.travelblox.eu\/wp-content\/smush-webp\/sites\/68\/2025\/09\/MAT25_DriesVdb_WEB-153-scaled.jpg.webp 2560w, https:\/\/mat.travelblox.eu\/wp-content\/smush-webp\/sites\/68\/2025\/09\/MAT25_DriesVdb_WEB-153-300x169.jpg.webp 300w, https:\/\/mat.travelblox.eu\/wp-content\/smush-webp\/sites\/68\/2025\/09\/MAT25_DriesVdb_WEB-153-1024x576.jpg.webp 1024w, https:\/\/mat.travelblox.eu\/wp-content\/smush-webp\/sites\/68\/2025\/09\/MAT25_DriesVdb_WEB-153-768x432.jpg.webp 768w, https:\/\/mat.travelblox.eu\/wp-content\/smush-webp\/sites\/68\/2025\/09\/MAT25_DriesVdb_WEB-153-1536x864.jpg.webp 1536w, https:\/\/mat.travelblox.eu\/wp-content\/smush-webp\/sites\/68\/2025\/09\/MAT25_DriesVdb_WEB-153-2048x1152.jpg.webp 2048w, https:\/\/mat.travelblox.eu\/wp-content\/smush-webp\/sites\/68\/2025\/09\/MAT25_DriesVdb_WEB-153-18x10.jpg.webp 18w' sizes=\"auto, (max-width: 2560px) 100vw, 2560px\" style='object-position:50% 50%' loading='lazy' decoding='async' data-smush-webp-fallback=\"{&quot;src&quot;:&quot;https:\\\/\\\/mat.travelblox.eu\\\/wp-content\\\/uploads\\\/sites\\\/68\\\/2025\\\/09\\\/MAT25_DriesVdb_WEB-153-scaled.jpg&quot;,&quot;srcset&quot;:&quot;https:\\\/\\\/mat.travelblox.eu\\\/wp-content\\\/uploads\\\/sites\\\/68\\\/2025\\\/09\\\/MAT25_DriesVdb_WEB-153-scaled.jpg 2560w, https:\\\/\\\/mat.travelblox.eu\\\/wp-content\\\/uploads\\\/sites\\\/68\\\/2025\\\/09\\\/MAT25_DriesVdb_WEB-153-300x169.jpg 300w, https:\\\/\\\/mat.travelblox.eu\\\/wp-content\\\/uploads\\\/sites\\\/68\\\/2025\\\/09\\\/MAT25_DriesVdb_WEB-153-1024x576.jpg 1024w, https:\\\/\\\/mat.travelblox.eu\\\/wp-content\\\/uploads\\\/sites\\\/68\\\/2025\\\/09\\\/MAT25_DriesVdb_WEB-153-768x432.jpg 768w, https:\\\/\\\/mat.travelblox.eu\\\/wp-content\\\/uploads\\\/sites\\\/68\\\/2025\\\/09\\\/MAT25_DriesVdb_WEB-153-1536x864.jpg 1536w, https:\\\/\\\/mat.travelblox.eu\\\/wp-content\\\/uploads\\\/sites\\\/68\\\/2025\\\/09\\\/MAT25_DriesVdb_WEB-153-2048x1152.jpg 2048w, https:\\\/\\\/mat.travelblox.eu\\\/wp-content\\\/uploads\\\/sites\\\/68\\\/2025\\\/09\\\/MAT25_DriesVdb_WEB-153-18x10.jpg 18w&quot;}\">\t\t\t\t\t\t\t\t\t<\/figure>\n\t\t\t<\/div>\n\t\t<\/div>\n\t\t\t<div class=\"entry\">\n\t\t\t<div class=\"tb-image-part\">\n\t\t\t\t<figure>\n\t\t\t\t\t<img src='https:\/\/mat.travelblox.eu\/wp-content\/smush-webp\/sites\/68\/2024\/03\/Siliquini-MadeiraTrail-240317-5551.jpeg.webp' width='1365' height='2048' alt='Fauna op Madeira - Fauna op Madeira - Fauna op Madeira - Wildlife op Madeira' srcset='https:\/\/mat.travelblox.eu\/wp-content\/smush-webp\/sites\/68\/2024\/03\/Siliquini-MadeiraTrail-240317-5551.jpeg.webp 1365w, https:\/\/mat.travelblox.eu\/wp-content\/smush-webp\/sites\/68\/2024\/03\/Siliquini-MadeiraTrail-240317-5551-200x300.jpeg.webp 200w, https:\/\/mat.travelblox.eu\/wp-content\/smush-webp\/sites\/68\/2024\/03\/Siliquini-MadeiraTrail-240317-5551-683x1024.jpeg.webp 683w, https:\/\/mat.travelblox.eu\/wp-content\/smush-webp\/sites\/68\/2024\/03\/Siliquini-MadeiraTrail-240317-5551-768x1152.jpeg.webp 768w, https:\/\/mat.travelblox.eu\/wp-content\/smush-webp\/sites\/68\/2024\/03\/Siliquini-MadeiraTrail-240317-5551-1024x1536.jpeg.webp 1024w, https:\/\/mat.travelblox.eu\/wp-content\/smush-webp\/sites\/68\/2024\/03\/Siliquini-MadeiraTrail-240317-5551-8x12.jpeg.webp 8w' sizes=\"auto, (max-width: 1365px) 100vw, 1365px\" style='object-position:50% 50%' loading='lazy' decoding='async' data-smush-webp-fallback=\"{&quot;src&quot;:&quot;https:\\\/\\\/mat.travelblox.eu\\\/wp-content\\\/uploads\\\/sites\\\/68\\\/2024\\\/03\\\/Siliquini-MadeiraTrail-240317-5551.jpeg&quot;,&quot;srcset&quot;:&quot;https:\\\/\\\/mat.travelblox.eu\\\/wp-content\\\/uploads\\\/sites\\\/68\\\/2024\\\/03\\\/Siliquini-MadeiraTrail-240317-5551.jpeg 1365w, https:\\\/\\\/mat.travelblox.eu\\\/wp-content\\\/uploads\\\/sites\\\/68\\\/2024\\\/03\\\/Siliquini-MadeiraTrail-240317-5551-200x300.jpeg 200w, https:\\\/\\\/mat.travelblox.eu\\\/wp-content\\\/uploads\\\/sites\\\/68\\\/2024\\\/03\\\/Siliquini-MadeiraTrail-240317-5551-683x1024.jpeg 683w, https:\\\/\\\/mat.travelblox.eu\\\/wp-content\\\/uploads\\\/sites\\\/68\\\/2024\\\/03\\\/Siliquini-MadeiraTrail-240317-5551-768x1152.jpeg 768w, https:\\\/\\\/mat.travelblox.eu\\\/wp-content\\\/uploads\\\/sites\\\/68\\\/2024\\\/03\\\/Siliquini-MadeiraTrail-240317-5551-1024x1536.jpeg 1024w, https:\\\/\\\/mat.travelblox.eu\\\/wp-content\\\/uploads\\\/sites\\\/68\\\/2024\\\/03\\\/Siliquini-MadeiraTrail-240317-5551-8x12.jpeg 8w&quot;}\">\t\t\t\t\t\t\t\t\t<\/figure>\n\t\t\t<\/div>\n\t\t<\/div>\n\t\t\t<div class=\"entry\">\n\t\t\t<div class=\"tb-image-part\">\n\t\t\t\t<figure>\n\t\t\t\t\t<img src='https:\/\/mat.travelblox.eu\/wp-content\/smush-webp\/sites\/68\/2025\/09\/MAT25_DriesVdb_WEB-151-scaled.jpg.webp' width='2560' height='1440' alt='Montagnes \u00e0 Mad\u00e8re - Bergen op Madeira - Berge auf Madeira - Mountains in Madeira' srcset='https:\/\/mat.travelblox.eu\/wp-content\/smush-webp\/sites\/68\/2025\/09\/MAT25_DriesVdb_WEB-151-scaled.jpg.webp 2560w, https:\/\/mat.travelblox.eu\/wp-content\/smush-webp\/sites\/68\/2025\/09\/MAT25_DriesVdb_WEB-151-300x169.jpg.webp 300w, https:\/\/mat.travelblox.eu\/wp-content\/smush-webp\/sites\/68\/2025\/09\/MAT25_DriesVdb_WEB-151-1024x576.jpg.webp 1024w, https:\/\/mat.travelblox.eu\/wp-content\/smush-webp\/sites\/68\/2025\/09\/MAT25_DriesVdb_WEB-151-768x432.jpg.webp 768w, https:\/\/mat.travelblox.eu\/wp-content\/smush-webp\/sites\/68\/2025\/09\/MAT25_DriesVdb_WEB-151-1536x864.jpg.webp 1536w, https:\/\/mat.travelblox.eu\/wp-content\/smush-webp\/sites\/68\/2025\/09\/MAT25_DriesVdb_WEB-151-2048x1152.jpg.webp 2048w, https:\/\/mat.travelblox.eu\/wp-content\/smush-webp\/sites\/68\/2025\/09\/MAT25_DriesVdb_WEB-151-18x10.jpg.webp 18w' sizes=\"auto, (max-width: 2560px) 100vw, 2560px\" style='object-position:50% 50%' loading='lazy' decoding='async' data-smush-webp-fallback=\"{&quot;src&quot;:&quot;https:\\\/\\\/mat.travelblox.eu\\\/wp-content\\\/uploads\\\/sites\\\/68\\\/2025\\\/09\\\/MAT25_DriesVdb_WEB-151-scaled.jpg&quot;,&quot;srcset&quot;:&quot;https:\\\/\\\/mat.travelblox.eu\\\/wp-content\\\/uploads\\\/sites\\\/68\\\/2025\\\/09\\\/MAT25_DriesVdb_WEB-151-scaled.jpg 2560w, https:\\\/\\\/mat.travelblox.eu\\\/wp-content\\\/uploads\\\/sites\\\/68\\\/2025\\\/09\\\/MAT25_DriesVdb_WEB-151-300x169.jpg 300w, https:\\\/\\\/mat.travelblox.eu\\\/wp-content\\\/uploads\\\/sites\\\/68\\\/2025\\\/09\\\/MAT25_DriesVdb_WEB-151-1024x576.jpg 1024w, https:\\\/\\\/mat.travelblox.eu\\\/wp-content\\\/uploads\\\/sites\\\/68\\\/2025\\\/09\\\/MAT25_DriesVdb_WEB-151-768x432.jpg 768w, https:\\\/\\\/mat.travelblox.eu\\\/wp-content\\\/uploads\\\/sites\\\/68\\\/2025\\\/09\\\/MAT25_DriesVdb_WEB-151-1536x864.jpg 1536w, https:\\\/\\\/mat.travelblox.eu\\\/wp-content\\\/uploads\\\/sites\\\/68\\\/2025\\\/09\\\/MAT25_DriesVdb_WEB-151-2048x1152.jpg 2048w, https:\\\/\\\/mat.travelblox.eu\\\/wp-content\\\/uploads\\\/sites\\\/68\\\/2025\\\/09\\\/MAT25_DriesVdb_WEB-151-18x10.jpg 18w&quot;}\">\t\t\t\t\t\t\t\t\t<\/figure>\n\t\t\t<\/div>\n\t\t<\/div>\n\t\t\t<div class=\"entry\">\n\t\t\t<div class=\"tb-image-part\">\n\t\t\t\t<figure>\n\t\t\t\t\t<img src='https:\/\/mat.travelblox.eu\/wp-content\/smush-webp\/sites\/68\/2025\/08\/MAT25_DriesVdb_WEB-69-scaled.jpg.webp' width='2560' height='1707' alt='Landschappen op Madeira - Vues \u00e0 Mad\u00e8re - Landschappen op Madeira - Landschaften auf Madeira' srcset='https:\/\/mat.travelblox.eu\/wp-content\/smush-webp\/sites\/68\/2025\/08\/MAT25_DriesVdb_WEB-69-scaled.jpg.webp 2560w, https:\/\/mat.travelblox.eu\/wp-content\/smush-webp\/sites\/68\/2025\/08\/MAT25_DriesVdb_WEB-69-300x200.jpg.webp 300w, https:\/\/mat.travelblox.eu\/wp-content\/smush-webp\/sites\/68\/2025\/08\/MAT25_DriesVdb_WEB-69-1024x683.jpg.webp 1024w, https:\/\/mat.travelblox.eu\/wp-content\/smush-webp\/sites\/68\/2025\/08\/MAT25_DriesVdb_WEB-69-768x512.jpg.webp 768w, https:\/\/mat.travelblox.eu\/wp-content\/smush-webp\/sites\/68\/2025\/08\/MAT25_DriesVdb_WEB-69-1536x1024.jpg.webp 1536w, https:\/\/mat.travelblox.eu\/wp-content\/smush-webp\/sites\/68\/2025\/08\/MAT25_DriesVdb_WEB-69-2048x1365.jpg.webp 2048w, https:\/\/mat.travelblox.eu\/wp-content\/smush-webp\/sites\/68\/2025\/08\/MAT25_DriesVdb_WEB-69-18x12.jpg.webp 18w' sizes=\"auto, (max-width: 2560px) 100vw, 2560px\" style='object-position:50% 50%' loading='lazy' decoding='async' data-smush-webp-fallback=\"{&quot;src&quot;:&quot;https:\\\/\\\/mat.travelblox.eu\\\/wp-content\\\/uploads\\\/sites\\\/68\\\/2025\\\/08\\\/MAT25_DriesVdb_WEB-69-scaled.jpg&quot;,&quot;srcset&quot;:&quot;https:\\\/\\\/mat.travelblox.eu\\\/wp-content\\\/uploads\\\/sites\\\/68\\\/2025\\\/08\\\/MAT25_DriesVdb_WEB-69-scaled.jpg 2560w, https:\\\/\\\/mat.travelblox.eu\\\/wp-content\\\/uploads\\\/sites\\\/68\\\/2025\\\/08\\\/MAT25_DriesVdb_WEB-69-300x200.jpg 300w, https:\\\/\\\/mat.travelblox.eu\\\/wp-content\\\/uploads\\\/sites\\\/68\\\/2025\\\/08\\\/MAT25_DriesVdb_WEB-69-1024x683.jpg 1024w, https:\\\/\\\/mat.travelblox.eu\\\/wp-content\\\/uploads\\\/sites\\\/68\\\/2025\\\/08\\\/MAT25_DriesVdb_WEB-69-768x512.jpg 768w, https:\\\/\\\/mat.travelblox.eu\\\/wp-content\\\/uploads\\\/sites\\\/68\\\/2025\\\/08\\\/MAT25_DriesVdb_WEB-69-1536x1024.jpg 1536w, https:\\\/\\\/mat.travelblox.eu\\\/wp-content\\\/uploads\\\/sites\\\/68\\\/2025\\\/08\\\/MAT25_DriesVdb_WEB-69-2048x1365.jpg 2048w, https:\\\/\\\/mat.travelblox.eu\\\/wp-content\\\/uploads\\\/sites\\\/68\\\/2025\\\/08\\\/MAT25_DriesVdb_WEB-69-18x12.jpg 18w&quot;}\">\t\t\t\t\t\t\t\t\t<\/figure>\n\t\t\t<\/div>\n\t\t<\/div>\n\t\t\t<div class=\"entry\">\n\t\t\t<div class=\"tb-image-part\">\n\t\t\t\t<figure>\n\t\t\t\t\t<img src='https:\/\/mat.travelblox.eu\/wp-content\/smush-webp\/sites\/68\/2025\/11\/Siliquini-TheMadeiraTrail-240319-9399.jpg.webp' width='1024' height='683' alt='Landschappen op Madeira - Vues \u00e0 Mad\u00e8re - Landschappen op Madeira - Landschaften auf Madeira' srcset='https:\/\/mat.travelblox.eu\/wp-content\/smush-webp\/sites\/68\/2025\/11\/Siliquini-TheMadeiraTrail-240319-9399.jpg.webp 1024w, https:\/\/mat.travelblox.eu\/wp-content\/smush-webp\/sites\/68\/2025\/11\/Siliquini-TheMadeiraTrail-240319-9399-300x200.jpg.webp 300w, https:\/\/mat.travelblox.eu\/wp-content\/smush-webp\/sites\/68\/2025\/11\/Siliquini-TheMadeiraTrail-240319-9399-768x512.jpg.webp 768w, https:\/\/mat.travelblox.eu\/wp-content\/smush-webp\/sites\/68\/2025\/11\/Siliquini-TheMadeiraTrail-240319-9399-18x12.jpg.webp 18w' sizes=\"auto, (max-width: 1024px) 100vw, 1024px\" style='object-position:50% 50%' loading='lazy' decoding='async' data-smush-webp-fallback=\"{&quot;src&quot;:&quot;https:\\\/\\\/mat.travelblox.eu\\\/wp-content\\\/uploads\\\/sites\\\/68\\\/2025\\\/11\\\/Siliquini-TheMadeiraTrail-240319-9399.jpg&quot;,&quot;srcset&quot;:&quot;https:\\\/\\\/mat.travelblox.eu\\\/wp-content\\\/uploads\\\/sites\\\/68\\\/2025\\\/11\\\/Siliquini-TheMadeiraTrail-240319-9399.jpg 1024w, https:\\\/\\\/mat.travelblox.eu\\\/wp-content\\\/uploads\\\/sites\\\/68\\\/2025\\\/11\\\/Siliquini-TheMadeiraTrail-240319-9399-300x200.jpg 300w, https:\\\/\\\/mat.travelblox.eu\\\/wp-content\\\/uploads\\\/sites\\\/68\\\/2025\\\/11\\\/Siliquini-TheMadeiraTrail-240319-9399-768x512.jpg 768w, https:\\\/\\\/mat.travelblox.eu\\\/wp-content\\\/uploads\\\/sites\\\/68\\\/2025\\\/11\\\/Siliquini-TheMadeiraTrail-240319-9399-18x12.jpg 18w&quot;}\">\t\t\t\t\t\t\t\t\t<\/figure>\n\t\t\t<\/div>\n\t\t<\/div>\n\t\t\t\t\t<\/div>\n\t\t\t\t<div class=\"tb-carousel-nav\">\n\t\t<div class=\"dots\">\n\t\t\t<div class=\"dot active\"><\/div>\n\t\t\t<div class=\"dot\"><\/div>\n\t\t\t<div class=\"dot\"><\/div>\n\t\t<\/div>\n\t\t<div class=\"arrows\">\n\t\t\t<div class=\"prev disabled\">\n\t\t\t\t<span><i class=\"fa fa-chevron-left\"><\/i><\/span>\n\t\t\t<\/div>\n\t\t\t<div class=\"next\">\n\t\t\t\t<span><i class=\"fa fa-chevron-right\"><\/i><\/span>\n\t\t\t<\/div>\n\t\t<\/div>\n\t<\/div>\n\t\t\t<\/div>\n\t<\/div>\n\t\t\t\t\t\t\t<\/div>\n\t\t\t\t<\/div>\n\t\t\t<\/div>\n\t\t<\/div>\n\t\t<div class=\"mobile\">\n\t\t\t<div class=\"tb-image-part\">\n\t\t\t\t\t\t<div class=\"inner-block-full-width has-tb-carousel tb-carousel-slider\" >\n\t\t<div class=\"tb-carousel-container\">\n\t\t\t<div class=\"entries tb-cards\" data-slider-first=\"0\">\n\t\t\t\t\t\t\t<div class=\"entry\">\n\t\t\t<div class=\"tb-image-part\">\n\t\t\t\t<figure>\n\t\t\t\t\t<img src='https:\/\/mat.travelblox.eu\/wp-content\/smush-webp\/sites\/68\/2024\/09\/Siliquini-TheMadeiraTrail-240321-0418-768x512.jpg.webp' width='768' height='512' alt='Blume van Madeira - Madeira bloemen - Fleurs de Mad\u00e8re - Bloem van Madeira' srcset='https:\/\/mat.travelblox.eu\/wp-content\/smush-webp\/sites\/68\/2024\/09\/Siliquini-TheMadeiraTrail-240321-0418-768x512.jpg.webp 768w, https:\/\/mat.travelblox.eu\/wp-content\/smush-webp\/sites\/68\/2024\/09\/Siliquini-TheMadeiraTrail-240321-0418-300x200.jpg.webp 300w, https:\/\/mat.travelblox.eu\/wp-content\/smush-webp\/sites\/68\/2024\/09\/Siliquini-TheMadeiraTrail-240321-0418-1024x683.jpg.webp 1024w, https:\/\/mat.travelblox.eu\/wp-content\/smush-webp\/sites\/68\/2024\/09\/Siliquini-TheMadeiraTrail-240321-0418-1536x1024.jpg.webp 1536w, https:\/\/mat.travelblox.eu\/wp-content\/smush-webp\/sites\/68\/2024\/09\/Siliquini-TheMadeiraTrail-240321-0418-18x12.jpg.webp 18w, https:\/\/mat.travelblox.eu\/wp-content\/smush-webp\/sites\/68\/2024\/09\/Siliquini-TheMadeiraTrail-240321-0418.jpg.webp 2048w' sizes=\"auto, (max-width: 768px) 100vw, 768px\" style='object-position:50% 50%' loading='lazy' decoding='async' data-smush-webp-fallback=\"{&quot;src&quot;:&quot;https:\\\/\\\/mat.travelblox.eu\\\/wp-content\\\/uploads\\\/sites\\\/68\\\/2024\\\/09\\\/Siliquini-TheMadeiraTrail-240321-0418-768x512.jpg&quot;,&quot;srcset&quot;:&quot;https:\\\/\\\/mat.travelblox.eu\\\/wp-content\\\/uploads\\\/sites\\\/68\\\/2024\\\/09\\\/Siliquini-TheMadeiraTrail-240321-0418-768x512.jpg 768w, https:\\\/\\\/mat.travelblox.eu\\\/wp-content\\\/uploads\\\/sites\\\/68\\\/2024\\\/09\\\/Siliquini-TheMadeiraTrail-240321-0418-300x200.jpg 300w, https:\\\/\\\/mat.travelblox.eu\\\/wp-content\\\/uploads\\\/sites\\\/68\\\/2024\\\/09\\\/Siliquini-TheMadeiraTrail-240321-0418-1024x683.jpg 1024w, https:\\\/\\\/mat.travelblox.eu\\\/wp-content\\\/uploads\\\/sites\\\/68\\\/2024\\\/09\\\/Siliquini-TheMadeiraTrail-240321-0418-1536x1024.jpg 1536w, https:\\\/\\\/mat.travelblox.eu\\\/wp-content\\\/uploads\\\/sites\\\/68\\\/2024\\\/09\\\/Siliquini-TheMadeiraTrail-240321-0418-18x12.jpg 18w, https:\\\/\\\/mat.travelblox.eu\\\/wp-content\\\/uploads\\\/sites\\\/68\\\/2024\\\/09\\\/Siliquini-TheMadeiraTrail-240321-0418.jpg 2048w&quot;}\">\t\t\t\t\t\t\t\t\t<\/figure>\n\t\t\t<\/div>\n\t\t<\/div>\n\t\t\t<div class=\"entry\">\n\t\t\t<div class=\"tb-image-part\">\n\t\t\t\t<figure>\n\t\t\t\t\t<img src='https:\/\/mat.travelblox.eu\/wp-content\/smush-webp\/sites\/68\/2025\/09\/MAT25_DriesVdb_WEB-153-768x432.jpg.webp' width='768' height='432' alt='Birds Madeira - Oiseaux \u00e0 Mad\u00e8re - Vogels op Madeira - V\u00f6gel auf Madeira' srcset='https:\/\/mat.travelblox.eu\/wp-content\/smush-webp\/sites\/68\/2025\/09\/MAT25_DriesVdb_WEB-153-768x432.jpg.webp 768w, https:\/\/mat.travelblox.eu\/wp-content\/smush-webp\/sites\/68\/2025\/09\/MAT25_DriesVdb_WEB-153-300x169.jpg.webp 300w, https:\/\/mat.travelblox.eu\/wp-content\/smush-webp\/sites\/68\/2025\/09\/MAT25_DriesVdb_WEB-153-1024x576.jpg.webp 1024w, https:\/\/mat.travelblox.eu\/wp-content\/smush-webp\/sites\/68\/2025\/09\/MAT25_DriesVdb_WEB-153-1536x864.jpg.webp 1536w, https:\/\/mat.travelblox.eu\/wp-content\/smush-webp\/sites\/68\/2025\/09\/MAT25_DriesVdb_WEB-153-2048x1152.jpg.webp 2048w, https:\/\/mat.travelblox.eu\/wp-content\/smush-webp\/sites\/68\/2025\/09\/MAT25_DriesVdb_WEB-153-18x10.jpg.webp 18w' sizes=\"auto, (max-width: 768px) 100vw, 768px\" style='object-position:50% 50%' loading='lazy' decoding='async' data-smush-webp-fallback=\"{&quot;src&quot;:&quot;https:\\\/\\\/mat.travelblox.eu\\\/wp-content\\\/uploads\\\/sites\\\/68\\\/2025\\\/09\\\/MAT25_DriesVdb_WEB-153-768x432.jpg&quot;,&quot;srcset&quot;:&quot;https:\\\/\\\/mat.travelblox.eu\\\/wp-content\\\/uploads\\\/sites\\\/68\\\/2025\\\/09\\\/MAT25_DriesVdb_WEB-153-768x432.jpg 768w, https:\\\/\\\/mat.travelblox.eu\\\/wp-content\\\/uploads\\\/sites\\\/68\\\/2025\\\/09\\\/MAT25_DriesVdb_WEB-153-300x169.jpg 300w, https:\\\/\\\/mat.travelblox.eu\\\/wp-content\\\/uploads\\\/sites\\\/68\\\/2025\\\/09\\\/MAT25_DriesVdb_WEB-153-1024x576.jpg 1024w, https:\\\/\\\/mat.travelblox.eu\\\/wp-content\\\/uploads\\\/sites\\\/68\\\/2025\\\/09\\\/MAT25_DriesVdb_WEB-153-1536x864.jpg 1536w, https:\\\/\\\/mat.travelblox.eu\\\/wp-content\\\/uploads\\\/sites\\\/68\\\/2025\\\/09\\\/MAT25_DriesVdb_WEB-153-2048x1152.jpg 2048w, https:\\\/\\\/mat.travelblox.eu\\\/wp-content\\\/uploads\\\/sites\\\/68\\\/2025\\\/09\\\/MAT25_DriesVdb_WEB-153-18x10.jpg 18w&quot;}\">\t\t\t\t\t\t\t\t\t<\/figure>\n\t\t\t<\/div>\n\t\t<\/div>\n\t\t\t<div class=\"entry\">\n\t\t\t<div class=\"tb-image-part\">\n\t\t\t\t<figure>\n\t\t\t\t\t<img src='https:\/\/mat.travelblox.eu\/wp-content\/smush-webp\/sites\/68\/2024\/03\/Siliquini-MadeiraTrail-240317-5551-768x1152.jpeg.webp' width='768' height='1152' alt='Fauna op Madeira - Fauna op Madeira - Fauna op Madeira - Wildlife op Madeira' srcset='https:\/\/mat.travelblox.eu\/wp-content\/smush-webp\/sites\/68\/2024\/03\/Siliquini-MadeiraTrail-240317-5551-768x1152.jpeg.webp 768w, https:\/\/mat.travelblox.eu\/wp-content\/smush-webp\/sites\/68\/2024\/03\/Siliquini-MadeiraTrail-240317-5551-200x300.jpeg.webp 200w, https:\/\/mat.travelblox.eu\/wp-content\/smush-webp\/sites\/68\/2024\/03\/Siliquini-MadeiraTrail-240317-5551-683x1024.jpeg.webp 683w, https:\/\/mat.travelblox.eu\/wp-content\/smush-webp\/sites\/68\/2024\/03\/Siliquini-MadeiraTrail-240317-5551-1024x1536.jpeg.webp 1024w, https:\/\/mat.travelblox.eu\/wp-content\/smush-webp\/sites\/68\/2024\/03\/Siliquini-MadeiraTrail-240317-5551-8x12.jpeg.webp 8w, https:\/\/mat.travelblox.eu\/wp-content\/smush-webp\/sites\/68\/2024\/03\/Siliquini-MadeiraTrail-240317-5551.jpeg.webp 1365w' sizes=\"auto, (max-width: 768px) 100vw, 768px\" style='object-position:50% 50%' loading='lazy' decoding='async' data-smush-webp-fallback=\"{&quot;src&quot;:&quot;https:\\\/\\\/mat.travelblox.eu\\\/wp-content\\\/uploads\\\/sites\\\/68\\\/2024\\\/03\\\/Siliquini-MadeiraTrail-240317-5551-768x1152.jpeg&quot;,&quot;srcset&quot;:&quot;https:\\\/\\\/mat.travelblox.eu\\\/wp-content\\\/uploads\\\/sites\\\/68\\\/2024\\\/03\\\/Siliquini-MadeiraTrail-240317-5551-768x1152.jpeg 768w, https:\\\/\\\/mat.travelblox.eu\\\/wp-content\\\/uploads\\\/sites\\\/68\\\/2024\\\/03\\\/Siliquini-MadeiraTrail-240317-5551-200x300.jpeg 200w, https:\\\/\\\/mat.travelblox.eu\\\/wp-content\\\/uploads\\\/sites\\\/68\\\/2024\\\/03\\\/Siliquini-MadeiraTrail-240317-5551-683x1024.jpeg 683w, https:\\\/\\\/mat.travelblox.eu\\\/wp-content\\\/uploads\\\/sites\\\/68\\\/2024\\\/03\\\/Siliquini-MadeiraTrail-240317-5551-1024x1536.jpeg 1024w, https:\\\/\\\/mat.travelblox.eu\\\/wp-content\\\/uploads\\\/sites\\\/68\\\/2024\\\/03\\\/Siliquini-MadeiraTrail-240317-5551-8x12.jpeg 8w, https:\\\/\\\/mat.travelblox.eu\\\/wp-content\\\/uploads\\\/sites\\\/68\\\/2024\\\/03\\\/Siliquini-MadeiraTrail-240317-5551.jpeg 1365w&quot;}\">\t\t\t\t\t\t\t\t\t<\/figure>\n\t\t\t<\/div>\n\t\t<\/div>\n\t\t\t<div class=\"entry\">\n\t\t\t<div class=\"tb-image-part\">\n\t\t\t\t<figure>\n\t\t\t\t\t<img src='https:\/\/mat.travelblox.eu\/wp-content\/smush-webp\/sites\/68\/2025\/09\/MAT25_DriesVdb_WEB-151-768x432.jpg.webp' width='768' height='432' alt='Montagnes \u00e0 Mad\u00e8re - Bergen op Madeira - Berge auf Madeira - Mountains in Madeira' srcset='https:\/\/mat.travelblox.eu\/wp-content\/smush-webp\/sites\/68\/2025\/09\/MAT25_DriesVdb_WEB-151-768x432.jpg.webp 768w, https:\/\/mat.travelblox.eu\/wp-content\/smush-webp\/sites\/68\/2025\/09\/MAT25_DriesVdb_WEB-151-300x169.jpg.webp 300w, https:\/\/mat.travelblox.eu\/wp-content\/smush-webp\/sites\/68\/2025\/09\/MAT25_DriesVdb_WEB-151-1024x576.jpg.webp 1024w, https:\/\/mat.travelblox.eu\/wp-content\/smush-webp\/sites\/68\/2025\/09\/MAT25_DriesVdb_WEB-151-1536x864.jpg.webp 1536w, https:\/\/mat.travelblox.eu\/wp-content\/smush-webp\/sites\/68\/2025\/09\/MAT25_DriesVdb_WEB-151-2048x1152.jpg.webp 2048w, https:\/\/mat.travelblox.eu\/wp-content\/smush-webp\/sites\/68\/2025\/09\/MAT25_DriesVdb_WEB-151-18x10.jpg.webp 18w' sizes=\"auto, (max-width: 768px) 100vw, 768px\" style='object-position:50% 50%' loading='lazy' decoding='async' data-smush-webp-fallback=\"{&quot;src&quot;:&quot;https:\\\/\\\/mat.travelblox.eu\\\/wp-content\\\/uploads\\\/sites\\\/68\\\/2025\\\/09\\\/MAT25_DriesVdb_WEB-151-768x432.jpg&quot;,&quot;srcset&quot;:&quot;https:\\\/\\\/mat.travelblox.eu\\\/wp-content\\\/uploads\\\/sites\\\/68\\\/2025\\\/09\\\/MAT25_DriesVdb_WEB-151-768x432.jpg 768w, https:\\\/\\\/mat.travelblox.eu\\\/wp-content\\\/uploads\\\/sites\\\/68\\\/2025\\\/09\\\/MAT25_DriesVdb_WEB-151-300x169.jpg 300w, https:\\\/\\\/mat.travelblox.eu\\\/wp-content\\\/uploads\\\/sites\\\/68\\\/2025\\\/09\\\/MAT25_DriesVdb_WEB-151-1024x576.jpg 1024w, https:\\\/\\\/mat.travelblox.eu\\\/wp-content\\\/uploads\\\/sites\\\/68\\\/2025\\\/09\\\/MAT25_DriesVdb_WEB-151-1536x864.jpg 1536w, https:\\\/\\\/mat.travelblox.eu\\\/wp-content\\\/uploads\\\/sites\\\/68\\\/2025\\\/09\\\/MAT25_DriesVdb_WEB-151-2048x1152.jpg 2048w, https:\\\/\\\/mat.travelblox.eu\\\/wp-content\\\/uploads\\\/sites\\\/68\\\/2025\\\/09\\\/MAT25_DriesVdb_WEB-151-18x10.jpg 18w&quot;}\">\t\t\t\t\t\t\t\t\t<\/figure>\n\t\t\t<\/div>\n\t\t<\/div>\n\t\t\t<div class=\"entry\">\n\t\t\t<div class=\"tb-image-part\">\n\t\t\t\t<figure>\n\t\t\t\t\t<img src='https:\/\/mat.travelblox.eu\/wp-content\/smush-webp\/sites\/68\/2025\/08\/MAT25_DriesVdb_WEB-69-768x512.jpg.webp' width='768' height='512' alt='Landschappen op Madeira - Vues \u00e0 Mad\u00e8re - Landschappen op Madeira - Landschaften auf Madeira' srcset='https:\/\/mat.travelblox.eu\/wp-content\/smush-webp\/sites\/68\/2025\/08\/MAT25_DriesVdb_WEB-69-768x512.jpg.webp 768w, https:\/\/mat.travelblox.eu\/wp-content\/smush-webp\/sites\/68\/2025\/08\/MAT25_DriesVdb_WEB-69-300x200.jpg.webp 300w, https:\/\/mat.travelblox.eu\/wp-content\/smush-webp\/sites\/68\/2025\/08\/MAT25_DriesVdb_WEB-69-1024x683.jpg.webp 1024w, https:\/\/mat.travelblox.eu\/wp-content\/smush-webp\/sites\/68\/2025\/08\/MAT25_DriesVdb_WEB-69-1536x1024.jpg.webp 1536w, https:\/\/mat.travelblox.eu\/wp-content\/smush-webp\/sites\/68\/2025\/08\/MAT25_DriesVdb_WEB-69-2048x1365.jpg.webp 2048w, https:\/\/mat.travelblox.eu\/wp-content\/smush-webp\/sites\/68\/2025\/08\/MAT25_DriesVdb_WEB-69-18x12.jpg.webp 18w' sizes=\"auto, (max-width: 768px) 100vw, 768px\" style='object-position:50% 50%' loading='lazy' decoding='async' data-smush-webp-fallback=\"{&quot;src&quot;:&quot;https:\\\/\\\/mat.travelblox.eu\\\/wp-content\\\/uploads\\\/sites\\\/68\\\/2025\\\/08\\\/MAT25_DriesVdb_WEB-69-768x512.jpg&quot;,&quot;srcset&quot;:&quot;https:\\\/\\\/mat.travelblox.eu\\\/wp-content\\\/uploads\\\/sites\\\/68\\\/2025\\\/08\\\/MAT25_DriesVdb_WEB-69-768x512.jpg 768w, https:\\\/\\\/mat.travelblox.eu\\\/wp-content\\\/uploads\\\/sites\\\/68\\\/2025\\\/08\\\/MAT25_DriesVdb_WEB-69-300x200.jpg 300w, https:\\\/\\\/mat.travelblox.eu\\\/wp-content\\\/uploads\\\/sites\\\/68\\\/2025\\\/08\\\/MAT25_DriesVdb_WEB-69-1024x683.jpg 1024w, https:\\\/\\\/mat.travelblox.eu\\\/wp-content\\\/uploads\\\/sites\\\/68\\\/2025\\\/08\\\/MAT25_DriesVdb_WEB-69-1536x1024.jpg 1536w, https:\\\/\\\/mat.travelblox.eu\\\/wp-content\\\/uploads\\\/sites\\\/68\\\/2025\\\/08\\\/MAT25_DriesVdb_WEB-69-2048x1365.jpg 2048w, https:\\\/\\\/mat.travelblox.eu\\\/wp-content\\\/uploads\\\/sites\\\/68\\\/2025\\\/08\\\/MAT25_DriesVdb_WEB-69-18x12.jpg 18w&quot;}\">\t\t\t\t\t\t\t\t\t<\/figure>\n\t\t\t<\/div>\n\t\t<\/div>\n\t\t\t<div class=\"entry\">\n\t\t\t<div class=\"tb-image-part\">\n\t\t\t\t<figure>\n\t\t\t\t\t<img src='https:\/\/mat.travelblox.eu\/wp-content\/smush-webp\/sites\/68\/2025\/11\/Siliquini-TheMadeiraTrail-240319-9399-768x512.jpg.webp' width='768' height='512' alt='Landschappen op Madeira - Vues \u00e0 Mad\u00e8re - Landschappen op Madeira - Landschaften auf Madeira' srcset='https:\/\/mat.travelblox.eu\/wp-content\/smush-webp\/sites\/68\/2025\/11\/Siliquini-TheMadeiraTrail-240319-9399-768x512.jpg.webp 768w, https:\/\/mat.travelblox.eu\/wp-content\/smush-webp\/sites\/68\/2025\/11\/Siliquini-TheMadeiraTrail-240319-9399-300x200.jpg.webp 300w, https:\/\/mat.travelblox.eu\/wp-content\/smush-webp\/sites\/68\/2025\/11\/Siliquini-TheMadeiraTrail-240319-9399-18x12.jpg.webp 18w, https:\/\/mat.travelblox.eu\/wp-content\/smush-webp\/sites\/68\/2025\/11\/Siliquini-TheMadeiraTrail-240319-9399.jpg.webp 1024w' sizes=\"auto, (max-width: 768px) 100vw, 768px\" style='object-position:50% 50%' loading='lazy' decoding='async' data-smush-webp-fallback=\"{&quot;src&quot;:&quot;https:\\\/\\\/mat.travelblox.eu\\\/wp-content\\\/uploads\\\/sites\\\/68\\\/2025\\\/11\\\/Siliquini-TheMadeiraTrail-240319-9399-768x512.jpg&quot;,&quot;srcset&quot;:&quot;https:\\\/\\\/mat.travelblox.eu\\\/wp-content\\\/uploads\\\/sites\\\/68\\\/2025\\\/11\\\/Siliquini-TheMadeiraTrail-240319-9399-768x512.jpg 768w, https:\\\/\\\/mat.travelblox.eu\\\/wp-content\\\/uploads\\\/sites\\\/68\\\/2025\\\/11\\\/Siliquini-TheMadeiraTrail-240319-9399-300x200.jpg 300w, https:\\\/\\\/mat.travelblox.eu\\\/wp-content\\\/uploads\\\/sites\\\/68\\\/2025\\\/11\\\/Siliquini-TheMadeiraTrail-240319-9399-18x12.jpg 18w, https:\\\/\\\/mat.travelblox.eu\\\/wp-content\\\/uploads\\\/sites\\\/68\\\/2025\\\/11\\\/Siliquini-TheMadeiraTrail-240319-9399.jpg 1024w&quot;}\">\t\t\t\t\t\t\t\t\t<\/figure>\n\t\t\t<\/div>\n\t\t<\/div>\n\t\t\t\t\t<\/div>\n\t\t\t\t<div class=\"tb-carousel-nav\">\n\t\t<div class=\"dots\">\n\t\t\t<div class=\"dot active\"><\/div>\n\t\t\t<div class=\"dot\"><\/div>\n\t\t\t<div class=\"dot\"><\/div>\n\t\t<\/div>\n\t\t<div class=\"arrows\">\n\t\t\t<div class=\"prev disabled\">\n\t\t\t\t<span><i class=\"fa fa-chevron-left\"><\/i><\/span>\n\t\t\t<\/div>\n\t\t\t<div class=\"next\">\n\t\t\t\t<span><i class=\"fa fa-chevron-right\"><\/i><\/span>\n\t\t\t<\/div>\n\t\t<\/div>\n\t<\/div>\n\t\t\t<\/div>\n\t<\/div>\n\t\t\t\t\t<\/div>\n\t\t<\/div>\n\t<\/div>\n<\/div>\n\n\n\n<div class=\"tb-colcompare tb-block align-center background-light pattern-none variant-cards tb-collapsible-margins\" id=\"difficulty\">\n\t<div class=\"inner-block tb-fade-in tb-fade-in--subtle\">\n\t\t<div class=\"text-part\">\n\t\t\t<h2>Is deze trail iets voor jou?<\/h2>\n\t\t\t\t<div class=\"translation-block\"><p>De moeilijkheidsgraad van een trail hangt van veel factoren af. Aan de hand van de volgende elementen kun je inschatten of deze trail bij je past. Heb je nog nooit een meerdaagse wandeltocht met rugzak gedaan, dan is extra voorbereiding belangrijk. Een goede basisconditie en trainen in de weken voordien maken al een groot verschil.<\/p><\/div>\n\t\t\t<\/div>\n\t<\/div>\n\t\t\t\t<div class=\"inner-block-full-width has-tb-carousel tb-justified\" >\n\t\t<div class=\"tb-carousel-container\">\n\t\t\t<div class=\"entries tb-cards\" data-slider-first=\"1\">\n\t\t\t\t\t\t\t\t\t<div class=\"tb-card entry tb-fade-in tb-fade-in--subtle\">\n\t\t\t\t<div class=\"tb-image-part\">\n\t\t\t\t\t<img src='https:\/\/mat.travelblox.eu\/wp-content\/smush-webp\/sites\/68\/2025\/11\/Siliquini-TheMadeiraTrail-240319-9438-768x512.jpg.webp' width='768' height='512' alt='Landschappen op Madeira - Vues \u00e0 Mad\u00e8re - Landschappen op Madeira - Landschaften auf Madeira' srcset='https:\/\/mat.travelblox.eu\/wp-content\/smush-webp\/sites\/68\/2025\/11\/Siliquini-TheMadeiraTrail-240319-9438-768x512.jpg.webp 768w, https:\/\/mat.travelblox.eu\/wp-content\/smush-webp\/sites\/68\/2025\/11\/Siliquini-TheMadeiraTrail-240319-9438-300x200.jpg.webp 300w, https:\/\/mat.travelblox.eu\/wp-content\/smush-webp\/sites\/68\/2025\/11\/Siliquini-TheMadeiraTrail-240319-9438-18x12.jpg.webp 18w, https:\/\/mat.travelblox.eu\/wp-content\/smush-webp\/sites\/68\/2025\/11\/Siliquini-TheMadeiraTrail-240319-9438.jpg.webp 1024w' sizes=\"auto, (max-width: 768px) 100vw, 768px\" style='object-position:50% 50%' loading='lazy' decoding='async' data-smush-webp-fallback=\"{&quot;src&quot;:&quot;https:\\\/\\\/mat.travelblox.eu\\\/wp-content\\\/uploads\\\/sites\\\/68\\\/2025\\\/11\\\/Siliquini-TheMadeiraTrail-240319-9438-768x512.jpg&quot;,&quot;srcset&quot;:&quot;https:\\\/\\\/mat.travelblox.eu\\\/wp-content\\\/uploads\\\/sites\\\/68\\\/2025\\\/11\\\/Siliquini-TheMadeiraTrail-240319-9438-768x512.jpg 768w, https:\\\/\\\/mat.travelblox.eu\\\/wp-content\\\/uploads\\\/sites\\\/68\\\/2025\\\/11\\\/Siliquini-TheMadeiraTrail-240319-9438-300x200.jpg 300w, https:\\\/\\\/mat.travelblox.eu\\\/wp-content\\\/uploads\\\/sites\\\/68\\\/2025\\\/11\\\/Siliquini-TheMadeiraTrail-240319-9438-18x12.jpg 18w, https:\\\/\\\/mat.travelblox.eu\\\/wp-content\\\/uploads\\\/sites\\\/68\\\/2025\\\/11\\\/Siliquini-TheMadeiraTrail-240319-9438.jpg 1024w&quot;}\">\t\t\t\t<\/div>\n\t\t\t\t<div class=\"tb-card-content text-part\">\n\t\t\t\t\t\t\t\t\t\t\t<h5>\t\t\t\t<i class=\"icon fa-solid fa-chart-line fa-fw\" aria-hidden=\"true\"><\/i>\n\t\t\t AFSTAND EN HOOGTEMETERS<\/h5>\n\t\t\t\t\t\t\t\t\t\t\t\t\t\t\t\t\t<div class=\"translation-block\"><p><strong>Vijf dagen lang wandel je meerdere uren<\/strong> per dag. De etappes zijn niet extreem, maar goed gevuld. Je moet je comfortabel voelen bij het idee om meerdere dagen na elkaar veel te wandelen met een rugzak.<\/p><p>Madeira is een <strong>bergachtig<\/strong> eiland, dus je bent vaak aan het stijgen of dalen. De hoogteverschillen voelen als vele verdiepingen trappen op een dag en vragen wat energie van je benen.<\/p><p>Op verschillende stukken wandel je over <strong>lange reeksen stenen trappen<\/strong>. Dat is praktisch en veilig, maar vermoeiender dan een vlak pad.<\/p><p>Deze trail is bedoeld voor mensen met een goede conditie die regelmatig wandelen of andere sport doen.<\/p><p><strong>Enkele tips<\/strong><\/p><ul><li>Maak de maanden voor vertrek regelmatig langere wandelingen<\/li><li>Oefen op trappen of heuvels zodat je benen gewend zijn aan stijgen en dalen<\/li><li>Overweeg wandelstokken, die ontlasten je knie\u00ebn en geven extra stabiliteit<\/li><\/ul><\/div>\n\t\t\t\t\t\t\t\t\t\t\t\t\t\t\t<\/div>\n\t\t\t<\/div>\n\t\t\t\t\t<div class=\"tb-card entry tb-fade-in tb-fade-in--subtle\">\n\t\t\t\t<div class=\"tb-image-part\">\n\t\t\t\t\t<img src='https:\/\/mat.travelblox.eu\/wp-content\/smush-webp\/sites\/68\/2025\/11\/Siliquini-TheMadeiraTrail-240321-0933-768x512.jpg.webp' width='768' height='512' alt='Trek \u00e0 Mad\u00e8re - Madeira Trail - Madeira wandelen' srcset='https:\/\/mat.travelblox.eu\/wp-content\/smush-webp\/sites\/68\/2025\/11\/Siliquini-TheMadeiraTrail-240321-0933-768x512.jpg.webp 768w, https:\/\/mat.travelblox.eu\/wp-content\/smush-webp\/sites\/68\/2025\/11\/Siliquini-TheMadeiraTrail-240321-0933-300x200.jpg.webp 300w, https:\/\/mat.travelblox.eu\/wp-content\/smush-webp\/sites\/68\/2025\/11\/Siliquini-TheMadeiraTrail-240321-0933-18x12.jpg.webp 18w, https:\/\/mat.travelblox.eu\/wp-content\/smush-webp\/sites\/68\/2025\/11\/Siliquini-TheMadeiraTrail-240321-0933.jpg.webp 1024w' sizes=\"auto, (max-width: 768px) 100vw, 768px\" style='object-position:50% 50%' loading='lazy' decoding='async' data-smush-webp-fallback=\"{&quot;src&quot;:&quot;https:\\\/\\\/mat.travelblox.eu\\\/wp-content\\\/uploads\\\/sites\\\/68\\\/2025\\\/11\\\/Siliquini-TheMadeiraTrail-240321-0933-768x512.jpg&quot;,&quot;srcset&quot;:&quot;https:\\\/\\\/mat.travelblox.eu\\\/wp-content\\\/uploads\\\/sites\\\/68\\\/2025\\\/11\\\/Siliquini-TheMadeiraTrail-240321-0933-768x512.jpg 768w, https:\\\/\\\/mat.travelblox.eu\\\/wp-content\\\/uploads\\\/sites\\\/68\\\/2025\\\/11\\\/Siliquini-TheMadeiraTrail-240321-0933-300x200.jpg 300w, https:\\\/\\\/mat.travelblox.eu\\\/wp-content\\\/uploads\\\/sites\\\/68\\\/2025\\\/11\\\/Siliquini-TheMadeiraTrail-240321-0933-18x12.jpg 18w, https:\\\/\\\/mat.travelblox.eu\\\/wp-content\\\/uploads\\\/sites\\\/68\\\/2025\\\/11\\\/Siliquini-TheMadeiraTrail-240321-0933.jpg 1024w&quot;}\">\t\t\t\t<\/div>\n\t\t\t\t<div class=\"tb-card-content text-part\">\n\t\t\t\t\t\t\t\t\t\t\t<h5>\t\t\t\t<i class=\"icon fa-solid fa-temperature-three-quarters fa-fw\" aria-hidden=\"true\"><\/i>\n\t\t\t WEEROMSTANDIGHEDEN<\/h5>\n\t\t\t\t\t\t\t\t\t\t\t\t\t\t\t\t\t<div class=\"translation-block\"><p>Op Madeira kan het weer snel omslaan. <strong>De zon kan plaatsmaken voor wolken, mist of een bui, vooral op hoogte.<\/strong><\/p><p>Op hoogte, vooral rond de Pico Ruivo, zijn de <strong>avonden en nachten aanzienlijk koeler<\/strong> dan aan de kust.<\/p><p>De bossen, de mist en de levadas brengen soms een <strong>vochtige sfeer<\/strong> met zich mee.<\/p><p>De route kan worden aangepast afhankelijk van de sluiting van paden. Er zijn al alternatieven voorzien om jouw veiligheid te waarborgen, terwijl je het beste van Madeira kunt ervaren.<\/p><p><strong>Enkele tips<\/strong><\/p><ul><li>Goed materiaal is de sleutel om van een welverdiende rust te genieten<\/li><li>Een waterdichte en winddichte technische jas is een must-have in je tas<\/li><\/ul><\/div>\n\t\t\t\t\t\t\t\t\t\t\t\t\t\t\t<\/div>\n\t\t\t<\/div>\n\t\t\t\t\t<div class=\"tb-card entry tb-fade-in tb-fade-in--subtle\">\n\t\t\t\t<div class=\"tb-image-part\">\n\t\t\t\t\t<img src='https:\/\/mat.travelblox.eu\/wp-content\/smush-webp\/sites\/68\/2025\/11\/Siliquini-TheMadeiraTrail-240317-0013-768x575.jpg.webp' width='768' height='575' alt='Madeira wandelen - Wandelen op Madeira - Rando \u00e0 Mad\u00e8re - Hiking in Madeira' srcset='https:\/\/mat.travelblox.eu\/wp-content\/smush-webp\/sites\/68\/2025\/11\/Siliquini-TheMadeiraTrail-240317-0013-768x575.jpg.webp 768w, https:\/\/mat.travelblox.eu\/wp-content\/smush-webp\/sites\/68\/2025\/11\/Siliquini-TheMadeiraTrail-240317-0013-300x225.jpg.webp 300w, https:\/\/mat.travelblox.eu\/wp-content\/smush-webp\/sites\/68\/2025\/11\/Siliquini-TheMadeiraTrail-240317-0013-16x12.jpg.webp 16w, https:\/\/mat.travelblox.eu\/wp-content\/smush-webp\/sites\/68\/2025\/11\/Siliquini-TheMadeiraTrail-240317-0013.jpg.webp 1024w' sizes=\"auto, (max-width: 768px) 100vw, 768px\" style='object-position:50% 50%' loading='lazy' decoding='async' data-smush-webp-fallback=\"{&quot;src&quot;:&quot;https:\\\/\\\/mat.travelblox.eu\\\/wp-content\\\/uploads\\\/sites\\\/68\\\/2025\\\/11\\\/Siliquini-TheMadeiraTrail-240317-0013-768x575.jpg&quot;,&quot;srcset&quot;:&quot;https:\\\/\\\/mat.travelblox.eu\\\/wp-content\\\/uploads\\\/sites\\\/68\\\/2025\\\/11\\\/Siliquini-TheMadeiraTrail-240317-0013-768x575.jpg 768w, https:\\\/\\\/mat.travelblox.eu\\\/wp-content\\\/uploads\\\/sites\\\/68\\\/2025\\\/11\\\/Siliquini-TheMadeiraTrail-240317-0013-300x225.jpg 300w, https:\\\/\\\/mat.travelblox.eu\\\/wp-content\\\/uploads\\\/sites\\\/68\\\/2025\\\/11\\\/Siliquini-TheMadeiraTrail-240317-0013-16x12.jpg 16w, https:\\\/\\\/mat.travelblox.eu\\\/wp-content\\\/uploads\\\/sites\\\/68\\\/2025\\\/11\\\/Siliquini-TheMadeiraTrail-240317-0013.jpg 1024w&quot;}\">\t\t\t\t<\/div>\n\t\t\t\t<div class=\"tb-card-content text-part\">\n\t\t\t\t\t\t\t\t\t\t\t<h5>\t\t\t\t<i class=\"icon fa-solid fa-route fa-fw\" aria-hidden=\"true\"><\/i>\n\t\t\t TERREIN<\/h5>\n\t\t\t\t\t\t\t\t\t\t\t\t\t\t\t\t\t<div class=\"translation-block\"><p><strong>Levadas, paden, onverharde wegen en kustpaden wisselen elkaar af<\/strong>, met constante uitzichten op het bos, de bergen en de oceaan.<\/p><p>Sommige delen volgen de centrale keten van het eiland, met <strong>stenen treden en steilere beklimmingen<\/strong>, maar altijd op gemarkeerde paden.<\/p><p>De afdaling naar Santana is goed voor het grootste deel van de dalende hoogtemeters.<\/p><p>Je gaat door <strong>twee tunnels<\/strong> tussen Raba\u00e7al en Encumeada, evenals enkele stukken die glad kunnen zijn bij nat weer.<\/p><p><strong>Enkele tips<\/strong><\/p><ul><li>Wandelstokken worden sterk aanbevolen om de knie\u00ebn te ontlasten<\/li><li>Breng een goede hoofdlamp<\/li><li>Hoge wandelschoenen (A\/B) zijn essentieel<\/li><\/ul><\/div>\n\t\t\t\t\t\t\t\t\t\t\t\t\t\t\t<\/div>\n\t\t\t<\/div>\n\t\t\t\t\t\t\t<\/div>\n\t\t\t\t<div class=\"tb-carousel-nav\">\n\t\t<div class=\"dots\">\n\t\t\t<div class=\"dot active\"><\/div>\n\t\t\t<div class=\"dot\"><\/div>\n\t\t\t<div class=\"dot\"><\/div>\n\t\t<\/div>\n\t\t<div class=\"arrows\">\n\t\t\t<div class=\"prev disabled\">\n\t\t\t\t<span><i class=\"fa fa-chevron-left\"><\/i><\/span>\n\t\t\t<\/div>\n\t\t\t<div class=\"next\">\n\t\t\t\t<span><i class=\"fa fa-chevron-right\"><\/i><\/span>\n\t\t\t<\/div>\n\t\t<\/div>\n\t<\/div>\n\t\t\t<\/div>\n\t<\/div>\n\t\t\t<\/div>\n\n\n\n    <div class=\"tb-calendarv2 tb-block align-center background-light pattern-none variant-none tb-collapsible-margins\" id=\"join\" data-field-packages='[{&quot;package_id&quot;:&quot;MAT-MAT&quot;,&quot;prereg_url&quot;:&quot;&quot;,&quot;package_summary_content&quot;:&quot;&quot;,&quot;package_summary_inclusive&quot;:false,&quot;rowid&quot;:&quot;68416e2bd6324&quot;}]' data-package-ids='[\"MAT-MAT\"]' data-brands='[{&quot;type&quot;:&quot;brands&quot;,&quot;id&quot;:&quot;89&quot;,&quot;attributes&quot;:{&quot;name&quot;:&quot;Madeira Trail&quot;,&quot;translatableName&quot;:{&quot;de&quot;:&quot;Madeira Trail&quot;,&quot;en&quot;:&quot;Madeira Trail&quot;,&quot;fr&quot;:&quot;Madeira Trail&quot;,&quot;nl&quot;:&quot;Madeira Trail&quot;}}}]' data-language='nl' data-allow-collapse-consecutive-sold-out-items='0' data-show-prereg-items='1' data-show-participants='0' data-show-departure-hours='0' data-no-participants-title=\"Nog geen deelnemers\" data-no-participants-text=\"De deelnemers van deze reis zijn nog niet bekend.\" data-sold-out-cta=\"\" data-default-group-size=\"\" data-show-months-toggle=\"1\" data-show-waiting-list-buttons=\"1\" data-show-price-toggle=\"1\" data-show-quote-request=\"1\" data-sort-filter-options-by-az-order='0' data-launch-unfiltered='0' data-merge-duplicate-filters='0'>\n        <div class=\"inner-block tb-fade-in tb-fade-in--subtle\">\n            <div class=\"text-part tb-fade-in tb-fade-in--subtle\">\n                                    <h2>Plan je reis naar Madeira!<\/h2>\n                                                    \t<div class=\"translation-block\"><p>Er zijn nog enkele plaatsen beschikbaar voor <strong>The Madeira Trail in 2026.<\/strong><\/p><p>Wil je mee op avontuur? <strong>Boek je reis via onderstaande kalender, of<\/strong> <a href=\"https:\/\/travelbase.typeform.com\/mat27s-nlprereg\"><strong>preregistreer voor de najaarseditie van 2027<\/strong><\/a><strong>.<\/strong><\/p><\/div>\n\t                                                    <div class=\"tb-buttons-part\">\n                                                                            \t\t<a href=\"https:\/\/booking.travelbase.eu\/mat26s\/book\"  target=\"_blank\" class=\"tb-button\">\n\t\t\tBoek nu | Najaar 2026 \t\t<\/a>\n\t\t                                                                                                                                        <a href=\"https:\/\/booking.travelbase.eu\/mat26a\/quote?lang=nl\" class=\"tb-buttonlink tb-quote-request\" target=\"_blank\"><span>Vraag een offerte aan<\/span><\/a>\n                                                                                                                                                        <\/div>\n                            <\/div>\n\n            \n            \n<div class=\"tb-skeleton tb-skeleton--calendar-v2 tb-skeleton--inactive\">\n    <!-- <div class=\"section-toggler section-toggler--small tb-skeleton__border tb-skeleton__disabled\">\n        <div class=\"section-toggler__inner\">\n            <div class=\"section-toggler__toggle-wrapper\">\n                <div class=\"section-toggler__toggles\">\n                    <input type=\"radio\" name=\"2025\" checked>\n                    <label class=\"tb-skeleton__background tb-skeleton__border\" for=\"\"><span class=\"tb-skeleton__bone\"><span class=\"tb-skeleton__invisible-text\">2025<\/span><\/span><\/label>\n                    <input type=\"radio\" name=\"2026\">\n                    <label class=\"tb-skeleton__border\" for=\"\"><span class=\"tb-skeleton__bone\"><span class=\"tb-skeleton__invisible-text\">2026<\/span><\/span><\/label>\n                <\/div>\n            <\/div>\n        <\/div>\n    <\/div> -->\n    <div class=\"tb-calendar-v2__year\" id=\"year-section-0\">\n        <div class=\"tb-block\">\n            <div class=\"section-toggler section-toggler--fake section-toggler--blocks tb-skeleton__border tb-skeleton__disabled\">\n                <div class=\"section-toggler__inner\">\n                    <div class=\"section-toggler__toggle-wrapper\">\n                        <div class=\"section-toggler__toggles\">\n                            <input type=\"radio\" name=\"Jan\" checked>\n                            <label class=\"tb-skeleton__background tb-skeleton__border\" for=\"\"><span class=\"tb-skeleton__bone\"><span class=\"tb-skeleton__invisible-text\">Jan<\/span><\/span><\/label>\n                            <input type=\"radio\" name=\"Feb\">\n                            <label class=\"tb-skeleton__border\" for=\"\"><span class=\"tb-skeleton__bone\"><span class=\"tb-skeleton__invisible-text\">Feb<\/span><\/span><\/label>\n                            <input type=\"radio\" name=\"Mar\">\n                            <label class=\"tb-skeleton__border\" for=\"\"><span class=\"tb-skeleton__bone\"><span class=\"tb-skeleton__invisible-text\">Mar<\/span><\/span><\/label>\n                            <input type=\"radio\" name=\"Apr\">\n                            <label class=\"tb-skeleton__border\" for=\"\"><span class=\"tb-skeleton__bone\"><span class=\"tb-skeleton__invisible-text\">Apr<\/span><\/span><\/label>\n                            <input type=\"radio\" name=\"May\">\n                            <label class=\"tb-skeleton__border\" for=\"\"><span class=\"tb-skeleton__bone\"><span class=\"tb-skeleton__invisible-text\">May<\/span><\/span><\/label>\n                        <\/div>\n                    <\/div>\n                <\/div>\n            <\/div>\n            <div class=\"tb-calendar-v2__month\" id=\"year-0-month-section-0\">\n                <ul class=\"tb-calendar-v2__departures\">\n                                            <li class=\"tb-calendar-v2__departure tb-calendar-v2-departure tb-skeleton__border\" data-availability=\"free\">\n                            <div class=\"tb-calendar-v2-departure__essential\">\n                                <div class=\"tb-calendar-v2-departure__first-part\">\n                                    <div class=\"tb-calendar-v2-departure__destination desktop-only\">\n                                        <span class=\"tb-skeleton__bone\"><span class=\"tb-skeleton__invisible-text\"><strong>Voorbeeldreis<\/strong><\/span><\/span>\n                                    <\/div>\n                                    <div class=\"tb-calendar-v2-departure__dates\">\n                                        <div class=\"tb-calendar-v2-departure__startdate\">\n                                            <span class=\"tb-skeleton__bone\"><span class=\"tb-skeleton__invisible-text\">Maandag<\/span><\/span>\n                                            <span class=\"tb-skeleton__bone\"><span class=\"tb-skeleton__invisible-text\"><strong>20 jan 2025<\/strong><\/span><\/span>\n                                        <\/div>\n                                        <span class=\"tb-skeleton__bone\"><span class=\"tb-skeleton__invisible-text\"><i class=\"fa-solid fa-arrow-right\"><\/i><\/span><\/span>\n                                        <div class=\"tb-calendar-v2-departure__enddate\">\n                                            <span class=\"tb-skeleton__bone\"><span class=\"tb-skeleton__invisible-text\">Zondag<\/span><\/span>\n                                            <span class=\"tb-skeleton__bone\"><span class=\"tb-skeleton__invisible-text\"><strong>26 jan 2025<\/strong><\/span><\/span>\n                                        <\/div>\n                                    <\/div>\n                                    <div class=\"tb-calendar-v2-departure__divider desktop-only tb-skeleton__bone\"><\/div>\n                                    <div class=\"tb-calendar-v2-departure__availability desktop-only\" data-availability=\"free\"><strong>\n                                            <span class=\"tb-skeleton__bone\"><span class=\"tb-skeleton__invisible-text\">Beschikbaar<\/span><\/span>\n                                        <\/strong><\/div>\n                                    <div class=\"tb-calendar-v2-departure__spots desktop-only\">\n                                        <span class=\"tb-skeleton__bone\"><span class=\"tb-skeleton__invisible-text\">\n                                                                                             <\/span><\/span>\n                                    <\/div>\n                                <\/div>\n                                <div class=\"tb-calendar-v2-departure__last-part\">\n                                    <div class=\"tb-calendar-v2-departure__price\"><span class=\"tb-skeleton__bone\"><span class=\"tb-skeleton__invisible-text\"><strong>\u20ac 1450<\/strong><\/span><\/span><\/div>\n                                    <div class=\"tb-calendar-v2-departure__availability mobile-only\" data-availability=\"free\">\n                                        <strong>\n                                            <span class=\"tb-skeleton__bone\"><span class=\"tb-skeleton__invisible-text\">Beschikbaar<\/span><\/span>\n                                        <\/strong>\n                                    <\/div>\n                                    <div class=\"tb-calendar-v2-departure__expand-button tb-skeleton__disabled desktop-only\" disabled>\n                                        <span class=\"tb-skeleton__bone\"><span class=\"tb-skeleton__invisible-text\"><i class=\"fa-solid fa-chevron-down\"><\/i><\/span><\/span>\n                                    <\/div>\n                                <\/div>\n                            <\/div>\n                            <div class=\"tb-calendar-v2-departure__divider mobile-only tb-skeleton__bone\"><\/div>\n                            <div class=\"tb-calendar-v2-departure__expand-button mobile-only tb-skeleton__disabled\" disabled>\n                                <span class=\"tb-skeleton__bone\"><span class=\"tb-skeleton__invisible-text\"><span class=\"more-info\">Meer info<\/span> <span class=\"less-info\">Minder info<\/span> <i class=\"fa-solid fa-chevron-down\"><\/i><\/span><\/span>\n                            <\/div>\n                        <\/li>\n                                            <li class=\"tb-calendar-v2__departure tb-calendar-v2-departure tb-skeleton__border\" data-availability=\"free\">\n                            <div class=\"tb-calendar-v2-departure__essential\">\n                                <div class=\"tb-calendar-v2-departure__first-part\">\n                                    <div class=\"tb-calendar-v2-departure__destination desktop-only\">\n                                        <span class=\"tb-skeleton__bone\"><span class=\"tb-skeleton__invisible-text\"><strong>Voorbeeldreis<\/strong><\/span><\/span>\n                                    <\/div>\n                                    <div class=\"tb-calendar-v2-departure__dates\">\n                                        <div class=\"tb-calendar-v2-departure__startdate\">\n                                            <span class=\"tb-skeleton__bone\"><span class=\"tb-skeleton__invisible-text\">Maandag<\/span><\/span>\n                                            <span class=\"tb-skeleton__bone\"><span class=\"tb-skeleton__invisible-text\"><strong>20 jan 2025<\/strong><\/span><\/span>\n                                        <\/div>\n                                        <span class=\"tb-skeleton__bone\"><span class=\"tb-skeleton__invisible-text\"><i class=\"fa-solid fa-arrow-right\"><\/i><\/span><\/span>\n                                        <div class=\"tb-calendar-v2-departure__enddate\">\n                                            <span class=\"tb-skeleton__bone\"><span class=\"tb-skeleton__invisible-text\">Zondag<\/span><\/span>\n                                            <span class=\"tb-skeleton__bone\"><span class=\"tb-skeleton__invisible-text\"><strong>26 jan 2025<\/strong><\/span><\/span>\n                                        <\/div>\n                                    <\/div>\n                                    <div class=\"tb-calendar-v2-departure__divider desktop-only tb-skeleton__bone\"><\/div>\n                                    <div class=\"tb-calendar-v2-departure__availability desktop-only\" data-availability=\"free\"><strong>\n                                            <span class=\"tb-skeleton__bone\"><span class=\"tb-skeleton__invisible-text\">Beschikbaar<\/span><\/span>\n                                        <\/strong><\/div>\n                                    <div class=\"tb-calendar-v2-departure__spots desktop-only\">\n                                        <span class=\"tb-skeleton__bone\"><span class=\"tb-skeleton__invisible-text\">\n                                                                                             <\/span><\/span>\n                                    <\/div>\n                                <\/div>\n                                <div class=\"tb-calendar-v2-departure__last-part\">\n                                    <div class=\"tb-calendar-v2-departure__price\"><span class=\"tb-skeleton__bone\"><span class=\"tb-skeleton__invisible-text\"><strong>\u20ac 1450<\/strong><\/span><\/span><\/div>\n                                    <div class=\"tb-calendar-v2-departure__availability mobile-only\" data-availability=\"free\">\n                                        <strong>\n                                            <span class=\"tb-skeleton__bone\"><span class=\"tb-skeleton__invisible-text\">Beschikbaar<\/span><\/span>\n                                        <\/strong>\n                                    <\/div>\n                                    <div class=\"tb-calendar-v2-departure__expand-button tb-skeleton__disabled desktop-only\" disabled>\n                                        <span class=\"tb-skeleton__bone\"><span class=\"tb-skeleton__invisible-text\"><i class=\"fa-solid fa-chevron-down\"><\/i><\/span><\/span>\n                                    <\/div>\n                                <\/div>\n                            <\/div>\n                            <div class=\"tb-calendar-v2-departure__divider mobile-only tb-skeleton__bone\"><\/div>\n                            <div class=\"tb-calendar-v2-departure__expand-button mobile-only tb-skeleton__disabled\" disabled>\n                                <span class=\"tb-skeleton__bone\"><span class=\"tb-skeleton__invisible-text\"><span class=\"more-info\">Meer info<\/span> <span class=\"less-info\">Minder info<\/span> <i class=\"fa-solid fa-chevron-down\"><\/i><\/span><\/span>\n                            <\/div>\n                        <\/li>\n                                            <li class=\"tb-calendar-v2__departure tb-calendar-v2-departure tb-skeleton__border\" data-availability=\"free\">\n                            <div class=\"tb-calendar-v2-departure__essential\">\n                                <div class=\"tb-calendar-v2-departure__first-part\">\n                                    <div class=\"tb-calendar-v2-departure__destination desktop-only\">\n                                        <span class=\"tb-skeleton__bone\"><span class=\"tb-skeleton__invisible-text\"><strong>Voorbeeldreis<\/strong><\/span><\/span>\n                                    <\/div>\n                                    <div class=\"tb-calendar-v2-departure__dates\">\n                                        <div class=\"tb-calendar-v2-departure__startdate\">\n                                            <span class=\"tb-skeleton__bone\"><span class=\"tb-skeleton__invisible-text\">Maandag<\/span><\/span>\n                                            <span class=\"tb-skeleton__bone\"><span class=\"tb-skeleton__invisible-text\"><strong>20 jan 2025<\/strong><\/span><\/span>\n                                        <\/div>\n                                        <span class=\"tb-skeleton__bone\"><span class=\"tb-skeleton__invisible-text\"><i class=\"fa-solid fa-arrow-right\"><\/i><\/span><\/span>\n                                        <div class=\"tb-calendar-v2-departure__enddate\">\n                                            <span class=\"tb-skeleton__bone\"><span class=\"tb-skeleton__invisible-text\">Zondag<\/span><\/span>\n                                            <span class=\"tb-skeleton__bone\"><span class=\"tb-skeleton__invisible-text\"><strong>26 jan 2025<\/strong><\/span><\/span>\n                                        <\/div>\n                                    <\/div>\n                                    <div class=\"tb-calendar-v2-departure__divider desktop-only tb-skeleton__bone\"><\/div>\n                                    <div class=\"tb-calendar-v2-departure__availability desktop-only\" data-availability=\"free\"><strong>\n                                            <span class=\"tb-skeleton__bone\"><span class=\"tb-skeleton__invisible-text\">Beschikbaar<\/span><\/span>\n                                        <\/strong><\/div>\n                                    <div class=\"tb-calendar-v2-departure__spots desktop-only\">\n                                        <span class=\"tb-skeleton__bone\"><span class=\"tb-skeleton__invisible-text\">\n                                                                                             <\/span><\/span>\n                                    <\/div>\n                                <\/div>\n                                <div class=\"tb-calendar-v2-departure__last-part\">\n                                    <div class=\"tb-calendar-v2-departure__price\"><span class=\"tb-skeleton__bone\"><span class=\"tb-skeleton__invisible-text\"><strong>\u20ac 1450<\/strong><\/span><\/span><\/div>\n                                    <div class=\"tb-calendar-v2-departure__availability mobile-only\" data-availability=\"free\">\n                                        <strong>\n                                            <span class=\"tb-skeleton__bone\"><span class=\"tb-skeleton__invisible-text\">Beschikbaar<\/span><\/span>\n                                        <\/strong>\n                                    <\/div>\n                                    <div class=\"tb-calendar-v2-departure__expand-button tb-skeleton__disabled desktop-only\" disabled>\n                                        <span class=\"tb-skeleton__bone\"><span class=\"tb-skeleton__invisible-text\"><i class=\"fa-solid fa-chevron-down\"><\/i><\/span><\/span>\n                                    <\/div>\n                                <\/div>\n                            <\/div>\n                            <div class=\"tb-calendar-v2-departure__divider mobile-only tb-skeleton__bone\"><\/div>\n                            <div class=\"tb-calendar-v2-departure__expand-button mobile-only tb-skeleton__disabled\" disabled>\n                                <span class=\"tb-skeleton__bone\"><span class=\"tb-skeleton__invisible-text\"><span class=\"more-info\">Meer info<\/span> <span class=\"less-info\">Minder info<\/span> <i class=\"fa-solid fa-chevron-down\"><\/i><\/span><\/span>\n                            <\/div>\n                        <\/li>\n                                            <li class=\"tb-calendar-v2__departure tb-calendar-v2-departure tb-skeleton__border\" data-availability=\"free\">\n                            <div class=\"tb-calendar-v2-departure__essential\">\n                                <div class=\"tb-calendar-v2-departure__first-part\">\n                                    <div class=\"tb-calendar-v2-departure__destination desktop-only\">\n                                        <span class=\"tb-skeleton__bone\"><span class=\"tb-skeleton__invisible-text\"><strong>Voorbeeldreis<\/strong><\/span><\/span>\n                                    <\/div>\n                                    <div class=\"tb-calendar-v2-departure__dates\">\n                                        <div class=\"tb-calendar-v2-departure__startdate\">\n                                            <span class=\"tb-skeleton__bone\"><span class=\"tb-skeleton__invisible-text\">Maandag<\/span><\/span>\n                                            <span class=\"tb-skeleton__bone\"><span class=\"tb-skeleton__invisible-text\"><strong>20 jan 2025<\/strong><\/span><\/span>\n                                        <\/div>\n                                        <span class=\"tb-skeleton__bone\"><span class=\"tb-skeleton__invisible-text\"><i class=\"fa-solid fa-arrow-right\"><\/i><\/span><\/span>\n                                        <div class=\"tb-calendar-v2-departure__enddate\">\n                                            <span class=\"tb-skeleton__bone\"><span class=\"tb-skeleton__invisible-text\">Zondag<\/span><\/span>\n                                            <span class=\"tb-skeleton__bone\"><span class=\"tb-skeleton__invisible-text\"><strong>26 jan 2025<\/strong><\/span><\/span>\n                                        <\/div>\n                                    <\/div>\n                                    <div class=\"tb-calendar-v2-departure__divider desktop-only tb-skeleton__bone\"><\/div>\n                                    <div class=\"tb-calendar-v2-departure__availability desktop-only\" data-availability=\"free\"><strong>\n                                            <span class=\"tb-skeleton__bone\"><span class=\"tb-skeleton__invisible-text\">Beschikbaar<\/span><\/span>\n                                        <\/strong><\/div>\n                                    <div class=\"tb-calendar-v2-departure__spots desktop-only\">\n                                        <span class=\"tb-skeleton__bone\"><span class=\"tb-skeleton__invisible-text\">\n                                                                                             <\/span><\/span>\n                                    <\/div>\n                                <\/div>\n                                <div class=\"tb-calendar-v2-departure__last-part\">\n                                    <div class=\"tb-calendar-v2-departure__price\"><span class=\"tb-skeleton__bone\"><span class=\"tb-skeleton__invisible-text\"><strong>\u20ac 1450<\/strong><\/span><\/span><\/div>\n                                    <div class=\"tb-calendar-v2-departure__availability mobile-only\" data-availability=\"free\">\n                                        <strong>\n                                            <span class=\"tb-skeleton__bone\"><span class=\"tb-skeleton__invisible-text\">Beschikbaar<\/span><\/span>\n                                        <\/strong>\n                                    <\/div>\n                                    <div class=\"tb-calendar-v2-departure__expand-button tb-skeleton__disabled desktop-only\" disabled>\n                                        <span class=\"tb-skeleton__bone\"><span class=\"tb-skeleton__invisible-text\"><i class=\"fa-solid fa-chevron-down\"><\/i><\/span><\/span>\n                                    <\/div>\n                                <\/div>\n                            <\/div>\n                            <div class=\"tb-calendar-v2-departure__divider mobile-only tb-skeleton__bone\"><\/div>\n                            <div class=\"tb-calendar-v2-departure__expand-button mobile-only tb-skeleton__disabled\" disabled>\n                                <span class=\"tb-skeleton__bone\"><span class=\"tb-skeleton__invisible-text\"><span class=\"more-info\">Meer info<\/span> <span class=\"less-info\">Minder info<\/span> <i class=\"fa-solid fa-chevron-down\"><\/i><\/span><\/span>\n                            <\/div>\n                        <\/li>\n                                            <li class=\"tb-calendar-v2__departure tb-calendar-v2-departure tb-skeleton__border\" data-availability=\"free\">\n                            <div class=\"tb-calendar-v2-departure__essential\">\n                                <div class=\"tb-calendar-v2-departure__first-part\">\n                                    <div class=\"tb-calendar-v2-departure__destination desktop-only\">\n                                        <span class=\"tb-skeleton__bone\"><span class=\"tb-skeleton__invisible-text\"><strong>Voorbeeldreis<\/strong><\/span><\/span>\n                                    <\/div>\n                                    <div class=\"tb-calendar-v2-departure__dates\">\n                                        <div class=\"tb-calendar-v2-departure__startdate\">\n                                            <span class=\"tb-skeleton__bone\"><span class=\"tb-skeleton__invisible-text\">Maandag<\/span><\/span>\n                                            <span class=\"tb-skeleton__bone\"><span class=\"tb-skeleton__invisible-text\"><strong>20 jan 2025<\/strong><\/span><\/span>\n                                        <\/div>\n                                        <span class=\"tb-skeleton__bone\"><span class=\"tb-skeleton__invisible-text\"><i class=\"fa-solid fa-arrow-right\"><\/i><\/span><\/span>\n                                        <div class=\"tb-calendar-v2-departure__enddate\">\n                                            <span class=\"tb-skeleton__bone\"><span class=\"tb-skeleton__invisible-text\">Zondag<\/span><\/span>\n                                            <span class=\"tb-skeleton__bone\"><span class=\"tb-skeleton__invisible-text\"><strong>26 jan 2025<\/strong><\/span><\/span>\n                                        <\/div>\n                                    <\/div>\n                                    <div class=\"tb-calendar-v2-departure__divider desktop-only tb-skeleton__bone\"><\/div>\n                                    <div class=\"tb-calendar-v2-departure__availability desktop-only\" data-availability=\"free\"><strong>\n                                            <span class=\"tb-skeleton__bone\"><span class=\"tb-skeleton__invisible-text\">Beschikbaar<\/span><\/span>\n                                        <\/strong><\/div>\n                                    <div class=\"tb-calendar-v2-departure__spots desktop-only\">\n                                        <span class=\"tb-skeleton__bone\"><span class=\"tb-skeleton__invisible-text\">\n                                                                                             <\/span><\/span>\n                                    <\/div>\n                                <\/div>\n                                <div class=\"tb-calendar-v2-departure__last-part\">\n                                    <div class=\"tb-calendar-v2-departure__price\"><span class=\"tb-skeleton__bone\"><span class=\"tb-skeleton__invisible-text\"><strong>\u20ac 1450<\/strong><\/span><\/span><\/div>\n                                    <div class=\"tb-calendar-v2-departure__availability mobile-only\" data-availability=\"free\">\n                                        <strong>\n                                            <span class=\"tb-skeleton__bone\"><span class=\"tb-skeleton__invisible-text\">Beschikbaar<\/span><\/span>\n                                        <\/strong>\n                                    <\/div>\n                                    <div class=\"tb-calendar-v2-departure__expand-button tb-skeleton__disabled desktop-only\" disabled>\n                                        <span class=\"tb-skeleton__bone\"><span class=\"tb-skeleton__invisible-text\"><i class=\"fa-solid fa-chevron-down\"><\/i><\/span><\/span>\n                                    <\/div>\n                                <\/div>\n                            <\/div>\n                            <div class=\"tb-calendar-v2-departure__divider mobile-only tb-skeleton__bone\"><\/div>\n                            <div class=\"tb-calendar-v2-departure__expand-button mobile-only tb-skeleton__disabled\" disabled>\n                                <span class=\"tb-skeleton__bone\"><span class=\"tb-skeleton__invisible-text\"><span class=\"more-info\">Meer info<\/span> <span class=\"less-info\">Minder info<\/span> <i class=\"fa-solid fa-chevron-down\"><\/i><\/span><\/span>\n                            <\/div>\n                        <\/li>\n                                            <li class=\"tb-calendar-v2__departure tb-calendar-v2-departure tb-skeleton__border\" data-availability=\"free\">\n                            <div class=\"tb-calendar-v2-departure__essential\">\n                                <div class=\"tb-calendar-v2-departure__first-part\">\n                                    <div class=\"tb-calendar-v2-departure__destination desktop-only\">\n                                        <span class=\"tb-skeleton__bone\"><span class=\"tb-skeleton__invisible-text\"><strong>Voorbeeldreis<\/strong><\/span><\/span>\n                                    <\/div>\n                                    <div class=\"tb-calendar-v2-departure__dates\">\n                                        <div class=\"tb-calendar-v2-departure__startdate\">\n                                            <span class=\"tb-skeleton__bone\"><span class=\"tb-skeleton__invisible-text\">Maandag<\/span><\/span>\n                                            <span class=\"tb-skeleton__bone\"><span class=\"tb-skeleton__invisible-text\"><strong>20 jan 2025<\/strong><\/span><\/span>\n                                        <\/div>\n                                        <span class=\"tb-skeleton__bone\"><span class=\"tb-skeleton__invisible-text\"><i class=\"fa-solid fa-arrow-right\"><\/i><\/span><\/span>\n                                        <div class=\"tb-calendar-v2-departure__enddate\">\n                                            <span class=\"tb-skeleton__bone\"><span class=\"tb-skeleton__invisible-text\">Zondag<\/span><\/span>\n                                            <span class=\"tb-skeleton__bone\"><span class=\"tb-skeleton__invisible-text\"><strong>26 jan 2025<\/strong><\/span><\/span>\n                                        <\/div>\n                                    <\/div>\n                                    <div class=\"tb-calendar-v2-departure__divider desktop-only tb-skeleton__bone\"><\/div>\n                                    <div class=\"tb-calendar-v2-departure__availability desktop-only\" data-availability=\"free\"><strong>\n                                            <span class=\"tb-skeleton__bone\"><span class=\"tb-skeleton__invisible-text\">Beschikbaar<\/span><\/span>\n                                        <\/strong><\/div>\n                                    <div class=\"tb-calendar-v2-departure__spots desktop-only\">\n                                        <span class=\"tb-skeleton__bone\"><span class=\"tb-skeleton__invisible-text\">\n                                                                                             <\/span><\/span>\n                                    <\/div>\n                                <\/div>\n                                <div class=\"tb-calendar-v2-departure__last-part\">\n                                    <div class=\"tb-calendar-v2-departure__price\"><span class=\"tb-skeleton__bone\"><span class=\"tb-skeleton__invisible-text\"><strong>\u20ac 1450<\/strong><\/span><\/span><\/div>\n                                    <div class=\"tb-calendar-v2-departure__availability mobile-only\" data-availability=\"free\">\n                                        <strong>\n                                            <span class=\"tb-skeleton__bone\"><span class=\"tb-skeleton__invisible-text\">Beschikbaar<\/span><\/span>\n                                        <\/strong>\n                                    <\/div>\n                                    <div class=\"tb-calendar-v2-departure__expand-button tb-skeleton__disabled desktop-only\" disabled>\n                                        <span class=\"tb-skeleton__bone\"><span class=\"tb-skeleton__invisible-text\"><i class=\"fa-solid fa-chevron-down\"><\/i><\/span><\/span>\n                                    <\/div>\n                                <\/div>\n                            <\/div>\n                            <div class=\"tb-calendar-v2-departure__divider mobile-only tb-skeleton__bone\"><\/div>\n                            <div class=\"tb-calendar-v2-departure__expand-button mobile-only tb-skeleton__disabled\" disabled>\n                                <span class=\"tb-skeleton__bone\"><span class=\"tb-skeleton__invisible-text\"><span class=\"more-info\">Meer info<\/span> <span class=\"less-info\">Minder info<\/span> <i class=\"fa-solid fa-chevron-down\"><\/i><\/span><\/span>\n                            <\/div>\n                        <\/li>\n                                    <\/ul>\n            <\/div>\n        <\/div>\n    <\/div>\n<\/div>            <div class=\"tb-calendar-v2 tb-sections\" data-calendar-data=\"{&quot;brands&quot;:[{&quot;type&quot;:&quot;brands&quot;,&quot;id&quot;:&quot;89&quot;,&quot;attributes&quot;:{&quot;name&quot;:&quot;Madeira Trail&quot;,&quot;translatableName&quot;:{&quot;de&quot;:&quot;Madeira Trail&quot;,&quot;en&quot;:&quot;Madeira Trail&quot;,&quot;fr&quot;:&quot;Madeira Trail&quot;,&quot;nl&quot;:&quot;Madeira Trail&quot;}}}],&quot;packages&quot;:[{&quot;type&quot;:&quot;packages&quot;,&quot;id&quot;:&quot;MAT-MAT&quot;,&quot;attributes&quot;:{&quot;name&quot;:&quot;Madeira Trail - Madeira Trail&quot;,&quot;destinationName&quot;:&quot;&quot;,&quot;destinationCountry&quot;:&quot;PT&quot;,&quot;destinationTitle&quot;:{&quot;en&quot;:&quot;&quot;,&quot;nl&quot;:&quot;&quot;,&quot;fr&quot;:&quot;&quot;,&quot;de&quot;:&quot;&quot;},&quot;status&quot;:&quot;active&quot;,&quot;sortOrder&quot;:null,&quot;updatedAt&quot;:&quot;2026-09-01T17:50:13.000000Z&quot;},&quot;relationships&quot;:{&quot;brand&quot;:{&quot;data&quot;:{&quot;type&quot;:&quot;brands&quot;,&quot;id&quot;:&quot;89&quot;}}}}],&quot;departures&quot;:[{&quot;type&quot;:&quot;departures&quot;,&quot;id&quot;:&quot;t11592&quot;,&quot;attributes&quot;:{&quot;name&quot;:&quot;MAT26A-W38-TUE-6D&quot;,&quot;start&quot;:&quot;2026-09-15T10:00:00.000000Z&quot;,&quot;end&quot;:&quot;2026-09-21T12:00:00.000000Z&quot;,&quot;cheapestPrice&quot;:835,&quot;languages&quot;:[&quot;nl&quot;,&quot;en&quot;],&quot;availableSpots&quot;:0,&quot;bookedSpots&quot;:10,&quot;fakeLabel&quot;:&quot;sold out&quot;,&quot;availabilityLabel&quot;:&quot;sold out&quot;,&quot;promoLabel&quot;:null,&quot;status&quot;:&quot;active&quot;,&quot;calendarToggles&quot;:null,&quot;bookable&quot;:false,&quot;bookingUrl&quot;:&quot;https:\\\/\\\/booking.travelbase.eu\\\/mat26a\\\/book?trip=11592&quot;,&quot;packageId&quot;:&quot;MAT-MAT&quot;}},{&quot;type&quot;:&quot;departures&quot;,&quot;id&quot;:&quot;t11593&quot;,&quot;attributes&quot;:{&quot;name&quot;:&quot;MAT26A-W38-WED-6D&quot;,&quot;start&quot;:&quot;2026-09-16T10:00:00.000000Z&quot;,&quot;end&quot;:&quot;2026-09-22T12:00:00.000000Z&quot;,&quot;cheapestPrice&quot;:835,&quot;languages&quot;:[&quot;nl&quot;,&quot;en&quot;],&quot;availableSpots&quot;:0,&quot;bookedSpots&quot;:10,&quot;fakeLabel&quot;:&quot;sold out&quot;,&quot;availabilityLabel&quot;:&quot;sold out&quot;,&quot;promoLabel&quot;:null,&quot;status&quot;:&quot;active&quot;,&quot;calendarToggles&quot;:null,&quot;bookable&quot;:false,&quot;bookingUrl&quot;:&quot;https:\\\/\\\/booking.travelbase.eu\\\/mat26a\\\/book?trip=11593&quot;,&quot;packageId&quot;:&quot;MAT-MAT&quot;}},{&quot;type&quot;:&quot;departures&quot;,&quot;id&quot;:&quot;t11596&quot;,&quot;attributes&quot;:{&quot;name&quot;:&quot;MAT26A-W38-SAT-6D&quot;,&quot;start&quot;:&quot;2026-09-19T10:00:00.000000Z&quot;,&quot;end&quot;:&quot;2026-09-25T12:00:00.000000Z&quot;,&quot;cheapestPrice&quot;:845,&quot;languages&quot;:[&quot;nl&quot;,&quot;fr&quot;,&quot;de&quot;,&quot;en&quot;],&quot;availableSpots&quot;:0,&quot;bookedSpots&quot;:10,&quot;fakeLabel&quot;:&quot;sold out&quot;,&quot;availabilityLabel&quot;:&quot;sold out&quot;,&quot;promoLabel&quot;:null,&quot;status&quot;:&quot;active&quot;,&quot;calendarToggles&quot;:null,&quot;bookable&quot;:true,&quot;bookingUrl&quot;:&quot;https:\\\/\\\/booking.travelbase.eu\\\/mat26a\\\/book?trip=11596&quot;,&quot;packageId&quot;:&quot;MAT-MAT&quot;}},{&quot;type&quot;:&quot;departures&quot;,&quot;id&quot;:&quot;t11599&quot;,&quot;attributes&quot;:{&quot;name&quot;:&quot;MAT26A-W39-TUE-6D&quot;,&quot;start&quot;:&quot;2026-09-22T10:00:00.000000Z&quot;,&quot;end&quot;:&quot;2026-09-28T12:00:00.000000Z&quot;,&quot;cheapestPrice&quot;:835,&quot;languages&quot;:[&quot;nl&quot;,&quot;en&quot;],&quot;availableSpots&quot;:0,&quot;bookedSpots&quot;:10,&quot;fakeLabel&quot;:&quot;sold out&quot;,&quot;availabilityLabel&quot;:&quot;sold out&quot;,&quot;promoLabel&quot;:null,&quot;status&quot;:&quot;active&quot;,&quot;calendarToggles&quot;:null,&quot;bookable&quot;:false,&quot;bookingUrl&quot;:&quot;https:\\\/\\\/booking.travelbase.eu\\\/mat26a\\\/book?trip=11599&quot;,&quot;packageId&quot;:&quot;MAT-MAT&quot;}},{&quot;type&quot;:&quot;departures&quot;,&quot;id&quot;:&quot;t11600&quot;,&quot;attributes&quot;:{&quot;name&quot;:&quot;MAT26A-W39-WED-6D&quot;,&quot;start&quot;:&quot;2026-09-23T10:00:00.000000Z&quot;,&quot;end&quot;:&quot;2026-09-29T12:00:00.000000Z&quot;,&quot;cheapestPrice&quot;:835,&quot;languages&quot;:[&quot;nl&quot;,&quot;en&quot;],&quot;availableSpots&quot;:0,&quot;bookedSpots&quot;:10,&quot;fakeLabel&quot;:&quot;sold out&quot;,&quot;availabilityLabel&quot;:&quot;sold out&quot;,&quot;promoLabel&quot;:null,&quot;status&quot;:&quot;active&quot;,&quot;calendarToggles&quot;:null,&quot;bookable&quot;:false,&quot;bookingUrl&quot;:&quot;https:\\\/\\\/booking.travelbase.eu\\\/mat26a\\\/book?trip=11600&quot;,&quot;packageId&quot;:&quot;MAT-MAT&quot;}},{&quot;type&quot;:&quot;departures&quot;,&quot;id&quot;:&quot;t11602&quot;,&quot;attributes&quot;:{&quot;name&quot;:&quot;MAT26A-W39-FRI-6D&quot;,&quot;start&quot;:&quot;2026-09-25T10:00:00.000000Z&quot;,&quot;end&quot;:&quot;2026-10-01T12:00:00.000000Z&quot;,&quot;cheapestPrice&quot;:835,&quot;languages&quot;:[&quot;fr&quot;,&quot;nl&quot;,&quot;en&quot;,&quot;de&quot;],&quot;availableSpots&quot;:0,&quot;bookedSpots&quot;:10,&quot;fakeLabel&quot;:&quot;sold out&quot;,&quot;availabilityLabel&quot;:&quot;sold out&quot;,&quot;promoLabel&quot;:null,&quot;status&quot;:&quot;active&quot;,&quot;calendarToggles&quot;:null,&quot;bookable&quot;:false,&quot;bookingUrl&quot;:&quot;https:\\\/\\\/booking.travelbase.eu\\\/mat26a\\\/book?trip=11602&quot;,&quot;packageId&quot;:&quot;MAT-MAT&quot;}},{&quot;type&quot;:&quot;departures&quot;,&quot;id&quot;:&quot;t11603&quot;,&quot;attributes&quot;:{&quot;name&quot;:&quot;MAT26A-W39-SAT-6D&quot;,&quot;start&quot;:&quot;2026-09-26T10:00:00.000000Z&quot;,&quot;end&quot;:&quot;2026-10-02T12:00:00.000000Z&quot;,&quot;cheapestPrice&quot;:845,&quot;languages&quot;:[&quot;nl&quot;,&quot;de&quot;,&quot;en&quot;,&quot;fr&quot;],&quot;availableSpots&quot;:0,&quot;bookedSpots&quot;:9,&quot;fakeLabel&quot;:&quot;sold out&quot;,&quot;availabilityLabel&quot;:&quot;sold out&quot;,&quot;promoLabel&quot;:null,&quot;status&quot;:&quot;active&quot;,&quot;calendarToggles&quot;:null,&quot;bookable&quot;:false,&quot;bookingUrl&quot;:&quot;https:\\\/\\\/booking.travelbase.eu\\\/mat26a\\\/book?trip=11603&quot;,&quot;packageId&quot;:&quot;MAT-MAT&quot;}},{&quot;type&quot;:&quot;departures&quot;,&quot;id&quot;:&quot;t11605&quot;,&quot;attributes&quot;:{&quot;name&quot;:&quot;MAT26A-W40-MON-6D&quot;,&quot;start&quot;:&quot;2026-09-28T10:00:00.000000Z&quot;,&quot;end&quot;:&quot;2026-10-04T12:00:00.000000Z&quot;,&quot;cheapestPrice&quot;:835,&quot;languages&quot;:[&quot;de&quot;,&quot;nl&quot;],&quot;availableSpots&quot;:0,&quot;bookedSpots&quot;:10,&quot;fakeLabel&quot;:&quot;sold out&quot;,&quot;availabilityLabel&quot;:&quot;sold out&quot;,&quot;promoLabel&quot;:null,&quot;status&quot;:&quot;active&quot;,&quot;calendarToggles&quot;:null,&quot;bookable&quot;:false,&quot;bookingUrl&quot;:&quot;https:\\\/\\\/booking.travelbase.eu\\\/mat26a\\\/book?trip=11605&quot;,&quot;packageId&quot;:&quot;MAT-MAT&quot;}},{&quot;type&quot;:&quot;departures&quot;,&quot;id&quot;:&quot;t11606&quot;,&quot;attributes&quot;:{&quot;name&quot;:&quot;MAT26A-W40-TUE-6D&quot;,&quot;start&quot;:&quot;2026-09-29T10:00:00.000000Z&quot;,&quot;end&quot;:&quot;2026-10-05T12:00:00.000000Z&quot;,&quot;cheapestPrice&quot;:835,&quot;languages&quot;:[&quot;nl&quot;,&quot;en&quot;],&quot;availableSpots&quot;:0,&quot;bookedSpots&quot;:10,&quot;fakeLabel&quot;:&quot;sold out&quot;,&quot;availabilityLabel&quot;:&quot;sold out&quot;,&quot;promoLabel&quot;:null,&quot;status&quot;:&quot;active&quot;,&quot;calendarToggles&quot;:null,&quot;bookable&quot;:false,&quot;bookingUrl&quot;:&quot;https:\\\/\\\/booking.travelbase.eu\\\/mat26a\\\/book?trip=11606&quot;,&quot;packageId&quot;:&quot;MAT-MAT&quot;}},{&quot;type&quot;:&quot;departures&quot;,&quot;id&quot;:&quot;t11607&quot;,&quot;attributes&quot;:{&quot;name&quot;:&quot;MAT26A-W40-WED-6D&quot;,&quot;start&quot;:&quot;2026-09-30T10:00:00.000000Z&quot;,&quot;end&quot;:&quot;2026-10-06T12:00:00.000000Z&quot;,&quot;cheapestPrice&quot;:835,&quot;languages&quot;:[&quot;nl&quot;,&quot;en&quot;],&quot;availableSpots&quot;:0,&quot;bookedSpots&quot;:10,&quot;fakeLabel&quot;:&quot;sold out&quot;,&quot;availabilityLabel&quot;:&quot;sold out&quot;,&quot;promoLabel&quot;:null,&quot;status&quot;:&quot;active&quot;,&quot;calendarToggles&quot;:null,&quot;bookable&quot;:false,&quot;bookingUrl&quot;:&quot;https:\\\/\\\/booking.travelbase.eu\\\/mat26a\\\/book?trip=11607&quot;,&quot;packageId&quot;:&quot;MAT-MAT&quot;}},{&quot;type&quot;:&quot;departures&quot;,&quot;id&quot;:&quot;t11609&quot;,&quot;attributes&quot;:{&quot;name&quot;:&quot;MAT26A-W40-FRI-6D&quot;,&quot;start&quot;:&quot;2026-10-02T10:00:00.000000Z&quot;,&quot;end&quot;:&quot;2026-10-08T12:00:00.000000Z&quot;,&quot;cheapestPrice&quot;:825,&quot;languages&quot;:[&quot;fr&quot;,&quot;nl&quot;],&quot;availableSpots&quot;:0,&quot;bookedSpots&quot;:10,&quot;fakeLabel&quot;:&quot;sold out&quot;,&quot;availabilityLabel&quot;:&quot;sold out&quot;,&quot;promoLabel&quot;:null,&quot;status&quot;:&quot;active&quot;,&quot;calendarToggles&quot;:null,&quot;bookable&quot;:false,&quot;bookingUrl&quot;:&quot;https:\\\/\\\/booking.travelbase.eu\\\/mat26a\\\/book?trip=11609&quot;,&quot;packageId&quot;:&quot;MAT-MAT&quot;}},{&quot;type&quot;:&quot;departures&quot;,&quot;id&quot;:&quot;t11610&quot;,&quot;attributes&quot;:{&quot;name&quot;:&quot;MAT26A-W40-SAT-6D&quot;,&quot;start&quot;:&quot;2026-10-03T10:00:00.000000Z&quot;,&quot;end&quot;:&quot;2026-10-09T12:00:00.000000Z&quot;,&quot;cheapestPrice&quot;:845,&quot;languages&quot;:[&quot;nl&quot;,&quot;fr&quot;,&quot;de&quot;,&quot;en&quot;],&quot;availableSpots&quot;:0,&quot;bookedSpots&quot;:10,&quot;fakeLabel&quot;:&quot;sold out&quot;,&quot;availabilityLabel&quot;:&quot;sold out&quot;,&quot;promoLabel&quot;:null,&quot;status&quot;:&quot;active&quot;,&quot;calendarToggles&quot;:null,&quot;bookable&quot;:false,&quot;bookingUrl&quot;:&quot;https:\\\/\\\/booking.travelbase.eu\\\/mat26a\\\/book?trip=11610&quot;,&quot;packageId&quot;:&quot;MAT-MAT&quot;}},{&quot;type&quot;:&quot;departures&quot;,&quot;id&quot;:&quot;t11613&quot;,&quot;attributes&quot;:{&quot;name&quot;:&quot;MAT26A-W41-TUE-6D&quot;,&quot;start&quot;:&quot;2026-10-06T10:00:00.000000Z&quot;,&quot;end&quot;:&quot;2026-10-12T12:00:00.000000Z&quot;,&quot;cheapestPrice&quot;:835,&quot;languages&quot;:[&quot;nl&quot;,&quot;en&quot;],&quot;availableSpots&quot;:0,&quot;bookedSpots&quot;:10,&quot;fakeLabel&quot;:&quot;sold out&quot;,&quot;availabilityLabel&quot;:&quot;sold out&quot;,&quot;promoLabel&quot;:null,&quot;status&quot;:&quot;active&quot;,&quot;calendarToggles&quot;:null,&quot;bookable&quot;:false,&quot;bookingUrl&quot;:&quot;https:\\\/\\\/booking.travelbase.eu\\\/mat26a\\\/book?trip=11613&quot;,&quot;packageId&quot;:&quot;MAT-MAT&quot;}},{&quot;type&quot;:&quot;departures&quot;,&quot;id&quot;:&quot;t11614&quot;,&quot;attributes&quot;:{&quot;name&quot;:&quot;MAT26A-W41-WED-6D&quot;,&quot;start&quot;:&quot;2026-10-07T10:00:00.000000Z&quot;,&quot;end&quot;:&quot;2026-10-13T12:00:00.000000Z&quot;,&quot;cheapestPrice&quot;:825,&quot;languages&quot;:[&quot;nl&quot;,&quot;en&quot;],&quot;availableSpots&quot;:0,&quot;bookedSpots&quot;:10,&quot;fakeLabel&quot;:&quot;sold out&quot;,&quot;availabilityLabel&quot;:&quot;sold out&quot;,&quot;promoLabel&quot;:null,&quot;status&quot;:&quot;active&quot;,&quot;calendarToggles&quot;:null,&quot;bookable&quot;:false,&quot;bookingUrl&quot;:&quot;https:\\\/\\\/booking.travelbase.eu\\\/mat26a\\\/book?trip=11614&quot;,&quot;packageId&quot;:&quot;MAT-MAT&quot;}},{&quot;type&quot;:&quot;departures&quot;,&quot;id&quot;:&quot;t11616&quot;,&quot;attributes&quot;:{&quot;name&quot;:&quot;MAT26A-W41-FRI-6D&quot;,&quot;start&quot;:&quot;2026-10-09T10:00:00.000000Z&quot;,&quot;end&quot;:&quot;2026-10-15T12:00:00.000000Z&quot;,&quot;cheapestPrice&quot;:825,&quot;languages&quot;:[&quot;fr&quot;,&quot;en&quot;,&quot;nl&quot;],&quot;availableSpots&quot;:0,&quot;bookedSpots&quot;:10,&quot;fakeLabel&quot;:&quot;sold out&quot;,&quot;availabilityLabel&quot;:&quot;sold out&quot;,&quot;promoLabel&quot;:null,&quot;status&quot;:&quot;active&quot;,&quot;calendarToggles&quot;:null,&quot;bookable&quot;:false,&quot;bookingUrl&quot;:&quot;https:\\\/\\\/booking.travelbase.eu\\\/mat26a\\\/book?trip=11616&quot;,&quot;packageId&quot;:&quot;MAT-MAT&quot;}},{&quot;type&quot;:&quot;departures&quot;,&quot;id&quot;:&quot;t11617&quot;,&quot;attributes&quot;:{&quot;name&quot;:&quot;MAT26A-W41-SAT-6D&quot;,&quot;start&quot;:&quot;2026-10-10T10:00:00.000000Z&quot;,&quot;end&quot;:&quot;2026-10-16T12:00:00.000000Z&quot;,&quot;cheapestPrice&quot;:845,&quot;languages&quot;:[&quot;fr&quot;,&quot;de&quot;,&quot;en&quot;,&quot;nl&quot;],&quot;availableSpots&quot;:0,&quot;bookedSpots&quot;:10,&quot;fakeLabel&quot;:&quot;sold out&quot;,&quot;availabilityLabel&quot;:&quot;sold out&quot;,&quot;promoLabel&quot;:null,&quot;status&quot;:&quot;active&quot;,&quot;calendarToggles&quot;:null,&quot;bookable&quot;:false,&quot;bookingUrl&quot;:&quot;https:\\\/\\\/booking.travelbase.eu\\\/mat26a\\\/book?trip=11617&quot;,&quot;packageId&quot;:&quot;MAT-MAT&quot;}},{&quot;type&quot;:&quot;departures&quot;,&quot;id&quot;:&quot;t11619&quot;,&quot;attributes&quot;:{&quot;name&quot;:&quot;MAT26A-W42-MON-6D&quot;,&quot;start&quot;:&quot;2026-10-12T10:00:00.000000Z&quot;,&quot;end&quot;:&quot;2026-10-18T12:00:00.000000Z&quot;,&quot;cheapestPrice&quot;:825,&quot;languages&quot;:[&quot;de&quot;,&quot;en&quot;,&quot;nl&quot;],&quot;availableSpots&quot;:0,&quot;bookedSpots&quot;:10,&quot;fakeLabel&quot;:&quot;sold out&quot;,&quot;availabilityLabel&quot;:&quot;sold out&quot;,&quot;promoLabel&quot;:null,&quot;status&quot;:&quot;active&quot;,&quot;calendarToggles&quot;:null,&quot;bookable&quot;:false,&quot;bookingUrl&quot;:&quot;https:\\\/\\\/booking.travelbase.eu\\\/mat26a\\\/book?trip=11619&quot;,&quot;packageId&quot;:&quot;MAT-MAT&quot;}},{&quot;type&quot;:&quot;departures&quot;,&quot;id&quot;:&quot;t11620&quot;,&quot;attributes&quot;:{&quot;name&quot;:&quot;MAT26A-W42-TUE-6D&quot;,&quot;start&quot;:&quot;2026-10-13T10:00:00.000000Z&quot;,&quot;end&quot;:&quot;2026-10-19T12:00:00.000000Z&quot;,&quot;cheapestPrice&quot;:825,&quot;languages&quot;:[&quot;nl&quot;,&quot;en&quot;],&quot;availableSpots&quot;:0,&quot;bookedSpots&quot;:10,&quot;fakeLabel&quot;:&quot;sold out&quot;,&quot;availabilityLabel&quot;:&quot;sold out&quot;,&quot;promoLabel&quot;:null,&quot;status&quot;:&quot;active&quot;,&quot;calendarToggles&quot;:null,&quot;bookable&quot;:false,&quot;bookingUrl&quot;:&quot;https:\\\/\\\/booking.travelbase.eu\\\/mat26a\\\/book?trip=11620&quot;,&quot;packageId&quot;:&quot;MAT-MAT&quot;}},{&quot;type&quot;:&quot;departures&quot;,&quot;id&quot;:&quot;t11621&quot;,&quot;attributes&quot;:{&quot;name&quot;:&quot;MAT26A-W42-WED-6D&quot;,&quot;start&quot;:&quot;2026-10-14T10:00:00.000000Z&quot;,&quot;end&quot;:&quot;2026-10-20T12:00:00.000000Z&quot;,&quot;cheapestPrice&quot;:825,&quot;languages&quot;:[&quot;nl&quot;,&quot;en&quot;],&quot;availableSpots&quot;:0,&quot;bookedSpots&quot;:10,&quot;fakeLabel&quot;:&quot;sold out&quot;,&quot;availabilityLabel&quot;:&quot;sold out&quot;,&quot;promoLabel&quot;:null,&quot;status&quot;:&quot;active&quot;,&quot;calendarToggles&quot;:null,&quot;bookable&quot;:false,&quot;bookingUrl&quot;:&quot;https:\\\/\\\/booking.travelbase.eu\\\/mat26a\\\/book?trip=11621&quot;,&quot;packageId&quot;:&quot;MAT-MAT&quot;}},{&quot;type&quot;:&quot;departures&quot;,&quot;id&quot;:&quot;t11623&quot;,&quot;attributes&quot;:{&quot;name&quot;:&quot;MAT26A-W42-FRI-6D&quot;,&quot;start&quot;:&quot;2026-10-16T10:00:00.000000Z&quot;,&quot;end&quot;:&quot;2026-10-22T12:00:00.000000Z&quot;,&quot;cheapestPrice&quot;:825,&quot;languages&quot;:[&quot;fr&quot;,&quot;nl&quot;],&quot;availableSpots&quot;:0,&quot;bookedSpots&quot;:11,&quot;fakeLabel&quot;:&quot;sold out&quot;,&quot;availabilityLabel&quot;:&quot;sold out&quot;,&quot;promoLabel&quot;:null,&quot;status&quot;:&quot;active&quot;,&quot;calendarToggles&quot;:null,&quot;bookable&quot;:false,&quot;bookingUrl&quot;:&quot;https:\\\/\\\/booking.travelbase.eu\\\/mat26a\\\/book?trip=11623&quot;,&quot;packageId&quot;:&quot;MAT-MAT&quot;}},{&quot;type&quot;:&quot;departures&quot;,&quot;id&quot;:&quot;t11624&quot;,&quot;attributes&quot;:{&quot;name&quot;:&quot;MAT26A-W42-SAT-6D&quot;,&quot;start&quot;:&quot;2026-10-17T10:00:00.000000Z&quot;,&quot;end&quot;:&quot;2026-10-23T12:00:00.000000Z&quot;,&quot;cheapestPrice&quot;:845,&quot;languages&quot;:[&quot;nl&quot;,&quot;fr&quot;,&quot;de&quot;,&quot;en&quot;],&quot;availableSpots&quot;:0,&quot;bookedSpots&quot;:10,&quot;fakeLabel&quot;:&quot;sold out&quot;,&quot;availabilityLabel&quot;:&quot;sold out&quot;,&quot;promoLabel&quot;:null,&quot;status&quot;:&quot;active&quot;,&quot;calendarToggles&quot;:null,&quot;bookable&quot;:false,&quot;bookingUrl&quot;:&quot;https:\\\/\\\/booking.travelbase.eu\\\/mat26a\\\/book?trip=11624&quot;,&quot;packageId&quot;:&quot;MAT-MAT&quot;}},{&quot;type&quot;:&quot;departures&quot;,&quot;id&quot;:&quot;t11626&quot;,&quot;attributes&quot;:{&quot;name&quot;:&quot;MAT26A-W43-MON-6D&quot;,&quot;start&quot;:&quot;2026-10-19T10:00:00.000000Z&quot;,&quot;end&quot;:&quot;2026-10-25T13:00:00.000000Z&quot;,&quot;cheapestPrice&quot;:825,&quot;languages&quot;:[&quot;de&quot;,&quot;en&quot;,&quot;nl&quot;,&quot;fr&quot;],&quot;availableSpots&quot;:0,&quot;bookedSpots&quot;:10,&quot;fakeLabel&quot;:&quot;sold out&quot;,&quot;availabilityLabel&quot;:&quot;sold out&quot;,&quot;promoLabel&quot;:null,&quot;status&quot;:&quot;active&quot;,&quot;calendarToggles&quot;:null,&quot;bookable&quot;:false,&quot;bookingUrl&quot;:&quot;https:\\\/\\\/booking.travelbase.eu\\\/mat26a\\\/book?trip=11626&quot;,&quot;packageId&quot;:&quot;MAT-MAT&quot;}},{&quot;type&quot;:&quot;departures&quot;,&quot;id&quot;:&quot;t11627&quot;,&quot;attributes&quot;:{&quot;name&quot;:&quot;MAT26A-W43-TUE-6D&quot;,&quot;start&quot;:&quot;2026-10-20T10:00:00.000000Z&quot;,&quot;end&quot;:&quot;2026-10-26T13:00:00.000000Z&quot;,&quot;cheapestPrice&quot;:815,&quot;languages&quot;:[&quot;nl&quot;,&quot;en&quot;],&quot;availableSpots&quot;:0,&quot;bookedSpots&quot;:10,&quot;fakeLabel&quot;:&quot;sold out&quot;,&quot;availabilityLabel&quot;:&quot;sold out&quot;,&quot;promoLabel&quot;:null,&quot;status&quot;:&quot;active&quot;,&quot;calendarToggles&quot;:null,&quot;bookable&quot;:false,&quot;bookingUrl&quot;:&quot;https:\\\/\\\/booking.travelbase.eu\\\/mat26a\\\/book?trip=11627&quot;,&quot;packageId&quot;:&quot;MAT-MAT&quot;}},{&quot;type&quot;:&quot;departures&quot;,&quot;id&quot;:&quot;t11628&quot;,&quot;attributes&quot;:{&quot;name&quot;:&quot;MAT26A-W43-WED-6D&quot;,&quot;start&quot;:&quot;2026-10-21T10:00:00.000000Z&quot;,&quot;end&quot;:&quot;2026-10-27T13:00:00.000000Z&quot;,&quot;cheapestPrice&quot;:835,&quot;languages&quot;:[&quot;nl&quot;,&quot;en&quot;],&quot;availableSpots&quot;:0,&quot;bookedSpots&quot;:10,&quot;fakeLabel&quot;:&quot;sold out&quot;,&quot;availabilityLabel&quot;:&quot;sold out&quot;,&quot;promoLabel&quot;:null,&quot;status&quot;:&quot;active&quot;,&quot;calendarToggles&quot;:null,&quot;bookable&quot;:false,&quot;bookingUrl&quot;:&quot;https:\\\/\\\/booking.travelbase.eu\\\/mat26a\\\/book?trip=11628&quot;,&quot;packageId&quot;:&quot;MAT-MAT&quot;}},{&quot;type&quot;:&quot;departures&quot;,&quot;id&quot;:&quot;t11630&quot;,&quot;attributes&quot;:{&quot;name&quot;:&quot;MAT26A-W43-FRI-6D&quot;,&quot;start&quot;:&quot;2026-10-23T10:00:00.000000Z&quot;,&quot;end&quot;:&quot;2026-10-29T13:00:00.000000Z&quot;,&quot;cheapestPrice&quot;:845,&quot;languages&quot;:[&quot;fr&quot;,&quot;nl&quot;],&quot;availableSpots&quot;:0,&quot;bookedSpots&quot;:10,&quot;fakeLabel&quot;:&quot;sold out&quot;,&quot;availabilityLabel&quot;:&quot;sold out&quot;,&quot;promoLabel&quot;:null,&quot;status&quot;:&quot;active&quot;,&quot;calendarToggles&quot;:null,&quot;bookable&quot;:false,&quot;bookingUrl&quot;:&quot;https:\\\/\\\/booking.travelbase.eu\\\/mat26a\\\/book?trip=11630&quot;,&quot;packageId&quot;:&quot;MAT-MAT&quot;}},{&quot;type&quot;:&quot;departures&quot;,&quot;id&quot;:&quot;t11631&quot;,&quot;attributes&quot;:{&quot;name&quot;:&quot;MAT26A-W43-SAT-6D&quot;,&quot;start&quot;:&quot;2026-10-24T10:00:00.000000Z&quot;,&quot;end&quot;:&quot;2026-10-30T13:00:00.000000Z&quot;,&quot;cheapestPrice&quot;:825,&quot;languages&quot;:[&quot;nl&quot;,&quot;fr&quot;,&quot;de&quot;,&quot;en&quot;],&quot;availableSpots&quot;:0,&quot;bookedSpots&quot;:10,&quot;fakeLabel&quot;:&quot;sold out&quot;,&quot;availabilityLabel&quot;:&quot;sold out&quot;,&quot;promoLabel&quot;:null,&quot;status&quot;:&quot;active&quot;,&quot;calendarToggles&quot;:null,&quot;bookable&quot;:false,&quot;bookingUrl&quot;:&quot;https:\\\/\\\/booking.travelbase.eu\\\/mat26a\\\/book?trip=11631&quot;,&quot;packageId&quot;:&quot;MAT-MAT&quot;}},{&quot;type&quot;:&quot;departures&quot;,&quot;id&quot;:&quot;t11633&quot;,&quot;attributes&quot;:{&quot;name&quot;:&quot;MAT26A-W44-MON-6D&quot;,&quot;start&quot;:&quot;2026-10-26T11:00:00.000000Z&quot;,&quot;end&quot;:&quot;2026-11-01T13:00:00.000000Z&quot;,&quot;cheapestPrice&quot;:825,&quot;languages&quot;:[&quot;de&quot;,&quot;en&quot;,&quot;nl&quot;,&quot;fr&quot;],&quot;availableSpots&quot;:0,&quot;bookedSpots&quot;:10,&quot;fakeLabel&quot;:&quot;sold out&quot;,&quot;availabilityLabel&quot;:&quot;sold out&quot;,&quot;promoLabel&quot;:null,&quot;status&quot;:&quot;active&quot;,&quot;calendarToggles&quot;:null,&quot;bookable&quot;:false,&quot;bookingUrl&quot;:&quot;https:\\\/\\\/booking.travelbase.eu\\\/mat26a\\\/book?trip=11633&quot;,&quot;packageId&quot;:&quot;MAT-MAT&quot;}},{&quot;type&quot;:&quot;departures&quot;,&quot;id&quot;:&quot;t11634&quot;,&quot;attributes&quot;:{&quot;name&quot;:&quot;MAT26A-W44-TUE-6D&quot;,&quot;start&quot;:&quot;2026-10-27T11:00:00.000000Z&quot;,&quot;end&quot;:&quot;2026-11-02T13:00:00.000000Z&quot;,&quot;cheapestPrice&quot;:835,&quot;languages&quot;:[&quot;nl&quot;,&quot;en&quot;],&quot;availableSpots&quot;:0,&quot;bookedSpots&quot;:10,&quot;fakeLabel&quot;:&quot;sold out&quot;,&quot;availabilityLabel&quot;:&quot;sold out&quot;,&quot;promoLabel&quot;:null,&quot;status&quot;:&quot;active&quot;,&quot;calendarToggles&quot;:null,&quot;bookable&quot;:false,&quot;bookingUrl&quot;:&quot;https:\\\/\\\/booking.travelbase.eu\\\/mat26a\\\/book?trip=11634&quot;,&quot;packageId&quot;:&quot;MAT-MAT&quot;}},{&quot;type&quot;:&quot;departures&quot;,&quot;id&quot;:&quot;t11638&quot;,&quot;attributes&quot;:{&quot;name&quot;:&quot;MAT26A-W44-SAT-6D&quot;,&quot;start&quot;:&quot;2026-10-31T11:00:00.000000Z&quot;,&quot;end&quot;:&quot;2026-11-06T13:00:00.000000Z&quot;,&quot;cheapestPrice&quot;:845,&quot;languages&quot;:[&quot;nl&quot;,&quot;en&quot;,&quot;fr&quot;,&quot;de&quot;],&quot;availableSpots&quot;:0,&quot;bookedSpots&quot;:10,&quot;fakeLabel&quot;:&quot;sold out&quot;,&quot;availabilityLabel&quot;:&quot;sold out&quot;,&quot;promoLabel&quot;:null,&quot;status&quot;:&quot;active&quot;,&quot;calendarToggles&quot;:null,&quot;bookable&quot;:false,&quot;bookingUrl&quot;:&quot;https:\\\/\\\/booking.travelbase.eu\\\/mat26a\\\/book?trip=11638&quot;,&quot;packageId&quot;:&quot;MAT-MAT&quot;}},{&quot;type&quot;:&quot;departures&quot;,&quot;id&quot;:&quot;t11639&quot;,&quot;attributes&quot;:{&quot;name&quot;:&quot;MAT26A-W44-SUN-6D&quot;,&quot;start&quot;:&quot;2026-11-01T11:00:00.000000Z&quot;,&quot;end&quot;:&quot;2026-11-07T13:00:00.000000Z&quot;,&quot;cheapestPrice&quot;:835,&quot;languages&quot;:[&quot;nl&quot;,&quot;en&quot;],&quot;availableSpots&quot;:0,&quot;bookedSpots&quot;:10,&quot;fakeLabel&quot;:&quot;sold out&quot;,&quot;availabilityLabel&quot;:&quot;sold out&quot;,&quot;promoLabel&quot;:null,&quot;status&quot;:&quot;active&quot;,&quot;calendarToggles&quot;:null,&quot;bookable&quot;:false,&quot;bookingUrl&quot;:&quot;https:\\\/\\\/booking.travelbase.eu\\\/mat26a\\\/book?trip=11639&quot;,&quot;packageId&quot;:&quot;MAT-MAT&quot;}}]}\" data-summary-content=\"Un acompte de 30 % vous sera demand\u00e9 lors de la r\u00e9servation, ou \u00e0 payer dans les 5 jours, et le solde sera \u00e0 r\u00e9gler jusqu&#039;\u00e0 2 mois avant votre d\u00e9part.\" data-summary-inclusive='[{&quot;remark&quot;:&quot;Circuit d\\u00e9taill\\u00e9 et organisation compl\\u00e8te du s\\u00e9jour&quot;,&quot;rowid&quot;:&quot;68416e2bd61c6&quot;},{&quot;remark&quot;:&quot;Trois nuits en h\\u00f4tel confortable dans des lieux uniques&quot;,&quot;rowid&quot;:&quot;68416e2bd61e5&quot;},{&quot;remark&quot;:&quot;Une nuit en cottage confortable au milieu de la nature&quot;,&quot;rowid&quot;:&quot;68416e2bd6202&quot;},{&quot;remark&quot;:&quot;Une nuit unique en refuge au Pico Ruivo (sommet de Mad\\u00e8re)&quot;,&quot;rowid&quot;:&quot;68416e2bd621d&quot;},{&quot;remark&quot;:&quot; Transport en navette vers le d\\u00e9but du trek&quot;,&quot;rowid&quot;:&quot;68416e2bd6237&quot;},{&quot;remark&quot;:&quot;Transport de Santana \\u00e0 Porto da Cruz le 5\\u00e8me jour de randonn\\u00e9e&quot;,&quot;rowid&quot;:&quot;68416e2bd6252&quot;},{&quot;remark&quot;:&quot; Accueil et briefing par un ranger exp\\u00e9riment\\u00e9&quot;,&quot;rowid&quot;:&quot;68416e2bd626c&quot;},{&quot;remark&quot;:&quot; Liste de mat\\u00e9riel compl\\u00e8te afin de ne rien oublier &quot;,&quot;rowid&quot;:&quot;68416e2bd6286&quot;},{&quot;remark&quot;:&quot;Application du Trek \\u00e0 Mad\\u00e8re avec toutes les informations n\\u00e9cessaires&quot;,&quot;rowid&quot;:&quot;68416e2bd62af&quot;},{&quot;remark&quot;:&quot;Taxes de s\\u00e9jour dans les h\\u00f4tels&quot;,&quot;rowid&quot;:&quot;68416e2bd62ca&quot;}]'><\/div>\n        <\/div>\n    <\/div>\n\n\n\n<div class=\"tb-faq tb-block align-center background-light pattern-none variant-none tb-collapsible-margins\" id=\"faq\">\n\t<div class=\"inner-block tb-fade-in tb-fade-in--subtle\">\n\t\t<div class=\"text-part\">\n\t\t\t<h2>FAQ's<\/h2>\n\t\t\t\t<div class=\"translation-block\"><p>Je kan ons altijd een mailtje sturen voor extra informatie over deze reis, hieronder vind je alvast een antwoord op enkele veelgestelde vragen.<\/p><\/div>\n\t\t\t<\/div>\n\t<\/div>\n\t<div class=\"inner-block\">\n\n\t\t\t\t\t<div\n\t\t\t\tclass=\"faq-list tb-accordion tb-accordion--animation two-col\"\n\t\t\t\t>\n\t\t\t\t\t\t\t\t\t<details class=\"details\">\n\t\t\t\t\t\t<summary class=\"summary\">\n\t\t\t\t\t\t\t<div data-no-translation>Voor wie is deze reis bedoeld?\t\t\t<\/div>\n\t\t\t<\/summary>\n\t\t\t<div class=\"content text-part\"  data-no-translation>\n\t\t\t\t\t<div class=\"translation-block\"><p>Omdat de moeilijkheidsgraad van een trail afhangt van verschillende factoren, hebben we voor jullie een\u00a0<a href=\"https:\/\/madeiratrail.eu\/nl\/#difficulty\" target=\"_blank\" rel=\"noopener\">duidelijk overzicht<\/a>\u00a0gemaakt van deze factoren.<\/p>\n<p>Iedereen tussen de\u00a0<strong>16 en de 65 jaar met een goede conditie en zin in\u00a0avontuur<\/strong> kan deze trail doen. De reis bevat een gezonde portie fysieke activiteit, dus een goede gezondheid is een must. Hou ook rekening dat het weer snel kan veranderen in Madeira.<\/p>\n<p>Kinderen zijn niet toegelaten. Wil je toch met je gezin op wandelreis? Dan is onze\u00a0<a href=\"https:\/\/hiketribe.org\/nl\/?tb_vid=36972486-d3d8-4fde-b62f-a05cc82076e2\" target=\"_blank\" rel=\"noopener\">Hike Tribe<\/a>\u00a0een beter alternatief.<\/p>\n<p><strong>Wil je voor het eerst een meerdaagse hike uitproberen, maar twijfel je aan je conditie?<\/strong><\/p>\n<p>Stel jezelf deze vragen:<\/p>\n<ul>\n<li>Welke soorten fysieke activiteit doe ik regelmatig en hoelang doe ik dit?<\/li>\n<li>Had ik recent blessures die mijn wandelcapaciteit be\u00efnvloeden?<\/li>\n<li>Kan ik vlot 15 kilometer wandelen over heuvelachtig terrein met een rugzak van 10kg?<\/li>\n<li>Kan ik de komende maanden gericht trainen om me goed voor te bereiden?<\/li>\n<\/ul>\n<p>Indien jouw antwoorden je het volle vertrouwen geven om op avontuur te vertrekken, dan is deze trail zeker en vast iets voor jou! Je ontvangt een week na het boeken een\u00a0trainingsschema\u00a0dat je zal klaarstomen zodat je het pad comfortabel af kan leggen.<\/p>\n<p><strong>Twijfel je toch nog en wil je jezelf graag eens testen voor je op trail vertrekt?<\/strong><\/p>\n<p>Probeer een van onze\u00a0<a href=\"https:\/\/travelbase.eu\/reisthema\/micro-avonturen\/?tb_vid=36972486-d3d8-4fde-b62f-a05cc82076e2\">micro-avonturen<\/a>!<\/p><\/div>\n\t\t\t\t<\/div>\n\t\t\t<\/details>\n\t\t\t\t\t\t\t<details class=\"details\">\n\t\t\t\t\t\t<summary class=\"summary\">\n\t\t\t\t\t\t\t<div data-no-translation>Wat is er inbegrepen in de prijs?\t\t\t<\/div>\n\t\t\t<\/summary>\n\t\t\t<div class=\"content text-part\"  data-no-translation>\n\t\t\t\t\t<div class=\"translation-block\"><p>In de basisprijs zijn de volgende zaken inbegrepen:<\/p>\n<ul>\n<li>Een gedetailleerde route en de volledige organisatie van je verblijf<\/li>\n<li>3 nachten in een comfortabel hotel, op unieke locaties<\/li>\n<li>1 nacht in een gezellige cottage<\/li>\n<li>1 unieke nacht in een berghut<\/li>\n<li>5 keer ontbijt<\/li>\n<li>De toeristenbelasting voor de accommodaties<\/li>\n<li>De shuttlediensten naar het startpunt van de trail<\/li>\n<li>De shuttledienst van het hotel in Santana naar Porto da Cruz (dag 5)<\/li>\n<li>Ontvangst en briefing door een ervaren ranger<\/li>\n<li>Leuke goodies van The Madeira Trail<\/li>\n<li>Een complete paklijst zodat je niets vergeet<\/li>\n<li>The Travelbase app met alle informatie die je nodig hebt<\/li>\n<\/ul>\n<p><!-- notionvc: 01c2abce-b830-4245-811d-e29b33353bed --><\/p><\/div>\n\t\t\t\t<\/div>\n\t\t\t<\/details>\n\t\t\t\t\t\t\t<details class=\"details\">\n\t\t\t\t\t\t<summary class=\"summary\">\n\t\t\t\t\t\t\t<div data-no-translation>Wanneer kan ik deze reis maken?\t\t\t<\/div>\n\t\t\t<\/summary>\n\t\t\t<div class=\"content text-part\"  data-no-translation>\n\t\t\t\t\t<div class=\"translation-block\"><p>Via de <a href=\"\/#join\">kalender<\/a> op de website kan je alle actuele vertrekdata, beschikbare plaatsen en prijzen raadplegen.<\/p>\n<p>Wil je persoonlijk op de hoogte gebracht worden wanneer er nieuwe vertrekdata online komen? Laat dan vrijblijvend je gegevens achter via <a href=\"#tb-interest-form\">dit formulier<\/a>.<\/p><\/div>\n\t\t\t\t<\/div>\n\t\t\t<\/details>\n\t\t\t\t\t\t\t<details class=\"details\">\n\t\t\t\t\t\t<summary class=\"summary\">\n\t\t\t\t\t\t\t<div data-no-translation>Hoe verloopt de betaling?\t\t\t<\/div>\n\t\t\t<\/summary>\n\t\t\t<div class=\"content text-part\"  data-no-translation>\n\t\t\t\t\t<div class=\"translation-block\"><p><b>Binnen de 5 dagen<\/b>&nbsp;na je inschrijving zal je een&nbsp;<b>voorschot&nbsp;<\/b>moeten betalen om je reis te bevestigen. Daarna heb je nog tot een aantal weken voor vertrek om je opties te wijzigen en het restbedrag te betalen. Als je wijzigingen aanbrengt, wordt het voorschot automatisch herberekend.<\/p>\n<p>Er zijn&nbsp;<b>diverse betaalmogelijkheden<\/b>, waaronder Bancontact, Mastercard en iDeal. Als je een Travelbase voucher hebt dan kan je die ook inzetten.<\/p>\n<p>Is je betaling mislukt? Dan is er waarschijnlijk een fout opgetreden bij het invoeren van het referentienummer of heb je de limiet van je rekening overschreden.<\/p><\/div>\n\t\t\t\t<\/div>\n\t\t\t<\/details>\n\t\t\t\t\t\t\t<details class=\"details\">\n\t\t\t\t\t\t<summary class=\"summary\">\n\t\t\t\t\t\t\t<div data-no-translation>Hoeveel kilometer moet ik afleggen?\t\t\t<\/div>\n\t\t\t<\/summary>\n\t\t\t<div class=\"content text-part\"  data-no-translation>\n\t\t\t\t\t<div class=\"translation-block\"><p>In totaal leg je die week ongeveer <strong><span class=\"notion-enable-hover\" data-token-index=\"1\">85 km<\/span><\/strong> af. De dagetappes vari\u00ebren van 12 tot 22 km. De dagen zijn goed verdeeld en in balans, met een mooie verhouding tussen de afgelegde kilometers en de overwonnen hoogtemeters.<!-- notionvc: 8513ff31-8fcf-441e-816c-d98e447b5f88 --><\/p><\/div>\n\t\t\t\t<\/div>\n\t\t\t<\/details>\n\t\t\t\t\t\t\t<details class=\"details\">\n\t\t\t\t\t\t<summary class=\"summary\">\n\t\t\t\t\t\t\t<div data-no-translation>Met hoeveel personen kan ik deze reis maken?\t\t\t<\/div>\n\t\t\t<\/summary>\n\t\t\t<div class=\"content text-part\"  data-no-translation>\n\t\t\t\t\t<div class=\"translation-block\"><p>Je kan Madeira Trail solo (alleen), als duo of in groep boeken.<\/p>\n<p>Houd er wel rekening mee dat er voor deze trail een maximale groepsgrootte van 10 personen geldt.<\/p><\/div>\n\t\t\t\t<\/div>\n\t\t\t<\/details>\n\t\t\t<\/div>\n\t<\/div>\n\t<div class=\"inner-block tb-fade-in tb-fade-in--subtle\">\n\t\t<div class=\"faq-footer text-part\">\n\t\t\t<h3>Heb je nog vragen?<\/h3>\t\t\t\n\t\t\t\t<div class=\"contact-team\">\n\t\t\t\t\t\t\t\t\t\t\t<span style=\"background-image:url('https:\/\/mat.travelblox.eu\/wp-content\/smush-webp\/sites\/68\/2024\/11\/Team-150x150.jpg.webp');\" data-smush-webp-fallback=\"{&quot;bg-image&quot;:&quot;url(&#039;https:\\\/\\\/mat.travelblox.eu\\\/wp-content\\\/uploads\\\/sites\\\/68\\\/2024\\\/11\\\/Team-150x150.jpg&#039;)&quot;}\"><\/span>\n\t\t\t\t\t\t\t\t\t<\/div>\n\t\t\t\t\t\t<p><a href=\"https:\/\/madeiratrail.eu\/nl\/contact\/\"><strong>Contacteer ons \u2192<\/strong><\/a><\/p>\n<p>&nbsp;<\/p>\n\t\t\t\t\t<\/div>\n\t<\/div>\n<\/div>\n\n\n\n\n\n\n\n\n\n\n\n\n<div class=\"tb-voucher-entry-point tb-block align-center background-dark pattern-none variant-none tb-collapsible-margins\" id=\"voucher-entry-point-1-1\">\n    <div class=\"inner-block has-wave-top has-wave-bottom\">\n        \n        <svg class=\"wave wave-1\" xmlns=\"http:\/\/www.w3.org\/2000\/svg\" viewbox=\"0 0 1455 100\" aria-hidden=\"true\" preserveaspectratio=\"none\" fill=\"none\">\n\t<path fill=\"currentColor\" d=\"M1318.1,92.2c0,0-.2,0-.3,0,.1,0,.3,0,.4,0,0,0,0,0-.1.1Z\"\/>\n    <path fill=\"currentColor\" d=\"M1455,16s-23.6-1.5-25.9-1.8c-2.5-.3-5-.4-7.7-.5-1.9,0-3.5-.7-5.3-.3h-.3c-1.3-.6-3.8-.5-5.7-.7-.4,0-.6,0-.8-.2-.2,0,0-.3-.9-.2-1,0-.8.1-.4.3.3.2,1,.3-.3.2-1.3,0-.9-.2-.8-.3,0-.1,0-.3,0-.3-.7,0-.6.1-.9.2-.8.2-1.3,0-1.8-.1-.5-.2-.2-.2-.5-.3-.9-.2-1.9-.6-3.2-.2-.4,0-.9.6-1.2,0,0-.1-.5-.2-1-.2h-.9c-.4-.5-2.6-.2-3.7-.4-1.1-.2-2.1-.4-2.7,0-.3.2-1.2,0-1.5-.2-1.3-.2-2.3-.4-2.9,0,0,0,0,.2-.5.1s-.2-.1-.4-.2c-.5-.2-1-.4-1.6-.6-.2,0-.4-.2-.9,0-.5.2-1.9.2-3.4,0-3-.5-6.3-.7-9.7-.7-.3,0-.8.1-1.1,0-3.2-1.1-8.3-1-12.8-1.3-1.4,0-1.8-.6-3.7-.5-1.9.2-3.2-.3-4.9-.2-.3,0-2.1,0-2.4-.3,0-.2-.6,0-.8,0,0,0,0,.1,0,.2-.8-.2-1.9-.3-2.9-.3-.4-.5-1.8-.3-3.1-.3-.8,0-1.3.2-1.6.1-2.4-.6-5.5-.1-8.4-.5-2.1-.3-4.4-.4-6.6-.4-3.9,0-7.3-.7-10.8-.6-2.2,0-4.6-.4-6.3,0-.2,0-.8,0-1.2-.1-.3,0-.6-.1-.9-.2-2.1.4-3.5-.4-4.7-.3-1.9.2-3.6-.2-5.3-.2-.3,0-.7,0-1,0-.3,0-.6-.1-.7-.2,0,0-.5-.2-.7-.1-2.4.6-5.4-.1-7.6,0-4.2.1-7.6-.5-11.2-.5-3.6,0-7.4-.4-11.1-.4-4.3,0-8.3-.5-12.6-.5-3.6,0-7.1-.4-10.6-.4-5.5,0-10.7-.4-16.1-.5h-.3c-1-.1-2,.6-2.9,0-1.8.1-3.5-.3-4.6-.3-2.4,0-5.3-.3-7.3.2-.3,0-.6,0-.9,0-3.6-.3-7.3-.5-11-.5-4.9-.2-9.9-.2-14.7-.3-4.5-.1-9-.1-13.5,0-3,0-5.9,0-8.9,0-5.3-.1-10.5-.1-15.8,0-1,0-2,0-2.9-.1-.7,0-2.3-.1-2.5,0-.7.4-1.2,0-1.6,0s-1.2-.2-1.3,0c-.6.6-2.2,0-2.9.1-2.5.2-4.3-.5-6.9-.2-1.4,0-2.8-.1-4.2-.3-4.5-.2-9.1-.3-13.6-.2-.6,0-1.3,0-1.9,0-2.9-.4-5.9,0-8.6,0-2.4,0-4.9-.2-7.2.1-.4,0-.9,0-1.1-.2,0,0,0,0-.1,0,0,0-.1,0-.2,0,0,0-.2,0-.3,0,0,0-.2,0-.2,0-.7.2-1.6.3-2.4.3-.9,0-1.8,0-2.6-.1-1.7,0-3.5,0-5.2,0-3,.2-6,0-9,0-2.4.2-5,.1-7.3-.1h-.5c-1.8.7-5.3-.2-7.2.3-.7-.3-2.2,0-3.2-.1-1.7,0-2,0-2.2.3,0,0,.3.1-.2.2-.2,0-.3,0-.4,0-.8-.6-3.5-.2-4.8-.2-6.6.1-13.2,0-19.7-.2-.5,0-1,0-1.4,0-1.5.2-3.2.3-4.8.1-.7,0-1.4,0-2.1,0-2.3.2-4.7.3-7,.2-1.6,0-3.2,0-4.7,0-2.7.1-5.4,0-8.2.1-1.6,0-3.2,0-4.7-.1-.3,0-.7,0-1,0-1.6.1-3.4.1-5,0-.5,0-1.5,0-1.7,0-.8.4-2.9.2-3.3.2-1.4-.3-1.6,0-2,.1-.8.4-2.4.3-3.8.3-3.7-.2-7.4-.1-11,.2-1.6.2-3.4.6-5.8.2-.9-.1-1.6.3-2.9.2-1.6,0-3.1-.2-4.5-.4-.5-.1-1,0-1.5,0-1.2.2-2.6.2-3.9,0-.4,0-.8,0-1.2,0-.4,0-.7.1-.9.2-.4.4-1,.4-1.9,0-1.4.2-3.4-.4-4.7.3-.7.3-2.6,0-3.1-.1s-1.1-.3-2,0c-.8.2-1.6.3-2.6.3-.9,0-1.9,0-2.8,0-3.1-.1-6.3-.1-9.4,0-2.1,0-4.2,0-6.2.1-3,.1-6.1.2-9.2.1-2.1.2-4.4.3-6.6.2-.6,0-.9.1-1,.2-.2.1,0,.2-.7.2-.1,0-.2,0-.3,0,0,0-.1,0-.2-.1,0-.1,0-.2-.6-.2s-.6.2-.6.3c0,.1,0,.3-.6.3-.6,0-.4-.2-.5-.3s0-.2-.5-.2c-2.4.1-4.8.2-7.3.3-1.5.1-3.2.3-4.8.3-2.2.2-4.4.2-6.6,0-3.3-.3-6.8-.2-9.8.2-.9.2-1.6,0-2.3,0-1-.5-2.9-.2-4.5-.2-4.3,0-8.5.2-12.6.6-.3,0-.7,0-1,0-1.2-.5-3.8-.1-5.8-.2-2,0-3.8.1-5.8,0-1.2.6-3.5,0-5.3.3-1.2.2-2.6.3-4,.3-.3,0-1.2,0-1.6,0-.3,0-.6-.1-1-.2-.4,0-.8,0-1.2,0-2.4.4-5,.1-7.5.2-1,0-3.2.4-3.7-.2-.2,0-.3,0-.5,0-1,.7-3.7.3-5.8.4-.4,0-1.2,0-1.2,0-.2.5-2.1.4-3.4.4-.7,0-1.8,0-1.8-.2s-.6-.2-1.3-.2c-.7,0-1.2,0-1.6.2-.5.1-1.1.2-1.7.3-.7,0-1.3,0-1.9-.1-.9-.2-1.7,0-2.6,0l-10,.7h-.3c-1.8-.1-3.6,0-5.4,0-2.2.1-4.6.2-6.8.3-2.4,0-4.7,0-7.1,0-1.1,0-2.1,0-3.1.2-1.7.3-3.7.5-5.8.4-2.2,0-3.5.2-4.4-.3-.4-.3-2.3,0-3.1,0-1,0-2,.1-3,.1-3.6.1-7.1.4-10.5.7-3.1.2-6.3.2-9.5.2-.5,0-1.1-.1-1.6-.1s-1.1,0-1.6.1c-1.1.2-2.3.3-3.6.3-1.3,0-2.6,0-3.7-.2-1.9-.1-3.8,0-5.6.2-1.1.1-2.2.1-3.4.1-2.2-.1-2.5,0-2.6.4,0,0,.2.2-.5.1v-.2c0-.2-.2-.4-1.8-.3-2.5.2-5.1-.2-7.7.2-.9.1-2.9,0-4.3,0-2.9,0-5.8.3-8.6.4-2,0-4.5.3-6.5,0-.6-.1-1.2,0-1.9,0-1.2,0-2.6.4-3.8,0-.1,0-2.4.1-2.9.4,0,0,0,.2-.7.2-.7,0-.2-.1,0-.2.4-.2-.8-.2-1.3-.2-2.3,0-4.7,0-6.9.2-.9,0-1.8.3-2.9,0-.6-.2-.9.2-1.8.2-2.6,0-5.3,0-7.9.1-1.9,0-4.5-.2-5.5.5,0,0-.4,0-.6,0,0,0-.1,0-.2-.1-.2-.3.5-.7-2.9-.4-2.8.4-6.1.5-9.1.3-2.4.4-4.3-.2-6.5,0-2,.2-4.2.2-6.2.1-1.1,0-.9.4-2.4.4-1.4,0-3.7-.4-4.6.2-3.2-.3-6.7.3-10.2-.1-2.4-.1-4.9,0-7.3.2-1.7.1-3.7.6-5.4,0-3.1.5-6.4.2-9.5.2-.3,0-.7.1-1.2,0-2.5-.3-5.2.2-7.7,0-.3,0-.6,0-.9,0-.3,0-.5,0-.7.1-.5.2-.9.4-1.7,0-.3-.1-1.8-.4-2.2,0-1.2,0-2.4.5-3.9,0-1.4,0-2.8,0-4.2.1-2.5.2-5.1.3-7.7.2-1.7,0-3.4,0-5.1.2-1.6,0-3.4.5-4.7,0-1.1,0-2.2,0-3.3,0-1.6.1-3.2.1-4.8,0-.7,0-2.6.1-3.9.2-3.4.1-6.9.1-10.3,0-1.8,0-3.5.3-5.2,0-1,.7-4.1.3-6.1.5-.9,0-2,.1-2.9,0s-1.9-.2-2.7-.4c-.5-.1-.3-.3-1.1,0-1.4.4-3.8.3-5.9.3-4,0-8,.2-11.9.1-3.9,0-8,.2-11.9,0-.9,0-1.8,0-2.7,0-1.1,0-1.9,0-2.3-.2-.1-.1-.3-.2-1-.2-.2,0-.2.2-.3.2-.1,0,.9.4-.4.4-1.3,0-2.5,0-3.7-.2-.8-.2-1.7-.2-2.6-.2s-1.9,0-2.6.2c-.8.1-1.6.2-2.4.2s-1.7,0-2.4-.2c-.9-.2-2-.2-3-.3-1.1,0-2.1,0-3.1.2-1.1,0-2,.3-2.7,0-.4-.2-1.3,0-1.8,0-3.1.4-6.3,0-9.5.1-2.2,0-4.8-.3-6.3.3-.2,0-.3,0-.5,0-1.5-.4-2.5,0-3.8,0-.7,0-1.1-.1-1-.2.4-.4-.8-.2-1.7-.2-.2,0-.4,0-.6,0-1.4-.2-2.4,0-3.5,0h-.7c-1.3-.6-3.5-.1-5.3,0-2.7,0-5.4-.3-8.1,0-1.9.2-3.9.2-5.8,0-1.4,0-2.9,0-4.2.2-2.4.3-4.9.4-7.4.5-1.5,0-1.6,0-.6-.2.9-.2.9-.3.1-.4-.7-.1-1.2,0-1.8.1-.2,0-.4,0-.7,0s-.5,0-.7,0c-.4-.1-1-.2-1.2,0-1.5.7-4.4,0-6.5.2-.9,0-2.4-.2-3.6,0-.1,0-.3,0-.4,0s-.3,0-.4,0c-1.6-.5-8.2-.9-9.4-.6-2,.6-3.1,0-4.3,0-2.4,0-4.7-.1-7.1,0-2.8,0-5.6,0-8.3-.1-1.5,0-3.4-.3-4.1.2,0,0-.4,0-.6,0-1.2-.4-3.2-.1-4.3-.1-4.6.1-8.9-.6-13.6-.2-1,0-1.5-.5-3.2-.3-.6,0-1.7,0-1.8.2,0,.3-1,.2-1.5.1-.5,0-.4-.2-.5-.3,0,0,.2-.3-.9-.2-3.2,0-6.4,0-9.6-.2-3.2,0-6.5,0-9.7.1-2.2,0-4.4,0-6.6-.2-.7,0-1.1,0-1.6,0-2.3,0-4.8.3-6-.4,0,0-.1,0-.2-.1,0,0-.2,0-.3,0-.1,0-.3,0-.4,0-.1,0-.3,0-.4,0-3.1.3-6.5.4-9.8.2-2.9-.2-6.2,0-8.8-.4-2.7-.5-5.2-.2-7.8-.3-2.1,0-4.2,0-6.2,0-5.5-.2-11.1-.3-16.7-.4-2.2,0-4.3-.1-6.4-.3-.9,0-1.9-.1-2.8,0s-1.9.1-2.7.3c-.7.2-.7-.2-1.7-.2s-2.5.2-3.8,0c-.7-.1-3.7,0-1.1-.5.4,0-.3-.2-.7-.1-2.4.1-4.9-.2-7.3,0-1.7,0-3.4,0-5-.2-1.4-.2-2.9-.2-4.4-.1-1.8.1-2.9.3-3.8.1-2.4-.4-5.1-.5-7.8-.4-3.3.2-6.2-.5-9.3-.3-.8,0-.9-.1-1-.2-.4-.2-.8-.4-1.7-.1-.9.2-.9,0-1.1,0-.3-.2-.8-.2-1.3-.2.4.1.7.2.6.3-.1.1,1.8.2.4.3-.9,0-1.9,0-2.7-.1-1-.2.5-.2.7-.2h.1c.2,0,.3-.2.4-.3,0,0,0,0-.1,0-1-.2-2-.2-3.1-.2-2,0-4,0-5.9-.2-1.6-.2-3.4-.2-5,0-1.1.1-1.1-.2-2-.2-6.9-.4-13.9-.7-20.9-.8-3.1-.7-7.1,0-10.4-.6-.7-.1-2.6-.4-3.7,0-1.3-.2-2.7-.3-4.1-.2-3-.2-6-.4-8.9-.8-1.8-.3-3.7-.5-5.8-.5-.5,0-1,0-1,.1,0,.4-1.6,0-1.6,0-.5-.8-3.2-.5-5.1-.6-3.2-.2-6.4.1-9.9-.5-2-.2-4.1-.3-6.3-.3-2.1,0-4.8.2-6.2-.6-.3-.2-3.3-.2-5-.4-4.4-.3-8.8-.6-13.2-1,0,0,0-.2,0-.3l-.8.2c-3.6-.4-7.2-.6-10.9-.8h-2.2C4.6,1.4,0,1.2,0,1.2v99.8s1455,0,1455,0V16ZM1288,90.8c0,0,.8,0,1.3,0,.5,0,.8,0,.8.1h-.1c-.2,0-.4,0-.6,0-.2,0-.5,0-.7,0-.3,0-.8,0-.7-.1ZM1027.3,86.1s.4-.2.5-.2c.7,0,.2.2.4.3h-.1s0,.3,0,.3c-.3-.1-.5-.2-.7-.4ZM884.9,87.7s0,0,0,0c.4,0,.8,0,1.3,0-.1,0-.3,0-.5.1-.4,0-.7,0-.7,0ZM810.5,90.8c-.1,0,.3,0,.7,0,.3,0,.9,0,1.2,0-.2,0-.5,0-.7,0-.4,0-1,0-1.1,0ZM371.6,99.7c.3,0,.6.1.7.2h0s0,.1-.5.2c-.5,0-.8,0-.7,0s-.2-.2.4-.3ZM134.9,94.1c0-.3,1.5.2,1.7,0,0,0,.4,0,.3.1h0c0,.1-.4.2-1.2.2-.8,0-1-.1-1-.2Z\"\/>\n<\/svg>\n        <svg class=\"wave wave-2\" xmlns=\"http:\/\/www.w3.org\/2000\/svg\" viewbox=\"0 0 1455 100\" aria-hidden=\"true\" preserveaspectratio=\"none\" fill=\"none\">\n<path fill=\"currentColor\" d=\"M136.9,92.2h.3-.4.1c0,0,0,0,0,0Z\"\/>\n            <path fill=\"currentColor\" d=\"M.3,0v83.1s23.7,1.5,25.9,1.8c2.5.3,5.1.5,7.7.5s3.5.8,5.3.4h.3c1.3.5,3.9.4,5.8.7.3,0,.6.2.8.2,0,0,0,.2.9.2s.7-.1.4-.3c-.4-.2-1-.2.3-.2,1.3.1.8.2.8.3v.3c.7,0,.6-.2.9-.2.7-.2,1.3,0,1.8,0,.5.1.2.3.5.3.9.2,1.8.6,3.2.2.4,0,.9-.7,1.2,0h1s.9,0,.9,0c.5.4,2.6.2,3.7.4s2.1.4,2.7,0c.3-.2,1.2.2,1.5.2,1.3.2,2.4.4,2.9,0q0,0,.5,0c.5,0,.2.2.4.2.5.2,1,.4,1.6.6.2,0,.4.2.9,0,.4-.2,1.9-.2,3.4,0,3,.5,6.3.7,9.7.7s.8,0,1.1,0c3.2,1.1,8.3,1,12.8,1.3,1.4,0,1.8.7,3.7.5,1.9-.2,3.2.2,4.9.2s2.2,0,2.4.3c0,.2.6,0,.8,0v-.2c.9.3,1.9.3,2.9.3.5.5,1.8.3,3.1.3s1.4,0,1.6,0c2.4.6,5.5,0,8.4.5,2.1.2,4.3.4,6.6.4,3.9,0,7.3.7,10.8.6,2.1,0,4.5.4,6.3,0,.3,0,.9,0,1.2,0,.2,0,.6.2.9.2,2.2-.4,3.5.4,4.7.3,1.9-.2,3.5.2,5.3.2h1c.3,0,.6.2.7.2,0,0,.5,0,.7,0,2.4-.7,5.4,0,7.6,0,4.2-.2,7.6.5,11.2.5s7.4.4,11.1.4,8.3.5,12.6.5,7,.4,10.6.4c5.5,0,10.7.5,16.1.5h.3c1,0,2.1-.7,2.9,0,1.9,0,3.6.3,4.6.3,2.4-.2,5.3.3,7.3-.2.3,0,.6,0,.9,0,3.6.3,7.3.5,11,.5,4.9.3,9.9.3,14.7.3h13.5c3,0,6,0,8.9,0,5.3,0,10.6,0,15.8,0,1,0,2,0,2.9,0,.7,0,2.3,0,2.5,0,.7-.4,1.1,0,1.6,0s1.2,0,1.3,0c.6-.5,2.2,0,2.9,0,2.5-.2,4.3.6,6.9.2,1.4.1,2.8.2,4.2.3,4.5.2,9.1.3,13.6.2h1.9c2.8.4,5.9,0,8.6,0,2.4,0,4.9.3,7.2,0,.3,0,.9,0,1.1.2h.8c.7-.2,1.5-.3,2.4-.3s1.8,0,2.6,0c1.7.2,3.5,0,5.2,0,3.1,0,6,.2,9,0,2.4-.2,5-.2,7.3,0h.5c1.8-.7,5.3.3,7.2-.3.8.3,2.2,0,3.2,0,1.7,0,2,0,2.2-.3,0,0-.3-.2.2-.2h.4c.8.6,3.5.2,4.8.2,6.5-.1,13.2,0,19.7.2h1.4c1.5-.2,3.2-.2,4.8,0h2.1c2.3-.2,4.7-.3,7-.2h4.7c2.7,0,5.4,0,8.2,0,1.5,0,3.1,0,4.7,0h1c1.6,0,3.4,0,5,0,.5,0,1.5,0,1.7,0,.8-.5,2.9-.2,3.3-.2,1.4.3,1.7,0,2,0,.8-.5,2.4-.3,3.8-.3,3.7.2,7.4.1,11-.2,1.6-.2,3.4-.5,5.8-.2.9.1,1.7-.3,2.9-.2,1.5,0,3,.2,4.5.4.5,0,1,0,1.5,0,1.2,0,2.6,0,3.9,0h1.2c.4,0,.7,0,.9-.2.5-.3,1-.3,1.9,0,1.3-.3,3.4.3,4.7-.3.7-.4,2.6,0,3.1,0s1.1.3,2,0c.8-.1,1.7-.3,2.6-.3h2.8c3.1.2,6.3.2,9.4,0,2,0,4.1,0,6.2,0,3,0,6.1,0,9.2,0,2.2-.2,4.4-.2,6.6-.2s.8,0,1-.2c.2-.2,0-.2.7-.2h.5c0,.2,0,.3.6.3s.6-.2.6-.3c0-.1,0-.3.6-.3s.4.2.5.3,0,.2.5.2c2.4-.1,4.9-.3,7.3-.3,1.5-.1,3.2-.3,4.8-.3s4.4,0,6.6,0c3.2.3,6.7.2,9.8-.2.9,0,1.6,0,2.3,0,1,.5,2.9.2,4.5.2,4.3,0,8.5-.3,12.6-.6h1c1.2.5,3.8.2,5.8.2s3.8,0,5.8,0c1.2-.6,3.5-.1,5.3-.3,1.2-.3,2.6-.3,4-.3h1.6c.2.2.6.2,1,.2h1.2c2.4-.4,5,0,7.5-.2,1,0,3.2-.3,3.7.2h.5c1.1-.7,3.8-.3,5.8-.4h1.2c.2-.4,2-.4,3.4-.4s1.8,0,1.8.2.6.2,1.3.2c.8,0,1.3,0,1.6-.2.4-.2,1-.3,1.7-.3s1.3,0,1.9,0c.9.2,1.7,0,2.6,0l10-.7h.3c1.8.2,3.7.2,5.4,0,2.2-.1,4.5-.3,6.8-.3h7.1c1.1,0,2.1,0,3.1-.2,1.8-.3,3.8-.4,5.8-.4,2.2,0,3.5-.2,4.4.3.4.3,2.3,0,3.1,0,1,0,2,0,3,0,3.6,0,7.1-.3,10.5-.7,3.1-.2,6.3-.2,9.5-.2.5,0,1,0,1.6,0s1.1,0,1.6,0c1.1-.2,2.3-.3,3.6-.3s2.5,0,3.7.2c1.9.1,3.8,0,5.6-.2,1.1,0,2.3,0,3.4,0,2.2.2,2.5,0,2.6-.4,0,0,0,0,.5,0v.2c0,.3.3.4,1.8.3,2.5-.2,5.1.2,7.7-.2.8-.2,2.9,0,4.3,0,2.8,0,5.7-.3,8.6-.4,2,0,4.5-.4,6.5,0,.6.2,1.2,0,1.9,0,1.3,0,2.6-.4,3.8,0,.2,0,2.5,0,2.9-.4,0,0,0-.2.7-.2s.2.2,0,.2c-.3.2.8.2,1.3.2,2.3.1,4.6,0,6.9-.2.9,0,1.9-.3,2.9,0,.6.2-.8-.2,1.8-.2s5.3,0,7.9,0c1.9,0,4.5,0,5.5-.5h.6c.1,0,.2,0,.2,0,.3.4-.5.7,2.9.4,2.8-.5,6.1-.6,9.1-.3,2.4-.4,4.3.2,6.5,0,2,0,4.1,0,6.2,0,1.1,0,1-.4,2.4-.4s3.7.4,4.6-.2c3.2.2,6.8-.4,10.2,0,2.5.1,5,.1,7.3-.2,1.7,0,3.7-.6,5.4,0,3.1-.5,6.3-.2,9.5-.2h1.2c2.5.3,5.2-.2,7.7,0h.9c.3,0,.5,0,.7,0,.4,0,.9-.3,1.7,0,.3.2,1.8.5,2.2,0,1.3,0,2.5-.5,3.9,0,1.4,0,2.8,0,4.2,0,2.5-.2,5.1-.2,7.7-.2s3.4-.2,5.1-.2c1.5-.2,3.4-.6,4.7,0,1.1,0,2.2,0,3.3,0,1.6-.2,3.3-.2,4.8,0,.7.1,2.5-.2,3.9-.2,3.4,0,6.9,0,10.3,0,1.8,0,3.4-.2,5.2,0,1-.7,4-.3,6.1-.5.9,0,1.9,0,2.9,0s1.9.2,2.7.4c.5,0,.2.3,1.1,0,1.4-.3,3.8-.3,5.9-.3,4,0,8,0,11.9,0,3.9,0,8,0,11.9,0h2.7c1.1-.1,1.9-.1,2.3.2.1.2.3.2,1,.2s.2-.2.3-.2c.1,0-.9-.4.4-.4s2.6,0,3.7.2c.7.2,1.7.2,2.6.2s1.8,0,2.6-.2c.7-.2,1.6-.2,2.4-.2s1.7,0,2.4.2c.9.2,1.9.3,3,.3s2.1,0,3.1-.2c1-.2,2-.4,2.7,0,.4.2,1.3,0,1.8,0,3.1-.4,6.3,0,9.5,0s4.8.3,6.3-.3h.5c1.5.5,2.5,0,3.8,0s1,.2,1,.2c-.3.5.9.2,1.7.2h.6c1.3.2,2.4,0,3.5-.2h.7c1.3.6,3.5,0,5.3,0,2.7,0,5.4.3,8.1,0,1.9-.2,4-.2,5.8,0,1.4.1,2.9,0,4.2-.2,2.4-.3,4.9-.5,7.4-.5s1.5,0,.6.2c-.9.2-.8.3-.1.4.8.2,1.3,0,1.8,0h.7c.3,0,.5,0,.7,0,.4,0,.9,0,1.2,0,1.5-.6,4.4,0,6.5-.2.9,0,2.4.2,3.6,0h.8c1.7.5,8.3.9,9.4.6,1.9-.6,3.1,0,4.3,0,2.4,0,4.7,0,7.1,0,2.7,0,5.5,0,8.3,0,1.5,0,3.4.4,4.1-.2h.6c1.2.4,3.2,0,4.3,0,4.6-.2,9,.6,13.6.2,1,0,1.5.5,3.2.3.6,0,1.8.1,1.8-.2.1-.2,1,0,1.5,0,.5.1.5.3.5.3.1,0-.3.2.9.2,3.2,0,6.5,0,9.6.2,3.2,0,6.5,0,9.7,0,2.2,0,4.5,0,6.6.2.6.2,1,0,1.6,0,2.3,0,4.8-.3,6,.4,0,0,.2,0,.2,0h1.1c3.2-.3,6.6-.4,9.8-.2,2.8,0,6.1,0,8.8.4,2.6.5,5.2.2,7.8.3h6.2c5.5.2,11.1.4,16.7.4,2.1.1,4.3.2,6.4.3h2.8c1,0,1.9-.1,2.7-.3.8-.2.7.2,1.7.2s2.5-.3,3.8,0c.6.2,3.6,0,1.1.5-.5,0,.2,0,.7,0,2.4-.2,4.9,0,7.3,0,1.7-.1,3.4,0,5,.2,1.4,0,2.9,0,4.4,0,1.9,0,2.9-.3,3.8,0,2.4.4,5.1.6,7.8.4,3.3,0,6.2.5,9.3.3.8-.1.9.2,1,.2.4,0,.8.3,1.7,0,.9-.3.9,0,1.1,0,.3.2.8.2,1.3.2-.4-.1-.6-.2-.6-.3.1-.1-1.7-.3-.4-.3.9,0,1.8,0,2.7,0,1,.2-.4.2-.7.2h-.1c-.2.1-.3.3-.4.3h.1c.9.2,2,.2,3.1.2,2,0,4,0,5.9.2,1.6.2,3.4.2,5,0,1.1-.2,1.1.2,2,.2,6.9.4,13.9.7,20.9.8,3.1.8,7,0,10.4.6.6,0,2.6.4,3.7,0,1.2.2,2.7.2,4.1.2,3,.2,6,.5,8.9.8,1.8.3,3.8.5,5.8.5s1,0,1,0c0-.4,1.6,0,1.6,0,.6.8,3.3.5,5.1.6,3.2.3,6.4,0,9.9.5,2.1.2,4.2.3,6.3.3s4.8-.2,6.2.6c.3.2,3.3.3,5,.4,4.4.4,8.8.7,13.2,1v.3s.8-.2.8-.2c3.6.3,7.2.6,10.9.9h2.2s4.6.2,4.6.2V0S0,0,0,0h.3ZM1287.9,90.8h1.3c.5,0,.8,0,.8,0h-.7c-.3,0-.5,0-.7,0-.4,0-.7,0-.7,0ZM1027.9,86.5c-.2,0-.5-.3-.7-.4,0,0,.5-.2.5-.2.7.1.2.3.4.3h-.1s0,.3,0,.3h0ZM885.6,87.7c-.3,0-.7,0-.7,0h1.3c0,0-.3,0-.5,0h0ZM811.5,90.9h-1.1c0,0,.4,0,.7,0s.9,0,1.2,0h-.8ZM371.3,99.9c0-.1-.2-.3.4-.3.4,0,.6.2.8.2h0c0,0,0,.2-.5.2-.6,0-.8,0-.8,0h0ZM136.1,94.2c-.8,0-1,0-1-.2,0-.3,1.5.3,1.7,0,0,0,.3,0,.3,0h0c0,.2-.4.2-1.2.2h.2Z\"\/>\n<\/svg>\n        <div class=\"tb-voucher-entry-point__present-line\">\n            <svg class=\"voucher-present-line\" width=\"134\" height=\"304\" viewbox=\"0 0 134 304\" fill=\"none\" xmlns=\"http:\/\/www.w3.org\/2000\/svg\">\n<path d=\"M1 0C1 92.0598 122.615 15.7893 132.378 45.7938C143.797 80.8845 -6.52165 93.9482 50.1414 145.407C144.914 231.476 155.445 309.699 68.6948 291.287\" stroke=\"#C1D4CD\" stroke-width=\"2\" stroke-dasharray=\"6 6\"\/>\n<g clip-path=\"url(#clip0_21615_9062)\">\n<path d=\"M64.5457 274.146L36.5137 267.642C35.5461 267.418 34.5797 268.02 34.3552 268.988L33.5422 272.492C33.3177 273.459 33.9201 274.426 34.8877 274.65L62.9197 281.154C63.8873 281.379 64.8537 280.776 65.0782 279.809L65.8912 276.305C66.1157 275.337 65.5133 274.371 64.5457 274.146Z\" stroke=\"#C1D4CD\" stroke-width=\"2\" stroke-linecap=\"round\" stroke-linejoin=\"round\"\/>\n<path d=\"M50.5312 270.894L45.2466 293.67\" stroke=\"#C1D4CD\" stroke-width=\"2\" stroke-linecap=\"round\" stroke-linejoin=\"round\"\/>\n<path d=\"M61.1686 280.748L58.3231 293.012C58.1074 293.941 57.5315 294.747 56.7219 295.251C55.9123 295.756 54.9354 295.918 54.006 295.703L36.486 291.638C35.5567 291.422 34.7511 290.846 34.2465 290.036C33.7418 289.227 33.5794 288.25 33.7951 287.321L36.6406 275.057\" stroke=\"#C1D4CD\" stroke-width=\"2\" stroke-linecap=\"round\" stroke-linejoin=\"round\"\/>\n<path d=\"M42.6441 269.065C41.4825 268.795 40.4755 268.075 39.8447 267.063C39.2139 266.051 39.0109 264.83 39.2804 263.669C39.55 262.507 40.2699 261.5 41.2819 260.869C42.2939 260.238 43.515 260.035 44.6767 260.305C46.3737 260.668 47.8396 261.872 48.8834 263.761C49.9272 265.65 50.5004 268.136 50.5282 270.894C51.7678 268.43 53.3771 266.45 55.146 265.214C56.9149 263.978 58.7614 263.542 60.4447 263.963C61.6064 264.233 62.6133 264.953 63.2442 265.965C63.875 266.977 64.078 268.198 63.8084 269.36C63.5389 270.521 62.8189 271.528 61.8069 272.159C60.7949 272.79 59.5738 272.993 58.4122 272.723\" stroke=\"#C1D4CD\" stroke-width=\"2\" stroke-linecap=\"round\" stroke-linejoin=\"round\"\/>\n<\/g>\n<defs>\n<clippath id=\"clip0_21615_9062\">\n<rect width=\"43.165\" height=\"43.165\" fill=\"currentColor\" transform=\"translate(32.7578 252) rotate(13.063)\"\/>\n<\/clippath>\n<\/defs>\n<\/svg>\n        <\/div>\n\n        <div class=\"tb-columns\">\n                            <div class=\"tb-column tb-column__image\">\n                    <div class=\"tb-voucher-entry-point__image tb-image-part\">\n                        <div class=\"butterfly-wrapper\">\n                            <svg\n    class=\"butterfly\"\n    version=\"1.0\"\n    xmlns=\"http:\/\/www.w3.org\/2000\/svg\"\n    width=\"1024.000000pt\"\n    height=\"1024.000000pt\"\n    viewbox=\"0 0 1024.000000 1024.000000\"\n    {...props}>\n    <g transform=\"translate(0.000000,1024.000000) scale(0.100000,-0.100000)\" fill=\"#000000\" stroke=\"none\">\n        <path d=\"M0 7957 c1 -1094 -3 -1018 50 -937 27 41 113 144 169 203 31 32 58 62 59 67 2 6 7 10 12 10 5 0 24 15 44 33 54 49 65 58 136 105 127 84 294 154 430 179 48 9 223 9 291 0 186 -24 418 -148 553 -296 17 -19 38 -41 47 -50 8 -9 26 -32 39 -51 13 -19 27 -37 30 -40 12 -11 31 -52 26 -57 -2 -3 -12 9 -20 25 -36 70 -281 282 -325 282 -6 0 -11 5 -11 10 0 6 -3 9 -7 8 -5 -1 -28 8 -53 19 -57 25 -174 63 -214 69 -17 2 -51 8 -76 11 -55 9 -286 9 -320 1 -135 -32 -308 -125 -419 -223 -80 -71 -160 -156 -226 -239 -16 -21 -35 -43 -40 -50 -10 -10 -81 -117 -149 -224 l-27 -44 4 -416 c4 -371 8 -480 21 -501 3 -4 7 -27 11 -51 4 -25 11 -50 16 -56 5 -6 7 -13 4 -16 -2 -2 7 -35 21 -74 14 -38 30 -82 35 -99 11 -39 134 -281 149 -295 3 -3 25 -34 49 -70 24 -36 48 -66 53 -68 4 -2 8 -8 8 -13 0 -13 42 -60 150 -170 91 -92 239 -211 365 -294 33 -22 65 -43 70 -48 28 -22 135 -87 145 -87 5 0 10 -3 10 -7 0 -5 10 -13 23 -19 12 -6 54 -29 92 -51 170 -98 421 -227 645 -330 36 -17 105 -49 153 -72 49 -22 91 -41 93 -41 5 0 154 -68 176 -80 10 -6 19 -10 21 -10 6 0 -3 134 -14 205 -19 116 -79 273 -144 375 -13 19 -25 55 -28 80 -8 60 -27 96 -90 168 -223 254 -346 471 -341 602 4 92 23 211 36 228 6 6 8 12 4 12 -3 0 1 17 10 38 9 20 17 43 18 50 1 7 8 18 14 24 7 7 12 17 12 23 0 5 6 22 14 37 8 14 19 42 25 61 8 23 20 37 35 41 13 3 30 20 39 38 33 70 56 128 50 128 -3 0 -1 6 5 13 10 12 45 147 57 217 24 142 24 408 0 514 -3 12 -7 32 -9 46 -7 37 -32 132 -41 155 l-7 20 14 -20 c20 -28 73 -184 82 -245 3 -19 8 -46 11 -60 4 -20 16 -167 17 -215 1 -41 -14 -173 -27 -235 -28 -137 -83 -280 -141 -370 -13 -19 -26 -48 -30 -65 -4 -16 -16 -43 -27 -59 -12 -16 -36 -73 -55 -125 -31 -90 -33 -102 -29 -196 5 -113 26 -187 82 -292 52 -97 102 -158 253 -312 133 -136 180 -191 165 -191 -4 0 -3 -4 2 -8 6 -4 21 -34 33 -67 13 -33 28 -69 33 -80 6 -12 11 -27 13 -35 2 -8 6 -22 9 -30 31 -80 68 -278 72 -388 2 -62 6 -80 25 -99 12 -13 26 -23 31 -23 14 0 181 -77 234 -108 17 -10 55 -26 85 -36 30 -10 69 -27 87 -38 l32 -19 29 31 c30 30 30 31 16 78 -8 26 -15 49 -16 52 0 3 -2 10 -3 15 -2 6 -6 21 -8 35 -3 14 -12 50 -21 80 -9 30 -19 66 -22 78 -2 13 -11 43 -20 65 -8 23 -16 49 -18 57 -6 25 -72 191 -100 252 -14 31 -26 68 -26 83 0 32 -56 200 -81 240 -10 17 -26 40 -36 52 -21 24 -63 93 -106 173 -133 246 -170 520 -113 838 3 17 8 47 11 65 5 34 7 43 55 242 18 72 33 141 34 155 3 24 5 31 22 75 4 11 8 22 8 25 7 31 33 124 57 201 16 54 32 108 34 120 3 13 9 47 15 74 31 152 43 408 27 560 -4 34 -9 83 -12 110 -3 28 -8 61 -11 75 -4 23 -7 39 -20 105 -2 11 -6 36 -9 55 -3 19 -8 42 -12 50 -3 8 -7 17 -7 20 -1 3 -8 33 -15 68 -8 34 -17 62 -21 62 -4 0 -4 16 0 36 7 31 6 36 -15 44 -13 5 -81 32 -152 60 -70 29 -162 65 -203 81 -41 17 -84 34 -95 39 -11 5 -51 21 -90 35 -38 15 -83 33 -100 40 -30 12 -174 70 -455 180 -80 32 -158 63 -175 70 -16 7 -61 25 -100 40 -38 15 -83 33 -100 40 -112 46 -262 107 -270 109 -5 2 -26 10 -46 19 -19 9 -47 19 -62 22 -15 4 -27 11 -27 16 0 5 -6 9 -13 9 -7 0 -53 16 -103 36 -84 34 -107 43 -186 78 -18 8 -57 24 -87 36 -30 11 -73 29 -95 39 -23 11 -74 33 -113 49 l-73 31 0 -1002z m1115 -799 c28 -5 57 -12 65 -15 8 -3 21 -7 28 -9 68 -14 246 -180 308 -287 28 -47 74 -148 74 -161 0 -7 3 -16 8 -20 4 -4 8 -12 8 -17 1 -5 2 -10 4 -11 1 -2 3 -10 5 -18 51 -210 33 -391 -55 -565 -54 -107 -138 -244 -165 -270 -24 -23 -93 -82 -120 -102 -17 -13 -64 -48 -105 -80 l-75 -57 -146 1 c-158 1 -198 10 -285 60 -55 33 -89 77 -105 137 -7 23 -27 79 -46 124 -19 46 -36 89 -38 95 -1 7 -4 19 -7 27 -16 45 -40 147 -55 240 -7 46 -8 233 -1 290 9 70 32 160 41 160 4 0 6 4 3 8 -9 15 61 150 109 211 46 59 141 148 202 189 102 70 223 94 348 70z m796 -65 c13 -16 12 -17 -3 -4 -10 7 -18 15 -18 17 0 8 8 3 21 -13z\" \/>\n        <path d=\"M928 6996 c-16 -8 -28 -12 -28 -9 0 3 -8 -1 -17 -9 -10 -8 -50 -34 -90 -57 -39 -22 -84 -58 -101 -78 -49 -64 -107 -180 -113 -228 -1 -5 -5 -19 -9 -31 -30 -78 -34 -337 -7 -454 20 -85 62 -200 89 -245 10 -16 18 -38 18 -48 0 -10 5 -23 10 -30 6 -7 19 -24 31 -39 11 -15 23 -27 27 -26 9 2 35 -9 94 -37 36 -17 60 -22 100 -19 28 2 54 7 57 12 4 4 17 12 31 18 169 74 256 129 294 187 132 203 181 305 202 417 29 158 -36 353 -163 489 -55 60 -163 142 -163 125 0 -4 -16 6 -35 20 -19 15 -50 33 -68 40 -45 18 -127 19 -159 2z\" \/>\n        <path d=\"M10183 8936 c-28 -14 -54 -22 -57 -18 -3 3 -6 0 -6 -6 0 -7 -7 -12 -15 -12 -8 0 -23 -4 -33 -10 -9 -5 -66 -30 -127 -55 -60 -25 -119 -50 -130 -54 -11 -5 -60 -26 -110 -46 -49 -21 -110 -46 -135 -57 -25 -10 -54 -23 -65 -27 -11 -5 -31 -13 -45 -19 -130 -56 -244 -102 -255 -102 -7 0 -15 -3 -17 -8 -1 -4 -43 -24 -93 -44 -129 -53 -294 -122 -335 -140 -19 -9 -53 -23 -75 -32 -22 -10 -49 -21 -60 -26 -11 -5 -85 -37 -165 -71 -80 -34 -165 -71 -190 -82 -25 -11 -47 -21 -50 -22 -3 -1 -21 -8 -40 -17 -19 -9 -73 -33 -120 -53 -47 -20 -101 -44 -120 -53 -19 -9 -37 -16 -40 -17 -3 0 -23 -9 -45 -19 -54 -25 -152 -70 -195 -89 -19 -8 -75 -34 -125 -57 -49 -23 -117 -55 -150 -70 -125 -58 -341 -161 -360 -172 -11 -7 -38 -20 -60 -30 -22 -10 -47 -23 -55 -28 -8 -5 -44 -24 -80 -42 -36 -18 -128 -67 -204 -110 -77 -43 -141 -78 -143 -78 -2 0 -9 -5 -16 -10 -20 -17 -331 -200 -339 -200 -4 0 -8 -4 -8 -8 0 -5 -18 -18 -40 -31 -22 -12 -45 -28 -52 -34 -7 -7 -29 -23 -48 -34 -19 -12 -48 -34 -65 -47 -16 -14 -35 -29 -40 -33 -117 -89 -272 -251 -332 -348 -37 -60 -73 -138 -93 -205 -22 -70 -23 -94 -24 -363 l-2 -287 49 -53 c27 -28 99 -105 161 -171 61 -65 127 -135 146 -156 19 -20 87 -92 150 -159 123 -131 143 -152 320 -341 179 -191 240 -256 309 -328 35 -37 109 -116 165 -176 55 -59 124 -132 151 -161 28 -29 102 -108 165 -176 63 -67 151 -161 196 -207 l81 -85 82 46 c86 49 165 77 213 77 15 0 28 5 28 10 0 6 9 10 20 10 11 0 20 5 20 10 0 6 7 10 15 10 8 0 41 13 72 30 32 16 87 42 123 58 36 16 86 39 112 51 26 11 52 21 57 21 6 0 11 5 11 10 0 6 6 10 14 10 7 0 44 14 82 31 38 17 87 39 109 49 261 116 390 175 430 197 11 6 67 35 125 63 127 63 242 125 292 157 21 12 40 23 43 23 3 0 18 8 33 19 15 10 70 47 122 81 307 204 490 381 650 628 50 77 130 230 130 247 0 8 4 15 10 17 5 2 11 12 13 23 2 11 7 27 10 35 24 57 58 167 71 230 9 41 20 86 23 100 7 24 16 2591 11 2902 l-3 158 -52 -24z\" \/>\n        <path d=\"M2753 7775 c3 -17 7 -39 10 -50 30 -118 51 -247 63 -375 9 -90 8 -333 -1 -405 -4 -33 -9 -76 -10 -95 -4 -54 -13 -113 -30 -192 -8 -40 -17 -86 -20 -103 -8 -39 -13 -60 -15 -60 -1 0 -3 -9 -5 -20 -10 -65 -18 -101 -24 -110 -4 -5 -16 -41 -25 -80 -15 -61 -34 -111 -91 -240 -8 -16 -17 -43 -21 -60 -4 -16 -9 -34 -13 -40 -3 -5 -6 -14 -8 -20 -1 -5 -4 -19 -7 -30 -7 -26 -32 -139 -41 -185 -4 -19 -8 -103 -10 -185 -3 -137 -1 -159 24 -255 33 -125 62 -200 147 -379 37 -77 79 -148 99 -169 43 -44 84 -126 86 -172 2 -19 15 -61 30 -93 16 -31 28 -58 27 -60 0 -1 7 -20 17 -42 24 -58 85 -236 91 -265 2 -14 9 -36 13 -50 17 -46 59 -213 60 -237 2 -22 20 -14 53 24 35 39 123 137 192 213 23 25 77 85 121 135 44 49 104 114 132 145 57 60 60 66 40 95 -8 11 -27 56 -42 100 -16 44 -35 85 -41 92 -7 7 -41 72 -77 145 -61 125 -79 164 -114 248 -8 19 -19 44 -25 55 -5 12 -10 27 -12 35 -2 8 -7 26 -13 40 -6 14 -18 52 -28 85 -9 33 -20 67 -23 75 -3 8 -7 24 -8 35 -2 11 -6 29 -9 40 -2 11 -5 23 -5 27 -1 4 -6 22 -11 40 -35 116 -44 204 -44 403 1 173 10 291 30 395 3 14 7 43 10 65 3 22 7 51 10 65 3 14 7 41 10 60 3 19 7 45 9 56 7 33 20 113 32 189 9 63 12 80 14 80 2 0 7 25 14 75 4 25 9 56 11 70 15 87 23 221 26 443 2 145 -1 172 -19 172 -30 1 -344 148 -440 206 -35 21 -66 39 -69 39 -2 0 -20 12 -40 27 l-36 28 6 -30z\" \/>\n        <path d=\"M3659 7308 c-1 -2 -2 -28 -3 -58 -2 -47 -6 -85 -21 -230 -1 -14 -5 -47 -9 -75 -15 -117 -21 -178 -31 -335 -2 -41 -6 -84 -9 -95 -2 -11 -9 -56 -16 -100 -7 -44 -14 -89 -16 -100 -2 -11 -8 -56 -14 -100 -6 -44 -13 -100 -16 -125 -9 -66 -9 -477 0 -535 4 -27 12 -68 18 -90 5 -22 11 -47 13 -55 2 -8 15 -46 30 -85 14 -38 27 -74 29 -80 1 -5 10 -27 19 -49 9 -21 17 -40 17 -42 0 -6 61 -137 134 -285 36 -75 66 -142 66 -148 0 -6 11 -16 24 -21 16 -6 26 -18 28 -36 3 -25 26 -4 276 245 149 150 272 279 272 287 0 8 -13 23 -30 32 -26 15 -30 23 -30 59 0 57 30 81 100 77 57 -2 74 -17 85 -71 5 -31 26 -50 51 -49 6 1 92 83 191 182 l180 181 0 304 c0 297 0 305 -23 350 -22 44 -132 214 -164 253 -137 166 -273 294 -432 404 l-48 32 -1 -25 c-1 -14 -2 -28 -4 -32 -1 -5 -5 -25 -9 -45 -5 -21 -15 -43 -23 -49 -8 -7 -20 -27 -28 -46 -21 -49 -76 -63 -106 -27 -25 30 -12 183 21 247 l22 41 -34 31 c-75 71 -313 215 -354 215 -7 0 -36 11 -66 25 -45 21 -85 31 -89 23z m517 -796 c24 -16 31 -51 29 -142 -4 -125 -2 -117 -24 -137 -16 -15 -46 -20 -92 -14 -12 2 -3 255 9 279 13 22 54 30 78 14z m88 -510 c0 -18 3 -32 6 -32 10 0 41 -71 46 -106 2 -16 6 -80 8 -141 4 -110 3 -113 -18 -114 -60 -3 -95 12 -100 45 -1 7 -9 24 -18 38 -9 14 -21 43 -27 66 -13 46 -22 245 -12 260 9 13 27 17 74 16 40 -1 42 -2 41 -32z\" \/>\n        <path d=\"M5425 4480 c0 -379 3 -690 7 -690 5 0 8 5 8 10 0 6 7 18 15 28 9 9 46 60 83 112 36 52 78 108 92 124 44 51 144 148 170 165 14 8 44 34 68 56 55 51 127 91 177 99 21 4 40 8 41 9 2 2 -31 43 -73 92 -140 167 -158 188 -168 199 -5 6 -46 54 -90 106 -43 52 -87 104 -97 115 -9 11 -43 51 -75 90 -32 38 -65 76 -73 85 -8 9 -28 32 -44 53 -16 20 -32 37 -35 37 -4 0 -6 -310 -6 -690z\" \/>\n        <path d=\"M4770 5008 c-52 -55 -124 -131 -160 -168 -36 -37 -128 -134 -205 -215 -77 -81 -160 -169 -185 -194 -25 -26 -119 -125 -210 -221 -91 -95 -192 -201 -225 -235 -52 -55 -193 -202 -374 -393 -86 -92 -320 -337 -401 -422 -41 -43 -138 -144 -215 -225 -77 -81 -160 -169 -185 -195 -25 -26 -88 -92 -140 -147 -52 -55 -171 -180 -265 -278 -194 -204 -227 -239 -420 -441 -77 -81 -162 -171 -190 -200 -27 -28 -117 -123 -200 -209 -82 -87 -156 -164 -164 -172 -12 -12 142 -14 1145 -10 638 2 1170 7 1184 10 14 3 52 8 85 12 33 4 70 11 83 16 12 5 22 7 22 5 0 -2 33 5 73 15 39 11 80 22 90 24 69 16 195 72 283 125 105 64 173 124 294 260 64 72 167 239 168 274 0 5 4 12 9 15 14 10 80 207 88 261 1 8 5 22 8 30 8 20 25 114 32 169 3 23 7 46 9 50 2 3 7 35 11 71 4 36 8 72 10 80 5 25 16 132 20 185 5 55 14 132 22 185 7 47 10 2030 3 2035 -3 2 -48 -42 -100 -97z\" \/>\n        <path d=\"M6179 4234 c-44 -34 -151 -84 -186 -86 -19 -2 -55 -30 -123 -98 -109 -108 -133 -136 -185 -217 -21 -32 -48 -74 -61 -93 -13 -19 -32 -55 -44 -80 -11 -25 -24 -52 -29 -60 -33 -61 -72 -153 -105 -250 -21 -60 -23 -80 -20 -245 2 -158 5 -211 19 -363 3 -33 15 -130 21 -167 2 -11 5 -33 8 -50 3 -24 34 -160 50 -225 2 -8 18 -55 35 -105 93 -267 243 -474 446 -615 28 -19 52 -38 55 -42 8 -9 188 -102 238 -121 23 -9 42 -12 42 -7 0 5 -11 40 -25 76 -28 74 -36 112 -37 162 0 47 15 60 70 59 42 -2 47 -4 49 -27 7 -85 14 -127 29 -173 21 -61 18 -48 28 -115 8 -54 12 -58 56 -66 14 -3 25 -5 25 -6 0 -11 158 -32 278 -37 l137 -5 1 83 c0 46 3 102 5 124 3 22 5 49 5 60 0 11 11 69 24 130 21 95 24 145 29 365 2 140 7 264 9 275 2 11 7 41 11 66 7 44 15 93 20 114 2 6 6 24 10 40 4 17 15 53 24 80 9 28 17 56 18 63 5 28 74 163 112 219 39 57 125 143 143 143 16 0 9 14 -24 51 -17 19 -66 73 -107 118 -41 46 -86 96 -100 111 -31 34 -87 96 -170 189 -137 154 -129 146 -136 125 -3 -10 -17 -42 -30 -71 -13 -28 -24 -59 -24 -67 0 -8 -15 -31 -32 -50 l-33 -35 -50 28 c-57 32 -78 63 -70 106 4 17 8 40 11 51 5 26 49 108 82 152 l25 33 -239 239 c-131 132 -242 240 -245 240 -3 0 -21 -12 -40 -26z m453 -956 c-16 -16 -15 -40 1 -71 8 -15 13 -37 11 -49 -1 -13 -3 -29 -3 -36 -1 -21 -112 -132 -132 -132 -31 0 -49 39 -49 107 0 55 4 66 30 96 17 19 30 39 30 44 0 5 7 19 16 31 12 17 25 22 62 22 36 0 43 -3 34 -12z m-116 -420 c4 -5 2 -8 -4 -8 -19 0 -19 -34 -1 -71 10 -20 16 -39 13 -42 -3 -3 -7 -25 -8 -49 -2 -24 -12 -76 -24 -115 -11 -40 -18 -73 -15 -73 3 0 0 -6 -6 -14 -6 -8 -11 -18 -9 -22 1 -5 -1 -23 -5 -41 -5 -26 -13 -34 -41 -42 -64 -17 -71 -12 -72 60 -1 36 9 108 22 164 13 55 26 125 29 155 10 90 23 105 92 105 12 0 25 -3 29 -7z m-148 -753 c12 -14 23 -28 24 -33 9 -38 14 -82 9 -82 -4 0 -5 -15 -3 -34 3 -26 -1 -37 -19 -50 -58 -40 -106 2 -102 90 1 27 2 61 2 76 1 31 24 58 50 58 10 0 27 -11 39 -25z\" \/>\n        <path d=\"M7390 2938 c-22 -24 -42 -51 -46 -60 -3 -10 -9 -18 -14 -18 -4 0 -21 -20 -37 -45 -15 -25 -31 -45 -35 -45 -5 0 -8 -6 -8 -12 0 -7 -13 -26 -28 -43 -78 -84 -139 -326 -147 -580 -2 -44 -4 -194 -5 -333 -3 -250 -11 -332 -42 -419 l-16 -43 454 1 454 0 25 39 c14 22 25 42 25 46 0 3 29 49 65 101 36 52 65 99 65 103 0 5 4 10 8 12 4 2 33 39 63 83 29 44 62 88 72 99 9 11 17 23 17 27 0 4 18 36 39 71 22 35 41 70 43 79 2 10 -43 66 -113 140 -64 68 -131 140 -149 159 -64 69 -246 263 -295 315 -27 29 -102 108 -165 176 -160 171 -177 189 -185 189 -3 0 -24 -19 -45 -42z\" \/>\n        <path d=\"M8529 1889 c0 -2 -3 -15 -5 -28 -2 -14 -11 -32 -19 -41 -8 -9 -15 -23 -15 -32 0 -8 -8 -26 -18 -39 -9 -13 -28 -44 -41 -69 -14 -25 -74 -119 -135 -210 -61 -90 -115 -170 -119 -177 -6 -11 82 -13 450 -13 457 1 458 1 434 20 -13 11 -20 20 -17 20 4 0 -8 15 -26 33 -18 19 -51 54 -73 79 -87 98 -182 203 -210 233 -16 18 -57 63 -90 100 -83 94 -115 128 -116 124z\" \/>\n    <\/g>\n<\/svg>                                                    <\/div>\n                        <img src='https:\/\/mat.travelblox.eu\/wp-content\/smush-webp\/sites\/68\/2025\/02\/Siliquini-TheMadeiraTrail-240322-2044.jpg.webp' width='683' height='1024' alt='Wandern Madeira Blumen' srcset='https:\/\/mat.travelblox.eu\/wp-content\/smush-webp\/sites\/68\/2025\/02\/Siliquini-TheMadeiraTrail-240322-2044.jpg.webp 683w, https:\/\/mat.travelblox.eu\/wp-content\/smush-webp\/sites\/68\/2025\/02\/Siliquini-TheMadeiraTrail-240322-2044-200x300.jpg.webp 200w, https:\/\/mat.travelblox.eu\/wp-content\/smush-webp\/sites\/68\/2025\/02\/Siliquini-TheMadeiraTrail-240322-2044-8x12.jpg.webp 8w' sizes=\"auto, (max-width: 683px) 100vw, 683px\" loading='lazy' decoding='async' data-smush-webp-fallback=\"{&quot;src&quot;:&quot;https:\\\/\\\/mat.travelblox.eu\\\/wp-content\\\/uploads\\\/sites\\\/68\\\/2025\\\/02\\\/Siliquini-TheMadeiraTrail-240322-2044.jpg&quot;,&quot;srcset&quot;:&quot;https:\\\/\\\/mat.travelblox.eu\\\/wp-content\\\/uploads\\\/sites\\\/68\\\/2025\\\/02\\\/Siliquini-TheMadeiraTrail-240322-2044.jpg 683w, https:\\\/\\\/mat.travelblox.eu\\\/wp-content\\\/uploads\\\/sites\\\/68\\\/2025\\\/02\\\/Siliquini-TheMadeiraTrail-240322-2044-200x300.jpg 200w, https:\\\/\\\/mat.travelblox.eu\\\/wp-content\\\/uploads\\\/sites\\\/68\\\/2025\\\/02\\\/Siliquini-TheMadeiraTrail-240322-2044-8x12.jpg 8w&quot;}\">                        <svg class=\"voucher-present-line--mobile\" width=\"77\" height=\"291\" viewbox=\"0 0 77 291\" fill=\"none\" xmlns=\"http:\/\/www.w3.org\/2000\/svg\">\n<path d=\"M95.0304 3.50007C52.4991 -3.99971 -22.503 15.7626 8.49739 48.4998C24.691 65.6007 82.7864 53.6999 95.0305 84.7312C112.498 129 1.99766 148.731 45.3901 179.5C117.998 230.985 65.3628 271.515 42.169 274\" stroke=\"#C1D4CD\" stroke-width=\"2\" stroke-dasharray=\"6 6\"\/>\n<g clip-path=\"url(#clip0_21615_9063)\">\n<path d=\"M31.0991 274.313L15.5132 270.697C14.9752 270.572 14.4379 270.907 14.313 271.445L13.861 273.393C13.7362 273.931 14.0711 274.469 14.6091 274.593L30.1951 278.21C30.733 278.335 31.2704 278 31.3952 277.462L31.8472 275.513C31.9721 274.975 31.6371 274.438 31.0991 274.313Z\" stroke=\"#C1D4CD\" stroke-width=\"2\" stroke-linecap=\"round\" stroke-linejoin=\"round\"\/>\n<path d=\"M23.3086 272.505L20.3703 285.169\" stroke=\"#C1D4CD\" stroke-width=\"2\" stroke-linecap=\"round\" stroke-linejoin=\"round\"\/>\n<path d=\"M29.2236 277.984L27.6415 284.803C27.5216 285.319 27.2014 285.767 26.7512 286.048C26.3011 286.329 25.7579 286.419 25.2412 286.299L15.5 284.039C14.9833 283.919 14.5354 283.599 14.2548 283.148C13.9742 282.698 13.8839 282.155 14.0038 281.638L15.5859 274.82\" stroke=\"#C1D4CD\" stroke-width=\"2\" stroke-linecap=\"round\" stroke-linejoin=\"round\"\/>\n<path d=\"M18.9223 271.488C18.2764 271.338 17.7165 270.938 17.3658 270.375C17.015 269.813 16.9022 269.134 17.052 268.488C17.2019 267.842 17.6022 267.282 18.1649 266.931C18.7275 266.58 19.4065 266.468 20.0524 266.617C20.9959 266.819 21.811 267.489 22.3913 268.539C22.9717 269.589 23.2904 270.971 23.3058 272.505C23.9951 271.135 24.8898 270.034 25.8734 269.347C26.8569 268.66 27.8836 268.417 28.8195 268.652C29.4654 268.802 30.0253 269.202 30.376 269.765C30.7268 270.327 30.8396 271.006 30.6897 271.652C30.5399 272.298 30.1396 272.858 29.5769 273.209C29.0142 273.559 28.3353 273.672 27.6894 273.522\" stroke=\"#C1D4CD\" stroke-width=\"2\" stroke-linecap=\"round\" stroke-linejoin=\"round\"\/>\n<\/g>\n<defs>\n<clippath id=\"clip0_21615_9063\">\n<rect width=\"24\" height=\"24\" fill=\"white\" transform=\"translate(13.4258 262) rotate(13.063)\"\/>\n<\/clippath>\n<\/defs>\n<\/svg>\n                    <\/div>\n                <\/div>\n                        <div class=\"tb-column tb-column__text\">\n                <div class=\"tb-text-part\">\n                    <h2>Geef een avontuur cadeau<\/h2>\n                    \t<div class=\"translation-block\"><p>Op zoek naar een uniek cadeau? Met onze cadeaubon kun je iemand een onvergetelijke ervaring en levenslange herinneringen cadeau doen!<\/p><\/div>\n\t                <\/div>\n            <\/div>\n            <div class=\"tb-column tb-column__form\">\n                <div class=\"tb-form-part\">\n                    <form action=\"https:\/\/travelbase.eu\/travelbase-cadeaubon\/\" class=\"tb-form\">\n                        <div class=\"tb-input-container\">\n                                                            <label class=\"tb-label\" for=\"voucher-amount\">\n                                    Waarde van de bon                                <\/label>\n                                                                                        <span class=\"tb-currency-symbol\">\u20ac<\/span>\n                                <input class=\"tb-input\" type=\"number\" min=\"10\" id=\"voucher-amount\" name=\"amount\" placeholder=\" Waarde van de bon\" value=\"100\" \/>\n                                                    <\/div>\n                                                    <div class=\"tb-buttons-part\">\n                                <button type=\"submit\" class=\"tb-button button--primary\">Maak een cadeaubon aan<\/button>\n                            <\/div>\n                                            <\/form>\n                <\/div>\n            <\/div>\n        <\/div>\n    <\/div>\n<\/div>","protected":false},"excerpt":{"rendered":"","protected":false},"author":42,"featured_media":2038,"parent":0,"menu_order":0,"comment_status":"closed","ping_status":"closed","template":"","meta":{"_acf_changed":false,"inline_featured_image":false,"footnotes":""},"class_list":["post-2190","page","type-page","status-publish","has-post-thumbnail","hentry"],"acf":{"page_package_ids":"MAT-MAT","is_main_package_page":true,"additional_linked_packages":["MAT-MAT"],"feed_page_to_atlas":true},"_links":{"self":[{"href":"https:\/\/mat.travelblox.eu\/nl\/wp-json\/wp\/v2\/pages\/2190","targetHints":{"allow":["GET"]}}],"collection":[{"href":"https:\/\/mat.travelblox.eu\/nl\/wp-json\/wp\/v2\/pages"}],"about":[{"href":"https:\/\/mat.travelblox.eu\/nl\/wp-json\/wp\/v2\/types\/page"}],"author":[{"embeddable":true,"href":"https:\/\/mat.travelblox.eu\/nl\/wp-json\/wp\/v2\/users\/42"}],"replies":[{"embeddable":true,"href":"https:\/\/mat.travelblox.eu\/nl\/wp-json\/wp\/v2\/comments?post=2190"}],"version-history":[{"count":48,"href":"https:\/\/mat.travelblox.eu\/nl\/wp-json\/wp\/v2\/pages\/2190\/revisions"}],"predecessor-version":[{"id":2768,"href":"https:\/\/mat.travelblox.eu\/nl\/wp-json\/wp\/v2\/pages\/2190\/revisions\/2768"}],"wp:attachment":[{"href":"https:\/\/mat.travelblox.eu\/nl\/wp-json\/wp\/v2\/media?parent=2190"}],"curies":[{"name":"wp","href":"https:\/\/api.w.org\/{rel}","templated":true}]}}